{"id":57413,"date":"2026-06-08T11:17:56","date_gmt":"2026-06-08T09:17:56","guid":{"rendered":"http:\/\/lagranjafoods.com\/?post_type=product&#038;p=57413"},"modified":"2026-07-06T12:23:04","modified_gmt":"2026-07-06T10:23:04","slug":"gateau-original-sans-gluten-ni-lactose-230g","status":"publish","type":"product","link":"https:\/\/lagranjafoods.com\/fr\/produit\/gateau-original-sans-gluten-ni-lactose-230g\/","title":{"rendered":"G\u00e2teau original sans gluten ni lactose 230 g."},"content":{"rendered":"<p>G\u00e2teau original sans gluten ni lactose 230 g. Depuis le premier jour, fabriquer les produits du mieux que nous pouvons et garantir un excellent go\u00fbt a \u00e9t\u00e9 une valeur inali\u00e9nable pour nous.<\/p>\n<p>En 1954, nos grands-parents avaient une \u00e9picerie \u00e0 c\u00f4t\u00e9 de leur petite ferme de poulets. Ils y vendaient des \u0153ufs au quartier ainsi que de la nourriture de toutes sortes. Une fois que le magasin n\u2019a plus de muffins, l\u2019un de ses produits les plus populaires. Pour plaire \u00e0 la client\u00e8le, notre grand-m\u00e8re a d\u00e9cid\u00e9 de pr\u00e9parer sa propre recette de muffins dans sa cuisine \u00e0 la maison. Son immense succ\u00e8s a surpris tout le monde : elles se vendaient de plus en plus. C\u2019est ainsi qu\u2019est n\u00e9e La Granja, et nous avons appris quelque chose que nous gardons toujours \u00e0 l\u2019esprit : travailler dur et tout faire du mieux possible pour satisfaire vos clients.<\/p>\n<p>Cela a \u00e9t\u00e9 le cas avec les premi\u00e8res sp\u00e9cialit\u00e9s traditionnelles qui nous ont fait conna\u00eetre, et cela l\u2019est rest\u00e9 tout au long de notre parcours, en int\u00e9grant continuellement des nouveaut\u00e9s \u00e0 notre gamme.<\/p>\n<p>Anticiper les besoins et les envies des consommateurs a fait de nous une r\u00e9f\u00e9rence de qualit\u00e9 et d\u2019innovation dans notre secteur des produits alimentaires. Dans les ann\u00e9es 80, <a href=\"https:\/\/lagranjafoods.com\/fr\/\">La Granja<\/a> a \u00e9t\u00e9 pionni\u00e8re en cr\u00e9ant des sp\u00e9cialit\u00e9s r\u00e9pondant \u00e0 diff\u00e9rents besoins di\u00e9t\u00e9tiques, qui font aujourd\u2019hui partie de notre gamme Diet.<\/p>\n<p>Plus tard, nous avons lanc\u00e9 la gamme Bio, qui utilise uniquement des ingr\u00e9dients issus de l&rsquo;agriculture biologique. Cette ligne a \u00e9t\u00e9 suivie par la gamme Vegan pour une consommation strictement v\u00e9g\u00e9talienne et les produits Sans Gluten et Sans Lactose, qui ont une production s\u00e9par\u00e9e du reste des produits.<\/p>\n<p>Dans les produits de cette nouvelle gamme, nous utilisons uniquement des ingr\u00e9dients sans gluten, sans lactose et sans ma\u00efs. Nous garantissons leur non-contamination tout au long du processus, gr\u00e2ce \u00e0 une production s\u00e9par\u00e9e du reste. Ce produit porte le sceau La <a href=\"https:\/\/celiacos.org\/que-hacemos\/certificacion-alimentaria-sin-gluten\/sistema-de-licencia-europeo-els-o-espiga-barrada\/\">Espiga Barrada<\/a> et le num\u00e9ro de licence ES-055-002, certifi\u00e9 par l\u2019AOECS (Association des Soci\u00e9t\u00e9s C\u0153liaques d\u2019Europe).<\/p>\n","protected":false},"excerpt":{"rendered":"<p data-start=\"1268\" data-end=\"1639\">Savourez notre G\u00e2teau Traditionnel Original Sans Gluten dans son nouveau format de 230 g, un sachet pratique contenant 4 d\u00e9licieux morceaux de g\u00e2teau pr\u00eats \u00e0 \u00eatre d\u00e9gust\u00e9s \u00e0 tout moment. Il conserve toute la l\u00e9g\u00e8ret\u00e9, la tendret\u00e9 et la saveur de notre recette familiale. Parfait \u00e0 partager ou pour accompagner vos petits-d\u00e9jeuners et go\u00fbters avec un maximum de praticit\u00e9.<\/p>\n<ul>\n<li data-start=\"1641\" data-end=\"1899\">Sans gluten<\/li>\n<li data-start=\"1641\" data-end=\"1899\">Sans lactose<\/li>\n<li data-start=\"1641\" data-end=\"1899\">Sans prot\u00e9ines de lait de vache<\/li>\n<li data-start=\"1641\" data-end=\"1899\">Sans ma\u00efs<\/li>\n<li data-start=\"1641\" data-end=\"1899\">Sans huile de palme<\/li>\n<li data-start=\"1641\" data-end=\"1899\">\u00c9labor\u00e9 avec des \u0153ufs frais<\/li>\n<li data-start=\"1641\" data-end=\"1899\">Cuit lentement<\/li>\n<li data-start=\"1641\" data-end=\"1899\">Grande l\u00e9g\u00e8ret\u00e9 et saveur<\/li>\n<li data-start=\"1641\" data-end=\"1899\">Texture tr\u00e8s moelleuse<\/li>\n<li data-start=\"1641\" data-end=\"1899\">Contient des fibres v\u00e9g\u00e9tales et de l\u2019enveloppe de psyllium<\/li>\n<\/ul>\n<p data-start=\"1901\" data-end=\"1917\" data-is-last-node=\"\" data-is-only-node=\"\">Sachet de 230 g.<\/p>\n","protected":false},"featured_media":57997,"comment_status":"closed","ping_status":"closed","template":"","meta":{"_acf_changed":false},"product_cat":[800],"product_tag":[847],"class_list":["post-57413","product","type-product","status-publish","has-post-thumbnail","product_cat-sans-gluten","product_tag-sans-gluten-2","pa_marca-la-granja","pa_tipologia-cakes","first","instock","taxable","shipping-taxable","purchasable","product-type-simple"],"acf":[],"yoast_head":"<!-- This site is optimized with the Yoast SEO plugin v28.3 - https:\/\/yoast.com\/product\/yoast-seo-wordpress\/ -->\n<title>G\u00e2teau original sans gluten ni lactose 230 g. - La Granja Foods<\/title>\n<meta name=\"description\" content=\"G\u00e2teau original sans gluten ni lactose. D\u00e8s le premier jour, fabriquer les produits du mieux que nous connaissons et garantir un excellent go\u00fbt\" \/>\n<meta name=\"robots\" content=\"index, follow, max-snippet:-1, max-image-preview:large, max-video-preview:-1\" \/>\n<link rel=\"canonical\" href=\"https:\/\/lagranjafoods.com\/fr\/produit\/gateau-original-sans-gluten-ni-lactose-230g\/\" \/>\n<meta property=\"og:locale\" content=\"fr_FR\" \/>\n<meta property=\"og:type\" content=\"article\" \/>\n<meta property=\"og:title\" content=\"G\u00e2teau original sans gluten ni lactose 230 g. - La Granja Foods\" \/>\n<meta property=\"og:description\" content=\"G\u00e2teau original sans gluten ni lactose. D\u00e8s le premier jour, fabriquer les produits du mieux que nous connaissons et garantir un excellent go\u00fbt\" \/>\n<meta property=\"og:url\" content=\"https:\/\/lagranjafoods.com\/fr\/produit\/gateau-original-sans-gluten-ni-lactose-230g\/\" \/>\n<meta property=\"og:site_name\" content=\"La Granja Foods\" \/>\n<meta property=\"article:modified_time\" content=\"2026-07-06T10:23:04+00:00\" \/>\n<meta property=\"og:image\" content=\"https:\/\/lagranjafoods.com\/wp-content\/uploads\/Bizcocho-original-230g.png\" \/>\n\t<meta property=\"og:image:width\" content=\"1692\" \/>\n\t<meta property=\"og:image:height\" content=\"2022\" \/>\n\t<meta property=\"og:image:type\" content=\"image\/png\" \/>\n<meta name=\"twitter:card\" content=\"summary_large_image\" \/>\n<meta name=\"twitter:label1\" content=\"Dur\u00e9e de lecture estim\u00e9e\" \/>\n\t<meta name=\"twitter:data1\" content=\"2 minutes\" \/>\n<script type=\"application\/ld+json\" class=\"yoast-schema-graph\">{\"@context\":\"https:\\\/\\\/schema.org\",\"@graph\":[{\"@type\":\"WebPage\",\"@id\":\"https:\\\/\\\/lagranjafoods.com\\\/fr\\\/produit\\\/gateau-original-sans-gluten-ni-lactose-230g\\\/\",\"url\":\"https:\\\/\\\/lagranjafoods.com\\\/fr\\\/produit\\\/gateau-original-sans-gluten-ni-lactose-230g\\\/\",\"name\":\"G\u00e2teau original sans gluten ni lactose 230 g. - La Granja Foods\",\"isPartOf\":{\"@id\":\"https:\\\/\\\/lagranjafoods.com\\\/fr\\\/#website\"},\"primaryImageOfPage\":{\"@id\":\"https:\\\/\\\/lagranjafoods.com\\\/fr\\\/produit\\\/gateau-original-sans-gluten-ni-lactose-230g\\\/#primaryimage\"},\"image\":{\"@id\":\"https:\\\/\\\/lagranjafoods.com\\\/fr\\\/produit\\\/gateau-original-sans-gluten-ni-lactose-230g\\\/#primaryimage\"},\"thumbnailUrl\":\"https:\\\/\\\/lagranjafoods.com\\\/wp-content\\\/uploads\\\/Bizcocho-original-230g.png\",\"datePublished\":\"2026-06-08T09:17:56+00:00\",\"dateModified\":\"2026-07-06T10:23:04+00:00\",\"description\":\"G\u00e2teau original sans gluten ni lactose. D\u00e8s le premier jour, fabriquer les produits du mieux que nous connaissons et garantir un excellent go\u00fbt\",\"breadcrumb\":{\"@id\":\"https:\\\/\\\/lagranjafoods.com\\\/fr\\\/produit\\\/gateau-original-sans-gluten-ni-lactose-230g\\\/#breadcrumb\"},\"inLanguage\":\"fr-FR\",\"potentialAction\":[{\"@type\":\"ReadAction\",\"target\":[\"https:\\\/\\\/lagranjafoods.com\\\/fr\\\/produit\\\/gateau-original-sans-gluten-ni-lactose-230g\\\/\"]}]},{\"@type\":\"ImageObject\",\"inLanguage\":\"fr-FR\",\"@id\":\"https:\\\/\\\/lagranjafoods.com\\\/fr\\\/produit\\\/gateau-original-sans-gluten-ni-lactose-230g\\\/#primaryimage\",\"url\":\"https:\\\/\\\/lagranjafoods.com\\\/wp-content\\\/uploads\\\/Bizcocho-original-230g.png\",\"contentUrl\":\"https:\\\/\\\/lagranjafoods.com\\\/wp-content\\\/uploads\\\/Bizcocho-original-230g.png\",\"width\":1692,\"height\":2022},{\"@type\":\"BreadcrumbList\",\"@id\":\"https:\\\/\\\/lagranjafoods.com\\\/fr\\\/produit\\\/gateau-original-sans-gluten-ni-lactose-230g\\\/#breadcrumb\",\"itemListElement\":[{\"@type\":\"ListItem\",\"position\":1,\"name\":\"Portada\",\"item\":\"https:\\\/\\\/lagranjafoods.com\\\/fr\\\/\"},{\"@type\":\"ListItem\",\"position\":2,\"name\":\"Produits\",\"item\":\"https:\\\/\\\/lagranjafoods.com\\\/fr\\\/produits\\\/\"},{\"@type\":\"ListItem\",\"position\":3,\"name\":\"G\u00e2teau original sans gluten ni lactose 230 g.\"}]},{\"@type\":\"WebSite\",\"@id\":\"https:\\\/\\\/lagranjafoods.com\\\/fr\\\/#website\",\"url\":\"https:\\\/\\\/lagranjafoods.com\\\/fr\\\/\",\"name\":\"La Granja Foods\",\"description\":\"\u00a1Benvinguts a La Granja! Qualitat, sabor i frescor des de 1959.\",\"publisher\":{\"@id\":\"https:\\\/\\\/lagranjafoods.com\\\/fr\\\/#organization\"},\"potentialAction\":[{\"@type\":\"SearchAction\",\"target\":{\"@type\":\"EntryPoint\",\"urlTemplate\":\"https:\\\/\\\/lagranjafoods.com\\\/fr\\\/?s={search_term_string}\"},\"query-input\":{\"@type\":\"PropertyValueSpecification\",\"valueRequired\":true,\"valueName\":\"search_term_string\"}}],\"inLanguage\":\"fr-FR\"},{\"@type\":\"Organization\",\"@id\":\"https:\\\/\\\/lagranjafoods.com\\\/fr\\\/#organization\",\"name\":\"La Granja Foods\",\"url\":\"https:\\\/\\\/lagranjafoods.com\\\/fr\\\/\",\"logo\":{\"@type\":\"ImageObject\",\"inLanguage\":\"fr-FR\",\"@id\":\"https:\\\/\\\/lagranjafoods.com\\\/fr\\\/#\\\/schema\\\/logo\\\/image\\\/\",\"url\":\"https:\\\/\\\/lagranjafoods.com\\\/wp-content\\\/uploads\\\/logo-lagranjafoods.png\",\"contentUrl\":\"https:\\\/\\\/lagranjafoods.com\\\/wp-content\\\/uploads\\\/logo-lagranjafoods.png\",\"width\":539,\"height\":158,\"caption\":\"La Granja Foods \"},\"image\":{\"@id\":\"https:\\\/\\\/lagranjafoods.com\\\/fr\\\/#\\\/schema\\\/logo\\\/image\\\/\"}}]}<\/script>\n<!-- \/ Yoast SEO plugin. -->","yoast_head_json":{"title":"G\u00e2teau original sans gluten ni lactose 230 g. - La Granja Foods","description":"G\u00e2teau original sans gluten ni lactose. D\u00e8s le premier jour, fabriquer les produits du mieux que nous connaissons et garantir un excellent go\u00fbt","robots":{"index":"index","follow":"follow","max-snippet":"max-snippet:-1","max-image-preview":"max-image-preview:large","max-video-preview":"max-video-preview:-1"},"canonical":"https:\/\/lagranjafoods.com\/fr\/produit\/gateau-original-sans-gluten-ni-lactose-230g\/","og_locale":"fr_FR","og_type":"article","og_title":"G\u00e2teau original sans gluten ni lactose 230 g. - La Granja Foods","og_description":"G\u00e2teau original sans gluten ni lactose. D\u00e8s le premier jour, fabriquer les produits du mieux que nous connaissons et garantir un excellent go\u00fbt","og_url":"https:\/\/lagranjafoods.com\/fr\/produit\/gateau-original-sans-gluten-ni-lactose-230g\/","og_site_name":"La Granja Foods","article_modified_time":"2026-07-06T10:23:04+00:00","og_image":[{"width":1692,"height":2022,"url":"https:\/\/lagranjafoods.com\/wp-content\/uploads\/Bizcocho-original-230g.png","type":"image\/png"}],"twitter_card":"summary_large_image","twitter_misc":{"Dur\u00e9e de lecture estim\u00e9e":"2 minutes"},"schema":{"@context":"https:\/\/schema.org","@graph":[{"@type":"WebPage","@id":"https:\/\/lagranjafoods.com\/fr\/produit\/gateau-original-sans-gluten-ni-lactose-230g\/","url":"https:\/\/lagranjafoods.com\/fr\/produit\/gateau-original-sans-gluten-ni-lactose-230g\/","name":"G\u00e2teau original sans gluten ni lactose 230 g. - La Granja Foods","isPartOf":{"@id":"https:\/\/lagranjafoods.com\/fr\/#website"},"primaryImageOfPage":{"@id":"https:\/\/lagranjafoods.com\/fr\/produit\/gateau-original-sans-gluten-ni-lactose-230g\/#primaryimage"},"image":{"@id":"https:\/\/lagranjafoods.com\/fr\/produit\/gateau-original-sans-gluten-ni-lactose-230g\/#primaryimage"},"thumbnailUrl":"https:\/\/lagranjafoods.com\/wp-content\/uploads\/Bizcocho-original-230g.png","datePublished":"2026-06-08T09:17:56+00:00","dateModified":"2026-07-06T10:23:04+00:00","description":"G\u00e2teau original sans gluten ni lactose. D\u00e8s le premier jour, fabriquer les produits du mieux que nous connaissons et garantir un excellent go\u00fbt","breadcrumb":{"@id":"https:\/\/lagranjafoods.com\/fr\/produit\/gateau-original-sans-gluten-ni-lactose-230g\/#breadcrumb"},"inLanguage":"fr-FR","potentialAction":[{"@type":"ReadAction","target":["https:\/\/lagranjafoods.com\/fr\/produit\/gateau-original-sans-gluten-ni-lactose-230g\/"]}]},{"@type":"ImageObject","inLanguage":"fr-FR","@id":"https:\/\/lagranjafoods.com\/fr\/produit\/gateau-original-sans-gluten-ni-lactose-230g\/#primaryimage","url":"https:\/\/lagranjafoods.com\/wp-content\/uploads\/Bizcocho-original-230g.png","contentUrl":"https:\/\/lagranjafoods.com\/wp-content\/uploads\/Bizcocho-original-230g.png","width":1692,"height":2022},{"@type":"BreadcrumbList","@id":"https:\/\/lagranjafoods.com\/fr\/produit\/gateau-original-sans-gluten-ni-lactose-230g\/#breadcrumb","itemListElement":[{"@type":"ListItem","position":1,"name":"Portada","item":"https:\/\/lagranjafoods.com\/fr\/"},{"@type":"ListItem","position":2,"name":"Produits","item":"https:\/\/lagranjafoods.com\/fr\/produits\/"},{"@type":"ListItem","position":3,"name":"G\u00e2teau original sans gluten ni lactose 230 g."}]},{"@type":"WebSite","@id":"https:\/\/lagranjafoods.com\/fr\/#website","url":"https:\/\/lagranjafoods.com\/fr\/","name":"La Granja Foods","description":"\u00a1Benvinguts a La Granja! Qualitat, sabor i frescor des de 1959.","publisher":{"@id":"https:\/\/lagranjafoods.com\/fr\/#organization"},"potentialAction":[{"@type":"SearchAction","target":{"@type":"EntryPoint","urlTemplate":"https:\/\/lagranjafoods.com\/fr\/?s={search_term_string}"},"query-input":{"@type":"PropertyValueSpecification","valueRequired":true,"valueName":"search_term_string"}}],"inLanguage":"fr-FR"},{"@type":"Organization","@id":"https:\/\/lagranjafoods.com\/fr\/#organization","name":"La Granja Foods","url":"https:\/\/lagranjafoods.com\/fr\/","logo":{"@type":"ImageObject","inLanguage":"fr-FR","@id":"https:\/\/lagranjafoods.com\/fr\/#\/schema\/logo\/image\/","url":"https:\/\/lagranjafoods.com\/wp-content\/uploads\/logo-lagranjafoods.png","contentUrl":"https:\/\/lagranjafoods.com\/wp-content\/uploads\/logo-lagranjafoods.png","width":539,"height":158,"caption":"La Granja Foods "},"image":{"@id":"https:\/\/lagranjafoods.com\/fr\/#\/schema\/logo\/image\/"}}]}},"_links":{"self":[{"href":"https:\/\/lagranjafoods.com\/fr\/wp-json\/wp\/v2\/product\/57413","targetHints":{"allow":["GET"]}}],"collection":[{"href":"https:\/\/lagranjafoods.com\/fr\/wp-json\/wp\/v2\/product"}],"about":[{"href":"https:\/\/lagranjafoods.com\/fr\/wp-json\/wp\/v2\/types\/product"}],"replies":[{"embeddable":true,"href":"https:\/\/lagranjafoods.com\/fr\/wp-json\/wp\/v2\/comments?post=57413"}],"wp:featuredmedia":[{"embeddable":true,"href":"https:\/\/lagranjafoods.com\/fr\/wp-json\/wp\/v2\/media\/57997"}],"wp:attachment":[{"href":"https:\/\/lagranjafoods.com\/fr\/wp-json\/wp\/v2\/media?parent=57413"}],"wp:term":[{"taxonomy":"product_cat","embeddable":true,"href":"https:\/\/lagranjafoods.com\/fr\/wp-json\/wp\/v2\/product_cat?post=57413"},{"taxonomy":"product_tag","embeddable":true,"href":"https:\/\/lagranjafoods.com\/fr\/wp-json\/wp\/v2\/product_tag?post=57413"}],"curies":[{"name":"wp","href":"https:\/\/api.w.org\/{rel}","templated":true}]}}