{"id":45993,"date":"2024-06-06T14:33:25","date_gmt":"2024-06-06T12:33:25","guid":{"rendered":"http:\/\/lagranjafoods.com\/product\/confiture-de-poire-supplementaire-de-lleida\/"},"modified":"2026-05-22T09:28:43","modified_gmt":"2026-05-22T07:28:43","slug":"confiture-de-poire-supplementaire-de-lleida","status":"publish","type":"product","link":"https:\/\/lagranjafoods.com\/fr\/produit\/confiture-de-poire-supplementaire-de-lleida\/","title":{"rendered":"Confiture de poire suppl\u00e9mentaire de Lleida"},"content":{"rendered":"","protected":false},"excerpt":{"rendered":"<p>Confiture faite avec des poires de Lleida.  <strong>Les confitures de La Fageda int\u00e8grent entre 52 % et 63 % de fruits s\u00e9lectionn\u00e9s selon la vari\u00e9t\u00e9 et l\u2019origine, c\u2019est pourquoi elles sont si bonnes.<\/strong><\/p>\n<p>C\u2019est le produit pr\u00e9par\u00e9 par la cuisson de fruits entiers, coup\u00e9s ou \u00e9cras\u00e9s, auxquels on a ajout\u00e9 du sucre de canne complet jusqu\u2019\u00e0 l\u2019obtention d\u2019un produit semi-liquide ou \u00e9pais.<\/p>\n<p>Le seul secret est le bon fruit cuit lentement.<\/p>\n<p>Ils sont revenus \u00e0 l\u2019origine pour retrouver les saveurs les plus intenses des confitures de toujours. Avec des ingr\u00e9dients 100 % naturels comme le sucre de canne et le jus de citron ; sans conservateurs ni colorants et avec une texture onctueuse, consistante et avec des morceaux de fruits que La Fageda n\u2019a pas laiss\u00e9 fondre compl\u00e8tement. <\/p>\n<p>La Fageda pr\u00e9sente une s\u00e9lection de 7 confitures, apparemment simples mais tr\u00e8s authentiques : \u00e9labor\u00e9es avec des fruits m\u00fbrs et cuites \u00ab \u00e0 la casserole \u00bb, \u00e0 feu doux et sous notre surveillance continue.<\/p>\n<ul>\n<li>Avec des fruits s\u00e9lectionn\u00e9s pour leur origine et leur vari\u00e9t\u00e9<\/li>\n<li>Ingr\u00e9dients 100 % naturels<\/li>\n<li>Sans conservateurs<\/li>\n<li>Sans colorants<\/li>\n<li>\u00c9labor\u00e9e avec des fruits m\u00fbrs<\/li>\n<li>Cuite \u00e0 feu doux<\/li>\n<li>Projet social<\/li>\n<li>Produit de proximit\u00e9 (Km0)<\/li>\n<li>Sans gluten<\/li>\n<li>Sans lactose<\/li>\n<\/ul>\n","protected":false},"featured_media":46010,"comment_status":"closed","ping_status":"closed","template":"","meta":{"_acf_changed":false},"product_cat":[805],"product_tag":[849],"class_list":["post-45993","product","type-product","status-publish","has-post-thumbnail","product_cat-marques-partenaires","product_tag-fruits","pa_marca-la-fageda","pa_marca-la-granja","pa_tipologia-confiture","first","instock","taxable","shipping-taxable","purchasable","product-type-simple"],"acf":[],"yoast_head":"<!-- This site is optimized with the Yoast SEO plugin v28.3 - https:\/\/yoast.com\/product\/yoast-seo-wordpress\/ -->\n<title>Confiture de poire suppl\u00e9mentaire de Lleida - La Granja Foods<\/title>\n<meta name=\"robots\" content=\"index, follow, max-snippet:-1, max-image-preview:large, max-video-preview:-1\" \/>\n<link rel=\"canonical\" href=\"https:\/\/lagranjafoods.com\/fr\/produit\/confiture-de-poire-supplementaire-de-lleida\/\" \/>\n<meta property=\"og:locale\" content=\"fr_FR\" \/>\n<meta property=\"og:type\" content=\"article\" \/>\n<meta property=\"og:title\" content=\"Confiture de poire suppl\u00e9mentaire de Lleida - La Granja Foods\" \/>\n<meta property=\"og:description\" content=\"Confiture faite avec des poires de Lleida. Les confitures de La Fageda int\u00e8grent entre 52 % et 63 % de fruits s\u00e9lectionn\u00e9s selon la vari\u00e9t\u00e9 et l\u2019origine, c\u2019est pourquoi elles sont si bonnes.  C\u2019est le produit pr\u00e9par\u00e9 par la cuisson de fruits entiers, coup\u00e9s ou \u00e9cras\u00e9s, auxquels on a ajout\u00e9 du sucre de canne complet jusqu\u2019\u00e0 l\u2019obtention d\u2019un produit semi-liquide ou \u00e9pais.  Le seul secret est le bon fruit cuit lentement.  Ils sont revenus \u00e0 l\u2019origine pour retrouver les saveurs les plus intenses des confitures de toujours. Avec des ingr\u00e9dients 100 % naturels comme le sucre de canne et le jus de citron ; sans conservateurs ni colorants et avec une texture onctueuse, consistante et avec des morceaux de fruits que La Fageda n\u2019a pas laiss\u00e9 fondre compl\u00e8tement.   La Fageda pr\u00e9sente une s\u00e9lection de 7 confitures, apparemment simples mais tr\u00e8s authentiques : \u00e9labor\u00e9es avec des fruits m\u00fbrs et cuites \u00ab \u00e0 la casserole \u00bb, \u00e0 feu doux et sous notre surveillance continue.   Avec des fruits s\u00e9lectionn\u00e9s pour leur origine et leur vari\u00e9t\u00e9  Ingr\u00e9dients 100 % naturels  Sans conservateurs  Sans colorants  \u00c9labor\u00e9e avec des fruits m\u00fbrs  Cuite \u00e0 feu doux  Projet social  Produit de proximit\u00e9 (Km0)  Sans gluten  Sans lactose\" \/>\n<meta property=\"og:url\" content=\"https:\/\/lagranjafoods.com\/fr\/produit\/confiture-de-poire-supplementaire-de-lleida\/\" \/>\n<meta property=\"og:site_name\" content=\"La Granja Foods\" \/>\n<meta property=\"article:modified_time\" content=\"2026-05-22T07:28:43+00:00\" \/>\n<meta property=\"og:image\" content=\"https:\/\/lagranjafoods.com\/wp-content\/uploads\/fotografia-producto-pagina-web-10.jpg\" \/>\n\t<meta property=\"og:image:width\" content=\"1692\" \/>\n\t<meta property=\"og:image:height\" content=\"2022\" \/>\n\t<meta property=\"og:image:type\" content=\"image\/jpeg\" \/>\n<meta name=\"twitter:card\" content=\"summary_large_image\" \/>\n<meta name=\"twitter:label1\" content=\"Dur\u00e9e de lecture estim\u00e9e\" \/>\n\t<meta name=\"twitter:data1\" content=\"1 minute\" \/>\n<script type=\"application\/ld+json\" class=\"yoast-schema-graph\">{\"@context\":\"https:\\\/\\\/schema.org\",\"@graph\":[{\"@type\":\"WebPage\",\"@id\":\"https:\\\/\\\/lagranjafoods.com\\\/fr\\\/produit\\\/confiture-de-poire-supplementaire-de-lleida\\\/\",\"url\":\"https:\\\/\\\/lagranjafoods.com\\\/fr\\\/produit\\\/confiture-de-poire-supplementaire-de-lleida\\\/\",\"name\":\"Confiture de poire suppl\u00e9mentaire de Lleida - La Granja Foods\",\"isPartOf\":{\"@id\":\"https:\\\/\\\/lagranjafoods.com\\\/fr\\\/#website\"},\"primaryImageOfPage\":{\"@id\":\"https:\\\/\\\/lagranjafoods.com\\\/fr\\\/produit\\\/confiture-de-poire-supplementaire-de-lleida\\\/#primaryimage\"},\"image\":{\"@id\":\"https:\\\/\\\/lagranjafoods.com\\\/fr\\\/produit\\\/confiture-de-poire-supplementaire-de-lleida\\\/#primaryimage\"},\"thumbnailUrl\":\"https:\\\/\\\/lagranjafoods.com\\\/wp-content\\\/uploads\\\/fotografia-producto-pagina-web-10.jpg\",\"datePublished\":\"2024-06-06T12:33:25+00:00\",\"dateModified\":\"2026-05-22T07:28:43+00:00\",\"breadcrumb\":{\"@id\":\"https:\\\/\\\/lagranjafoods.com\\\/fr\\\/produit\\\/confiture-de-poire-supplementaire-de-lleida\\\/#breadcrumb\"},\"inLanguage\":\"fr-FR\",\"potentialAction\":[{\"@type\":\"ReadAction\",\"target\":[\"https:\\\/\\\/lagranjafoods.com\\\/fr\\\/produit\\\/confiture-de-poire-supplementaire-de-lleida\\\/\"]}]},{\"@type\":\"ImageObject\",\"inLanguage\":\"fr-FR\",\"@id\":\"https:\\\/\\\/lagranjafoods.com\\\/fr\\\/produit\\\/confiture-de-poire-supplementaire-de-lleida\\\/#primaryimage\",\"url\":\"https:\\\/\\\/lagranjafoods.com\\\/wp-content\\\/uploads\\\/fotografia-producto-pagina-web-10.jpg\",\"contentUrl\":\"https:\\\/\\\/lagranjafoods.com\\\/wp-content\\\/uploads\\\/fotografia-producto-pagina-web-10.jpg\",\"width\":1692,\"height\":2022},{\"@type\":\"BreadcrumbList\",\"@id\":\"https:\\\/\\\/lagranjafoods.com\\\/fr\\\/produit\\\/confiture-de-poire-supplementaire-de-lleida\\\/#breadcrumb\",\"itemListElement\":[{\"@type\":\"ListItem\",\"position\":1,\"name\":\"Portada\",\"item\":\"https:\\\/\\\/lagranjafoods.com\\\/fr\\\/\"},{\"@type\":\"ListItem\",\"position\":2,\"name\":\"Produits\",\"item\":\"https:\\\/\\\/lagranjafoods.com\\\/fr\\\/produits\\\/\"},{\"@type\":\"ListItem\",\"position\":3,\"name\":\"Confiture de poire suppl\u00e9mentaire de Lleida\"}]},{\"@type\":\"WebSite\",\"@id\":\"https:\\\/\\\/lagranjafoods.com\\\/fr\\\/#website\",\"url\":\"https:\\\/\\\/lagranjafoods.com\\\/fr\\\/\",\"name\":\"La Granja Foods\",\"description\":\"\u00a1Benvinguts a La Granja! Qualitat, sabor i frescor des de 1959.\",\"publisher\":{\"@id\":\"https:\\\/\\\/lagranjafoods.com\\\/fr\\\/#organization\"},\"potentialAction\":[{\"@type\":\"SearchAction\",\"target\":{\"@type\":\"EntryPoint\",\"urlTemplate\":\"https:\\\/\\\/lagranjafoods.com\\\/fr\\\/?s={search_term_string}\"},\"query-input\":{\"@type\":\"PropertyValueSpecification\",\"valueRequired\":true,\"valueName\":\"search_term_string\"}}],\"inLanguage\":\"fr-FR\"},{\"@type\":\"Organization\",\"@id\":\"https:\\\/\\\/lagranjafoods.com\\\/fr\\\/#organization\",\"name\":\"La Granja Foods\",\"url\":\"https:\\\/\\\/lagranjafoods.com\\\/fr\\\/\",\"logo\":{\"@type\":\"ImageObject\",\"inLanguage\":\"fr-FR\",\"@id\":\"https:\\\/\\\/lagranjafoods.com\\\/fr\\\/#\\\/schema\\\/logo\\\/image\\\/\",\"url\":\"https:\\\/\\\/lagranjafoods.com\\\/wp-content\\\/uploads\\\/logo-lagranjafoods.png\",\"contentUrl\":\"https:\\\/\\\/lagranjafoods.com\\\/wp-content\\\/uploads\\\/logo-lagranjafoods.png\",\"width\":539,\"height\":158,\"caption\":\"La Granja Foods \"},\"image\":{\"@id\":\"https:\\\/\\\/lagranjafoods.com\\\/fr\\\/#\\\/schema\\\/logo\\\/image\\\/\"}}]}<\/script>\n<!-- \/ Yoast SEO plugin. -->","yoast_head_json":{"title":"Confiture de poire suppl\u00e9mentaire de Lleida - La Granja Foods","robots":{"index":"index","follow":"follow","max-snippet":"max-snippet:-1","max-image-preview":"max-image-preview:large","max-video-preview":"max-video-preview:-1"},"canonical":"https:\/\/lagranjafoods.com\/fr\/produit\/confiture-de-poire-supplementaire-de-lleida\/","og_locale":"fr_FR","og_type":"article","og_title":"Confiture de poire suppl\u00e9mentaire de Lleida - La Granja Foods","og_description":"Confiture faite avec des poires de Lleida. Les confitures de La Fageda int\u00e8grent entre 52 % et 63 % de fruits s\u00e9lectionn\u00e9s selon la vari\u00e9t\u00e9 et l\u2019origine, c\u2019est pourquoi elles sont si bonnes.  C\u2019est le produit pr\u00e9par\u00e9 par la cuisson de fruits entiers, coup\u00e9s ou \u00e9cras\u00e9s, auxquels on a ajout\u00e9 du sucre de canne complet jusqu\u2019\u00e0 l\u2019obtention d\u2019un produit semi-liquide ou \u00e9pais.  Le seul secret est le bon fruit cuit lentement.  Ils sont revenus \u00e0 l\u2019origine pour retrouver les saveurs les plus intenses des confitures de toujours. Avec des ingr\u00e9dients 100 % naturels comme le sucre de canne et le jus de citron ; sans conservateurs ni colorants et avec une texture onctueuse, consistante et avec des morceaux de fruits que La Fageda n\u2019a pas laiss\u00e9 fondre compl\u00e8tement.   La Fageda pr\u00e9sente une s\u00e9lection de 7 confitures, apparemment simples mais tr\u00e8s authentiques : \u00e9labor\u00e9es avec des fruits m\u00fbrs et cuites \u00ab \u00e0 la casserole \u00bb, \u00e0 feu doux et sous notre surveillance continue.   Avec des fruits s\u00e9lectionn\u00e9s pour leur origine et leur vari\u00e9t\u00e9  Ingr\u00e9dients 100 % naturels  Sans conservateurs  Sans colorants  \u00c9labor\u00e9e avec des fruits m\u00fbrs  Cuite \u00e0 feu doux  Projet social  Produit de proximit\u00e9 (Km0)  Sans gluten  Sans lactose","og_url":"https:\/\/lagranjafoods.com\/fr\/produit\/confiture-de-poire-supplementaire-de-lleida\/","og_site_name":"La Granja Foods","article_modified_time":"2026-05-22T07:28:43+00:00","og_image":[{"width":1692,"height":2022,"url":"https:\/\/lagranjafoods.com\/wp-content\/uploads\/fotografia-producto-pagina-web-10.jpg","type":"image\/jpeg"}],"twitter_card":"summary_large_image","twitter_misc":{"Dur\u00e9e de lecture estim\u00e9e":"1 minute"},"schema":{"@context":"https:\/\/schema.org","@graph":[{"@type":"WebPage","@id":"https:\/\/lagranjafoods.com\/fr\/produit\/confiture-de-poire-supplementaire-de-lleida\/","url":"https:\/\/lagranjafoods.com\/fr\/produit\/confiture-de-poire-supplementaire-de-lleida\/","name":"Confiture de poire suppl\u00e9mentaire de Lleida - La Granja Foods","isPartOf":{"@id":"https:\/\/lagranjafoods.com\/fr\/#website"},"primaryImageOfPage":{"@id":"https:\/\/lagranjafoods.com\/fr\/produit\/confiture-de-poire-supplementaire-de-lleida\/#primaryimage"},"image":{"@id":"https:\/\/lagranjafoods.com\/fr\/produit\/confiture-de-poire-supplementaire-de-lleida\/#primaryimage"},"thumbnailUrl":"https:\/\/lagranjafoods.com\/wp-content\/uploads\/fotografia-producto-pagina-web-10.jpg","datePublished":"2024-06-06T12:33:25+00:00","dateModified":"2026-05-22T07:28:43+00:00","breadcrumb":{"@id":"https:\/\/lagranjafoods.com\/fr\/produit\/confiture-de-poire-supplementaire-de-lleida\/#breadcrumb"},"inLanguage":"fr-FR","potentialAction":[{"@type":"ReadAction","target":["https:\/\/lagranjafoods.com\/fr\/produit\/confiture-de-poire-supplementaire-de-lleida\/"]}]},{"@type":"ImageObject","inLanguage":"fr-FR","@id":"https:\/\/lagranjafoods.com\/fr\/produit\/confiture-de-poire-supplementaire-de-lleida\/#primaryimage","url":"https:\/\/lagranjafoods.com\/wp-content\/uploads\/fotografia-producto-pagina-web-10.jpg","contentUrl":"https:\/\/lagranjafoods.com\/wp-content\/uploads\/fotografia-producto-pagina-web-10.jpg","width":1692,"height":2022},{"@type":"BreadcrumbList","@id":"https:\/\/lagranjafoods.com\/fr\/produit\/confiture-de-poire-supplementaire-de-lleida\/#breadcrumb","itemListElement":[{"@type":"ListItem","position":1,"name":"Portada","item":"https:\/\/lagranjafoods.com\/fr\/"},{"@type":"ListItem","position":2,"name":"Produits","item":"https:\/\/lagranjafoods.com\/fr\/produits\/"},{"@type":"ListItem","position":3,"name":"Confiture de poire suppl\u00e9mentaire de Lleida"}]},{"@type":"WebSite","@id":"https:\/\/lagranjafoods.com\/fr\/#website","url":"https:\/\/lagranjafoods.com\/fr\/","name":"La Granja Foods","description":"\u00a1Benvinguts a La Granja! Qualitat, sabor i frescor des de 1959.","publisher":{"@id":"https:\/\/lagranjafoods.com\/fr\/#organization"},"potentialAction":[{"@type":"SearchAction","target":{"@type":"EntryPoint","urlTemplate":"https:\/\/lagranjafoods.com\/fr\/?s={search_term_string}"},"query-input":{"@type":"PropertyValueSpecification","valueRequired":true,"valueName":"search_term_string"}}],"inLanguage":"fr-FR"},{"@type":"Organization","@id":"https:\/\/lagranjafoods.com\/fr\/#organization","name":"La Granja Foods","url":"https:\/\/lagranjafoods.com\/fr\/","logo":{"@type":"ImageObject","inLanguage":"fr-FR","@id":"https:\/\/lagranjafoods.com\/fr\/#\/schema\/logo\/image\/","url":"https:\/\/lagranjafoods.com\/wp-content\/uploads\/logo-lagranjafoods.png","contentUrl":"https:\/\/lagranjafoods.com\/wp-content\/uploads\/logo-lagranjafoods.png","width":539,"height":158,"caption":"La Granja Foods "},"image":{"@id":"https:\/\/lagranjafoods.com\/fr\/#\/schema\/logo\/image\/"}}]}},"_links":{"self":[{"href":"https:\/\/lagranjafoods.com\/fr\/wp-json\/wp\/v2\/product\/45993","targetHints":{"allow":["GET"]}}],"collection":[{"href":"https:\/\/lagranjafoods.com\/fr\/wp-json\/wp\/v2\/product"}],"about":[{"href":"https:\/\/lagranjafoods.com\/fr\/wp-json\/wp\/v2\/types\/product"}],"replies":[{"embeddable":true,"href":"https:\/\/lagranjafoods.com\/fr\/wp-json\/wp\/v2\/comments?post=45993"}],"wp:featuredmedia":[{"embeddable":true,"href":"https:\/\/lagranjafoods.com\/fr\/wp-json\/wp\/v2\/media\/46010"}],"wp:attachment":[{"href":"https:\/\/lagranjafoods.com\/fr\/wp-json\/wp\/v2\/media?parent=45993"}],"wp:term":[{"taxonomy":"product_cat","embeddable":true,"href":"https:\/\/lagranjafoods.com\/fr\/wp-json\/wp\/v2\/product_cat?post=45993"},{"taxonomy":"product_tag","embeddable":true,"href":"https:\/\/lagranjafoods.com\/fr\/wp-json\/wp\/v2\/product_tag?post=45993"}],"curies":[{"name":"wp","href":"https:\/\/api.w.org\/{rel}","templated":true}]}}