{"id":45927,"date":"2024-06-06T14:11:21","date_gmt":"2024-06-06T14:11:21","guid":{"rendered":"http:\/\/lagranjafoods.com\/product\/gateau-special-a-la-noix-de-coco-et-a-la-banane-sans-gluten-ni-lactose\/"},"modified":"2026-07-06T12:14:11","modified_gmt":"2026-07-06T10:14:11","slug":"gateau-special-a-la-noix-de-coco-et-a-la-banane-sans-gluten-ni-lactose","status":"publish","type":"product","link":"https:\/\/lagranjafoods.com\/fr\/produit\/gateau-special-a-la-noix-de-coco-et-a-la-banane-sans-gluten-ni-lactose\/","title":{"rendered":"G\u00e2teau sp\u00e9cial \u00e0 la noix de coco et \u00e0 la banane sans gluten ni lactose 350 g."},"content":{"rendered":"<p>G\u00e2teau sp\u00e9cial \u00e0 la noix de coco et \u00e0 la banane sans gluten ni lactose. Depuis le premier jour, fabriquer les produits du mieux que nous pouvons et garantir un excellent go\u00fbt a \u00e9t\u00e9 une valeur inali\u00e9nable pour nous.<\/p>\n<p>En 1954, nos grands-parents avaient une \u00e9picerie \u00e0 c\u00f4t\u00e9 de leur petite ferme de poulets. Ils y vendaient des \u0153ufs au quartier ainsi que de la nourriture de toutes sortes. Une fois que le magasin n\u2019a plus de muffins, l\u2019un de ses produits les plus populaires. Pour plaire \u00e0 la client\u00e8le, notre grand-m\u00e8re a d\u00e9cid\u00e9 de pr\u00e9parer sa propre recette de muffins dans sa cuisine \u00e0 la maison. Son immense succ\u00e8s a surpris tout le monde : elles se vendaient de plus en plus. C\u2019est ainsi qu\u2019est n\u00e9e La Granja, et nous avons appris quelque chose que nous gardons toujours \u00e0 l\u2019esprit : travailler dur et tout faire du mieux possible pour satisfaire vos clients.<\/p>\n<p>Cela a \u00e9t\u00e9 le cas avec les premi\u00e8res sp\u00e9cialit\u00e9s traditionnelles qui nous ont fait conna\u00eetre, et cela l\u2019est rest\u00e9 tout au long de notre parcours, en int\u00e9grant continuellement des nouveaut\u00e9s \u00e0 notre gamme.<\/p>\n<p>Anticiper les besoins et les envies des consommateurs a fait de nous une r\u00e9f\u00e9rence de qualit\u00e9 et d\u2019innovation dans notre secteur des produits alimentaires. Dans les ann\u00e9es 80, <a href=\"https:\/\/lagranjafoods.com\/fr\/\">La Granja<\/a> a \u00e9t\u00e9 pionni\u00e8re en cr\u00e9ant des sp\u00e9cialit\u00e9s r\u00e9pondant \u00e0 diff\u00e9rents besoins di\u00e9t\u00e9tiques, qui font aujourd\u2019hui partie de notre gamme Diet.<\/p>\n<p>Plus tard, nous avons lanc\u00e9 la gamme Bio, qui utilise uniquement des ingr\u00e9dients issus de l&rsquo;agriculture biologique. Cette ligne a \u00e9t\u00e9 suivie par la gamme Vegan pour une consommation strictement v\u00e9g\u00e9talienne et les produits Sans Gluten et Sans Lactose, qui ont une production s\u00e9par\u00e9e du reste des produits.<\/p>\n<p>Dans les produits de cette nouvelle gamme, nous n\u2019utilisons que des ingr\u00e9dients sans gluten, lactose et ma\u00efs. Nous veillons \u00e0 ce qu\u2019elle ne soit pas contamin\u00e9e tout au long du processus, \u00e0 partir d\u2019une production distincte du reste. Ce produit porte le sceau La <a href=\"https:\/\/celiacos.org\/que-hacemos\/certificacion-alimentaria-sin-gluten\/sistema-de-licencia-europeo-els-o-espiga-barrada\/\">Espiga Barrada<\/a> et le num\u00e9ro de licence ES-055-006, certifi\u00e9 par l\u2019AOECS (Association des soci\u00e9t\u00e9s c\u0153liaques d\u2019Europe).<\/p>\n<p>&nbsp;<\/p>\n","protected":false},"excerpt":{"rendered":"<p>G\u00e2teau sp\u00e9cial \u00e0 la noix de coco et \u00e0 la banane sans gluten, sans lactose, sans ma\u00efs et sans prot\u00e9ine de lait de vache. La combinaison tropicale de noix de coco et de banane fait de ce g\u00e2teau un vrai plaisir pour les sens. Certifi\u00e9 par l\u2019Association c\u0153liaque de Catalogne, membre de l\u2019AOECS.<\/p>\n<p>Ce produit porte le sceau La Espiga Barrada et le num\u00e9ro de licence ES-055-006, certifi\u00e9 par l\u2019AOECS (Association des soci\u00e9t\u00e9s c\u0153liaques d\u2019Europe).<\/p>\n<p>Nous proposons nos d\u00e9licieux g\u00e2teaux et muffins sans gluten et sans lactose, dans diff\u00e9rents formats pour r\u00e9pondre \u00e0 vos besoins, vous pouvez aussi trouver le format en bo\u00eete avec 30 portions emball\u00e9es individuellement : parfait \u00e0 emporter ou \u00e0 savourer une portion fra\u00eeche \u00e0 tout moment. Vous trouverez ces formats dans le menu sans gluten.<\/p>\n<ul>\n<li aria-level=\"1\">Sans gluten<\/li>\n<li aria-level=\"1\">Sans lactose<\/li>\n<li aria-level=\"1\">Sans prot\u00e9ines de lait de vache<\/li>\n<li aria-level=\"1\">Sans ma\u00efs<\/li>\n<li aria-level=\"1\">Sans huile de palme<\/li>\n<li>Fait avec de la noix de coco r\u00e2p\u00e9e naturelle<\/li>\n<li aria-level=\"1\">\u00c9labor\u00e9 avec des \u0153ufs frais<\/li>\n<li aria-level=\"1\">Cuisson lente<\/li>\n<li aria-level=\"1\">Grand moelleux et saveur<\/li>\n<li aria-level=\"1\">Texture tr\u00e8s tendre<\/li>\n<li aria-level=\"1\">Contient des fibres v\u00e9g\u00e9tales et de la cosse de psyllium<\/li>\n<\/ul>\n<p>Sachet de 350 g<\/p>\n<p>&nbsp;<\/p>\n","protected":false},"featured_media":57977,"comment_status":"closed","ping_status":"closed","template":"","meta":{"_acf_changed":false},"product_cat":[800],"product_tag":[847],"class_list":["post-45927","product","type-product","status-publish","has-post-thumbnail","product_cat-sans-gluten","product_tag-sans-gluten-2","pa_marca-la-granja","pa_tipologia-cakes","first","instock","taxable","shipping-taxable","purchasable","product-type-simple"],"acf":[],"yoast_head":"<!-- This site is optimized with the Yoast SEO plugin v28.3 - https:\/\/yoast.com\/product\/yoast-seo-wordpress\/ -->\n<title>G\u00e2teau sp\u00e9cial \u00e0 la noix de coco et \u00e0 la banane sans gluten ni lactose 350 g. - La Granja Foods<\/title>\n<meta name=\"description\" content=\"G\u00e2teau sp\u00e9cial \u00e0 la noix de coco et \u00e0 la banane sans gluten ni lactose. D\u00e8s le premier jour, fabriquer les produits du mieux que nous connaissons et garantir un excellent go\u00fbt\" \/>\n<meta name=\"robots\" content=\"index, follow, max-snippet:-1, max-image-preview:large, max-video-preview:-1\" \/>\n<link rel=\"canonical\" href=\"https:\/\/lagranjafoods.com\/fr\/produit\/gateau-special-a-la-noix-de-coco-et-a-la-banane-sans-gluten-ni-lactose\/\" \/>\n<meta property=\"og:locale\" content=\"fr_FR\" \/>\n<meta property=\"og:type\" content=\"article\" \/>\n<meta property=\"og:title\" content=\"G\u00e2teau sp\u00e9cial \u00e0 la noix de coco et \u00e0 la banane sans gluten ni lactose 350 g. - La Granja Foods\" \/>\n<meta property=\"og:description\" content=\"G\u00e2teau sp\u00e9cial \u00e0 la noix de coco et \u00e0 la banane sans gluten ni lactose. D\u00e8s le premier jour, fabriquer les produits du mieux que nous connaissons et garantir un excellent go\u00fbt\" \/>\n<meta property=\"og:url\" content=\"https:\/\/lagranjafoods.com\/fr\/produit\/gateau-special-a-la-noix-de-coco-et-a-la-banane-sans-gluten-ni-lactose\/\" \/>\n<meta property=\"og:site_name\" content=\"La Granja Foods\" \/>\n<meta property=\"article:modified_time\" content=\"2026-07-06T10:14:11+00:00\" \/>\n<meta property=\"og:image\" content=\"https:\/\/lagranjafoods.com\/wp-content\/uploads\/Bizcocho-coco-y-platan-350g.png\" \/>\n\t<meta property=\"og:image:width\" content=\"1692\" \/>\n\t<meta property=\"og:image:height\" content=\"2022\" \/>\n\t<meta property=\"og:image:type\" content=\"image\/png\" \/>\n<meta name=\"twitter:card\" content=\"summary_large_image\" \/>\n<meta name=\"twitter:label1\" content=\"Dur\u00e9e de lecture estim\u00e9e\" \/>\n\t<meta name=\"twitter:data1\" content=\"2 minutes\" \/>\n<script type=\"application\/ld+json\" class=\"yoast-schema-graph\">{\"@context\":\"https:\\\/\\\/schema.org\",\"@graph\":[{\"@type\":\"WebPage\",\"@id\":\"https:\\\/\\\/lagranjafoods.com\\\/fr\\\/produit\\\/gateau-special-a-la-noix-de-coco-et-a-la-banane-sans-gluten-ni-lactose\\\/\",\"url\":\"https:\\\/\\\/lagranjafoods.com\\\/fr\\\/produit\\\/gateau-special-a-la-noix-de-coco-et-a-la-banane-sans-gluten-ni-lactose\\\/\",\"name\":\"G\u00e2teau sp\u00e9cial \u00e0 la noix de coco et \u00e0 la banane sans gluten ni lactose 350 g. - La Granja Foods\",\"isPartOf\":{\"@id\":\"https:\\\/\\\/lagranjafoods.com\\\/fr\\\/#website\"},\"primaryImageOfPage\":{\"@id\":\"https:\\\/\\\/lagranjafoods.com\\\/fr\\\/produit\\\/gateau-special-a-la-noix-de-coco-et-a-la-banane-sans-gluten-ni-lactose\\\/#primaryimage\"},\"image\":{\"@id\":\"https:\\\/\\\/lagranjafoods.com\\\/fr\\\/produit\\\/gateau-special-a-la-noix-de-coco-et-a-la-banane-sans-gluten-ni-lactose\\\/#primaryimage\"},\"thumbnailUrl\":\"https:\\\/\\\/lagranjafoods.com\\\/wp-content\\\/uploads\\\/Bizcocho-coco-y-platan-350g.png\",\"datePublished\":\"2024-06-06T14:11:21+00:00\",\"dateModified\":\"2026-07-06T10:14:11+00:00\",\"description\":\"G\u00e2teau sp\u00e9cial \u00e0 la noix de coco et \u00e0 la banane sans gluten ni lactose. D\u00e8s le premier jour, fabriquer les produits du mieux que nous connaissons et garantir un excellent go\u00fbt\",\"breadcrumb\":{\"@id\":\"https:\\\/\\\/lagranjafoods.com\\\/fr\\\/produit\\\/gateau-special-a-la-noix-de-coco-et-a-la-banane-sans-gluten-ni-lactose\\\/#breadcrumb\"},\"inLanguage\":\"fr-FR\",\"potentialAction\":[{\"@type\":\"ReadAction\",\"target\":[\"https:\\\/\\\/lagranjafoods.com\\\/fr\\\/produit\\\/gateau-special-a-la-noix-de-coco-et-a-la-banane-sans-gluten-ni-lactose\\\/\"]}]},{\"@type\":\"ImageObject\",\"inLanguage\":\"fr-FR\",\"@id\":\"https:\\\/\\\/lagranjafoods.com\\\/fr\\\/produit\\\/gateau-special-a-la-noix-de-coco-et-a-la-banane-sans-gluten-ni-lactose\\\/#primaryimage\",\"url\":\"https:\\\/\\\/lagranjafoods.com\\\/wp-content\\\/uploads\\\/Bizcocho-coco-y-platan-350g.png\",\"contentUrl\":\"https:\\\/\\\/lagranjafoods.com\\\/wp-content\\\/uploads\\\/Bizcocho-coco-y-platan-350g.png\",\"width\":1692,\"height\":2022},{\"@type\":\"BreadcrumbList\",\"@id\":\"https:\\\/\\\/lagranjafoods.com\\\/fr\\\/produit\\\/gateau-special-a-la-noix-de-coco-et-a-la-banane-sans-gluten-ni-lactose\\\/#breadcrumb\",\"itemListElement\":[{\"@type\":\"ListItem\",\"position\":1,\"name\":\"Portada\",\"item\":\"https:\\\/\\\/lagranjafoods.com\\\/fr\\\/\"},{\"@type\":\"ListItem\",\"position\":2,\"name\":\"Produits\",\"item\":\"https:\\\/\\\/lagranjafoods.com\\\/fr\\\/produits\\\/\"},{\"@type\":\"ListItem\",\"position\":3,\"name\":\"G\u00e2teau sp\u00e9cial \u00e0 la noix de coco et \u00e0 la banane sans gluten ni lactose 350 g.\"}]},{\"@type\":\"WebSite\",\"@id\":\"https:\\\/\\\/lagranjafoods.com\\\/fr\\\/#website\",\"url\":\"https:\\\/\\\/lagranjafoods.com\\\/fr\\\/\",\"name\":\"La Granja Foods\",\"description\":\"\u00a1Benvinguts a La Granja! Qualitat, sabor i frescor des de 1959.\",\"publisher\":{\"@id\":\"https:\\\/\\\/lagranjafoods.com\\\/fr\\\/#organization\"},\"potentialAction\":[{\"@type\":\"SearchAction\",\"target\":{\"@type\":\"EntryPoint\",\"urlTemplate\":\"https:\\\/\\\/lagranjafoods.com\\\/fr\\\/?s={search_term_string}\"},\"query-input\":{\"@type\":\"PropertyValueSpecification\",\"valueRequired\":true,\"valueName\":\"search_term_string\"}}],\"inLanguage\":\"fr-FR\"},{\"@type\":\"Organization\",\"@id\":\"https:\\\/\\\/lagranjafoods.com\\\/fr\\\/#organization\",\"name\":\"La Granja Foods\",\"url\":\"https:\\\/\\\/lagranjafoods.com\\\/fr\\\/\",\"logo\":{\"@type\":\"ImageObject\",\"inLanguage\":\"fr-FR\",\"@id\":\"https:\\\/\\\/lagranjafoods.com\\\/fr\\\/#\\\/schema\\\/logo\\\/image\\\/\",\"url\":\"https:\\\/\\\/lagranjafoods.com\\\/wp-content\\\/uploads\\\/logo-lagranjafoods.png\",\"contentUrl\":\"https:\\\/\\\/lagranjafoods.com\\\/wp-content\\\/uploads\\\/logo-lagranjafoods.png\",\"width\":539,\"height\":158,\"caption\":\"La Granja Foods \"},\"image\":{\"@id\":\"https:\\\/\\\/lagranjafoods.com\\\/fr\\\/#\\\/schema\\\/logo\\\/image\\\/\"}}]}<\/script>\n<!-- \/ Yoast SEO plugin. -->","yoast_head_json":{"title":"G\u00e2teau sp\u00e9cial \u00e0 la noix de coco et \u00e0 la banane sans gluten ni lactose 350 g. - La Granja Foods","description":"G\u00e2teau sp\u00e9cial \u00e0 la noix de coco et \u00e0 la banane sans gluten ni lactose. D\u00e8s le premier jour, fabriquer les produits du mieux que nous connaissons et garantir un excellent go\u00fbt","robots":{"index":"index","follow":"follow","max-snippet":"max-snippet:-1","max-image-preview":"max-image-preview:large","max-video-preview":"max-video-preview:-1"},"canonical":"https:\/\/lagranjafoods.com\/fr\/produit\/gateau-special-a-la-noix-de-coco-et-a-la-banane-sans-gluten-ni-lactose\/","og_locale":"fr_FR","og_type":"article","og_title":"G\u00e2teau sp\u00e9cial \u00e0 la noix de coco et \u00e0 la banane sans gluten ni lactose 350 g. - La Granja Foods","og_description":"G\u00e2teau sp\u00e9cial \u00e0 la noix de coco et \u00e0 la banane sans gluten ni lactose. D\u00e8s le premier jour, fabriquer les produits du mieux que nous connaissons et garantir un excellent go\u00fbt","og_url":"https:\/\/lagranjafoods.com\/fr\/produit\/gateau-special-a-la-noix-de-coco-et-a-la-banane-sans-gluten-ni-lactose\/","og_site_name":"La Granja Foods","article_modified_time":"2026-07-06T10:14:11+00:00","og_image":[{"width":1692,"height":2022,"url":"https:\/\/lagranjafoods.com\/wp-content\/uploads\/Bizcocho-coco-y-platan-350g.png","type":"image\/png"}],"twitter_card":"summary_large_image","twitter_misc":{"Dur\u00e9e de lecture estim\u00e9e":"2 minutes"},"schema":{"@context":"https:\/\/schema.org","@graph":[{"@type":"WebPage","@id":"https:\/\/lagranjafoods.com\/fr\/produit\/gateau-special-a-la-noix-de-coco-et-a-la-banane-sans-gluten-ni-lactose\/","url":"https:\/\/lagranjafoods.com\/fr\/produit\/gateau-special-a-la-noix-de-coco-et-a-la-banane-sans-gluten-ni-lactose\/","name":"G\u00e2teau sp\u00e9cial \u00e0 la noix de coco et \u00e0 la banane sans gluten ni lactose 350 g. - La Granja Foods","isPartOf":{"@id":"https:\/\/lagranjafoods.com\/fr\/#website"},"primaryImageOfPage":{"@id":"https:\/\/lagranjafoods.com\/fr\/produit\/gateau-special-a-la-noix-de-coco-et-a-la-banane-sans-gluten-ni-lactose\/#primaryimage"},"image":{"@id":"https:\/\/lagranjafoods.com\/fr\/produit\/gateau-special-a-la-noix-de-coco-et-a-la-banane-sans-gluten-ni-lactose\/#primaryimage"},"thumbnailUrl":"https:\/\/lagranjafoods.com\/wp-content\/uploads\/Bizcocho-coco-y-platan-350g.png","datePublished":"2024-06-06T14:11:21+00:00","dateModified":"2026-07-06T10:14:11+00:00","description":"G\u00e2teau sp\u00e9cial \u00e0 la noix de coco et \u00e0 la banane sans gluten ni lactose. D\u00e8s le premier jour, fabriquer les produits du mieux que nous connaissons et garantir un excellent go\u00fbt","breadcrumb":{"@id":"https:\/\/lagranjafoods.com\/fr\/produit\/gateau-special-a-la-noix-de-coco-et-a-la-banane-sans-gluten-ni-lactose\/#breadcrumb"},"inLanguage":"fr-FR","potentialAction":[{"@type":"ReadAction","target":["https:\/\/lagranjafoods.com\/fr\/produit\/gateau-special-a-la-noix-de-coco-et-a-la-banane-sans-gluten-ni-lactose\/"]}]},{"@type":"ImageObject","inLanguage":"fr-FR","@id":"https:\/\/lagranjafoods.com\/fr\/produit\/gateau-special-a-la-noix-de-coco-et-a-la-banane-sans-gluten-ni-lactose\/#primaryimage","url":"https:\/\/lagranjafoods.com\/wp-content\/uploads\/Bizcocho-coco-y-platan-350g.png","contentUrl":"https:\/\/lagranjafoods.com\/wp-content\/uploads\/Bizcocho-coco-y-platan-350g.png","width":1692,"height":2022},{"@type":"BreadcrumbList","@id":"https:\/\/lagranjafoods.com\/fr\/produit\/gateau-special-a-la-noix-de-coco-et-a-la-banane-sans-gluten-ni-lactose\/#breadcrumb","itemListElement":[{"@type":"ListItem","position":1,"name":"Portada","item":"https:\/\/lagranjafoods.com\/fr\/"},{"@type":"ListItem","position":2,"name":"Produits","item":"https:\/\/lagranjafoods.com\/fr\/produits\/"},{"@type":"ListItem","position":3,"name":"G\u00e2teau sp\u00e9cial \u00e0 la noix de coco et \u00e0 la banane sans gluten ni lactose 350 g."}]},{"@type":"WebSite","@id":"https:\/\/lagranjafoods.com\/fr\/#website","url":"https:\/\/lagranjafoods.com\/fr\/","name":"La Granja Foods","description":"\u00a1Benvinguts a La Granja! Qualitat, sabor i frescor des de 1959.","publisher":{"@id":"https:\/\/lagranjafoods.com\/fr\/#organization"},"potentialAction":[{"@type":"SearchAction","target":{"@type":"EntryPoint","urlTemplate":"https:\/\/lagranjafoods.com\/fr\/?s={search_term_string}"},"query-input":{"@type":"PropertyValueSpecification","valueRequired":true,"valueName":"search_term_string"}}],"inLanguage":"fr-FR"},{"@type":"Organization","@id":"https:\/\/lagranjafoods.com\/fr\/#organization","name":"La Granja Foods","url":"https:\/\/lagranjafoods.com\/fr\/","logo":{"@type":"ImageObject","inLanguage":"fr-FR","@id":"https:\/\/lagranjafoods.com\/fr\/#\/schema\/logo\/image\/","url":"https:\/\/lagranjafoods.com\/wp-content\/uploads\/logo-lagranjafoods.png","contentUrl":"https:\/\/lagranjafoods.com\/wp-content\/uploads\/logo-lagranjafoods.png","width":539,"height":158,"caption":"La Granja Foods "},"image":{"@id":"https:\/\/lagranjafoods.com\/fr\/#\/schema\/logo\/image\/"}}]}},"_links":{"self":[{"href":"https:\/\/lagranjafoods.com\/fr\/wp-json\/wp\/v2\/product\/45927","targetHints":{"allow":["GET"]}}],"collection":[{"href":"https:\/\/lagranjafoods.com\/fr\/wp-json\/wp\/v2\/product"}],"about":[{"href":"https:\/\/lagranjafoods.com\/fr\/wp-json\/wp\/v2\/types\/product"}],"replies":[{"embeddable":true,"href":"https:\/\/lagranjafoods.com\/fr\/wp-json\/wp\/v2\/comments?post=45927"}],"wp:featuredmedia":[{"embeddable":true,"href":"https:\/\/lagranjafoods.com\/fr\/wp-json\/wp\/v2\/media\/57977"}],"wp:attachment":[{"href":"https:\/\/lagranjafoods.com\/fr\/wp-json\/wp\/v2\/media?parent=45927"}],"wp:term":[{"taxonomy":"product_cat","embeddable":true,"href":"https:\/\/lagranjafoods.com\/fr\/wp-json\/wp\/v2\/product_cat?post=45927"},{"taxonomy":"product_tag","embeddable":true,"href":"https:\/\/lagranjafoods.com\/fr\/wp-json\/wp\/v2\/product_tag?post=45927"}],"curies":[{"name":"wp","href":"https:\/\/api.w.org\/{rel}","templated":true}]}}