{"id":45641,"date":"2024-06-06T14:36:55","date_gmt":"2024-06-06T12:36:55","guid":{"rendered":"http:\/\/lagranjafoods.com\/product\/amandes-marconas-caramelisees\/"},"modified":"2026-05-22T09:35:41","modified_gmt":"2026-05-22T07:35:41","slug":"amandes-marconas-caramelisees","status":"publish","type":"product","link":"https:\/\/lagranjafoods.com\/fr\/produit\/amandes-marconas-caramelisees\/","title":{"rendered":"Amandes Marconas caram\u00e9lis\u00e9es"},"content":{"rendered":"<p>Des amandes Marconas caram\u00e9lis\u00e9es. <a href=\"https:\/\/lagranjafoods.com\/fr\/nous-histoire\/\"> Chez La Granja Foods<\/a>, nous sommes passionn\u00e9s par l\u2019id\u00e9e de vous offrir le meilleur de la nature et de la tradition, c\u2019est pourquoi nous avons d\u00e9cid\u00e9 de collaborer avec <strong>Mels Alemany 1879<\/strong>, une entreprise familiale avec plus d\u2019un si\u00e8cle d\u2019histoire dans la production de miels artisanaux de la plus haute qualit\u00e9. Fond\u00e9e en 1879, Mels Alemany a transmis de g\u00e9n\u00e9ration en g\u00e9n\u00e9ration l\u2019art de l\u2019apiculture, avec un d\u00e9vouement in\u00e9gal\u00e9 \u00e0 la protection des abeilles et un respect pour l\u2019environnement naturel.<\/p>\n<p>D\u00e9sormais, dans notre boutique en ligne, vous pouvez trouver une s\u00e9lection exclusive de leurs miels, chacun avec une saveur et une personnalit\u00e9 uniques qui refl\u00e8tent la richesse des paysages d\u2019o\u00f9 ils proviennent. De l\u2019intensit\u00e9 du miel de for\u00eat \u00e0 la douceur du miel de fleurs, chaque bocal porte le sceau de qualit\u00e9 Mels Alemany.<\/p>\n<p><a href=\"https:\/\/alemany.com\/shop\/es\/10-comprar-miel\">Le miel<\/a> est notre caract\u00e9ristique distinctive, l\u2019ingr\u00e9dient commun qui rend nos produits uniques. La tradition du <a href=\"https:\/\/alemany.com\/shop\/es\/11-turron-artesano\">nougat<\/a> et l\u2019innovation dans le <a href=\"https:\/\/alemany.com\/shop\/es\/10-comprar-miel\">miel<\/a> composent l\u2019Univers Alemany, un concept inspir\u00e9 par notre mani\u00e8re de comprendre le monde. Un monde fond\u00e9 par une femme, grand-m\u00e8re Mundeta, et occup\u00e9 principalement par des femmes. Un monde o\u00f9 les gens sont en avance sur les machines. Et un monde o\u00f9 les rythmes et les moments de la cuisson et de l\u2019ex\u00e9cution des t\u00e2ches sont respect\u00e9s, et o\u00f9 la coop\u00e9ration repr\u00e9sente une valeur croissante face \u00e0 la comp\u00e9titivit\u00e9. L\u2019Univers Alemany gravite autour de ses valeurs, des valeurs transmises de g\u00e9n\u00e9ration en g\u00e9n\u00e9ration de la fin du XIXe si\u00e8cle \u00e0 nos jours.<\/p>\n<p>Notre passion pour le <a href=\"https:\/\/alemany.com\/shop\/es\/10-comprar-miel\">miel<\/a> nous a amen\u00e9s \u00e0 promouvoir diverses actions visant \u00e0 polliniser l\u2019opinion publique avec l\u2019id\u00e9e du <a href=\"https:\/\/alemany.com\/shop\/es\/10-comprar-miel\">miel<\/a> comme douceur naturelle. Pour cette raison, Ferran Alemany, directeur de l\u2019entreprise, d\u00e9fend la n\u00e9cessit\u00e9 d\u2019un monde plus doux et d\u00e9fend fermement que, si le <a href=\"https:\/\/alemany.com\/shop\/es\/10-comprar-miel\">miel<\/a> \u00e9tait le premier sucre de l\u2019humanit\u00e9 \u2013 il appara\u00eet d\u00e9j\u00e0 dans les peintures rupestres \u2013 il ne fait aucun doute que \u00ab nous sommes comme nous sommes gr\u00e2ce au <a href=\"https:\/\/alemany.com\/shop\/es\/10-comprar-miel\">miel<\/a> \u00bb.<\/p>\n<p>&nbsp;<\/p>\n","protected":false},"excerpt":{"rendered":"<p>Nous pr\u00e9sentons les amandes caram\u00e9lis\u00e9es Marconas de la maison Alemany 1879.<\/p>\n<p>L\u2019amande marcona, la meilleure des amandes et consid\u00e9r\u00e9e comme l\u2019un des tr\u00e9sors de la M\u00e9diterran\u00e9e et de sa gastronomie, associ\u00e9e au miel de romarin, donne \u00e0 cette combinaison une amande caram\u00e9lis\u00e9e exquise.<\/p>\n<p>\u201c<b>Dans la gamme Premium Mediterranean Nuts, nous s\u00e9lectionnons les meilleurs, les plus grands et les plus de qualit\u00e9. Des amandes de la terre que nous caram\u00e9lisons avec nos propres miels <\/b>\u201d.<\/p>\n<p>Sans gluten et adapt\u00e9 aux personnes c\u0153liaques.<\/p>\n<p style=\"text-align: center;\"><strong>Origine<\/strong><\/p>\n<p style=\"text-align: center;\">Catalogne, Aragon.<\/p>\n<p style=\"text-align: center;\"><strong>Couleur<\/strong><\/p>\n<p style=\"text-align: center;\">Caract\u00e9ristique des amandes grill\u00e9es et des douceurs caram\u00e9lis\u00e9es.<\/p>\n<ul>\n<li aria-level=\"1\">S\u00e9lection premium de miel du pays<\/li>\n<li aria-level=\"1\">Prix du Grand Go\u00fbt<\/li>\n<li aria-level=\"1\">Miel de romarin cultiv\u00e9 \u00e0 la maison<\/li>\n<li aria-level=\"1\">Sans gluten<\/li>\n<\/ul>\n<p>Bo\u00eete de 120 g.<\/p>\n<p>&nbsp;<\/p>\n","protected":false},"featured_media":45653,"comment_status":"closed","ping_status":"closed","template":"","meta":{"_acf_changed":false},"product_cat":[805],"product_tag":[847],"class_list":["post-45641","product","type-product","status-publish","has-post-thumbnail","product_cat-marques-partenaires","product_tag-sans-gluten-2","pa_marca-la-granja","pa_marca-mieles-alemany-1879","pa_tipologia-fruits-secs","first","outofstock","taxable","shipping-taxable","purchasable","product-type-simple"],"acf":[],"yoast_head":"<!-- This site is optimized with the Yoast SEO plugin v28.3 - https:\/\/yoast.com\/product\/yoast-seo-wordpress\/ -->\n<title>Amandes Marconas caram\u00e9lis\u00e9es - La Granja Foods<\/title>\n<meta name=\"description\" content=\"Des amandes Marconas caram\u00e9lis\u00e9es. Nous sommes passionn\u00e9s par l\u2019id\u00e9e de vous offrir le meilleur de la nature et de la tradition, c\u2019est pourquoi nous avons d\u00e9cid\u00e9 de collaborer avec Mels Alemany 1879.\" \/>\n<meta name=\"robots\" content=\"index, follow, max-snippet:-1, max-image-preview:large, max-video-preview:-1\" \/>\n<link rel=\"canonical\" href=\"https:\/\/lagranjafoods.com\/fr\/produit\/amandes-marconas-caramelisees\/\" \/>\n<meta property=\"og:locale\" content=\"fr_FR\" \/>\n<meta property=\"og:type\" content=\"article\" \/>\n<meta property=\"og:title\" content=\"Amandes Marconas caram\u00e9lis\u00e9es - La Granja Foods\" \/>\n<meta property=\"og:description\" content=\"Des amandes Marconas caram\u00e9lis\u00e9es. Nous sommes passionn\u00e9s par l\u2019id\u00e9e de vous offrir le meilleur de la nature et de la tradition, c\u2019est pourquoi nous avons d\u00e9cid\u00e9 de collaborer avec Mels Alemany 1879.\" \/>\n<meta property=\"og:url\" content=\"https:\/\/lagranjafoods.com\/fr\/produit\/amandes-marconas-caramelisees\/\" \/>\n<meta property=\"og:site_name\" content=\"La Granja Foods\" \/>\n<meta property=\"article:modified_time\" content=\"2026-05-22T07:35:41+00:00\" \/>\n<meta property=\"og:image\" content=\"https:\/\/lagranjafoods.com\/wp-content\/uploads\/Almendras-garrapinadas-2.jpg\" \/>\n\t<meta property=\"og:image:width\" content=\"1692\" \/>\n\t<meta property=\"og:image:height\" content=\"2022\" \/>\n\t<meta property=\"og:image:type\" content=\"image\/jpeg\" \/>\n<meta name=\"twitter:card\" content=\"summary_large_image\" \/>\n<meta name=\"twitter:label1\" content=\"Dur\u00e9e de lecture estim\u00e9e\" \/>\n\t<meta name=\"twitter:data1\" content=\"2 minutes\" \/>\n<script type=\"application\/ld+json\" class=\"yoast-schema-graph\">{\"@context\":\"https:\\\/\\\/schema.org\",\"@graph\":[{\"@type\":\"WebPage\",\"@id\":\"https:\\\/\\\/lagranjafoods.com\\\/fr\\\/produit\\\/amandes-marconas-caramelisees\\\/\",\"url\":\"https:\\\/\\\/lagranjafoods.com\\\/fr\\\/produit\\\/amandes-marconas-caramelisees\\\/\",\"name\":\"Amandes Marconas caram\u00e9lis\u00e9es - La Granja Foods\",\"isPartOf\":{\"@id\":\"https:\\\/\\\/lagranjafoods.com\\\/fr\\\/#website\"},\"primaryImageOfPage\":{\"@id\":\"https:\\\/\\\/lagranjafoods.com\\\/fr\\\/produit\\\/amandes-marconas-caramelisees\\\/#primaryimage\"},\"image\":{\"@id\":\"https:\\\/\\\/lagranjafoods.com\\\/fr\\\/produit\\\/amandes-marconas-caramelisees\\\/#primaryimage\"},\"thumbnailUrl\":\"https:\\\/\\\/lagranjafoods.com\\\/wp-content\\\/uploads\\\/Almendras-garrapinadas-2.jpg\",\"datePublished\":\"2024-06-06T12:36:55+00:00\",\"dateModified\":\"2026-05-22T07:35:41+00:00\",\"description\":\"Des amandes Marconas caram\u00e9lis\u00e9es. Nous sommes passionn\u00e9s par l\u2019id\u00e9e de vous offrir le meilleur de la nature et de la tradition, c\u2019est pourquoi nous avons d\u00e9cid\u00e9 de collaborer avec Mels Alemany 1879.\",\"breadcrumb\":{\"@id\":\"https:\\\/\\\/lagranjafoods.com\\\/fr\\\/produit\\\/amandes-marconas-caramelisees\\\/#breadcrumb\"},\"inLanguage\":\"fr-FR\",\"potentialAction\":[{\"@type\":\"ReadAction\",\"target\":[\"https:\\\/\\\/lagranjafoods.com\\\/fr\\\/produit\\\/amandes-marconas-caramelisees\\\/\"]}]},{\"@type\":\"ImageObject\",\"inLanguage\":\"fr-FR\",\"@id\":\"https:\\\/\\\/lagranjafoods.com\\\/fr\\\/produit\\\/amandes-marconas-caramelisees\\\/#primaryimage\",\"url\":\"https:\\\/\\\/lagranjafoods.com\\\/wp-content\\\/uploads\\\/Almendras-garrapinadas-2.jpg\",\"contentUrl\":\"https:\\\/\\\/lagranjafoods.com\\\/wp-content\\\/uploads\\\/Almendras-garrapinadas-2.jpg\",\"width\":1692,\"height\":2022,\"caption\":\"Almendras Marconas caramelizadas\"},{\"@type\":\"BreadcrumbList\",\"@id\":\"https:\\\/\\\/lagranjafoods.com\\\/fr\\\/produit\\\/amandes-marconas-caramelisees\\\/#breadcrumb\",\"itemListElement\":[{\"@type\":\"ListItem\",\"position\":1,\"name\":\"Portada\",\"item\":\"https:\\\/\\\/lagranjafoods.com\\\/fr\\\/\"},{\"@type\":\"ListItem\",\"position\":2,\"name\":\"Produits\",\"item\":\"https:\\\/\\\/lagranjafoods.com\\\/fr\\\/produits\\\/\"},{\"@type\":\"ListItem\",\"position\":3,\"name\":\"Amandes Marconas caram\u00e9lis\u00e9es\"}]},{\"@type\":\"WebSite\",\"@id\":\"https:\\\/\\\/lagranjafoods.com\\\/fr\\\/#website\",\"url\":\"https:\\\/\\\/lagranjafoods.com\\\/fr\\\/\",\"name\":\"La Granja Foods\",\"description\":\"\u00a1Benvinguts a La Granja! Qualitat, sabor i frescor des de 1959.\",\"publisher\":{\"@id\":\"https:\\\/\\\/lagranjafoods.com\\\/fr\\\/#organization\"},\"potentialAction\":[{\"@type\":\"SearchAction\",\"target\":{\"@type\":\"EntryPoint\",\"urlTemplate\":\"https:\\\/\\\/lagranjafoods.com\\\/fr\\\/?s={search_term_string}\"},\"query-input\":{\"@type\":\"PropertyValueSpecification\",\"valueRequired\":true,\"valueName\":\"search_term_string\"}}],\"inLanguage\":\"fr-FR\"},{\"@type\":\"Organization\",\"@id\":\"https:\\\/\\\/lagranjafoods.com\\\/fr\\\/#organization\",\"name\":\"La Granja Foods\",\"url\":\"https:\\\/\\\/lagranjafoods.com\\\/fr\\\/\",\"logo\":{\"@type\":\"ImageObject\",\"inLanguage\":\"fr-FR\",\"@id\":\"https:\\\/\\\/lagranjafoods.com\\\/fr\\\/#\\\/schema\\\/logo\\\/image\\\/\",\"url\":\"https:\\\/\\\/lagranjafoods.com\\\/wp-content\\\/uploads\\\/logo-lagranjafoods.png\",\"contentUrl\":\"https:\\\/\\\/lagranjafoods.com\\\/wp-content\\\/uploads\\\/logo-lagranjafoods.png\",\"width\":539,\"height\":158,\"caption\":\"La Granja Foods \"},\"image\":{\"@id\":\"https:\\\/\\\/lagranjafoods.com\\\/fr\\\/#\\\/schema\\\/logo\\\/image\\\/\"}}]}<\/script>\n<!-- \/ Yoast SEO plugin. -->","yoast_head_json":{"title":"Amandes Marconas caram\u00e9lis\u00e9es - La Granja Foods","description":"Des amandes Marconas caram\u00e9lis\u00e9es. Nous sommes passionn\u00e9s par l\u2019id\u00e9e de vous offrir le meilleur de la nature et de la tradition, c\u2019est pourquoi nous avons d\u00e9cid\u00e9 de collaborer avec Mels Alemany 1879.","robots":{"index":"index","follow":"follow","max-snippet":"max-snippet:-1","max-image-preview":"max-image-preview:large","max-video-preview":"max-video-preview:-1"},"canonical":"https:\/\/lagranjafoods.com\/fr\/produit\/amandes-marconas-caramelisees\/","og_locale":"fr_FR","og_type":"article","og_title":"Amandes Marconas caram\u00e9lis\u00e9es - La Granja Foods","og_description":"Des amandes Marconas caram\u00e9lis\u00e9es. Nous sommes passionn\u00e9s par l\u2019id\u00e9e de vous offrir le meilleur de la nature et de la tradition, c\u2019est pourquoi nous avons d\u00e9cid\u00e9 de collaborer avec Mels Alemany 1879.","og_url":"https:\/\/lagranjafoods.com\/fr\/produit\/amandes-marconas-caramelisees\/","og_site_name":"La Granja Foods","article_modified_time":"2026-05-22T07:35:41+00:00","og_image":[{"width":1692,"height":2022,"url":"https:\/\/lagranjafoods.com\/wp-content\/uploads\/Almendras-garrapinadas-2.jpg","type":"image\/jpeg"}],"twitter_card":"summary_large_image","twitter_misc":{"Dur\u00e9e de lecture estim\u00e9e":"2 minutes"},"schema":{"@context":"https:\/\/schema.org","@graph":[{"@type":"WebPage","@id":"https:\/\/lagranjafoods.com\/fr\/produit\/amandes-marconas-caramelisees\/","url":"https:\/\/lagranjafoods.com\/fr\/produit\/amandes-marconas-caramelisees\/","name":"Amandes Marconas caram\u00e9lis\u00e9es - La Granja Foods","isPartOf":{"@id":"https:\/\/lagranjafoods.com\/fr\/#website"},"primaryImageOfPage":{"@id":"https:\/\/lagranjafoods.com\/fr\/produit\/amandes-marconas-caramelisees\/#primaryimage"},"image":{"@id":"https:\/\/lagranjafoods.com\/fr\/produit\/amandes-marconas-caramelisees\/#primaryimage"},"thumbnailUrl":"https:\/\/lagranjafoods.com\/wp-content\/uploads\/Almendras-garrapinadas-2.jpg","datePublished":"2024-06-06T12:36:55+00:00","dateModified":"2026-05-22T07:35:41+00:00","description":"Des amandes Marconas caram\u00e9lis\u00e9es. Nous sommes passionn\u00e9s par l\u2019id\u00e9e de vous offrir le meilleur de la nature et de la tradition, c\u2019est pourquoi nous avons d\u00e9cid\u00e9 de collaborer avec Mels Alemany 1879.","breadcrumb":{"@id":"https:\/\/lagranjafoods.com\/fr\/produit\/amandes-marconas-caramelisees\/#breadcrumb"},"inLanguage":"fr-FR","potentialAction":[{"@type":"ReadAction","target":["https:\/\/lagranjafoods.com\/fr\/produit\/amandes-marconas-caramelisees\/"]}]},{"@type":"ImageObject","inLanguage":"fr-FR","@id":"https:\/\/lagranjafoods.com\/fr\/produit\/amandes-marconas-caramelisees\/#primaryimage","url":"https:\/\/lagranjafoods.com\/wp-content\/uploads\/Almendras-garrapinadas-2.jpg","contentUrl":"https:\/\/lagranjafoods.com\/wp-content\/uploads\/Almendras-garrapinadas-2.jpg","width":1692,"height":2022,"caption":"Almendras Marconas caramelizadas"},{"@type":"BreadcrumbList","@id":"https:\/\/lagranjafoods.com\/fr\/produit\/amandes-marconas-caramelisees\/#breadcrumb","itemListElement":[{"@type":"ListItem","position":1,"name":"Portada","item":"https:\/\/lagranjafoods.com\/fr\/"},{"@type":"ListItem","position":2,"name":"Produits","item":"https:\/\/lagranjafoods.com\/fr\/produits\/"},{"@type":"ListItem","position":3,"name":"Amandes Marconas caram\u00e9lis\u00e9es"}]},{"@type":"WebSite","@id":"https:\/\/lagranjafoods.com\/fr\/#website","url":"https:\/\/lagranjafoods.com\/fr\/","name":"La Granja Foods","description":"\u00a1Benvinguts a La Granja! Qualitat, sabor i frescor des de 1959.","publisher":{"@id":"https:\/\/lagranjafoods.com\/fr\/#organization"},"potentialAction":[{"@type":"SearchAction","target":{"@type":"EntryPoint","urlTemplate":"https:\/\/lagranjafoods.com\/fr\/?s={search_term_string}"},"query-input":{"@type":"PropertyValueSpecification","valueRequired":true,"valueName":"search_term_string"}}],"inLanguage":"fr-FR"},{"@type":"Organization","@id":"https:\/\/lagranjafoods.com\/fr\/#organization","name":"La Granja Foods","url":"https:\/\/lagranjafoods.com\/fr\/","logo":{"@type":"ImageObject","inLanguage":"fr-FR","@id":"https:\/\/lagranjafoods.com\/fr\/#\/schema\/logo\/image\/","url":"https:\/\/lagranjafoods.com\/wp-content\/uploads\/logo-lagranjafoods.png","contentUrl":"https:\/\/lagranjafoods.com\/wp-content\/uploads\/logo-lagranjafoods.png","width":539,"height":158,"caption":"La Granja Foods "},"image":{"@id":"https:\/\/lagranjafoods.com\/fr\/#\/schema\/logo\/image\/"}}]}},"_links":{"self":[{"href":"https:\/\/lagranjafoods.com\/fr\/wp-json\/wp\/v2\/product\/45641","targetHints":{"allow":["GET"]}}],"collection":[{"href":"https:\/\/lagranjafoods.com\/fr\/wp-json\/wp\/v2\/product"}],"about":[{"href":"https:\/\/lagranjafoods.com\/fr\/wp-json\/wp\/v2\/types\/product"}],"replies":[{"embeddable":true,"href":"https:\/\/lagranjafoods.com\/fr\/wp-json\/wp\/v2\/comments?post=45641"}],"wp:featuredmedia":[{"embeddable":true,"href":"https:\/\/lagranjafoods.com\/fr\/wp-json\/wp\/v2\/media\/45653"}],"wp:attachment":[{"href":"https:\/\/lagranjafoods.com\/fr\/wp-json\/wp\/v2\/media?parent=45641"}],"wp:term":[{"taxonomy":"product_cat","embeddable":true,"href":"https:\/\/lagranjafoods.com\/fr\/wp-json\/wp\/v2\/product_cat?post=45641"},{"taxonomy":"product_tag","embeddable":true,"href":"https:\/\/lagranjafoods.com\/fr\/wp-json\/wp\/v2\/product_tag?post=45641"}],"curies":[{"name":"wp","href":"https:\/\/api.w.org\/{rel}","templated":true}]}}