{"id":45536,"date":"2024-06-06T14:35:25","date_gmt":"2024-06-06T12:35:25","guid":{"rendered":"http:\/\/lagranjafoods.com\/product\/confiture-extra-de-baies-rouges\/"},"modified":"2026-05-22T09:23:54","modified_gmt":"2026-05-22T07:23:54","slug":"confiture-extra-de-baies-rouges","status":"publish","type":"product","link":"https:\/\/lagranjafoods.com\/fr\/produit\/confiture-extra-de-baies-rouges\/","title":{"rendered":"Confiture extra de baies rouges"},"content":{"rendered":"<p>Confiture de baies rouges en extra. Chez <a href=\"https:\/\/lagranjafoods.com\/fr\/nous-histoire\/\">La Granja Foods<\/a>, nous croyons en des produits qui ne sont pas seulement d\u00e9licieux, mais qui ont aussi un impact positif sur la soci\u00e9t\u00e9. Pour cette raison, nous sommes fiers de collaborer avec<a href=\"https:\/\/www.fageda.com\/es\/\"> <strong>La Fageda<\/strong><\/a>, une entreprise unique qui produit des yaourts artisanaux et des confitures de qualit\u00e9 exceptionnelle, tout en promouvant un projet social admirable.<\/p>\n<p>Depuis sa fondation, La Fageda est bien plus qu\u2019une usine alimentaire ; c\u2019est un projet social qui offre des emplois et des opportunit\u00e9s aux personnes en risque d\u2019exclusion sociale, en particulier celles ayant un handicap intellectuel ou des troubles mentaux. Cette noble mission se refl\u00e8te dans chacun de ses produits, \u00e9labor\u00e9s avec des ingr\u00e9dients frais et locaux.<\/p>\n<p>Gr\u00e2ce \u00e0 cette collaboration, vous pouvez d\u00e9sormais savourer les d\u00e9licieux yaourts et confitures de La Fageda sur notre boutique en ligne. Chaque achat vous offre non seulement des produits de qualit\u00e9, mais soutient \u00e9galement une cause sociale significative. Avec La Fageda, chaque cuiller\u00e9e compte, pour vous et pour la communaut\u00e9.<\/p>\n<p>\u00ab Nous travaillons pour am\u00e9liorer la qualit\u00e9 de vie et promouvoir l\u2019int\u00e9gration sociale des personnes en situation de handicap intellectuel et\/ou souffrant de troubles mentaux s\u00e9v\u00e8res, ainsi que d\u2019autres collectifs vuln\u00e9rables de la Garrotxa. Nous le faisons \u00e0 travers des activit\u00e9s commerciales qui g\u00e9n\u00e8rent des emplois porteurs de sens, et des services d\u2019assistance g\u00e9r\u00e9s selon des crit\u00e8res de qualit\u00e9 et d\u2019excellence, cr\u00e9ant de la valeur tant pour l\u2019organisation que pour le reste de la soci\u00e9t\u00e9. \u00bb<\/p>\n<p>&nbsp;<\/p>\n","protected":false},"excerpt":{"rendered":"<p>La confiture Red Forest Fruit est faite avec des fraises, framboises, myrtilles et m\u00fbres. <strong>Les confitures de La Fageda int\u00e8grent entre 52 % et 63 % de fruits s\u00e9lectionn\u00e9s selon la vari\u00e9t\u00e9 et l\u2019origine, c\u2019est pourquoi elles sont si bonnes.<\/strong><\/p>\n<p>C\u2019est le produit pr\u00e9par\u00e9 par la cuisson de fruits entiers, coup\u00e9s ou \u00e9cras\u00e9s, auxquels on a ajout\u00e9 du sucre de canne complet jusqu\u2019\u00e0 l\u2019obtention d\u2019un produit semi-liquide ou \u00e9pais.<\/p>\n<p>Le seul secret est le bon fruit cuit lentement.<\/p>\n<p>Ils sont revenus \u00e0 l\u2019origine pour retrouver les saveurs les plus intenses des confitures de toujours. Avec des ingr\u00e9dients 100 % naturels comme le sucre de canne et le jus de citron ; sans conservateurs ni colorants et avec une texture onctueuse, consistante et avec des morceaux de fruits que La Fageda n\u2019a pas laiss\u00e9 fondre compl\u00e8tement.<\/p>\n<p>La Fageda pr\u00e9sente une s\u00e9lection de 7 confitures, apparemment simples mais tr\u00e8s authentiques : \u00e9labor\u00e9es avec des fruits m\u00fbrs et cuites \u00ab \u00e0 la casserole \u00bb, \u00e0 feu doux et sous notre surveillance continue.<\/p>\n<ul>\n<li aria-level=\"1\">Avec des fruits s\u00e9lectionn\u00e9s pour leur origine et leur vari\u00e9t\u00e9<\/li>\n<li aria-level=\"1\">Ingr\u00e9dients 100 % naturels<\/li>\n<li aria-level=\"1\">Sans conservateurs<\/li>\n<li aria-level=\"1\">Sans colorants<\/li>\n<li aria-level=\"1\">\u00c9labor\u00e9e avec des fruits m\u00fbrs<\/li>\n<li aria-level=\"1\">Cuite \u00e0 feu doux<\/li>\n<li aria-level=\"1\">Projet social<\/li>\n<li aria-level=\"1\">Produit de proximit\u00e9 (Km0)<\/li>\n<li aria-level=\"1\">Sans gluten<\/li>\n<li aria-level=\"1\">Sans lactose<\/li>\n<\/ul>\n<p>230 g<\/p>\n<p>&nbsp;<\/p>\n","protected":false},"featured_media":45553,"comment_status":"closed","ping_status":"closed","template":"","meta":{"_acf_changed":false},"product_cat":[805],"product_tag":[849],"class_list":["post-45536","product","type-product","status-publish","has-post-thumbnail","product_cat-marques-partenaires","product_tag-fruits","pa_marca-la-fageda","pa_marca-la-granja","pa_tipologia-confiture","first","instock","taxable","shipping-taxable","purchasable","product-type-simple"],"acf":[],"yoast_head":"<!-- This site is optimized with the Yoast SEO plugin v28.3 - https:\/\/yoast.com\/product\/yoast-seo-wordpress\/ -->\n<title>Confiture extra de baies rouges - La Granja Foods<\/title>\n<meta name=\"description\" content=\". Chez La Granja Foods, nous croyons en des produits qui ne sont pas seulement d\u00e9licieux, mais qui ont \u00e9galement un impact positif sur la soci\u00e9t\u00e9\" \/>\n<meta name=\"robots\" content=\"index, follow, max-snippet:-1, max-image-preview:large, max-video-preview:-1\" \/>\n<link rel=\"canonical\" href=\"https:\/\/lagranjafoods.com\/fr\/produit\/confiture-extra-de-baies-rouges\/\" \/>\n<meta property=\"og:locale\" content=\"fr_FR\" \/>\n<meta property=\"og:type\" content=\"article\" \/>\n<meta property=\"og:title\" content=\"Confiture extra de baies rouges - La Granja Foods\" \/>\n<meta property=\"og:description\" content=\". Chez La Granja Foods, nous croyons en des produits qui ne sont pas seulement d\u00e9licieux, mais qui ont \u00e9galement un impact positif sur la soci\u00e9t\u00e9\" \/>\n<meta property=\"og:url\" content=\"https:\/\/lagranjafoods.com\/fr\/produit\/confiture-extra-de-baies-rouges\/\" \/>\n<meta property=\"og:site_name\" content=\"La Granja Foods\" \/>\n<meta property=\"article:modified_time\" content=\"2026-05-22T07:23:54+00:00\" \/>\n<meta property=\"og:image\" content=\"https:\/\/lagranjafoods.com\/wp-content\/uploads\/fotografia-producto-pagina-web-14.jpg\" \/>\n\t<meta property=\"og:image:width\" content=\"1692\" \/>\n\t<meta property=\"og:image:height\" content=\"2022\" \/>\n\t<meta property=\"og:image:type\" content=\"image\/jpeg\" \/>\n<meta name=\"twitter:card\" content=\"summary_large_image\" \/>\n<meta name=\"twitter:label1\" content=\"Dur\u00e9e de lecture estim\u00e9e\" \/>\n\t<meta name=\"twitter:data1\" content=\"2 minutes\" \/>\n<script type=\"application\/ld+json\" class=\"yoast-schema-graph\">{\"@context\":\"https:\\\/\\\/schema.org\",\"@graph\":[{\"@type\":\"WebPage\",\"@id\":\"https:\\\/\\\/lagranjafoods.com\\\/fr\\\/produit\\\/confiture-extra-de-baies-rouges\\\/\",\"url\":\"https:\\\/\\\/lagranjafoods.com\\\/fr\\\/produit\\\/confiture-extra-de-baies-rouges\\\/\",\"name\":\"Confiture extra de baies rouges - La Granja Foods\",\"isPartOf\":{\"@id\":\"https:\\\/\\\/lagranjafoods.com\\\/fr\\\/#website\"},\"primaryImageOfPage\":{\"@id\":\"https:\\\/\\\/lagranjafoods.com\\\/fr\\\/produit\\\/confiture-extra-de-baies-rouges\\\/#primaryimage\"},\"image\":{\"@id\":\"https:\\\/\\\/lagranjafoods.com\\\/fr\\\/produit\\\/confiture-extra-de-baies-rouges\\\/#primaryimage\"},\"thumbnailUrl\":\"https:\\\/\\\/lagranjafoods.com\\\/wp-content\\\/uploads\\\/fotografia-producto-pagina-web-14.jpg\",\"datePublished\":\"2024-06-06T12:35:25+00:00\",\"dateModified\":\"2026-05-22T07:23:54+00:00\",\"description\":\". Chez La Granja Foods, nous croyons en des produits qui ne sont pas seulement d\u00e9licieux, mais qui ont \u00e9galement un impact positif sur la soci\u00e9t\u00e9\",\"breadcrumb\":{\"@id\":\"https:\\\/\\\/lagranjafoods.com\\\/fr\\\/produit\\\/confiture-extra-de-baies-rouges\\\/#breadcrumb\"},\"inLanguage\":\"fr-FR\",\"potentialAction\":[{\"@type\":\"ReadAction\",\"target\":[\"https:\\\/\\\/lagranjafoods.com\\\/fr\\\/produit\\\/confiture-extra-de-baies-rouges\\\/\"]}]},{\"@type\":\"ImageObject\",\"inLanguage\":\"fr-FR\",\"@id\":\"https:\\\/\\\/lagranjafoods.com\\\/fr\\\/produit\\\/confiture-extra-de-baies-rouges\\\/#primaryimage\",\"url\":\"https:\\\/\\\/lagranjafoods.com\\\/wp-content\\\/uploads\\\/fotografia-producto-pagina-web-14.jpg\",\"contentUrl\":\"https:\\\/\\\/lagranjafoods.com\\\/wp-content\\\/uploads\\\/fotografia-producto-pagina-web-14.jpg\",\"width\":1692,\"height\":2022},{\"@type\":\"BreadcrumbList\",\"@id\":\"https:\\\/\\\/lagranjafoods.com\\\/fr\\\/produit\\\/confiture-extra-de-baies-rouges\\\/#breadcrumb\",\"itemListElement\":[{\"@type\":\"ListItem\",\"position\":1,\"name\":\"Portada\",\"item\":\"https:\\\/\\\/lagranjafoods.com\\\/fr\\\/\"},{\"@type\":\"ListItem\",\"position\":2,\"name\":\"Produits\",\"item\":\"https:\\\/\\\/lagranjafoods.com\\\/fr\\\/produits\\\/\"},{\"@type\":\"ListItem\",\"position\":3,\"name\":\"Confiture extra de baies rouges\"}]},{\"@type\":\"WebSite\",\"@id\":\"https:\\\/\\\/lagranjafoods.com\\\/fr\\\/#website\",\"url\":\"https:\\\/\\\/lagranjafoods.com\\\/fr\\\/\",\"name\":\"La Granja Foods\",\"description\":\"\u00a1Benvinguts a La Granja! Qualitat, sabor i frescor des de 1959.\",\"publisher\":{\"@id\":\"https:\\\/\\\/lagranjafoods.com\\\/fr\\\/#organization\"},\"potentialAction\":[{\"@type\":\"SearchAction\",\"target\":{\"@type\":\"EntryPoint\",\"urlTemplate\":\"https:\\\/\\\/lagranjafoods.com\\\/fr\\\/?s={search_term_string}\"},\"query-input\":{\"@type\":\"PropertyValueSpecification\",\"valueRequired\":true,\"valueName\":\"search_term_string\"}}],\"inLanguage\":\"fr-FR\"},{\"@type\":\"Organization\",\"@id\":\"https:\\\/\\\/lagranjafoods.com\\\/fr\\\/#organization\",\"name\":\"La Granja Foods\",\"url\":\"https:\\\/\\\/lagranjafoods.com\\\/fr\\\/\",\"logo\":{\"@type\":\"ImageObject\",\"inLanguage\":\"fr-FR\",\"@id\":\"https:\\\/\\\/lagranjafoods.com\\\/fr\\\/#\\\/schema\\\/logo\\\/image\\\/\",\"url\":\"https:\\\/\\\/lagranjafoods.com\\\/wp-content\\\/uploads\\\/logo-lagranjafoods.png\",\"contentUrl\":\"https:\\\/\\\/lagranjafoods.com\\\/wp-content\\\/uploads\\\/logo-lagranjafoods.png\",\"width\":539,\"height\":158,\"caption\":\"La Granja Foods \"},\"image\":{\"@id\":\"https:\\\/\\\/lagranjafoods.com\\\/fr\\\/#\\\/schema\\\/logo\\\/image\\\/\"}}]}<\/script>\n<!-- \/ Yoast SEO plugin. -->","yoast_head_json":{"title":"Confiture extra de baies rouges - La Granja Foods","description":". Chez La Granja Foods, nous croyons en des produits qui ne sont pas seulement d\u00e9licieux, mais qui ont \u00e9galement un impact positif sur la soci\u00e9t\u00e9","robots":{"index":"index","follow":"follow","max-snippet":"max-snippet:-1","max-image-preview":"max-image-preview:large","max-video-preview":"max-video-preview:-1"},"canonical":"https:\/\/lagranjafoods.com\/fr\/produit\/confiture-extra-de-baies-rouges\/","og_locale":"fr_FR","og_type":"article","og_title":"Confiture extra de baies rouges - La Granja Foods","og_description":". Chez La Granja Foods, nous croyons en des produits qui ne sont pas seulement d\u00e9licieux, mais qui ont \u00e9galement un impact positif sur la soci\u00e9t\u00e9","og_url":"https:\/\/lagranjafoods.com\/fr\/produit\/confiture-extra-de-baies-rouges\/","og_site_name":"La Granja Foods","article_modified_time":"2026-05-22T07:23:54+00:00","og_image":[{"width":1692,"height":2022,"url":"https:\/\/lagranjafoods.com\/wp-content\/uploads\/fotografia-producto-pagina-web-14.jpg","type":"image\/jpeg"}],"twitter_card":"summary_large_image","twitter_misc":{"Dur\u00e9e de lecture estim\u00e9e":"2 minutes"},"schema":{"@context":"https:\/\/schema.org","@graph":[{"@type":"WebPage","@id":"https:\/\/lagranjafoods.com\/fr\/produit\/confiture-extra-de-baies-rouges\/","url":"https:\/\/lagranjafoods.com\/fr\/produit\/confiture-extra-de-baies-rouges\/","name":"Confiture extra de baies rouges - La Granja Foods","isPartOf":{"@id":"https:\/\/lagranjafoods.com\/fr\/#website"},"primaryImageOfPage":{"@id":"https:\/\/lagranjafoods.com\/fr\/produit\/confiture-extra-de-baies-rouges\/#primaryimage"},"image":{"@id":"https:\/\/lagranjafoods.com\/fr\/produit\/confiture-extra-de-baies-rouges\/#primaryimage"},"thumbnailUrl":"https:\/\/lagranjafoods.com\/wp-content\/uploads\/fotografia-producto-pagina-web-14.jpg","datePublished":"2024-06-06T12:35:25+00:00","dateModified":"2026-05-22T07:23:54+00:00","description":". Chez La Granja Foods, nous croyons en des produits qui ne sont pas seulement d\u00e9licieux, mais qui ont \u00e9galement un impact positif sur la soci\u00e9t\u00e9","breadcrumb":{"@id":"https:\/\/lagranjafoods.com\/fr\/produit\/confiture-extra-de-baies-rouges\/#breadcrumb"},"inLanguage":"fr-FR","potentialAction":[{"@type":"ReadAction","target":["https:\/\/lagranjafoods.com\/fr\/produit\/confiture-extra-de-baies-rouges\/"]}]},{"@type":"ImageObject","inLanguage":"fr-FR","@id":"https:\/\/lagranjafoods.com\/fr\/produit\/confiture-extra-de-baies-rouges\/#primaryimage","url":"https:\/\/lagranjafoods.com\/wp-content\/uploads\/fotografia-producto-pagina-web-14.jpg","contentUrl":"https:\/\/lagranjafoods.com\/wp-content\/uploads\/fotografia-producto-pagina-web-14.jpg","width":1692,"height":2022},{"@type":"BreadcrumbList","@id":"https:\/\/lagranjafoods.com\/fr\/produit\/confiture-extra-de-baies-rouges\/#breadcrumb","itemListElement":[{"@type":"ListItem","position":1,"name":"Portada","item":"https:\/\/lagranjafoods.com\/fr\/"},{"@type":"ListItem","position":2,"name":"Produits","item":"https:\/\/lagranjafoods.com\/fr\/produits\/"},{"@type":"ListItem","position":3,"name":"Confiture extra de baies rouges"}]},{"@type":"WebSite","@id":"https:\/\/lagranjafoods.com\/fr\/#website","url":"https:\/\/lagranjafoods.com\/fr\/","name":"La Granja Foods","description":"\u00a1Benvinguts a La Granja! Qualitat, sabor i frescor des de 1959.","publisher":{"@id":"https:\/\/lagranjafoods.com\/fr\/#organization"},"potentialAction":[{"@type":"SearchAction","target":{"@type":"EntryPoint","urlTemplate":"https:\/\/lagranjafoods.com\/fr\/?s={search_term_string}"},"query-input":{"@type":"PropertyValueSpecification","valueRequired":true,"valueName":"search_term_string"}}],"inLanguage":"fr-FR"},{"@type":"Organization","@id":"https:\/\/lagranjafoods.com\/fr\/#organization","name":"La Granja Foods","url":"https:\/\/lagranjafoods.com\/fr\/","logo":{"@type":"ImageObject","inLanguage":"fr-FR","@id":"https:\/\/lagranjafoods.com\/fr\/#\/schema\/logo\/image\/","url":"https:\/\/lagranjafoods.com\/wp-content\/uploads\/logo-lagranjafoods.png","contentUrl":"https:\/\/lagranjafoods.com\/wp-content\/uploads\/logo-lagranjafoods.png","width":539,"height":158,"caption":"La Granja Foods "},"image":{"@id":"https:\/\/lagranjafoods.com\/fr\/#\/schema\/logo\/image\/"}}]}},"_links":{"self":[{"href":"https:\/\/lagranjafoods.com\/fr\/wp-json\/wp\/v2\/product\/45536","targetHints":{"allow":["GET"]}}],"collection":[{"href":"https:\/\/lagranjafoods.com\/fr\/wp-json\/wp\/v2\/product"}],"about":[{"href":"https:\/\/lagranjafoods.com\/fr\/wp-json\/wp\/v2\/types\/product"}],"replies":[{"embeddable":true,"href":"https:\/\/lagranjafoods.com\/fr\/wp-json\/wp\/v2\/comments?post=45536"}],"wp:featuredmedia":[{"embeddable":true,"href":"https:\/\/lagranjafoods.com\/fr\/wp-json\/wp\/v2\/media\/45553"}],"wp:attachment":[{"href":"https:\/\/lagranjafoods.com\/fr\/wp-json\/wp\/v2\/media?parent=45536"}],"wp:term":[{"taxonomy":"product_cat","embeddable":true,"href":"https:\/\/lagranjafoods.com\/fr\/wp-json\/wp\/v2\/product_cat?post=45536"},{"taxonomy":"product_tag","embeddable":true,"href":"https:\/\/lagranjafoods.com\/fr\/wp-json\/wp\/v2\/product_tag?post=45536"}],"curies":[{"name":"wp","href":"https:\/\/api.w.org\/{rel}","templated":true}]}}