{"id":45302,"date":"2024-08-21T08:06:00","date_gmt":"2024-08-21T06:06:00","guid":{"rendered":"http:\/\/lagranjafoods.com\/product\/18-kg-de-plaque-de-gateau-aux-carottes-traditionnel-sans-gluten-et-sans-lactose\/"},"modified":"2026-05-21T16:24:46","modified_gmt":"2026-05-21T14:24:46","slug":"18-kg-de-plaque-de-gateau-aux-carottes-traditionnel-sans-gluten-et-sans-lactose","status":"publish","type":"product","link":"https:\/\/lagranjafoods.com\/fr\/produit\/18-kg-de-plaque-de-gateau-aux-carottes-traditionnel-sans-gluten-et-sans-lactose\/","title":{"rendered":"1,8 kg de plaque de g\u00e2teau aux carottes traditionnel sans gluten et sans lactose"},"content":{"rendered":"<p>Plaque traditionnelle de g\u00e2teau aux carottes sans gluten ni lactose. Depuis le premier jour, fabriquer les produits du mieux que nous pouvons et garantir un excellent go\u00fbt a \u00e9t\u00e9 une valeur inali\u00e9nable pour nous. Cela a \u00e9t\u00e9 le cas avec les premi\u00e8res sp\u00e9cialit\u00e9s traditionnelles qui nous ont fait conna\u00eetre, et cela l\u2019est rest\u00e9 tout au long de notre parcours, en int\u00e9grant continuellement des nouveaut\u00e9s \u00e0 notre gamme.<\/p>\n<p>Anticiper les besoins et les envies des consommateurs a fait de nous une r\u00e9f\u00e9rence de qualit\u00e9 et d\u2019innovation dans notre secteur des produits alimentaires. Dans les ann\u00e9es 80, <a href=\"https:\/\/lagranjafoods.com\/fr\/\">La Granja<\/a> a \u00e9t\u00e9 pionni\u00e8re en cr\u00e9ant des sp\u00e9cialit\u00e9s r\u00e9pondant \u00e0 diff\u00e9rents besoins di\u00e9t\u00e9tiques, qui font aujourd\u2019hui partie de notre gamme Diet. Plus tard, nous avons lanc\u00e9 la gamme Bio, qui utilise uniquement des ingr\u00e9dients issus de l\u2019agriculture biologique. Ils ont suivi la gamme Vegan pour la consommation strictement vegan et la production s\u00e9par\u00e9e de la gamme de produits sans gluten.<\/p>\n<p>En 1954, nos grands-parents avaient une \u00e9picerie \u00e0 c\u00f4t\u00e9 de leur petite ferme de poulets. Ils y vendaient des \u0153ufs au quartier ainsi que de la nourriture de toutes sortes.<\/p>\n<p>Une fois que le magasin n\u2019a plus de muffins, l\u2019un de ses produits les plus populaires. Pour plaire \u00e0 la client\u00e8le, notre grand-m\u00e8re a d\u00e9cid\u00e9 de pr\u00e9parer sa propre recette de muffins dans sa cuisine \u00e0 la maison.<\/p>\n<p>Leur immense succ\u00e8s a surpris tout le monde, ils se vendaient de plus en plus. C\u2019est ainsi que La Granja est n\u00e9e et nous avons appris quelque chose que nous gardons toujours \u00e0 l\u2019esprit : travailler dur et faire tout ce que vous pouvez pour satisfaire vos clients, seules les bonnes choses peuvent apporter.<\/p>\n<p>Dans les produits de cette nouvelle gamme, nous n\u2019utilisons que des ingr\u00e9dients sans gluten, lactose et ma\u00efs. Nous veillons \u00e0 ce qu\u2019elle ne soit pas contamin\u00e9e tout au long du processus, \u00e0 partir d\u2019une production distincte du reste. Ce produit porte le sceau La <a href=\"https:\/\/celiacos.org\/que-hacemos\/certificacion-alimentaria-sin-gluten\/sistema-de-licencia-europeo-els-o-espiga-barrada\/\">Espiga Barrada<\/a>, certifi\u00e9 par l\u2019AOECS (Association des soci\u00e9t\u00e9s c\u0153liaques d\u2019Europe).<\/p>\n<p>&nbsp;<\/p>\n","protected":false},"excerpt":{"rendered":"<p>1,8 kg de g\u00e2teau aux carottes traditionnel sans gluten, sans lactose et sans prot\u00e9ines de lait de vache.<\/p>\n<p>Profitez de notre plaque \u00e0 g\u00e2teau enti\u00e8re faite main de 1,8 kg, parfaite pour partager vos moments les plus sp\u00e9ciaux. Id\u00e9al pour les f\u00eates, les r\u00e9unions de famille, les \u00e9v\u00e9nements d\u2019entreprise ou \u00e0 tout moment, car ce format vous permet de couper les portions \u00e0 la taille souhait\u00e9e, d\u00e9corer et m\u00eame transformer le produit en un d\u00e9licieux dessert. Il est pr\u00e9sent\u00e9 en une feuille d\u2019environ 45 cm de long et 30 cm de large. On peut en obtenir environ 27 \u00e0 30 grandes portions. Si vous pr\u00e9f\u00e9rez des portions plus petites, vous pouvez double-couper et obtenir environ 60 portions.<\/p>\n<p>Pr\u00e9par\u00e9 avec des ingr\u00e9dients de la plus haute qualit\u00e9, notre g\u00e2teau se distingue par sa douceur, sa douceur et une saveur qui ravit d\u00e8s la premi\u00e8re bouch\u00e9e. Chaque plaque est faite \u00e0 la main, garantissant une texture in\u00e9gal\u00e9e et une saveur maison.<\/p>\n<ul>\n<li aria-level=\"1\">Sans gluten<\/li>\n<li aria-level=\"1\">Sans lactose<\/li>\n<li aria-level=\"1\">Sans prot\u00e9ines de lait de vache<\/li>\n<li aria-level=\"1\">Sans ma\u00efs<\/li>\n<li aria-level=\"1\">Sans huile de palme<\/li>\n<li>Fait avec des noix naturelles hach\u00e9es<\/li>\n<li aria-level=\"1\">\u00c9labor\u00e9 avec des \u0153ufs frais<\/li>\n<li aria-level=\"1\">Cuisson lente<\/li>\n<li aria-level=\"1\">Grand moelleux et saveur<\/li>\n<li aria-level=\"1\">Texture tr\u00e8s tendre<\/li>\n<li aria-level=\"1\">Contient des fibres v\u00e9g\u00e9tales et de la cosse de psyllium<\/li>\n<\/ul>\n<p>&nbsp;<\/p>\n","protected":false},"featured_media":45303,"comment_status":"closed","ping_status":"closed","template":"","meta":{"_acf_changed":false},"product_cat":[800],"product_tag":[844],"class_list":["post-45302","product","type-product","status-publish","has-post-thumbnail","product_cat-sans-gluten","product_tag-fruits-secs","pa_marca-la-granja","pa_tipologia-cakes","first","instock","taxable","shipping-taxable","purchasable","product-type-simple"],"acf":[],"yoast_head":"<!-- This site is optimized with the Yoast SEO plugin v28.3 - https:\/\/yoast.com\/product\/yoast-seo-wordpress\/ -->\n<title>1,8 kg de plaque de g\u00e2teau aux carottes traditionnel sans gluten et sans lactose - La Granja Foods<\/title>\n<meta name=\"description\" content=\"G\u00e2teau traditionnel aux carottes avec gluten et sans lactose. D\u00e8s le premier jour, fabriquer les produits du mieux que nous connaissons et garantir un excellent go\u00fbt\" \/>\n<meta name=\"robots\" content=\"index, follow, max-snippet:-1, max-image-preview:large, max-video-preview:-1\" \/>\n<link rel=\"canonical\" href=\"https:\/\/lagranjafoods.com\/fr\/produit\/18-kg-de-plaque-de-gateau-aux-carottes-traditionnel-sans-gluten-et-sans-lactose\/\" \/>\n<meta property=\"og:locale\" content=\"fr_FR\" \/>\n<meta property=\"og:type\" content=\"article\" \/>\n<meta property=\"og:title\" content=\"1,8 kg de plaque de g\u00e2teau aux carottes traditionnel sans gluten et sans lactose - La Granja Foods\" \/>\n<meta property=\"og:description\" content=\"G\u00e2teau traditionnel aux carottes avec gluten et sans lactose. D\u00e8s le premier jour, fabriquer les produits du mieux que nous connaissons et garantir un excellent go\u00fbt\" \/>\n<meta property=\"og:url\" content=\"https:\/\/lagranjafoods.com\/fr\/produit\/18-kg-de-plaque-de-gateau-aux-carottes-traditionnel-sans-gluten-et-sans-lactose\/\" \/>\n<meta property=\"og:site_name\" content=\"La Granja Foods\" \/>\n<meta property=\"article:modified_time\" content=\"2026-05-21T14:24:46+00:00\" \/>\n<meta property=\"og:image\" content=\"https:\/\/lagranjafoods.com\/wp-content\/uploads\/plancha-carrot-cake-i.jpg\" \/>\n\t<meta property=\"og:image:width\" content=\"1481\" \/>\n\t<meta property=\"og:image:height\" content=\"1769\" \/>\n\t<meta property=\"og:image:type\" content=\"image\/jpeg\" \/>\n<meta name=\"twitter:card\" content=\"summary_large_image\" \/>\n<meta name=\"twitter:label1\" content=\"Dur\u00e9e de lecture estim\u00e9e\" \/>\n\t<meta name=\"twitter:data1\" content=\"2 minutes\" \/>\n<script type=\"application\/ld+json\" class=\"yoast-schema-graph\">{\"@context\":\"https:\\\/\\\/schema.org\",\"@graph\":[{\"@type\":\"WebPage\",\"@id\":\"https:\\\/\\\/lagranjafoods.com\\\/fr\\\/produit\\\/18-kg-de-plaque-de-gateau-aux-carottes-traditionnel-sans-gluten-et-sans-lactose\\\/\",\"url\":\"https:\\\/\\\/lagranjafoods.com\\\/fr\\\/produit\\\/18-kg-de-plaque-de-gateau-aux-carottes-traditionnel-sans-gluten-et-sans-lactose\\\/\",\"name\":\"1,8 kg de plaque de g\u00e2teau aux carottes traditionnel sans gluten et sans lactose - La Granja Foods\",\"isPartOf\":{\"@id\":\"https:\\\/\\\/lagranjafoods.com\\\/fr\\\/#website\"},\"primaryImageOfPage\":{\"@id\":\"https:\\\/\\\/lagranjafoods.com\\\/fr\\\/produit\\\/18-kg-de-plaque-de-gateau-aux-carottes-traditionnel-sans-gluten-et-sans-lactose\\\/#primaryimage\"},\"image\":{\"@id\":\"https:\\\/\\\/lagranjafoods.com\\\/fr\\\/produit\\\/18-kg-de-plaque-de-gateau-aux-carottes-traditionnel-sans-gluten-et-sans-lactose\\\/#primaryimage\"},\"thumbnailUrl\":\"https:\\\/\\\/lagranjafoods.com\\\/wp-content\\\/uploads\\\/plancha-carrot-cake-i.jpg\",\"datePublished\":\"2024-08-21T06:06:00+00:00\",\"dateModified\":\"2026-05-21T14:24:46+00:00\",\"description\":\"G\u00e2teau traditionnel aux carottes avec gluten et sans lactose. D\u00e8s le premier jour, fabriquer les produits du mieux que nous connaissons et garantir un excellent go\u00fbt\",\"breadcrumb\":{\"@id\":\"https:\\\/\\\/lagranjafoods.com\\\/fr\\\/produit\\\/18-kg-de-plaque-de-gateau-aux-carottes-traditionnel-sans-gluten-et-sans-lactose\\\/#breadcrumb\"},\"inLanguage\":\"fr-FR\",\"potentialAction\":[{\"@type\":\"ReadAction\",\"target\":[\"https:\\\/\\\/lagranjafoods.com\\\/fr\\\/produit\\\/18-kg-de-plaque-de-gateau-aux-carottes-traditionnel-sans-gluten-et-sans-lactose\\\/\"]}]},{\"@type\":\"ImageObject\",\"inLanguage\":\"fr-FR\",\"@id\":\"https:\\\/\\\/lagranjafoods.com\\\/fr\\\/produit\\\/18-kg-de-plaque-de-gateau-aux-carottes-traditionnel-sans-gluten-et-sans-lactose\\\/#primaryimage\",\"url\":\"https:\\\/\\\/lagranjafoods.com\\\/wp-content\\\/uploads\\\/plancha-carrot-cake-i.jpg\",\"contentUrl\":\"https:\\\/\\\/lagranjafoods.com\\\/wp-content\\\/uploads\\\/plancha-carrot-cake-i.jpg\",\"width\":1481,\"height\":1769},{\"@type\":\"BreadcrumbList\",\"@id\":\"https:\\\/\\\/lagranjafoods.com\\\/fr\\\/produit\\\/18-kg-de-plaque-de-gateau-aux-carottes-traditionnel-sans-gluten-et-sans-lactose\\\/#breadcrumb\",\"itemListElement\":[{\"@type\":\"ListItem\",\"position\":1,\"name\":\"Portada\",\"item\":\"https:\\\/\\\/lagranjafoods.com\\\/fr\\\/\"},{\"@type\":\"ListItem\",\"position\":2,\"name\":\"Produits\",\"item\":\"https:\\\/\\\/lagranjafoods.com\\\/fr\\\/produits\\\/\"},{\"@type\":\"ListItem\",\"position\":3,\"name\":\"1,8 kg de plaque de g\u00e2teau aux carottes traditionnel sans gluten et sans lactose\"}]},{\"@type\":\"WebSite\",\"@id\":\"https:\\\/\\\/lagranjafoods.com\\\/fr\\\/#website\",\"url\":\"https:\\\/\\\/lagranjafoods.com\\\/fr\\\/\",\"name\":\"La Granja Foods\",\"description\":\"\u00a1Benvinguts a La Granja! Qualitat, sabor i frescor des de 1959.\",\"publisher\":{\"@id\":\"https:\\\/\\\/lagranjafoods.com\\\/fr\\\/#organization\"},\"potentialAction\":[{\"@type\":\"SearchAction\",\"target\":{\"@type\":\"EntryPoint\",\"urlTemplate\":\"https:\\\/\\\/lagranjafoods.com\\\/fr\\\/?s={search_term_string}\"},\"query-input\":{\"@type\":\"PropertyValueSpecification\",\"valueRequired\":true,\"valueName\":\"search_term_string\"}}],\"inLanguage\":\"fr-FR\"},{\"@type\":\"Organization\",\"@id\":\"https:\\\/\\\/lagranjafoods.com\\\/fr\\\/#organization\",\"name\":\"La Granja Foods\",\"url\":\"https:\\\/\\\/lagranjafoods.com\\\/fr\\\/\",\"logo\":{\"@type\":\"ImageObject\",\"inLanguage\":\"fr-FR\",\"@id\":\"https:\\\/\\\/lagranjafoods.com\\\/fr\\\/#\\\/schema\\\/logo\\\/image\\\/\",\"url\":\"https:\\\/\\\/lagranjafoods.com\\\/wp-content\\\/uploads\\\/logo-lagranjafoods.png\",\"contentUrl\":\"https:\\\/\\\/lagranjafoods.com\\\/wp-content\\\/uploads\\\/logo-lagranjafoods.png\",\"width\":539,\"height\":158,\"caption\":\"La Granja Foods \"},\"image\":{\"@id\":\"https:\\\/\\\/lagranjafoods.com\\\/fr\\\/#\\\/schema\\\/logo\\\/image\\\/\"}}]}<\/script>\n<!-- \/ Yoast SEO plugin. -->","yoast_head_json":{"title":"1,8 kg de plaque de g\u00e2teau aux carottes traditionnel sans gluten et sans lactose - La Granja Foods","description":"G\u00e2teau traditionnel aux carottes avec gluten et sans lactose. D\u00e8s le premier jour, fabriquer les produits du mieux que nous connaissons et garantir un excellent go\u00fbt","robots":{"index":"index","follow":"follow","max-snippet":"max-snippet:-1","max-image-preview":"max-image-preview:large","max-video-preview":"max-video-preview:-1"},"canonical":"https:\/\/lagranjafoods.com\/fr\/produit\/18-kg-de-plaque-de-gateau-aux-carottes-traditionnel-sans-gluten-et-sans-lactose\/","og_locale":"fr_FR","og_type":"article","og_title":"1,8 kg de plaque de g\u00e2teau aux carottes traditionnel sans gluten et sans lactose - La Granja Foods","og_description":"G\u00e2teau traditionnel aux carottes avec gluten et sans lactose. D\u00e8s le premier jour, fabriquer les produits du mieux que nous connaissons et garantir un excellent go\u00fbt","og_url":"https:\/\/lagranjafoods.com\/fr\/produit\/18-kg-de-plaque-de-gateau-aux-carottes-traditionnel-sans-gluten-et-sans-lactose\/","og_site_name":"La Granja Foods","article_modified_time":"2026-05-21T14:24:46+00:00","og_image":[{"width":1481,"height":1769,"url":"https:\/\/lagranjafoods.com\/wp-content\/uploads\/plancha-carrot-cake-i.jpg","type":"image\/jpeg"}],"twitter_card":"summary_large_image","twitter_misc":{"Dur\u00e9e de lecture estim\u00e9e":"2 minutes"},"schema":{"@context":"https:\/\/schema.org","@graph":[{"@type":"WebPage","@id":"https:\/\/lagranjafoods.com\/fr\/produit\/18-kg-de-plaque-de-gateau-aux-carottes-traditionnel-sans-gluten-et-sans-lactose\/","url":"https:\/\/lagranjafoods.com\/fr\/produit\/18-kg-de-plaque-de-gateau-aux-carottes-traditionnel-sans-gluten-et-sans-lactose\/","name":"1,8 kg de plaque de g\u00e2teau aux carottes traditionnel sans gluten et sans lactose - La Granja Foods","isPartOf":{"@id":"https:\/\/lagranjafoods.com\/fr\/#website"},"primaryImageOfPage":{"@id":"https:\/\/lagranjafoods.com\/fr\/produit\/18-kg-de-plaque-de-gateau-aux-carottes-traditionnel-sans-gluten-et-sans-lactose\/#primaryimage"},"image":{"@id":"https:\/\/lagranjafoods.com\/fr\/produit\/18-kg-de-plaque-de-gateau-aux-carottes-traditionnel-sans-gluten-et-sans-lactose\/#primaryimage"},"thumbnailUrl":"https:\/\/lagranjafoods.com\/wp-content\/uploads\/plancha-carrot-cake-i.jpg","datePublished":"2024-08-21T06:06:00+00:00","dateModified":"2026-05-21T14:24:46+00:00","description":"G\u00e2teau traditionnel aux carottes avec gluten et sans lactose. D\u00e8s le premier jour, fabriquer les produits du mieux que nous connaissons et garantir un excellent go\u00fbt","breadcrumb":{"@id":"https:\/\/lagranjafoods.com\/fr\/produit\/18-kg-de-plaque-de-gateau-aux-carottes-traditionnel-sans-gluten-et-sans-lactose\/#breadcrumb"},"inLanguage":"fr-FR","potentialAction":[{"@type":"ReadAction","target":["https:\/\/lagranjafoods.com\/fr\/produit\/18-kg-de-plaque-de-gateau-aux-carottes-traditionnel-sans-gluten-et-sans-lactose\/"]}]},{"@type":"ImageObject","inLanguage":"fr-FR","@id":"https:\/\/lagranjafoods.com\/fr\/produit\/18-kg-de-plaque-de-gateau-aux-carottes-traditionnel-sans-gluten-et-sans-lactose\/#primaryimage","url":"https:\/\/lagranjafoods.com\/wp-content\/uploads\/plancha-carrot-cake-i.jpg","contentUrl":"https:\/\/lagranjafoods.com\/wp-content\/uploads\/plancha-carrot-cake-i.jpg","width":1481,"height":1769},{"@type":"BreadcrumbList","@id":"https:\/\/lagranjafoods.com\/fr\/produit\/18-kg-de-plaque-de-gateau-aux-carottes-traditionnel-sans-gluten-et-sans-lactose\/#breadcrumb","itemListElement":[{"@type":"ListItem","position":1,"name":"Portada","item":"https:\/\/lagranjafoods.com\/fr\/"},{"@type":"ListItem","position":2,"name":"Produits","item":"https:\/\/lagranjafoods.com\/fr\/produits\/"},{"@type":"ListItem","position":3,"name":"1,8 kg de plaque de g\u00e2teau aux carottes traditionnel sans gluten et sans lactose"}]},{"@type":"WebSite","@id":"https:\/\/lagranjafoods.com\/fr\/#website","url":"https:\/\/lagranjafoods.com\/fr\/","name":"La Granja Foods","description":"\u00a1Benvinguts a La Granja! Qualitat, sabor i frescor des de 1959.","publisher":{"@id":"https:\/\/lagranjafoods.com\/fr\/#organization"},"potentialAction":[{"@type":"SearchAction","target":{"@type":"EntryPoint","urlTemplate":"https:\/\/lagranjafoods.com\/fr\/?s={search_term_string}"},"query-input":{"@type":"PropertyValueSpecification","valueRequired":true,"valueName":"search_term_string"}}],"inLanguage":"fr-FR"},{"@type":"Organization","@id":"https:\/\/lagranjafoods.com\/fr\/#organization","name":"La Granja Foods","url":"https:\/\/lagranjafoods.com\/fr\/","logo":{"@type":"ImageObject","inLanguage":"fr-FR","@id":"https:\/\/lagranjafoods.com\/fr\/#\/schema\/logo\/image\/","url":"https:\/\/lagranjafoods.com\/wp-content\/uploads\/logo-lagranjafoods.png","contentUrl":"https:\/\/lagranjafoods.com\/wp-content\/uploads\/logo-lagranjafoods.png","width":539,"height":158,"caption":"La Granja Foods "},"image":{"@id":"https:\/\/lagranjafoods.com\/fr\/#\/schema\/logo\/image\/"}}]}},"_links":{"self":[{"href":"https:\/\/lagranjafoods.com\/fr\/wp-json\/wp\/v2\/product\/45302","targetHints":{"allow":["GET"]}}],"collection":[{"href":"https:\/\/lagranjafoods.com\/fr\/wp-json\/wp\/v2\/product"}],"about":[{"href":"https:\/\/lagranjafoods.com\/fr\/wp-json\/wp\/v2\/types\/product"}],"replies":[{"embeddable":true,"href":"https:\/\/lagranjafoods.com\/fr\/wp-json\/wp\/v2\/comments?post=45302"}],"wp:featuredmedia":[{"embeddable":true,"href":"https:\/\/lagranjafoods.com\/fr\/wp-json\/wp\/v2\/media\/45303"}],"wp:attachment":[{"href":"https:\/\/lagranjafoods.com\/fr\/wp-json\/wp\/v2\/media?parent=45302"}],"wp:term":[{"taxonomy":"product_cat","embeddable":true,"href":"https:\/\/lagranjafoods.com\/fr\/wp-json\/wp\/v2\/product_cat?post=45302"},{"taxonomy":"product_tag","embeddable":true,"href":"https:\/\/lagranjafoods.com\/fr\/wp-json\/wp\/v2\/product_tag?post=45302"}],"curies":[{"name":"wp","href":"https:\/\/api.w.org\/{rel}","templated":true}]}}