{"id":45087,"date":"2024-11-01T20:35:42","date_gmt":"2024-11-01T20:35:42","guid":{"rendered":"http:\/\/lagranjafoods.com\/product\/gateau-aux-amandes-sans-gluten-ni-lactose-torrons-vicens\/"},"modified":"2026-07-06T12:10:10","modified_gmt":"2026-07-06T10:10:10","slug":"gateau-aux-amandes-sans-gluten-ni-lactose-torrons-vicens","status":"publish","type":"product","link":"https:\/\/lagranjafoods.com\/fr\/produit\/gateau-aux-amandes-sans-gluten-ni-lactose-torrons-vicens\/","title":{"rendered":"G\u00e2teau aux amandes sans gluten ni lactose Torrons Vicens 350 g."},"content":{"rendered":"<p>L\u2019engagement de La Granja Foods en faveur du co-marquage a d\u00e9but\u00e9 en 2021, dans le but de soutenir le projet de solidarit\u00e9 de La Fageda. Cette collaboration a permis de produire des produits de haute qualit\u00e9 gr\u00e2ce \u00e0 une structure d\u2019entreprise \u00e0 vocations sociales, cherchant \u00e0 donner un sens \u00e0 la vie des personnes en situation de fragilit\u00e9. \u00c0 la suite de cette alliance, deux biscuits et un mini muffin ont \u00e9t\u00e9 mis sur le march\u00e9, dont l\u2019ingr\u00e9dient principal est le yaourt naturel <a href=\"https:\/\/lagranjafoods.com\/fr\/marque\/la-fageda\/\">frais de La Fageda<\/a>.<\/p>\n<p>Gr\u00e2ce \u00e0 l\u2019excellent accueil des consommateurs, La Granja Foods a d\u00e9cid\u00e9 de cr\u00e9er une nouvelle ligne : Special Editions, qui a ouvert la porte \u00e0 de nouvelles collaborations avec des entreprises partageant non seulement son engagement envers la qualit\u00e9, mais aussi son savoir-faire. Dans cette ligne, des produits innovants ont \u00e9t\u00e9 int\u00e9gr\u00e9s, comme la madeleine au miel et \u00e0 la propolis, d\u00e9velopp\u00e9e avec <a href=\"https:\/\/lagranjafoods.com\/fr\/marque\/mieles-alemany-1879\/\">Alemany 1879<\/a>, d\u00e9fenseurs du monde rural. S\u2019y ajoutent \u00e9galement les exotiques g\u00e9noises au th\u00e9 Chai ou au th\u00e9 Matcha, en collaboration avec <a href=\"http:\/\/lagranjafoods.com\/productos\/special-editions\/\">Tea Shop<\/a>, marque de r\u00e9f\u00e9rence dans le monde du th\u00e9 de haute qualit\u00e9. Et la derni\u00e8re collaboration en date s\u2019est faite avec Torrons Vicens.<\/p>\n<p>Avec une trajectoire remontant \u00e0 1775 \u00e0 Agramunt (Lleida), <a href=\"https:\/\/www.vicens.com\/ca#\">Torrons Vicens<\/a> est une entreprise dot\u00e9e d\u2019une grande tradition. C\u2019est pourquoi le d\u00e9partement R&amp;D de La Granja Foods a travaill\u00e9 intens\u00e9ment pour d\u00e9velopper de nouvelles textures alliant le moelleux des g\u00e9noises et madeleines au croquant et \u00e0 la saveur caract\u00e9ristiques des tourons traditionnels de Torrons Vicens. C\u2019est ainsi que sont n\u00e9es une g\u00e9noise et une mini madeleine \u00e9labor\u00e9es avec du touron dur, ainsi qu\u2019une madeleine Magnum au touron d\u2019Agramunt. Pour couronner le tout, une g\u00e9noise aux amandes tr\u00e8s moelleuse rejoint la ligne sans gluten et sans lactose de La Granja Foods, avec la garantie de qualit\u00e9 de Torrons Vicens.<\/p>\n<p>Dans les produits de cette nouvelle gamme, nous utilisons uniquement des ingr\u00e9dients sans gluten, sans lactose et sans ma\u00efs. Nous garantissons leur non-contamination tout au long du processus, gr\u00e2ce \u00e0 une production s\u00e9par\u00e9e du reste. Ce produit porte le label de l\u2019<a href=\"https:\/\/celiacos.org\/que-hacemos\/certificacion-alimentaria-sin-gluten\/sistema-de-licencia-europeo-els-o-espiga-barrada\/\">\u00c9pi Barr\u00e9<\/a> et le num\u00e9ro de licence ES-055-026, certifi\u00e9 par l\u2019AOECS (Association des Soci\u00e9t\u00e9s de C\u00e9liaques d\u2019Europe).<\/p>\n<p>&nbsp;<\/p>\n","protected":false},"excerpt":{"rendered":"<p>Dans le cadre d\u2019une collaboration exceptionnelle entre La Granja Foods et Torrons Vicens, nous pr\u00e9sentons une g\u00e9noise innovante qui fusionne tradition et modernit\u00e9. Inspir\u00e9e par le riche h\u00e9ritage de Torrons Vicens, qui date de 1775 \u00e0 Agramunt (Lleida), cette g\u00e9noise sans gluten, sans lactose, sans ma\u00efs et sans prot\u00e9ines de lait de vache, combine le moelleux caract\u00e9ristique de nos produits avec le croquant incomparable des amandes naturelles de Torrons Vicens.<\/p>\n<p>Cette g\u00e9noise r\u00e9unit la saveur authentique des amandes et la d\u00e9licatesse des tourons traditionnels. Elle fait partie de notre gamme de produits sans allerg\u00e8nes, garantissant ainsi un dessert d\u00e9licieux et accessible \u00e0 tous.<\/p>\n<p>Ce produit porte le label de l\u2019\u00c9pi Barr\u00e9 et le num\u00e9ro de licence ES-055-026, certifi\u00e9 par l\u2019AOECS (Association des Soci\u00e9t\u00e9s de C\u00e9liaques d\u2019Europe).<\/p>\n<p>Une exp\u00e9rience gastronomique in\u00e9gal\u00e9e, parfaite pour ceux qui recherchent saveur, qualit\u00e9 et une histoire d\u2019excellence dans chaque bouch\u00e9e !<\/p>\n<ul>\n<li aria-level=\"1\">\u00c9labor\u00e9 avec des amandes naturelles concass\u00e9es<\/li>\n<li aria-level=\"1\">Amandes des champs de Torrons Vicens<\/li>\n<li aria-level=\"1\">Sans gluten<\/li>\n<li aria-level=\"1\">Sans lactose<\/li>\n<li aria-level=\"1\">Sans ma\u00efs<\/li>\n<li aria-level=\"1\">Sans huile de palme<\/li>\n<li aria-level=\"1\">\u00c9labor\u00e9 avec des \u0153ufs frais<\/li>\n<li aria-level=\"1\">Cuisson lente<\/li>\n<li aria-level=\"1\">Grand moelleux et saveur<\/li>\n<li aria-level=\"1\">Texture tr\u00e8s tendre<\/li>\n<li aria-level=\"1\">Contient des fibres v\u00e9g\u00e9tales et de la cosse de psyllium<\/li>\n<\/ul>\n<p>Sachet de 350 g<\/p>\n<p>&nbsp;<\/p>\n","protected":false},"featured_media":57941,"comment_status":"closed","ping_status":"closed","template":"","meta":{"_acf_changed":false},"product_cat":[800,805,807],"product_tag":[847],"class_list":["post-45087","product","type-product","status-publish","has-post-thumbnail","product_cat-sans-gluten","product_cat-marques-partenaires","product_cat-editions-speciales","product_tag-sans-gluten-2","pa_marca-la-granja","pa_marca-torrons-vicens","pa_tipologia-cakes","first","instock","taxable","shipping-taxable","purchasable","product-type-simple"],"acf":[],"yoast_head":"<!-- This site is optimized with the Yoast SEO plugin v28.3 - https:\/\/yoast.com\/product\/yoast-seo-wordpress\/ -->\n<title>G\u00e2teau aux amandes sans gluten ni lactose Torrons Vicens 350 g. - La Granja Foods<\/title>\n<meta name=\"description\" content=\"G\u00e2teau aux amandes sans gluten ni lactose Torrons Vicens. D\u00e8s le premier jour, fabriquer les produits du mieux que nous connaissons et garantir un excellent go\u00fbt\" \/>\n<meta name=\"robots\" content=\"index, follow, max-snippet:-1, max-image-preview:large, max-video-preview:-1\" \/>\n<link rel=\"canonical\" href=\"https:\/\/lagranjafoods.com\/fr\/produit\/gateau-aux-amandes-sans-gluten-ni-lactose-torrons-vicens\/\" \/>\n<meta property=\"og:locale\" content=\"fr_FR\" \/>\n<meta property=\"og:type\" content=\"article\" \/>\n<meta property=\"og:title\" content=\"G\u00e2teau aux amandes sans gluten ni lactose Torrons Vicens 350 g. - La Granja Foods\" \/>\n<meta property=\"og:description\" content=\"G\u00e2teau aux amandes sans gluten ni lactose Torrons Vicens. D\u00e8s le premier jour, fabriquer les produits du mieux que nous connaissons et garantir un excellent go\u00fbt\" \/>\n<meta property=\"og:url\" content=\"https:\/\/lagranjafoods.com\/fr\/produit\/gateau-aux-amandes-sans-gluten-ni-lactose-torrons-vicens\/\" \/>\n<meta property=\"og:site_name\" content=\"La Granja Foods\" \/>\n<meta property=\"article:modified_time\" content=\"2026-07-06T10:10:10+00:00\" \/>\n<meta property=\"og:image\" content=\"https:\/\/lagranjafoods.com\/wp-content\/uploads\/Bizcocho-almendras-350g.png\" \/>\n\t<meta property=\"og:image:width\" content=\"1692\" \/>\n\t<meta property=\"og:image:height\" content=\"2022\" \/>\n\t<meta property=\"og:image:type\" content=\"image\/png\" \/>\n<meta name=\"twitter:card\" content=\"summary_large_image\" \/>\n<meta name=\"twitter:label1\" content=\"Dur\u00e9e de lecture estim\u00e9e\" \/>\n\t<meta name=\"twitter:data1\" content=\"2 minutes\" \/>\n<script type=\"application\/ld+json\" class=\"yoast-schema-graph\">{\"@context\":\"https:\\\/\\\/schema.org\",\"@graph\":[{\"@type\":\"WebPage\",\"@id\":\"https:\\\/\\\/lagranjafoods.com\\\/fr\\\/produit\\\/gateau-aux-amandes-sans-gluten-ni-lactose-torrons-vicens\\\/\",\"url\":\"https:\\\/\\\/lagranjafoods.com\\\/fr\\\/produit\\\/gateau-aux-amandes-sans-gluten-ni-lactose-torrons-vicens\\\/\",\"name\":\"G\u00e2teau aux amandes sans gluten ni lactose Torrons Vicens 350 g. - La Granja Foods\",\"isPartOf\":{\"@id\":\"https:\\\/\\\/lagranjafoods.com\\\/fr\\\/#website\"},\"primaryImageOfPage\":{\"@id\":\"https:\\\/\\\/lagranjafoods.com\\\/fr\\\/produit\\\/gateau-aux-amandes-sans-gluten-ni-lactose-torrons-vicens\\\/#primaryimage\"},\"image\":{\"@id\":\"https:\\\/\\\/lagranjafoods.com\\\/fr\\\/produit\\\/gateau-aux-amandes-sans-gluten-ni-lactose-torrons-vicens\\\/#primaryimage\"},\"thumbnailUrl\":\"https:\\\/\\\/lagranjafoods.com\\\/wp-content\\\/uploads\\\/Bizcocho-almendras-350g.png\",\"datePublished\":\"2024-11-01T20:35:42+00:00\",\"dateModified\":\"2026-07-06T10:10:10+00:00\",\"description\":\"G\u00e2teau aux amandes sans gluten ni lactose Torrons Vicens. D\u00e8s le premier jour, fabriquer les produits du mieux que nous connaissons et garantir un excellent go\u00fbt\",\"breadcrumb\":{\"@id\":\"https:\\\/\\\/lagranjafoods.com\\\/fr\\\/produit\\\/gateau-aux-amandes-sans-gluten-ni-lactose-torrons-vicens\\\/#breadcrumb\"},\"inLanguage\":\"fr-FR\",\"potentialAction\":[{\"@type\":\"ReadAction\",\"target\":[\"https:\\\/\\\/lagranjafoods.com\\\/fr\\\/produit\\\/gateau-aux-amandes-sans-gluten-ni-lactose-torrons-vicens\\\/\"]}]},{\"@type\":\"ImageObject\",\"inLanguage\":\"fr-FR\",\"@id\":\"https:\\\/\\\/lagranjafoods.com\\\/fr\\\/produit\\\/gateau-aux-amandes-sans-gluten-ni-lactose-torrons-vicens\\\/#primaryimage\",\"url\":\"https:\\\/\\\/lagranjafoods.com\\\/wp-content\\\/uploads\\\/Bizcocho-almendras-350g.png\",\"contentUrl\":\"https:\\\/\\\/lagranjafoods.com\\\/wp-content\\\/uploads\\\/Bizcocho-almendras-350g.png\",\"width\":1692,\"height\":2022},{\"@type\":\"BreadcrumbList\",\"@id\":\"https:\\\/\\\/lagranjafoods.com\\\/fr\\\/produit\\\/gateau-aux-amandes-sans-gluten-ni-lactose-torrons-vicens\\\/#breadcrumb\",\"itemListElement\":[{\"@type\":\"ListItem\",\"position\":1,\"name\":\"Portada\",\"item\":\"https:\\\/\\\/lagranjafoods.com\\\/fr\\\/\"},{\"@type\":\"ListItem\",\"position\":2,\"name\":\"Produits\",\"item\":\"https:\\\/\\\/lagranjafoods.com\\\/fr\\\/produits\\\/\"},{\"@type\":\"ListItem\",\"position\":3,\"name\":\"G\u00e2teau aux amandes sans gluten ni lactose Torrons Vicens 350 g.\"}]},{\"@type\":\"WebSite\",\"@id\":\"https:\\\/\\\/lagranjafoods.com\\\/fr\\\/#website\",\"url\":\"https:\\\/\\\/lagranjafoods.com\\\/fr\\\/\",\"name\":\"La Granja Foods\",\"description\":\"\u00a1Benvinguts a La Granja! Qualitat, sabor i frescor des de 1959.\",\"publisher\":{\"@id\":\"https:\\\/\\\/lagranjafoods.com\\\/fr\\\/#organization\"},\"potentialAction\":[{\"@type\":\"SearchAction\",\"target\":{\"@type\":\"EntryPoint\",\"urlTemplate\":\"https:\\\/\\\/lagranjafoods.com\\\/fr\\\/?s={search_term_string}\"},\"query-input\":{\"@type\":\"PropertyValueSpecification\",\"valueRequired\":true,\"valueName\":\"search_term_string\"}}],\"inLanguage\":\"fr-FR\"},{\"@type\":\"Organization\",\"@id\":\"https:\\\/\\\/lagranjafoods.com\\\/fr\\\/#organization\",\"name\":\"La Granja Foods\",\"url\":\"https:\\\/\\\/lagranjafoods.com\\\/fr\\\/\",\"logo\":{\"@type\":\"ImageObject\",\"inLanguage\":\"fr-FR\",\"@id\":\"https:\\\/\\\/lagranjafoods.com\\\/fr\\\/#\\\/schema\\\/logo\\\/image\\\/\",\"url\":\"https:\\\/\\\/lagranjafoods.com\\\/wp-content\\\/uploads\\\/logo-lagranjafoods.png\",\"contentUrl\":\"https:\\\/\\\/lagranjafoods.com\\\/wp-content\\\/uploads\\\/logo-lagranjafoods.png\",\"width\":539,\"height\":158,\"caption\":\"La Granja Foods \"},\"image\":{\"@id\":\"https:\\\/\\\/lagranjafoods.com\\\/fr\\\/#\\\/schema\\\/logo\\\/image\\\/\"}}]}<\/script>\n<!-- \/ Yoast SEO plugin. -->","yoast_head_json":{"title":"G\u00e2teau aux amandes sans gluten ni lactose Torrons Vicens 350 g. - La Granja Foods","description":"G\u00e2teau aux amandes sans gluten ni lactose Torrons Vicens. D\u00e8s le premier jour, fabriquer les produits du mieux que nous connaissons et garantir un excellent go\u00fbt","robots":{"index":"index","follow":"follow","max-snippet":"max-snippet:-1","max-image-preview":"max-image-preview:large","max-video-preview":"max-video-preview:-1"},"canonical":"https:\/\/lagranjafoods.com\/fr\/produit\/gateau-aux-amandes-sans-gluten-ni-lactose-torrons-vicens\/","og_locale":"fr_FR","og_type":"article","og_title":"G\u00e2teau aux amandes sans gluten ni lactose Torrons Vicens 350 g. - La Granja Foods","og_description":"G\u00e2teau aux amandes sans gluten ni lactose Torrons Vicens. D\u00e8s le premier jour, fabriquer les produits du mieux que nous connaissons et garantir un excellent go\u00fbt","og_url":"https:\/\/lagranjafoods.com\/fr\/produit\/gateau-aux-amandes-sans-gluten-ni-lactose-torrons-vicens\/","og_site_name":"La Granja Foods","article_modified_time":"2026-07-06T10:10:10+00:00","og_image":[{"width":1692,"height":2022,"url":"https:\/\/lagranjafoods.com\/wp-content\/uploads\/Bizcocho-almendras-350g.png","type":"image\/png"}],"twitter_card":"summary_large_image","twitter_misc":{"Dur\u00e9e de lecture estim\u00e9e":"2 minutes"},"schema":{"@context":"https:\/\/schema.org","@graph":[{"@type":"WebPage","@id":"https:\/\/lagranjafoods.com\/fr\/produit\/gateau-aux-amandes-sans-gluten-ni-lactose-torrons-vicens\/","url":"https:\/\/lagranjafoods.com\/fr\/produit\/gateau-aux-amandes-sans-gluten-ni-lactose-torrons-vicens\/","name":"G\u00e2teau aux amandes sans gluten ni lactose Torrons Vicens 350 g. - La Granja Foods","isPartOf":{"@id":"https:\/\/lagranjafoods.com\/fr\/#website"},"primaryImageOfPage":{"@id":"https:\/\/lagranjafoods.com\/fr\/produit\/gateau-aux-amandes-sans-gluten-ni-lactose-torrons-vicens\/#primaryimage"},"image":{"@id":"https:\/\/lagranjafoods.com\/fr\/produit\/gateau-aux-amandes-sans-gluten-ni-lactose-torrons-vicens\/#primaryimage"},"thumbnailUrl":"https:\/\/lagranjafoods.com\/wp-content\/uploads\/Bizcocho-almendras-350g.png","datePublished":"2024-11-01T20:35:42+00:00","dateModified":"2026-07-06T10:10:10+00:00","description":"G\u00e2teau aux amandes sans gluten ni lactose Torrons Vicens. D\u00e8s le premier jour, fabriquer les produits du mieux que nous connaissons et garantir un excellent go\u00fbt","breadcrumb":{"@id":"https:\/\/lagranjafoods.com\/fr\/produit\/gateau-aux-amandes-sans-gluten-ni-lactose-torrons-vicens\/#breadcrumb"},"inLanguage":"fr-FR","potentialAction":[{"@type":"ReadAction","target":["https:\/\/lagranjafoods.com\/fr\/produit\/gateau-aux-amandes-sans-gluten-ni-lactose-torrons-vicens\/"]}]},{"@type":"ImageObject","inLanguage":"fr-FR","@id":"https:\/\/lagranjafoods.com\/fr\/produit\/gateau-aux-amandes-sans-gluten-ni-lactose-torrons-vicens\/#primaryimage","url":"https:\/\/lagranjafoods.com\/wp-content\/uploads\/Bizcocho-almendras-350g.png","contentUrl":"https:\/\/lagranjafoods.com\/wp-content\/uploads\/Bizcocho-almendras-350g.png","width":1692,"height":2022},{"@type":"BreadcrumbList","@id":"https:\/\/lagranjafoods.com\/fr\/produit\/gateau-aux-amandes-sans-gluten-ni-lactose-torrons-vicens\/#breadcrumb","itemListElement":[{"@type":"ListItem","position":1,"name":"Portada","item":"https:\/\/lagranjafoods.com\/fr\/"},{"@type":"ListItem","position":2,"name":"Produits","item":"https:\/\/lagranjafoods.com\/fr\/produits\/"},{"@type":"ListItem","position":3,"name":"G\u00e2teau aux amandes sans gluten ni lactose Torrons Vicens 350 g."}]},{"@type":"WebSite","@id":"https:\/\/lagranjafoods.com\/fr\/#website","url":"https:\/\/lagranjafoods.com\/fr\/","name":"La Granja Foods","description":"\u00a1Benvinguts a La Granja! Qualitat, sabor i frescor des de 1959.","publisher":{"@id":"https:\/\/lagranjafoods.com\/fr\/#organization"},"potentialAction":[{"@type":"SearchAction","target":{"@type":"EntryPoint","urlTemplate":"https:\/\/lagranjafoods.com\/fr\/?s={search_term_string}"},"query-input":{"@type":"PropertyValueSpecification","valueRequired":true,"valueName":"search_term_string"}}],"inLanguage":"fr-FR"},{"@type":"Organization","@id":"https:\/\/lagranjafoods.com\/fr\/#organization","name":"La Granja Foods","url":"https:\/\/lagranjafoods.com\/fr\/","logo":{"@type":"ImageObject","inLanguage":"fr-FR","@id":"https:\/\/lagranjafoods.com\/fr\/#\/schema\/logo\/image\/","url":"https:\/\/lagranjafoods.com\/wp-content\/uploads\/logo-lagranjafoods.png","contentUrl":"https:\/\/lagranjafoods.com\/wp-content\/uploads\/logo-lagranjafoods.png","width":539,"height":158,"caption":"La Granja Foods "},"image":{"@id":"https:\/\/lagranjafoods.com\/fr\/#\/schema\/logo\/image\/"}}]}},"_links":{"self":[{"href":"https:\/\/lagranjafoods.com\/fr\/wp-json\/wp\/v2\/product\/45087","targetHints":{"allow":["GET"]}}],"collection":[{"href":"https:\/\/lagranjafoods.com\/fr\/wp-json\/wp\/v2\/product"}],"about":[{"href":"https:\/\/lagranjafoods.com\/fr\/wp-json\/wp\/v2\/types\/product"}],"replies":[{"embeddable":true,"href":"https:\/\/lagranjafoods.com\/fr\/wp-json\/wp\/v2\/comments?post=45087"}],"wp:featuredmedia":[{"embeddable":true,"href":"https:\/\/lagranjafoods.com\/fr\/wp-json\/wp\/v2\/media\/57941"}],"wp:attachment":[{"href":"https:\/\/lagranjafoods.com\/fr\/wp-json\/wp\/v2\/media?parent=45087"}],"wp:term":[{"taxonomy":"product_cat","embeddable":true,"href":"https:\/\/lagranjafoods.com\/fr\/wp-json\/wp\/v2\/product_cat?post=45087"},{"taxonomy":"product_tag","embeddable":true,"href":"https:\/\/lagranjafoods.com\/fr\/wp-json\/wp\/v2\/product_tag?post=45087"}],"curies":[{"name":"wp","href":"https:\/\/api.w.org\/{rel}","templated":true}]}}