{"id":44863,"date":"2026-05-04T11:06:53","date_gmt":"2026-05-04T09:06:53","guid":{"rendered":"http:\/\/lagranjafoods.com\/product\/mini-madeleines-au-cafe-novell-sans-gluten-et-sans-lactose\/"},"modified":"2026-05-21T16:04:14","modified_gmt":"2026-05-21T14:04:14","slug":"mini-madeleines-au-cafe-novell-sans-gluten-et-sans-lactose","status":"publish","type":"product","link":"https:\/\/lagranjafoods.com\/fr\/produit\/mini-madeleines-au-cafe-novell-sans-gluten-et-sans-lactose\/","title":{"rendered":"Mini-madeleines au caf\u00e9 Novell sans gluten et sans lactose"},"content":{"rendered":"<p>Mini-madeleines au caf\u00e9 Novell sans gluten et sans lactose. D\u00e8s le premier jour, \u00e9laborer nos produits du mieux que nous savons et garantir un grand go\u00fbt a \u00e9t\u00e9 pour nous une valeur non n\u00e9gociable. <\/p>\n<p>En 1954, nos grands-parents avaient une \u00e9picerie \u00e0 c\u00f4t\u00e9 de leur petite ferme de poulets. Ils y vendaient des \u0153ufs au quartier ainsi que de la nourriture de toutes sortes.  Une fois que le magasin n\u2019a plus de muffins, l\u2019un de ses produits les plus populaires. Pour plaire \u00e0 la client\u00e8le, notre grand-m\u00e8re a d\u00e9cid\u00e9 de pr\u00e9parer sa propre recette de muffins dans sa cuisine \u00e0 la maison. Leur immense succ\u00e8s a surpris tout le monde, ils se vendaient de plus en plus. C\u2019est ainsi que La Granja est n\u00e9e et nous avons appris quelque chose que nous avons toujours en t\u00eate : travailler dur et faire de son mieux pour satisfaire vos clients.   <\/p>\n<p>Cela a \u00e9t\u00e9 le cas avec les premi\u00e8res sp\u00e9cialit\u00e9s traditionnelles qui nous ont fait conna\u00eetre, et cela l\u2019est rest\u00e9 tout au long de notre parcours, en int\u00e9grant continuellement des nouveaut\u00e9s \u00e0 notre gamme.<\/p>\n<p>Anticiper les besoins et les envies des consommateurs a fait de nous une r\u00e9f\u00e9rence de qualit\u00e9 et d\u2019innovation dans notre secteur des produits alimentaires. Dans les ann\u00e9es 80, <a href=\"https:\/\/lagranjafoods.com\/fr\/\">La Granja<\/a> a \u00e9t\u00e9 pionni\u00e8re en cr\u00e9ant des sp\u00e9cialit\u00e9s r\u00e9pondant \u00e0 diff\u00e9rents besoins di\u00e9t\u00e9tiques, qui font aujourd\u2019hui partie de notre gamme Diet. <\/p>\n<p>Plus tard, nous avons lanc\u00e9 la gamme Bio, qui utilise uniquement des ingr\u00e9dients issus de l&rsquo;agriculture biologique. Cette ligne a \u00e9t\u00e9 suivie par la gamme Vegan pour une consommation strictement v\u00e9g\u00e9talienne et les produits Sans Gluten et Sans Lactose, qui ont une production s\u00e9par\u00e9e du reste des produits. <\/p>\n<p>Dans les produits de cette nouvelle gamme, nous utilisons uniquement des ingr\u00e9dients sans gluten ni lactose. Nous garantissons l\u2019absence de contamination tout au long du processus, gr\u00e2ce \u00e0 une production s\u00e9par\u00e9e du reste. <\/p>\n","protected":false},"excerpt":{"rendered":"<p>D\u2019une collaboration exceptionnelle entre La Granja Foods et Caf\u00e9s Novell naissent nos mini-madeleines au caf\u00e9 : une bouch\u00e9e d\u00e9licate qui allie tradition et saveur contemporaine. \u00c9labor\u00e9es avec du caf\u00e9 fra\u00eechement moulu de Caf\u00e9s Novell, ces mini-madeleines sans gluten, sans lactose, sans ma\u00efs et sans prot\u00e9ine de lait de vache se distinguent par leur texture moelleuse et leur intense ar\u00f4me de caf\u00e9.<br \/>\nEn une seule bouch\u00e9e mais avec tout son caract\u00e8re, elles offrent une exp\u00e9rience \u00e9quilibr\u00e9e o\u00f9 la douceur de la p\u00e2te se m\u00eale aux notes torr\u00e9fi\u00e9es du caf\u00e9, ce qui en fait l\u2019accompagnement parfait \u00e0 tout moment de la journ\u00e9e.<br \/>\nUne gourmandise irr\u00e9sistible pour savourer l\u2019authentique go\u00fbt du caf\u00e9 en version mini !<\/p>\n<ul>\n<li aria-level=\"1\">Avec du caf\u00e9 naturel fra\u00eechement moulu<\/li>\n<li aria-level=\"1\">Sans gluten<\/li>\n<li aria-level=\"1\">Sans lactose<\/li>\n<li aria-level=\"1\">Sans prot\u00e9ine de vache<\/li>\n<li aria-level=\"1\">Sans huile de palme<\/li>\n<li aria-level=\"1\">\u00c9labor\u00e9 avec des \u0153ufs frais<\/li>\n<li aria-level=\"1\">Cuisson lente<\/li>\n<li aria-level=\"1\">Grand moelleux et saveur<\/li>\n<li aria-level=\"1\">Texture tr\u00e8s tendre<\/li>\n<li aria-level=\"1\">Contient des fibres v\u00e9g\u00e9tales et de la cosse de psyllium<\/li>\n<\/ul>\n<p>Sachet de 220 g<\/p>\n","protected":false},"featured_media":58017,"comment_status":"closed","ping_status":"closed","template":"","meta":{"_acf_changed":false},"product_cat":[800,805,807],"product_tag":[847],"class_list":["post-44863","product","type-product","status-publish","has-post-thumbnail","product_cat-sans-gluten","product_cat-marques-partenaires","product_cat-editions-speciales","product_tag-sans-gluten-2","pa_marca-la-granja","pa_marca-cafes-novell","pa_tipologia-mini-madeleines","first","instock","taxable","shipping-taxable","purchasable","product-type-simple"],"acf":[],"yoast_head":"<!-- This site is optimized with the Yoast SEO plugin v28.3 - https:\/\/yoast.com\/product\/yoast-seo-wordpress\/ -->\n<title>Mini-madeleines au caf\u00e9 Novell sans gluten et sans lactose - La Granja Foods<\/title>\n<meta name=\"description\" content=\"Mini-madeleines au caf\u00e9 Novell sans gluten et sans lactose. D\u00e8s le premier jour, \u00e9laborer nos produits du mieux que nous savons et garantir un grand go\u00fbt\" \/>\n<meta name=\"robots\" content=\"index, follow, max-snippet:-1, max-image-preview:large, max-video-preview:-1\" \/>\n<link rel=\"canonical\" href=\"https:\/\/lagranjafoods.com\/fr\/produit\/mini-madeleines-au-cafe-novell-sans-gluten-et-sans-lactose\/\" \/>\n<meta property=\"og:locale\" content=\"fr_FR\" \/>\n<meta property=\"og:type\" content=\"article\" \/>\n<meta property=\"og:title\" content=\"Mini-madeleines au caf\u00e9 Novell sans gluten et sans lactose - La Granja Foods\" \/>\n<meta property=\"og:description\" content=\"Mini-madeleines au caf\u00e9 Novell sans gluten et sans lactose. D\u00e8s le premier jour, \u00e9laborer nos produits du mieux que nous savons et garantir un grand go\u00fbt\" \/>\n<meta property=\"og:url\" content=\"https:\/\/lagranjafoods.com\/fr\/produit\/mini-madeleines-au-cafe-novell-sans-gluten-et-sans-lactose\/\" \/>\n<meta property=\"og:site_name\" content=\"La Granja Foods\" \/>\n<meta property=\"article:modified_time\" content=\"2026-05-21T14:04:14+00:00\" \/>\n<meta property=\"og:image\" content=\"https:\/\/lagranjafoods.com\/wp-content\/uploads\/Minis-de-Cafe-Novell.png\" \/>\n\t<meta property=\"og:image:width\" content=\"1692\" \/>\n\t<meta property=\"og:image:height\" content=\"2022\" \/>\n\t<meta property=\"og:image:type\" content=\"image\/png\" \/>\n<meta name=\"twitter:card\" content=\"summary_large_image\" \/>\n<meta name=\"twitter:label1\" content=\"Dur\u00e9e de lecture estim\u00e9e\" \/>\n\t<meta name=\"twitter:data1\" content=\"2 minutes\" \/>\n<script type=\"application\/ld+json\" class=\"yoast-schema-graph\">{\"@context\":\"https:\\\/\\\/schema.org\",\"@graph\":[{\"@type\":\"WebPage\",\"@id\":\"https:\\\/\\\/lagranjafoods.com\\\/fr\\\/produit\\\/mini-madeleines-au-cafe-novell-sans-gluten-et-sans-lactose\\\/\",\"url\":\"https:\\\/\\\/lagranjafoods.com\\\/fr\\\/produit\\\/mini-madeleines-au-cafe-novell-sans-gluten-et-sans-lactose\\\/\",\"name\":\"Mini-madeleines au caf\u00e9 Novell sans gluten et sans lactose - La Granja Foods\",\"isPartOf\":{\"@id\":\"https:\\\/\\\/lagranjafoods.com\\\/fr\\\/#website\"},\"primaryImageOfPage\":{\"@id\":\"https:\\\/\\\/lagranjafoods.com\\\/fr\\\/produit\\\/mini-madeleines-au-cafe-novell-sans-gluten-et-sans-lactose\\\/#primaryimage\"},\"image\":{\"@id\":\"https:\\\/\\\/lagranjafoods.com\\\/fr\\\/produit\\\/mini-madeleines-au-cafe-novell-sans-gluten-et-sans-lactose\\\/#primaryimage\"},\"thumbnailUrl\":\"https:\\\/\\\/lagranjafoods.com\\\/wp-content\\\/uploads\\\/Minis-de-Cafe-Novell.png\",\"datePublished\":\"2026-05-04T09:06:53+00:00\",\"dateModified\":\"2026-05-21T14:04:14+00:00\",\"description\":\"Mini-madeleines au caf\u00e9 Novell sans gluten et sans lactose. D\u00e8s le premier jour, \u00e9laborer nos produits du mieux que nous savons et garantir un grand go\u00fbt\",\"breadcrumb\":{\"@id\":\"https:\\\/\\\/lagranjafoods.com\\\/fr\\\/produit\\\/mini-madeleines-au-cafe-novell-sans-gluten-et-sans-lactose\\\/#breadcrumb\"},\"inLanguage\":\"fr-FR\",\"potentialAction\":[{\"@type\":\"ReadAction\",\"target\":[\"https:\\\/\\\/lagranjafoods.com\\\/fr\\\/produit\\\/mini-madeleines-au-cafe-novell-sans-gluten-et-sans-lactose\\\/\"]}]},{\"@type\":\"ImageObject\",\"inLanguage\":\"fr-FR\",\"@id\":\"https:\\\/\\\/lagranjafoods.com\\\/fr\\\/produit\\\/mini-madeleines-au-cafe-novell-sans-gluten-et-sans-lactose\\\/#primaryimage\",\"url\":\"https:\\\/\\\/lagranjafoods.com\\\/wp-content\\\/uploads\\\/Minis-de-Cafe-Novell.png\",\"contentUrl\":\"https:\\\/\\\/lagranjafoods.com\\\/wp-content\\\/uploads\\\/Minis-de-Cafe-Novell.png\",\"width\":1692,\"height\":2022},{\"@type\":\"BreadcrumbList\",\"@id\":\"https:\\\/\\\/lagranjafoods.com\\\/fr\\\/produit\\\/mini-madeleines-au-cafe-novell-sans-gluten-et-sans-lactose\\\/#breadcrumb\",\"itemListElement\":[{\"@type\":\"ListItem\",\"position\":1,\"name\":\"Portada\",\"item\":\"https:\\\/\\\/lagranjafoods.com\\\/fr\\\/\"},{\"@type\":\"ListItem\",\"position\":2,\"name\":\"Produits\",\"item\":\"https:\\\/\\\/lagranjafoods.com\\\/fr\\\/produits\\\/\"},{\"@type\":\"ListItem\",\"position\":3,\"name\":\"Mini-madeleines au caf\u00e9 Novell sans gluten et sans lactose\"}]},{\"@type\":\"WebSite\",\"@id\":\"https:\\\/\\\/lagranjafoods.com\\\/fr\\\/#website\",\"url\":\"https:\\\/\\\/lagranjafoods.com\\\/fr\\\/\",\"name\":\"La Granja Foods\",\"description\":\"\u00a1Benvinguts a La Granja! Qualitat, sabor i frescor des de 1959.\",\"publisher\":{\"@id\":\"https:\\\/\\\/lagranjafoods.com\\\/fr\\\/#organization\"},\"potentialAction\":[{\"@type\":\"SearchAction\",\"target\":{\"@type\":\"EntryPoint\",\"urlTemplate\":\"https:\\\/\\\/lagranjafoods.com\\\/fr\\\/?s={search_term_string}\"},\"query-input\":{\"@type\":\"PropertyValueSpecification\",\"valueRequired\":true,\"valueName\":\"search_term_string\"}}],\"inLanguage\":\"fr-FR\"},{\"@type\":\"Organization\",\"@id\":\"https:\\\/\\\/lagranjafoods.com\\\/fr\\\/#organization\",\"name\":\"La Granja Foods\",\"url\":\"https:\\\/\\\/lagranjafoods.com\\\/fr\\\/\",\"logo\":{\"@type\":\"ImageObject\",\"inLanguage\":\"fr-FR\",\"@id\":\"https:\\\/\\\/lagranjafoods.com\\\/fr\\\/#\\\/schema\\\/logo\\\/image\\\/\",\"url\":\"https:\\\/\\\/lagranjafoods.com\\\/wp-content\\\/uploads\\\/logo-lagranjafoods.png\",\"contentUrl\":\"https:\\\/\\\/lagranjafoods.com\\\/wp-content\\\/uploads\\\/logo-lagranjafoods.png\",\"width\":539,\"height\":158,\"caption\":\"La Granja Foods \"},\"image\":{\"@id\":\"https:\\\/\\\/lagranjafoods.com\\\/fr\\\/#\\\/schema\\\/logo\\\/image\\\/\"}}]}<\/script>\n<!-- \/ Yoast SEO plugin. -->","yoast_head_json":{"title":"Mini-madeleines au caf\u00e9 Novell sans gluten et sans lactose - La Granja Foods","description":"Mini-madeleines au caf\u00e9 Novell sans gluten et sans lactose. D\u00e8s le premier jour, \u00e9laborer nos produits du mieux que nous savons et garantir un grand go\u00fbt","robots":{"index":"index","follow":"follow","max-snippet":"max-snippet:-1","max-image-preview":"max-image-preview:large","max-video-preview":"max-video-preview:-1"},"canonical":"https:\/\/lagranjafoods.com\/fr\/produit\/mini-madeleines-au-cafe-novell-sans-gluten-et-sans-lactose\/","og_locale":"fr_FR","og_type":"article","og_title":"Mini-madeleines au caf\u00e9 Novell sans gluten et sans lactose - La Granja Foods","og_description":"Mini-madeleines au caf\u00e9 Novell sans gluten et sans lactose. D\u00e8s le premier jour, \u00e9laborer nos produits du mieux que nous savons et garantir un grand go\u00fbt","og_url":"https:\/\/lagranjafoods.com\/fr\/produit\/mini-madeleines-au-cafe-novell-sans-gluten-et-sans-lactose\/","og_site_name":"La Granja Foods","article_modified_time":"2026-05-21T14:04:14+00:00","og_image":[{"width":1692,"height":2022,"url":"https:\/\/lagranjafoods.com\/wp-content\/uploads\/Minis-de-Cafe-Novell.png","type":"image\/png"}],"twitter_card":"summary_large_image","twitter_misc":{"Dur\u00e9e de lecture estim\u00e9e":"2 minutes"},"schema":{"@context":"https:\/\/schema.org","@graph":[{"@type":"WebPage","@id":"https:\/\/lagranjafoods.com\/fr\/produit\/mini-madeleines-au-cafe-novell-sans-gluten-et-sans-lactose\/","url":"https:\/\/lagranjafoods.com\/fr\/produit\/mini-madeleines-au-cafe-novell-sans-gluten-et-sans-lactose\/","name":"Mini-madeleines au caf\u00e9 Novell sans gluten et sans lactose - La Granja Foods","isPartOf":{"@id":"https:\/\/lagranjafoods.com\/fr\/#website"},"primaryImageOfPage":{"@id":"https:\/\/lagranjafoods.com\/fr\/produit\/mini-madeleines-au-cafe-novell-sans-gluten-et-sans-lactose\/#primaryimage"},"image":{"@id":"https:\/\/lagranjafoods.com\/fr\/produit\/mini-madeleines-au-cafe-novell-sans-gluten-et-sans-lactose\/#primaryimage"},"thumbnailUrl":"https:\/\/lagranjafoods.com\/wp-content\/uploads\/Minis-de-Cafe-Novell.png","datePublished":"2026-05-04T09:06:53+00:00","dateModified":"2026-05-21T14:04:14+00:00","description":"Mini-madeleines au caf\u00e9 Novell sans gluten et sans lactose. D\u00e8s le premier jour, \u00e9laborer nos produits du mieux que nous savons et garantir un grand go\u00fbt","breadcrumb":{"@id":"https:\/\/lagranjafoods.com\/fr\/produit\/mini-madeleines-au-cafe-novell-sans-gluten-et-sans-lactose\/#breadcrumb"},"inLanguage":"fr-FR","potentialAction":[{"@type":"ReadAction","target":["https:\/\/lagranjafoods.com\/fr\/produit\/mini-madeleines-au-cafe-novell-sans-gluten-et-sans-lactose\/"]}]},{"@type":"ImageObject","inLanguage":"fr-FR","@id":"https:\/\/lagranjafoods.com\/fr\/produit\/mini-madeleines-au-cafe-novell-sans-gluten-et-sans-lactose\/#primaryimage","url":"https:\/\/lagranjafoods.com\/wp-content\/uploads\/Minis-de-Cafe-Novell.png","contentUrl":"https:\/\/lagranjafoods.com\/wp-content\/uploads\/Minis-de-Cafe-Novell.png","width":1692,"height":2022},{"@type":"BreadcrumbList","@id":"https:\/\/lagranjafoods.com\/fr\/produit\/mini-madeleines-au-cafe-novell-sans-gluten-et-sans-lactose\/#breadcrumb","itemListElement":[{"@type":"ListItem","position":1,"name":"Portada","item":"https:\/\/lagranjafoods.com\/fr\/"},{"@type":"ListItem","position":2,"name":"Produits","item":"https:\/\/lagranjafoods.com\/fr\/produits\/"},{"@type":"ListItem","position":3,"name":"Mini-madeleines au caf\u00e9 Novell sans gluten et sans lactose"}]},{"@type":"WebSite","@id":"https:\/\/lagranjafoods.com\/fr\/#website","url":"https:\/\/lagranjafoods.com\/fr\/","name":"La Granja Foods","description":"\u00a1Benvinguts a La Granja! Qualitat, sabor i frescor des de 1959.","publisher":{"@id":"https:\/\/lagranjafoods.com\/fr\/#organization"},"potentialAction":[{"@type":"SearchAction","target":{"@type":"EntryPoint","urlTemplate":"https:\/\/lagranjafoods.com\/fr\/?s={search_term_string}"},"query-input":{"@type":"PropertyValueSpecification","valueRequired":true,"valueName":"search_term_string"}}],"inLanguage":"fr-FR"},{"@type":"Organization","@id":"https:\/\/lagranjafoods.com\/fr\/#organization","name":"La Granja Foods","url":"https:\/\/lagranjafoods.com\/fr\/","logo":{"@type":"ImageObject","inLanguage":"fr-FR","@id":"https:\/\/lagranjafoods.com\/fr\/#\/schema\/logo\/image\/","url":"https:\/\/lagranjafoods.com\/wp-content\/uploads\/logo-lagranjafoods.png","contentUrl":"https:\/\/lagranjafoods.com\/wp-content\/uploads\/logo-lagranjafoods.png","width":539,"height":158,"caption":"La Granja Foods "},"image":{"@id":"https:\/\/lagranjafoods.com\/fr\/#\/schema\/logo\/image\/"}}]}},"_links":{"self":[{"href":"https:\/\/lagranjafoods.com\/fr\/wp-json\/wp\/v2\/product\/44863","targetHints":{"allow":["GET"]}}],"collection":[{"href":"https:\/\/lagranjafoods.com\/fr\/wp-json\/wp\/v2\/product"}],"about":[{"href":"https:\/\/lagranjafoods.com\/fr\/wp-json\/wp\/v2\/types\/product"}],"replies":[{"embeddable":true,"href":"https:\/\/lagranjafoods.com\/fr\/wp-json\/wp\/v2\/comments?post=44863"}],"wp:featuredmedia":[{"embeddable":true,"href":"https:\/\/lagranjafoods.com\/fr\/wp-json\/wp\/v2\/media\/58017"}],"wp:attachment":[{"href":"https:\/\/lagranjafoods.com\/fr\/wp-json\/wp\/v2\/media?parent=44863"}],"wp:term":[{"taxonomy":"product_cat","embeddable":true,"href":"https:\/\/lagranjafoods.com\/fr\/wp-json\/wp\/v2\/product_cat?post=44863"},{"taxonomy":"product_tag","embeddable":true,"href":"https:\/\/lagranjafoods.com\/fr\/wp-json\/wp\/v2\/product_tag?post=44863"}],"curies":[{"name":"wp","href":"https:\/\/api.w.org\/{rel}","templated":true}]}}