{"id":44813,"date":"2026-02-06T10:37:16","date_gmt":"2026-02-06T08:37:16","guid":{"rendered":"http:\/\/lagranjafoods.com\/?post_type=product&#038;p=44813"},"modified":"2026-05-29T10:17:06","modified_gmt":"2026-05-29T08:17:06","slug":"marlona-classic-mix-praline-praline-noir-et-caramel","status":"publish","type":"product","link":"https:\/\/lagranjafoods.com\/fr\/produit\/marlona-classic-mix-praline-praline-noir-et-caramel\/","title":{"rendered":"Marlona Classic Mix Pralin\u00e9, Pralin\u00e9 Noir et Caramel"},"content":{"rendered":"<p>Marlona Classic Mix Pralin\u00e9, Pralin\u00e9 Noir et Caramel. Chez<a href=\"https:\/\/lagranjafoods.com\/fr\/nous-histoire\/\"> La Granja Foods<\/a>, nous recherchons toujours des produits qui surprennent et ravissent nos clients, c\u2019est pourquoi nous sommes ravis de collaborer avec <strong>Mi&#038;Cu<\/strong>, une marque sp\u00e9cialis\u00e9e dans la cr\u00e9ation des incomparables chocolats <a href=\"https:\/\/lagranjafoods.com\/fr\/marque\/bombones-micu\/\"><strong>Marlonas<\/strong><\/a>. Ces chocolats ont conquis une place sp\u00e9ciale dans le monde de la confiserie gr\u00e2ce \u00e0 leur m\u00e9lange distinctif de saveurs et de textures.  <\/p>\n<p>Mi&#038;Cu se distingue par son innovation et son engagement envers l\u2019excellence, en n\u2019utilisant que les ingr\u00e9dients les plus s\u00e9lectionn\u00e9s pour cr\u00e9er des bonbons qui ne sont pas seulement d\u00e9licieux, mais racontent aussi une histoire de passion pour le chocolat. Vous avez d\u00e9sormais l\u2019occasion de d\u00e9couvrir la magie des bonbons Marlonas via notre boutique en ligne. <\/p>\n<p>Des saveurs classiques aux associations plus audacieuses, chaque bonbon Marlonas est un chef-d\u2019\u0153uvre gustatif offrant une exp\u00e9rience unique. Nous sommes heureux de faire partie de cette d\u00e9licieuse aventure, en vous proposant un produit qui red\u00e9finit ce que signifie savourer un bon chocolat. <\/p>\n<p>MI&#038;CU Gourmet est une entreprise familiale proche de Barcelone, fond\u00e9e par les fr\u00e8res et s\u0153urs Miret, N\u00faria et Josep. Ils sont issus d\u2019une longue tradition familiale du chocolat de plus de 70 ans et cumulent 20 ans d\u2019exp\u00e9rience dans le secteur du chocolat gourmet. <\/p>\n<p>Dans nos produits, nous associons l\u2019utilisation de mati\u00e8res premi\u00e8res de qualit\u00e9 m\u00e9diterran\u00e9enne, principalement les amandes, \u00e0 des saveurs classiques, comme la gamme Marlonas.<\/p>\n","protected":false},"excerpt":{"rendered":"<p>Marlona Classic Mix Pralin\u00e9, Pralin\u00e9 Noir et Caramel. Chocolats aux amandes caram\u00e9lis\u00e9es de la M\u00e9diterran\u00e9e avec un Pralin\u00e9, Pralin\u00e9 Noir et Caramel. <\/p>\n<p>L\u2019\u00e9tui de 240 grammes pr\u00e9sente ces chocolats dans une \u00e9l\u00e9gante bo\u00eete rectangulaire, parfaite pour un cadeau ou pour toute occasion sp\u00e9ciale. La texture douce du Pralin\u00e9 contraste merveilleusement avec le croquant des amandes caram\u00e9lis\u00e9es, cr\u00e9ant une combinaison irr\u00e9sistible. Chaque chocolat Marlona n\u2019est pas simplement une douceur, mais un hommage vivant \u00e0 l\u2019histoire et \u00e0 la culture de la r\u00e9gion m\u00e9diterran\u00e9enne, transformant chaque bouch\u00e9e en une exp\u00e9rience m\u00e9morable qui relie le pr\u00e9sent \u00e0 la tradition artisanale catalane.  <\/p>\n<p>D\u00e9couvrez toute la gamme Marlona et laissez-vous s\u00e9duire par ses saveurs : Pralin\u00e9, Noir, Caf\u00e9, Caramel, Cr\u00e8me catalane, Tiramisu\u2026 Un v\u00e9ritable univers de saveurs \u00e0 savourer \u00e0 chaque instant.<\/p>\n<p>\u00c9tui de 240 g<\/p>\n","protected":false},"featured_media":44814,"comment_status":"closed","ping_status":"closed","template":"","meta":{"_acf_changed":false},"product_cat":[805],"product_tag":[863],"class_list":["post-44813","product","type-product","status-publish","has-post-thumbnail","product_cat-marques-partenaires","product_tag-chocolate","pa_marca-bombones-micu","pa_marca-la-granja","pa_tipologia-chocolats","first","outofstock","taxable","shipping-taxable","purchasable","product-type-simple"],"acf":[],"yoast_head":"<!-- This site is optimized with the Yoast SEO plugin v28.3 - https:\/\/yoast.com\/product\/yoast-seo-wordpress\/ -->\n<title>Marlona Classic Mix Pralin\u00e9, Pralin\u00e9 Noir et Caramel - La Granja Foods<\/title>\n<meta name=\"description\" content=\"Marlona Classic Mix Pralin\u00e9, Pralin\u00e9 Noir et Caramel. Chez La Granja Foods, nous recherchons toujours des produits qui surprennent nos clients.\" \/>\n<meta name=\"robots\" content=\"index, follow, max-snippet:-1, max-image-preview:large, max-video-preview:-1\" \/>\n<link rel=\"canonical\" href=\"https:\/\/lagranjafoods.com\/fr\/produit\/marlona-classic-mix-praline-praline-noir-et-caramel\/\" \/>\n<meta property=\"og:locale\" content=\"fr_FR\" \/>\n<meta property=\"og:type\" content=\"article\" \/>\n<meta property=\"og:title\" content=\"Marlona Classic Mix Pralin\u00e9, Pralin\u00e9 Noir et Caramel - La Granja Foods\" \/>\n<meta property=\"og:description\" content=\"Marlona Classic Mix Pralin\u00e9, Pralin\u00e9 Noir et Caramel. Chez La Granja Foods, nous recherchons toujours des produits qui surprennent nos clients.\" \/>\n<meta property=\"og:url\" content=\"https:\/\/lagranjafoods.com\/fr\/produit\/marlona-classic-mix-praline-praline-noir-et-caramel\/\" \/>\n<meta property=\"og:site_name\" content=\"La Granja Foods\" \/>\n<meta property=\"article:modified_time\" content=\"2026-05-29T08:17:06+00:00\" \/>\n<meta property=\"og:image\" content=\"https:\/\/lagranjafoods.com\/wp-content\/uploads\/236.png\" \/>\n\t<meta property=\"og:image:width\" content=\"1692\" \/>\n\t<meta property=\"og:image:height\" content=\"2022\" \/>\n\t<meta property=\"og:image:type\" content=\"image\/png\" \/>\n<meta name=\"twitter:card\" content=\"summary_large_image\" \/>\n<meta name=\"twitter:label1\" content=\"Dur\u00e9e de lecture estim\u00e9e\" \/>\n\t<meta name=\"twitter:data1\" content=\"1 minute\" \/>\n<script type=\"application\/ld+json\" class=\"yoast-schema-graph\">{\"@context\":\"https:\\\/\\\/schema.org\",\"@graph\":[{\"@type\":\"WebPage\",\"@id\":\"https:\\\/\\\/lagranjafoods.com\\\/fr\\\/produit\\\/marlona-classic-mix-praline-praline-noir-et-caramel\\\/\",\"url\":\"https:\\\/\\\/lagranjafoods.com\\\/fr\\\/produit\\\/marlona-classic-mix-praline-praline-noir-et-caramel\\\/\",\"name\":\"Marlona Classic Mix Pralin\u00e9, Pralin\u00e9 Noir et Caramel - La Granja Foods\",\"isPartOf\":{\"@id\":\"https:\\\/\\\/lagranjafoods.com\\\/fr\\\/#website\"},\"primaryImageOfPage\":{\"@id\":\"https:\\\/\\\/lagranjafoods.com\\\/fr\\\/produit\\\/marlona-classic-mix-praline-praline-noir-et-caramel\\\/#primaryimage\"},\"image\":{\"@id\":\"https:\\\/\\\/lagranjafoods.com\\\/fr\\\/produit\\\/marlona-classic-mix-praline-praline-noir-et-caramel\\\/#primaryimage\"},\"thumbnailUrl\":\"https:\\\/\\\/lagranjafoods.com\\\/wp-content\\\/uploads\\\/236.png\",\"datePublished\":\"2026-02-06T08:37:16+00:00\",\"dateModified\":\"2026-05-29T08:17:06+00:00\",\"description\":\"Marlona Classic Mix Pralin\u00e9, Pralin\u00e9 Noir et Caramel. Chez La Granja Foods, nous recherchons toujours des produits qui surprennent nos clients.\",\"breadcrumb\":{\"@id\":\"https:\\\/\\\/lagranjafoods.com\\\/fr\\\/produit\\\/marlona-classic-mix-praline-praline-noir-et-caramel\\\/#breadcrumb\"},\"inLanguage\":\"fr-FR\",\"potentialAction\":[{\"@type\":\"ReadAction\",\"target\":[\"https:\\\/\\\/lagranjafoods.com\\\/fr\\\/produit\\\/marlona-classic-mix-praline-praline-noir-et-caramel\\\/\"]}]},{\"@type\":\"ImageObject\",\"inLanguage\":\"fr-FR\",\"@id\":\"https:\\\/\\\/lagranjafoods.com\\\/fr\\\/produit\\\/marlona-classic-mix-praline-praline-noir-et-caramel\\\/#primaryimage\",\"url\":\"https:\\\/\\\/lagranjafoods.com\\\/wp-content\\\/uploads\\\/236.png\",\"contentUrl\":\"https:\\\/\\\/lagranjafoods.com\\\/wp-content\\\/uploads\\\/236.png\",\"width\":1692,\"height\":2022},{\"@type\":\"BreadcrumbList\",\"@id\":\"https:\\\/\\\/lagranjafoods.com\\\/fr\\\/produit\\\/marlona-classic-mix-praline-praline-noir-et-caramel\\\/#breadcrumb\",\"itemListElement\":[{\"@type\":\"ListItem\",\"position\":1,\"name\":\"Portada\",\"item\":\"https:\\\/\\\/lagranjafoods.com\\\/fr\\\/\"},{\"@type\":\"ListItem\",\"position\":2,\"name\":\"Produits\",\"item\":\"https:\\\/\\\/lagranjafoods.com\\\/fr\\\/produits\\\/\"},{\"@type\":\"ListItem\",\"position\":3,\"name\":\"Marlona Classic Mix Pralin\u00e9, Pralin\u00e9 Noir et Caramel\"}]},{\"@type\":\"WebSite\",\"@id\":\"https:\\\/\\\/lagranjafoods.com\\\/fr\\\/#website\",\"url\":\"https:\\\/\\\/lagranjafoods.com\\\/fr\\\/\",\"name\":\"La Granja Foods\",\"description\":\"\u00a1Benvinguts a La Granja! Qualitat, sabor i frescor des de 1959.\",\"publisher\":{\"@id\":\"https:\\\/\\\/lagranjafoods.com\\\/fr\\\/#organization\"},\"potentialAction\":[{\"@type\":\"SearchAction\",\"target\":{\"@type\":\"EntryPoint\",\"urlTemplate\":\"https:\\\/\\\/lagranjafoods.com\\\/fr\\\/?s={search_term_string}\"},\"query-input\":{\"@type\":\"PropertyValueSpecification\",\"valueRequired\":true,\"valueName\":\"search_term_string\"}}],\"inLanguage\":\"fr-FR\"},{\"@type\":\"Organization\",\"@id\":\"https:\\\/\\\/lagranjafoods.com\\\/fr\\\/#organization\",\"name\":\"La Granja Foods\",\"url\":\"https:\\\/\\\/lagranjafoods.com\\\/fr\\\/\",\"logo\":{\"@type\":\"ImageObject\",\"inLanguage\":\"fr-FR\",\"@id\":\"https:\\\/\\\/lagranjafoods.com\\\/fr\\\/#\\\/schema\\\/logo\\\/image\\\/\",\"url\":\"https:\\\/\\\/lagranjafoods.com\\\/wp-content\\\/uploads\\\/logo-lagranjafoods.png\",\"contentUrl\":\"https:\\\/\\\/lagranjafoods.com\\\/wp-content\\\/uploads\\\/logo-lagranjafoods.png\",\"width\":539,\"height\":158,\"caption\":\"La Granja Foods \"},\"image\":{\"@id\":\"https:\\\/\\\/lagranjafoods.com\\\/fr\\\/#\\\/schema\\\/logo\\\/image\\\/\"}}]}<\/script>\n<!-- \/ Yoast SEO plugin. -->","yoast_head_json":{"title":"Marlona Classic Mix Pralin\u00e9, Pralin\u00e9 Noir et Caramel - La Granja Foods","description":"Marlona Classic Mix Pralin\u00e9, Pralin\u00e9 Noir et Caramel. Chez La Granja Foods, nous recherchons toujours des produits qui surprennent nos clients.","robots":{"index":"index","follow":"follow","max-snippet":"max-snippet:-1","max-image-preview":"max-image-preview:large","max-video-preview":"max-video-preview:-1"},"canonical":"https:\/\/lagranjafoods.com\/fr\/produit\/marlona-classic-mix-praline-praline-noir-et-caramel\/","og_locale":"fr_FR","og_type":"article","og_title":"Marlona Classic Mix Pralin\u00e9, Pralin\u00e9 Noir et Caramel - La Granja Foods","og_description":"Marlona Classic Mix Pralin\u00e9, Pralin\u00e9 Noir et Caramel. Chez La Granja Foods, nous recherchons toujours des produits qui surprennent nos clients.","og_url":"https:\/\/lagranjafoods.com\/fr\/produit\/marlona-classic-mix-praline-praline-noir-et-caramel\/","og_site_name":"La Granja Foods","article_modified_time":"2026-05-29T08:17:06+00:00","og_image":[{"width":1692,"height":2022,"url":"https:\/\/lagranjafoods.com\/wp-content\/uploads\/236.png","type":"image\/png"}],"twitter_card":"summary_large_image","twitter_misc":{"Dur\u00e9e de lecture estim\u00e9e":"1 minute"},"schema":{"@context":"https:\/\/schema.org","@graph":[{"@type":"WebPage","@id":"https:\/\/lagranjafoods.com\/fr\/produit\/marlona-classic-mix-praline-praline-noir-et-caramel\/","url":"https:\/\/lagranjafoods.com\/fr\/produit\/marlona-classic-mix-praline-praline-noir-et-caramel\/","name":"Marlona Classic Mix Pralin\u00e9, Pralin\u00e9 Noir et Caramel - La Granja Foods","isPartOf":{"@id":"https:\/\/lagranjafoods.com\/fr\/#website"},"primaryImageOfPage":{"@id":"https:\/\/lagranjafoods.com\/fr\/produit\/marlona-classic-mix-praline-praline-noir-et-caramel\/#primaryimage"},"image":{"@id":"https:\/\/lagranjafoods.com\/fr\/produit\/marlona-classic-mix-praline-praline-noir-et-caramel\/#primaryimage"},"thumbnailUrl":"https:\/\/lagranjafoods.com\/wp-content\/uploads\/236.png","datePublished":"2026-02-06T08:37:16+00:00","dateModified":"2026-05-29T08:17:06+00:00","description":"Marlona Classic Mix Pralin\u00e9, Pralin\u00e9 Noir et Caramel. Chez La Granja Foods, nous recherchons toujours des produits qui surprennent nos clients.","breadcrumb":{"@id":"https:\/\/lagranjafoods.com\/fr\/produit\/marlona-classic-mix-praline-praline-noir-et-caramel\/#breadcrumb"},"inLanguage":"fr-FR","potentialAction":[{"@type":"ReadAction","target":["https:\/\/lagranjafoods.com\/fr\/produit\/marlona-classic-mix-praline-praline-noir-et-caramel\/"]}]},{"@type":"ImageObject","inLanguage":"fr-FR","@id":"https:\/\/lagranjafoods.com\/fr\/produit\/marlona-classic-mix-praline-praline-noir-et-caramel\/#primaryimage","url":"https:\/\/lagranjafoods.com\/wp-content\/uploads\/236.png","contentUrl":"https:\/\/lagranjafoods.com\/wp-content\/uploads\/236.png","width":1692,"height":2022},{"@type":"BreadcrumbList","@id":"https:\/\/lagranjafoods.com\/fr\/produit\/marlona-classic-mix-praline-praline-noir-et-caramel\/#breadcrumb","itemListElement":[{"@type":"ListItem","position":1,"name":"Portada","item":"https:\/\/lagranjafoods.com\/fr\/"},{"@type":"ListItem","position":2,"name":"Produits","item":"https:\/\/lagranjafoods.com\/fr\/produits\/"},{"@type":"ListItem","position":3,"name":"Marlona Classic Mix Pralin\u00e9, Pralin\u00e9 Noir et Caramel"}]},{"@type":"WebSite","@id":"https:\/\/lagranjafoods.com\/fr\/#website","url":"https:\/\/lagranjafoods.com\/fr\/","name":"La Granja Foods","description":"\u00a1Benvinguts a La Granja! Qualitat, sabor i frescor des de 1959.","publisher":{"@id":"https:\/\/lagranjafoods.com\/fr\/#organization"},"potentialAction":[{"@type":"SearchAction","target":{"@type":"EntryPoint","urlTemplate":"https:\/\/lagranjafoods.com\/fr\/?s={search_term_string}"},"query-input":{"@type":"PropertyValueSpecification","valueRequired":true,"valueName":"search_term_string"}}],"inLanguage":"fr-FR"},{"@type":"Organization","@id":"https:\/\/lagranjafoods.com\/fr\/#organization","name":"La Granja Foods","url":"https:\/\/lagranjafoods.com\/fr\/","logo":{"@type":"ImageObject","inLanguage":"fr-FR","@id":"https:\/\/lagranjafoods.com\/fr\/#\/schema\/logo\/image\/","url":"https:\/\/lagranjafoods.com\/wp-content\/uploads\/logo-lagranjafoods.png","contentUrl":"https:\/\/lagranjafoods.com\/wp-content\/uploads\/logo-lagranjafoods.png","width":539,"height":158,"caption":"La Granja Foods "},"image":{"@id":"https:\/\/lagranjafoods.com\/fr\/#\/schema\/logo\/image\/"}}]}},"_links":{"self":[{"href":"https:\/\/lagranjafoods.com\/fr\/wp-json\/wp\/v2\/product\/44813","targetHints":{"allow":["GET"]}}],"collection":[{"href":"https:\/\/lagranjafoods.com\/fr\/wp-json\/wp\/v2\/product"}],"about":[{"href":"https:\/\/lagranjafoods.com\/fr\/wp-json\/wp\/v2\/types\/product"}],"replies":[{"embeddable":true,"href":"https:\/\/lagranjafoods.com\/fr\/wp-json\/wp\/v2\/comments?post=44813"}],"wp:featuredmedia":[{"embeddable":true,"href":"https:\/\/lagranjafoods.com\/fr\/wp-json\/wp\/v2\/media\/44814"}],"wp:attachment":[{"href":"https:\/\/lagranjafoods.com\/fr\/wp-json\/wp\/v2\/media?parent=44813"}],"wp:term":[{"taxonomy":"product_cat","embeddable":true,"href":"https:\/\/lagranjafoods.com\/fr\/wp-json\/wp\/v2\/product_cat?post=44813"},{"taxonomy":"product_tag","embeddable":true,"href":"https:\/\/lagranjafoods.com\/fr\/wp-json\/wp\/v2\/product_tag?post=44813"}],"curies":[{"name":"wp","href":"https:\/\/api.w.org\/{rel}","templated":true}]}}