{"id":44778,"date":"2026-05-08T10:17:50","date_gmt":"2026-05-08T08:17:50","guid":{"rendered":"http:\/\/lagranjafoods.com\/product\/cafe-novell-moulu-ristretto-zero-dechet\/"},"modified":"2026-05-20T16:06:42","modified_gmt":"2026-05-20T14:06:42","slug":"cafe-novell-moulu-ristretto-zero-dechet","status":"publish","type":"product","link":"https:\/\/lagranjafoods.com\/fr\/produit\/cafe-novell-moulu-ristretto-zero-dechet\/","title":{"rendered":"Caf\u00e9 Novell Moulu Ristretto Z\u00e9ro D\u00e9chet"},"content":{"rendered":"<p>Caf\u00e9 Novell Moulu Ristretto Z\u00e9ro D\u00e9chet. Chez La Granja Foods, nous sommes ravis de collaborer avec <a href=\"https:\/\/cafesnovell.com\/\">Caf\u00e9s Novell. <\/a> C&rsquo;est une entreprise reconnue pour sa tradition, son innovation et son excellence dans l&rsquo;\u00e9laboration de caf\u00e9 de haute qualit\u00e9. <\/p>\n<p>Forte d\u2019une longue exp\u00e9rience, Caf\u00e9s Novell a gagn\u00e9 la reconnaissance des amateurs de caf\u00e9 gr\u00e2ce \u00e0 son engagement pour un go\u00fbt authentique, la durabilit\u00e9 et le soin apport\u00e9 \u00e0 chaque \u00e9tape du processus de production.<\/p>\n<p data-start=\"385\" data-end=\"764\">Vous pouvez trouver dans notre boutique en ligne une s\u00e9lection des meilleurs produits Caf\u00e9s Novell. Nous souhaitons vous offrir l\u2019opportunit\u00e9 de savourer des caf\u00e9s \u00e9labor\u00e9s \u00e0 partir de grains soigneusement s\u00e9lectionn\u00e9s et torr\u00e9fi\u00e9s avec pr\u00e9cision, avec l\u2019affection et l\u2019expertise qui caract\u00e9risent cette marque. Nous sommes certains que chaque tasse vous transportera vers l\u2019essence authentique du bon caf\u00e9.  <\/p>\n<p>Caf\u00e9 biologique en grains, torr\u00e9faction naturelle, avec emballage 100 % recyclable. Pour les amateurs de caf\u00e9 tr\u00e8s torr\u00e9fi\u00e9. Convient \u00e0 tous types de pr\u00e9parations : Espresso, Moka, Chemex, V60, etc. La vari\u00e9t\u00e9 Ristretto propose un blend de caf\u00e9s biologiques, pouss\u00e9 \u00e0 une torr\u00e9faction extr\u00eame pour s\u00e9duire ceux qui recherchent un caf\u00e9 amer et cors\u00e9. De l\u00e9g\u00e8res notes fum\u00e9es, la pr\u00e9sence de cacao pur, des touches de r\u00e9glisse et un souvenir de stout de pub d\u00e9finissent cette tasse de caf\u00e9 torr\u00e9fi\u00e9e par le diable.    <\/p>\n","protected":false},"excerpt":{"rendered":"<p data-start=\"0\" data-end=\"71\">Caf\u00e9 biologique en grains de torr\u00e9faction naturelle, avec un emballage 100 % recyclable. La vari\u00e9t\u00e9 Ristretto est un m\u00e9lange de caf\u00e9s biologiques avec une torr\u00e9faction extr\u00eame, con\u00e7ue pour ceux qui recherchent un caf\u00e9 amer et tr\u00e8s cors\u00e9, avec de l\u00e9g\u00e8res notes fum\u00e9es, du cacao pur, des touches de r\u00e9glisse et un souvenir de bi\u00e8re noire de pub. Parfait pour les amateurs de caf\u00e9 le plus torr\u00e9fi\u00e9 et adapt\u00e9 \u00e0 tous types de pr\u00e9parations : Espresso, Moka, Chemex, V60, etc.  <\/p>\n<p data-start=\"435\" data-end=\"647\" data-is-last-node=\"\" data-is-only-node=\"\">250 g de caf\u00e9 certifi\u00e9 biologique en grains. Emballage mono-mat\u00e9riau en PE 100 % recyclable (sachet et valve), pour une consommation responsable. Sans allerg\u00e8nes.  <\/p>\n","protected":false},"featured_media":44780,"comment_status":"closed","ping_status":"closed","template":"","meta":{"_acf_changed":false},"product_cat":[805],"product_tag":[],"class_list":["post-44778","product","type-product","status-publish","has-post-thumbnail","product_cat-marques-partenaires","pa_marca-cafes-novell","first","instock","taxable","shipping-taxable","purchasable","product-type-simple"],"acf":[],"yoast_head":"<!-- This site is optimized with the Yoast SEO plugin v28.3 - https:\/\/yoast.com\/product\/yoast-seo-wordpress\/ -->\n<title>Caf\u00e9 Novell Moulu Ristretto Z\u00e9ro D\u00e9chet - La Granja Foods<\/title>\n<meta name=\"description\" content=\"Savourez le caf\u00e9 moulu Ristretto Z\u00e9ro D\u00e9chet de Novell, id\u00e9al pour tous types de pr\u00e9parations. Pour les amateurs de caf\u00e9 torr\u00e9fi\u00e9.\" \/>\n<meta name=\"robots\" content=\"index, follow, max-snippet:-1, max-image-preview:large, max-video-preview:-1\" \/>\n<link rel=\"canonical\" href=\"https:\/\/lagranjafoods.com\/fr\/produit\/cafe-novell-moulu-ristretto-zero-dechet\/\" \/>\n<meta property=\"og:locale\" content=\"fr_FR\" \/>\n<meta property=\"og:type\" content=\"article\" \/>\n<meta property=\"og:title\" content=\"Caf\u00e9 Novell Moulu Ristretto Z\u00e9ro D\u00e9chet - La Granja Foods\" \/>\n<meta property=\"og:description\" content=\"Savourez le caf\u00e9 moulu Ristretto Z\u00e9ro D\u00e9chet de Novell, id\u00e9al pour tous types de pr\u00e9parations. Pour les amateurs de caf\u00e9 torr\u00e9fi\u00e9.\" \/>\n<meta property=\"og:url\" content=\"https:\/\/lagranjafoods.com\/fr\/produit\/cafe-novell-moulu-ristretto-zero-dechet\/\" \/>\n<meta property=\"og:site_name\" content=\"La Granja Foods\" \/>\n<meta property=\"article:modified_time\" content=\"2026-05-20T14:06:42+00:00\" \/>\n<meta property=\"og:image\" content=\"https:\/\/lagranjafoods.com\/wp-content\/uploads\/Cafe-molt.png\" \/>\n\t<meta property=\"og:image:width\" content=\"902\" \/>\n\t<meta property=\"og:image:height\" content=\"1106\" \/>\n\t<meta property=\"og:image:type\" content=\"image\/png\" \/>\n<meta name=\"twitter:card\" content=\"summary_large_image\" \/>\n<meta name=\"twitter:label1\" content=\"Dur\u00e9e de lecture estim\u00e9e\" \/>\n\t<meta name=\"twitter:data1\" content=\"1 minute\" \/>\n<script type=\"application\/ld+json\" class=\"yoast-schema-graph\">{\"@context\":\"https:\\\/\\\/schema.org\",\"@graph\":[{\"@type\":\"WebPage\",\"@id\":\"https:\\\/\\\/lagranjafoods.com\\\/fr\\\/produit\\\/cafe-novell-moulu-ristretto-zero-dechet\\\/\",\"url\":\"https:\\\/\\\/lagranjafoods.com\\\/fr\\\/produit\\\/cafe-novell-moulu-ristretto-zero-dechet\\\/\",\"name\":\"Caf\u00e9 Novell Moulu Ristretto Z\u00e9ro D\u00e9chet - La Granja Foods\",\"isPartOf\":{\"@id\":\"https:\\\/\\\/lagranjafoods.com\\\/fr\\\/#website\"},\"primaryImageOfPage\":{\"@id\":\"https:\\\/\\\/lagranjafoods.com\\\/fr\\\/produit\\\/cafe-novell-moulu-ristretto-zero-dechet\\\/#primaryimage\"},\"image\":{\"@id\":\"https:\\\/\\\/lagranjafoods.com\\\/fr\\\/produit\\\/cafe-novell-moulu-ristretto-zero-dechet\\\/#primaryimage\"},\"thumbnailUrl\":\"https:\\\/\\\/lagranjafoods.com\\\/wp-content\\\/uploads\\\/Cafe-molt.png\",\"datePublished\":\"2026-05-08T08:17:50+00:00\",\"dateModified\":\"2026-05-20T14:06:42+00:00\",\"description\":\"Savourez le caf\u00e9 moulu Ristretto Z\u00e9ro D\u00e9chet de Novell, id\u00e9al pour tous types de pr\u00e9parations. Pour les amateurs de caf\u00e9 torr\u00e9fi\u00e9.\",\"breadcrumb\":{\"@id\":\"https:\\\/\\\/lagranjafoods.com\\\/fr\\\/produit\\\/cafe-novell-moulu-ristretto-zero-dechet\\\/#breadcrumb\"},\"inLanguage\":\"fr-FR\",\"potentialAction\":[{\"@type\":\"ReadAction\",\"target\":[\"https:\\\/\\\/lagranjafoods.com\\\/fr\\\/produit\\\/cafe-novell-moulu-ristretto-zero-dechet\\\/\"]}]},{\"@type\":\"ImageObject\",\"inLanguage\":\"fr-FR\",\"@id\":\"https:\\\/\\\/lagranjafoods.com\\\/fr\\\/produit\\\/cafe-novell-moulu-ristretto-zero-dechet\\\/#primaryimage\",\"url\":\"https:\\\/\\\/lagranjafoods.com\\\/wp-content\\\/uploads\\\/Cafe-molt.png\",\"contentUrl\":\"https:\\\/\\\/lagranjafoods.com\\\/wp-content\\\/uploads\\\/Cafe-molt.png\",\"width\":902,\"height\":1106},{\"@type\":\"BreadcrumbList\",\"@id\":\"https:\\\/\\\/lagranjafoods.com\\\/fr\\\/produit\\\/cafe-novell-moulu-ristretto-zero-dechet\\\/#breadcrumb\",\"itemListElement\":[{\"@type\":\"ListItem\",\"position\":1,\"name\":\"Portada\",\"item\":\"https:\\\/\\\/lagranjafoods.com\\\/fr\\\/\"},{\"@type\":\"ListItem\",\"position\":2,\"name\":\"Produits\",\"item\":\"https:\\\/\\\/lagranjafoods.com\\\/fr\\\/produits\\\/\"},{\"@type\":\"ListItem\",\"position\":3,\"name\":\"Caf\u00e9 Novell Moulu Ristretto Z\u00e9ro D\u00e9chet\"}]},{\"@type\":\"WebSite\",\"@id\":\"https:\\\/\\\/lagranjafoods.com\\\/fr\\\/#website\",\"url\":\"https:\\\/\\\/lagranjafoods.com\\\/fr\\\/\",\"name\":\"La Granja Foods\",\"description\":\"\u00a1Benvinguts a La Granja! Qualitat, sabor i frescor des de 1959.\",\"publisher\":{\"@id\":\"https:\\\/\\\/lagranjafoods.com\\\/fr\\\/#organization\"},\"potentialAction\":[{\"@type\":\"SearchAction\",\"target\":{\"@type\":\"EntryPoint\",\"urlTemplate\":\"https:\\\/\\\/lagranjafoods.com\\\/fr\\\/?s={search_term_string}\"},\"query-input\":{\"@type\":\"PropertyValueSpecification\",\"valueRequired\":true,\"valueName\":\"search_term_string\"}}],\"inLanguage\":\"fr-FR\"},{\"@type\":\"Organization\",\"@id\":\"https:\\\/\\\/lagranjafoods.com\\\/fr\\\/#organization\",\"name\":\"La Granja Foods\",\"url\":\"https:\\\/\\\/lagranjafoods.com\\\/fr\\\/\",\"logo\":{\"@type\":\"ImageObject\",\"inLanguage\":\"fr-FR\",\"@id\":\"https:\\\/\\\/lagranjafoods.com\\\/fr\\\/#\\\/schema\\\/logo\\\/image\\\/\",\"url\":\"https:\\\/\\\/lagranjafoods.com\\\/wp-content\\\/uploads\\\/logo-lagranjafoods.png\",\"contentUrl\":\"https:\\\/\\\/lagranjafoods.com\\\/wp-content\\\/uploads\\\/logo-lagranjafoods.png\",\"width\":539,\"height\":158,\"caption\":\"La Granja Foods \"},\"image\":{\"@id\":\"https:\\\/\\\/lagranjafoods.com\\\/fr\\\/#\\\/schema\\\/logo\\\/image\\\/\"}}]}<\/script>\n<!-- \/ Yoast SEO plugin. -->","yoast_head_json":{"title":"Caf\u00e9 Novell Moulu Ristretto Z\u00e9ro D\u00e9chet - La Granja Foods","description":"Savourez le caf\u00e9 moulu Ristretto Z\u00e9ro D\u00e9chet de Novell, id\u00e9al pour tous types de pr\u00e9parations. Pour les amateurs de caf\u00e9 torr\u00e9fi\u00e9.","robots":{"index":"index","follow":"follow","max-snippet":"max-snippet:-1","max-image-preview":"max-image-preview:large","max-video-preview":"max-video-preview:-1"},"canonical":"https:\/\/lagranjafoods.com\/fr\/produit\/cafe-novell-moulu-ristretto-zero-dechet\/","og_locale":"fr_FR","og_type":"article","og_title":"Caf\u00e9 Novell Moulu Ristretto Z\u00e9ro D\u00e9chet - La Granja Foods","og_description":"Savourez le caf\u00e9 moulu Ristretto Z\u00e9ro D\u00e9chet de Novell, id\u00e9al pour tous types de pr\u00e9parations. Pour les amateurs de caf\u00e9 torr\u00e9fi\u00e9.","og_url":"https:\/\/lagranjafoods.com\/fr\/produit\/cafe-novell-moulu-ristretto-zero-dechet\/","og_site_name":"La Granja Foods","article_modified_time":"2026-05-20T14:06:42+00:00","og_image":[{"width":902,"height":1106,"url":"https:\/\/lagranjafoods.com\/wp-content\/uploads\/Cafe-molt.png","type":"image\/png"}],"twitter_card":"summary_large_image","twitter_misc":{"Dur\u00e9e de lecture estim\u00e9e":"1 minute"},"schema":{"@context":"https:\/\/schema.org","@graph":[{"@type":"WebPage","@id":"https:\/\/lagranjafoods.com\/fr\/produit\/cafe-novell-moulu-ristretto-zero-dechet\/","url":"https:\/\/lagranjafoods.com\/fr\/produit\/cafe-novell-moulu-ristretto-zero-dechet\/","name":"Caf\u00e9 Novell Moulu Ristretto Z\u00e9ro D\u00e9chet - La Granja Foods","isPartOf":{"@id":"https:\/\/lagranjafoods.com\/fr\/#website"},"primaryImageOfPage":{"@id":"https:\/\/lagranjafoods.com\/fr\/produit\/cafe-novell-moulu-ristretto-zero-dechet\/#primaryimage"},"image":{"@id":"https:\/\/lagranjafoods.com\/fr\/produit\/cafe-novell-moulu-ristretto-zero-dechet\/#primaryimage"},"thumbnailUrl":"https:\/\/lagranjafoods.com\/wp-content\/uploads\/Cafe-molt.png","datePublished":"2026-05-08T08:17:50+00:00","dateModified":"2026-05-20T14:06:42+00:00","description":"Savourez le caf\u00e9 moulu Ristretto Z\u00e9ro D\u00e9chet de Novell, id\u00e9al pour tous types de pr\u00e9parations. Pour les amateurs de caf\u00e9 torr\u00e9fi\u00e9.","breadcrumb":{"@id":"https:\/\/lagranjafoods.com\/fr\/produit\/cafe-novell-moulu-ristretto-zero-dechet\/#breadcrumb"},"inLanguage":"fr-FR","potentialAction":[{"@type":"ReadAction","target":["https:\/\/lagranjafoods.com\/fr\/produit\/cafe-novell-moulu-ristretto-zero-dechet\/"]}]},{"@type":"ImageObject","inLanguage":"fr-FR","@id":"https:\/\/lagranjafoods.com\/fr\/produit\/cafe-novell-moulu-ristretto-zero-dechet\/#primaryimage","url":"https:\/\/lagranjafoods.com\/wp-content\/uploads\/Cafe-molt.png","contentUrl":"https:\/\/lagranjafoods.com\/wp-content\/uploads\/Cafe-molt.png","width":902,"height":1106},{"@type":"BreadcrumbList","@id":"https:\/\/lagranjafoods.com\/fr\/produit\/cafe-novell-moulu-ristretto-zero-dechet\/#breadcrumb","itemListElement":[{"@type":"ListItem","position":1,"name":"Portada","item":"https:\/\/lagranjafoods.com\/fr\/"},{"@type":"ListItem","position":2,"name":"Produits","item":"https:\/\/lagranjafoods.com\/fr\/produits\/"},{"@type":"ListItem","position":3,"name":"Caf\u00e9 Novell Moulu Ristretto Z\u00e9ro D\u00e9chet"}]},{"@type":"WebSite","@id":"https:\/\/lagranjafoods.com\/fr\/#website","url":"https:\/\/lagranjafoods.com\/fr\/","name":"La Granja Foods","description":"\u00a1Benvinguts a La Granja! Qualitat, sabor i frescor des de 1959.","publisher":{"@id":"https:\/\/lagranjafoods.com\/fr\/#organization"},"potentialAction":[{"@type":"SearchAction","target":{"@type":"EntryPoint","urlTemplate":"https:\/\/lagranjafoods.com\/fr\/?s={search_term_string}"},"query-input":{"@type":"PropertyValueSpecification","valueRequired":true,"valueName":"search_term_string"}}],"inLanguage":"fr-FR"},{"@type":"Organization","@id":"https:\/\/lagranjafoods.com\/fr\/#organization","name":"La Granja Foods","url":"https:\/\/lagranjafoods.com\/fr\/","logo":{"@type":"ImageObject","inLanguage":"fr-FR","@id":"https:\/\/lagranjafoods.com\/fr\/#\/schema\/logo\/image\/","url":"https:\/\/lagranjafoods.com\/wp-content\/uploads\/logo-lagranjafoods.png","contentUrl":"https:\/\/lagranjafoods.com\/wp-content\/uploads\/logo-lagranjafoods.png","width":539,"height":158,"caption":"La Granja Foods "},"image":{"@id":"https:\/\/lagranjafoods.com\/fr\/#\/schema\/logo\/image\/"}}]}},"_links":{"self":[{"href":"https:\/\/lagranjafoods.com\/fr\/wp-json\/wp\/v2\/product\/44778","targetHints":{"allow":["GET"]}}],"collection":[{"href":"https:\/\/lagranjafoods.com\/fr\/wp-json\/wp\/v2\/product"}],"about":[{"href":"https:\/\/lagranjafoods.com\/fr\/wp-json\/wp\/v2\/types\/product"}],"replies":[{"embeddable":true,"href":"https:\/\/lagranjafoods.com\/fr\/wp-json\/wp\/v2\/comments?post=44778"}],"wp:featuredmedia":[{"embeddable":true,"href":"https:\/\/lagranjafoods.com\/fr\/wp-json\/wp\/v2\/media\/44780"}],"wp:attachment":[{"href":"https:\/\/lagranjafoods.com\/fr\/wp-json\/wp\/v2\/media?parent=44778"}],"wp:term":[{"taxonomy":"product_cat","embeddable":true,"href":"https:\/\/lagranjafoods.com\/fr\/wp-json\/wp\/v2\/product_cat?post=44778"},{"taxonomy":"product_tag","embeddable":true,"href":"https:\/\/lagranjafoods.com\/fr\/wp-json\/wp\/v2\/product_tag?post=44778"}],"curies":[{"name":"wp","href":"https:\/\/api.w.org\/{rel}","templated":true}]}}