{"id":47459,"date":"2024-04-04T10:23:44","date_gmt":"2024-04-04T08:23:44","guid":{"rendered":"http:\/\/lagranjafoods.com\/nous-durabilite\/"},"modified":"2026-05-21T11:03:41","modified_gmt":"2026-05-21T09:03:41","slug":"nous-durabilite","status":"publish","type":"page","link":"https:\/\/lagranjafoods.com\/fr\/nous-durabilite\/","title":{"rendered":"Nous. Durabilit\u00e9"},"content":{"rendered":"\n<h2>Initiatives visant \u00e0 minimiser l\u2019impact environnemental<\/h2>\n<p class=\"text-important\">Chez La Granja, nous envisageons et mettons en \u0153uvre toute une s\u00e9rie de changements pour mettre en pratique notre engagement environnemental dans tout ce qui est en notre pouvoir.<\/p>\n<hr>\n<p>Exemples r\u00e9cents de notre objectif de durabilit\u00e9 maximale :<\/p>\n<h3>Utilisation du papier certifi\u00e9 FSC<\/h3>\n<p>Une caract\u00e9ristique qui identifie tous les produits La Granja est le carton pli\u00e9 ou le chevalet plac\u00e9 sur nos sacs. Le bois dont provient ce carton provient de for\u00eats g\u00e9r\u00e9es selon les crit\u00e8res du Conseil de Gestion des For\u00eats (FSC), qui certifie qu\u2019il a \u00e9t\u00e9 obtenu dans le cadre de mesures de gestion foresti\u00e8re durable non seulement sur les plans \u00e9cologiques, mais aussi sociaux et \u00e9conomiques. Pour sa part, dans le cas du carton recycl\u00e9, du papier r\u00e9cup\u00e9r\u00e9 ou des fibres de carton sont utilis\u00e9s comme mati\u00e8re premi\u00e8re  <\/p>\n<h3>Utilisation du plastique recyclable<\/h3>\n<p>Chez La Granja, nous avons toujours voulu que nos consommateurs puissent voir, dans leurs sacs transparents, le produit qu\u2019ils vont acheter. Heureusement, aujourd\u2019hui, nous pouvons rendre cette caract\u00e9ristique tr\u00e8s pr\u00e9cieuse compatible avec le respect de l\u2019environnement, en utilisant un mat\u00e9riau recyclable pour pouvoir la r\u00e9utiliser et lui donner une seconde vie.   <\/p>\n<h3>Utilisation des panneaux solaires<\/h3>\n<p>Nous avons mis en \u0153uvre un changement important pour am\u00e9liorer la durabilit\u00e9 environnementale en r\u00e9novant nos installations. L\u2019\u00e9nergie n\u00e9cessaire \u00e0 la production de tous nos produits devient plus \u00e9cologique et plus propre, gr\u00e2ce \u00e0 l\u2019installation de panneaux solaires. <\/p>\n","protected":false},"excerpt":{"rendered":"<p>Initiatives visant \u00e0 minimiser l\u2019impact environnemental Chez La Granja, nous envisageons et mettons en \u0153uvre toute une s\u00e9rie de changements pour mettre en pratique notre engagement environnemental dans tout ce &hellip;<\/p>\n","protected":false},"author":1,"featured_media":47460,"parent":0,"menu_order":0,"comment_status":"closed","ping_status":"closed","template":"page-templates\/page-text-image.php","meta":{"_acf_changed":false,"footnotes":""},"class_list":["post-47459","page","type-page","status-publish","has-post-thumbnail","hentry"],"acf":[],"yoast_head":"<!-- This site is optimized with the Yoast SEO plugin v28.3 - https:\/\/yoast.com\/product\/yoast-seo-wordpress\/ -->\n<title>Nous. Durabilit\u00e9 - La Granja Foods<\/title>\n<meta name=\"description\" content=\"Initiatives visant \u00e0 minimiser l\u2019impact environnemental Chez La Granja, nous envisageons et mettons en \u0153uvre toute une s\u00e9rie de changements pour mettre en\" \/>\n<meta name=\"robots\" content=\"index, follow, max-snippet:-1, max-image-preview:large, max-video-preview:-1\" \/>\n<link rel=\"canonical\" href=\"https:\/\/lagranjafoods.com\/fr\/nous-durabilite\/\" \/>\n<meta property=\"og:locale\" content=\"fr_FR\" \/>\n<meta property=\"og:type\" content=\"article\" \/>\n<meta property=\"og:title\" content=\"Nous. Durabilit\u00e9 - La Granja Foods\" \/>\n<meta property=\"og:description\" content=\"Initiatives visant \u00e0 minimiser l\u2019impact environnemental Chez La Granja, nous envisageons et mettons en \u0153uvre toute une s\u00e9rie de changements pour mettre en\" \/>\n<meta property=\"og:url\" content=\"https:\/\/lagranjafoods.com\/fr\/nous-durabilite\/\" \/>\n<meta property=\"og:site_name\" content=\"La Granja Foods\" \/>\n<meta property=\"article:modified_time\" content=\"2026-05-21T09:03:41+00:00\" \/>\n<meta property=\"og:image\" content=\"https:\/\/lagranjafoods.com\/wp-content\/uploads\/img-nosotros-sostenibilidad.webp\" \/>\n\t<meta property=\"og:image:width\" content=\"1800\" \/>\n\t<meta property=\"og:image:height\" content=\"1800\" \/>\n\t<meta property=\"og:image:type\" content=\"image\/webp\" \/>\n<meta name=\"twitter:card\" content=\"summary_large_image\" \/>\n<meta name=\"twitter:label1\" content=\"Dur\u00e9e de lecture estim\u00e9e\" \/>\n\t<meta name=\"twitter:data1\" content=\"1 minute\" \/>\n<script type=\"application\/ld+json\" class=\"yoast-schema-graph\">{\"@context\":\"https:\\\/\\\/schema.org\",\"@graph\":[{\"@type\":\"WebPage\",\"@id\":\"https:\\\/\\\/lagranjafoods.com\\\/fr\\\/nous-durabilite\\\/\",\"url\":\"https:\\\/\\\/lagranjafoods.com\\\/fr\\\/nous-durabilite\\\/\",\"name\":\"Nous. Durabilit\u00e9 - La Granja Foods\",\"isPartOf\":{\"@id\":\"https:\\\/\\\/lagranjafoods.com\\\/fr\\\/#website\"},\"primaryImageOfPage\":{\"@id\":\"https:\\\/\\\/lagranjafoods.com\\\/fr\\\/nous-durabilite\\\/#primaryimage\"},\"image\":{\"@id\":\"https:\\\/\\\/lagranjafoods.com\\\/fr\\\/nous-durabilite\\\/#primaryimage\"},\"thumbnailUrl\":\"https:\\\/\\\/lagranjafoods.com\\\/wp-content\\\/uploads\\\/img-nosotros-sostenibilidad.webp\",\"datePublished\":\"2024-04-04T08:23:44+00:00\",\"dateModified\":\"2026-05-21T09:03:41+00:00\",\"description\":\"Initiatives visant \u00e0 minimiser l\u2019impact environnemental Chez La Granja, nous envisageons et mettons en \u0153uvre toute une s\u00e9rie de changements pour mettre en\",\"breadcrumb\":{\"@id\":\"https:\\\/\\\/lagranjafoods.com\\\/fr\\\/nous-durabilite\\\/#breadcrumb\"},\"inLanguage\":\"fr-FR\",\"potentialAction\":[{\"@type\":\"ReadAction\",\"target\":[\"https:\\\/\\\/lagranjafoods.com\\\/fr\\\/nous-durabilite\\\/\"]}]},{\"@type\":\"ImageObject\",\"inLanguage\":\"fr-FR\",\"@id\":\"https:\\\/\\\/lagranjafoods.com\\\/fr\\\/nous-durabilite\\\/#primaryimage\",\"url\":\"https:\\\/\\\/lagranjafoods.com\\\/wp-content\\\/uploads\\\/img-nosotros-sostenibilidad.webp\",\"contentUrl\":\"https:\\\/\\\/lagranjafoods.com\\\/wp-content\\\/uploads\\\/img-nosotros-sostenibilidad.webp\",\"width\":1800,\"height\":1800},{\"@type\":\"BreadcrumbList\",\"@id\":\"https:\\\/\\\/lagranjafoods.com\\\/fr\\\/nous-durabilite\\\/#breadcrumb\",\"itemListElement\":[{\"@type\":\"ListItem\",\"position\":1,\"name\":\"Portada\",\"item\":\"https:\\\/\\\/lagranjafoods.com\\\/fr\\\/\"},{\"@type\":\"ListItem\",\"position\":2,\"name\":\"Nous. Durabilit\u00e9\"}]},{\"@type\":\"WebSite\",\"@id\":\"https:\\\/\\\/lagranjafoods.com\\\/fr\\\/#website\",\"url\":\"https:\\\/\\\/lagranjafoods.com\\\/fr\\\/\",\"name\":\"La Granja Foods\",\"description\":\"\u00a1Benvinguts a La Granja! Qualitat, sabor i frescor des de 1959.\",\"publisher\":{\"@id\":\"https:\\\/\\\/lagranjafoods.com\\\/fr\\\/#organization\"},\"potentialAction\":[{\"@type\":\"SearchAction\",\"target\":{\"@type\":\"EntryPoint\",\"urlTemplate\":\"https:\\\/\\\/lagranjafoods.com\\\/fr\\\/?s={search_term_string}\"},\"query-input\":{\"@type\":\"PropertyValueSpecification\",\"valueRequired\":true,\"valueName\":\"search_term_string\"}}],\"inLanguage\":\"fr-FR\"},{\"@type\":\"Organization\",\"@id\":\"https:\\\/\\\/lagranjafoods.com\\\/fr\\\/#organization\",\"name\":\"La Granja Foods\",\"url\":\"https:\\\/\\\/lagranjafoods.com\\\/fr\\\/\",\"logo\":{\"@type\":\"ImageObject\",\"inLanguage\":\"fr-FR\",\"@id\":\"https:\\\/\\\/lagranjafoods.com\\\/fr\\\/#\\\/schema\\\/logo\\\/image\\\/\",\"url\":\"https:\\\/\\\/lagranjafoods.com\\\/wp-content\\\/uploads\\\/logo-lagranjafoods.png\",\"contentUrl\":\"https:\\\/\\\/lagranjafoods.com\\\/wp-content\\\/uploads\\\/logo-lagranjafoods.png\",\"width\":539,\"height\":158,\"caption\":\"La Granja Foods \"},\"image\":{\"@id\":\"https:\\\/\\\/lagranjafoods.com\\\/fr\\\/#\\\/schema\\\/logo\\\/image\\\/\"}}]}<\/script>\n<!-- \/ Yoast SEO plugin. -->","yoast_head_json":{"title":"Nous. Durabilit\u00e9 - La Granja Foods","description":"Initiatives visant \u00e0 minimiser l\u2019impact environnemental Chez La Granja, nous envisageons et mettons en \u0153uvre toute une s\u00e9rie de changements pour mettre en","robots":{"index":"index","follow":"follow","max-snippet":"max-snippet:-1","max-image-preview":"max-image-preview:large","max-video-preview":"max-video-preview:-1"},"canonical":"https:\/\/lagranjafoods.com\/fr\/nous-durabilite\/","og_locale":"fr_FR","og_type":"article","og_title":"Nous. Durabilit\u00e9 - La Granja Foods","og_description":"Initiatives visant \u00e0 minimiser l\u2019impact environnemental Chez La Granja, nous envisageons et mettons en \u0153uvre toute une s\u00e9rie de changements pour mettre en","og_url":"https:\/\/lagranjafoods.com\/fr\/nous-durabilite\/","og_site_name":"La Granja Foods","article_modified_time":"2026-05-21T09:03:41+00:00","og_image":[{"width":1800,"height":1800,"url":"https:\/\/lagranjafoods.com\/wp-content\/uploads\/img-nosotros-sostenibilidad.webp","type":"image\/webp"}],"twitter_card":"summary_large_image","twitter_misc":{"Dur\u00e9e de lecture estim\u00e9e":"1 minute"},"schema":{"@context":"https:\/\/schema.org","@graph":[{"@type":"WebPage","@id":"https:\/\/lagranjafoods.com\/fr\/nous-durabilite\/","url":"https:\/\/lagranjafoods.com\/fr\/nous-durabilite\/","name":"Nous. Durabilit\u00e9 - La Granja Foods","isPartOf":{"@id":"https:\/\/lagranjafoods.com\/fr\/#website"},"primaryImageOfPage":{"@id":"https:\/\/lagranjafoods.com\/fr\/nous-durabilite\/#primaryimage"},"image":{"@id":"https:\/\/lagranjafoods.com\/fr\/nous-durabilite\/#primaryimage"},"thumbnailUrl":"https:\/\/lagranjafoods.com\/wp-content\/uploads\/img-nosotros-sostenibilidad.webp","datePublished":"2024-04-04T08:23:44+00:00","dateModified":"2026-05-21T09:03:41+00:00","description":"Initiatives visant \u00e0 minimiser l\u2019impact environnemental Chez La Granja, nous envisageons et mettons en \u0153uvre toute une s\u00e9rie de changements pour mettre en","breadcrumb":{"@id":"https:\/\/lagranjafoods.com\/fr\/nous-durabilite\/#breadcrumb"},"inLanguage":"fr-FR","potentialAction":[{"@type":"ReadAction","target":["https:\/\/lagranjafoods.com\/fr\/nous-durabilite\/"]}]},{"@type":"ImageObject","inLanguage":"fr-FR","@id":"https:\/\/lagranjafoods.com\/fr\/nous-durabilite\/#primaryimage","url":"https:\/\/lagranjafoods.com\/wp-content\/uploads\/img-nosotros-sostenibilidad.webp","contentUrl":"https:\/\/lagranjafoods.com\/wp-content\/uploads\/img-nosotros-sostenibilidad.webp","width":1800,"height":1800},{"@type":"BreadcrumbList","@id":"https:\/\/lagranjafoods.com\/fr\/nous-durabilite\/#breadcrumb","itemListElement":[{"@type":"ListItem","position":1,"name":"Portada","item":"https:\/\/lagranjafoods.com\/fr\/"},{"@type":"ListItem","position":2,"name":"Nous. Durabilit\u00e9"}]},{"@type":"WebSite","@id":"https:\/\/lagranjafoods.com\/fr\/#website","url":"https:\/\/lagranjafoods.com\/fr\/","name":"La Granja Foods","description":"\u00a1Benvinguts a La Granja! Qualitat, sabor i frescor des de 1959.","publisher":{"@id":"https:\/\/lagranjafoods.com\/fr\/#organization"},"potentialAction":[{"@type":"SearchAction","target":{"@type":"EntryPoint","urlTemplate":"https:\/\/lagranjafoods.com\/fr\/?s={search_term_string}"},"query-input":{"@type":"PropertyValueSpecification","valueRequired":true,"valueName":"search_term_string"}}],"inLanguage":"fr-FR"},{"@type":"Organization","@id":"https:\/\/lagranjafoods.com\/fr\/#organization","name":"La Granja Foods","url":"https:\/\/lagranjafoods.com\/fr\/","logo":{"@type":"ImageObject","inLanguage":"fr-FR","@id":"https:\/\/lagranjafoods.com\/fr\/#\/schema\/logo\/image\/","url":"https:\/\/lagranjafoods.com\/wp-content\/uploads\/logo-lagranjafoods.png","contentUrl":"https:\/\/lagranjafoods.com\/wp-content\/uploads\/logo-lagranjafoods.png","width":539,"height":158,"caption":"La Granja Foods "},"image":{"@id":"https:\/\/lagranjafoods.com\/fr\/#\/schema\/logo\/image\/"}}]}},"_links":{"self":[{"href":"https:\/\/lagranjafoods.com\/fr\/wp-json\/wp\/v2\/pages\/47459","targetHints":{"allow":["GET"]}}],"collection":[{"href":"https:\/\/lagranjafoods.com\/fr\/wp-json\/wp\/v2\/pages"}],"about":[{"href":"https:\/\/lagranjafoods.com\/fr\/wp-json\/wp\/v2\/types\/page"}],"author":[{"embeddable":true,"href":"https:\/\/lagranjafoods.com\/fr\/wp-json\/wp\/v2\/users\/1"}],"replies":[{"embeddable":true,"href":"https:\/\/lagranjafoods.com\/fr\/wp-json\/wp\/v2\/comments?post=47459"}],"version-history":[{"count":0,"href":"https:\/\/lagranjafoods.com\/fr\/wp-json\/wp\/v2\/pages\/47459\/revisions"}],"wp:featuredmedia":[{"embeddable":true,"href":"https:\/\/lagranjafoods.com\/fr\/wp-json\/wp\/v2\/media\/47460"}],"wp:attachment":[{"href":"https:\/\/lagranjafoods.com\/fr\/wp-json\/wp\/v2\/media?parent=47459"}],"curies":[{"name":"wp","href":"https:\/\/api.w.org\/{rel}","templated":true}]}}