{"id":4435,"date":"2024-06-06T14:36:55","date_gmt":"2024-06-06T14:36:55","guid":{"rendered":"http:\/\/lagranjafoods.com\/product\/almendras-marconas-caramelizadas\/"},"modified":"2026-05-29T11:39:27","modified_gmt":"2026-05-29T09:39:27","slug":"almendras-marconas-caramelizadas","status":"publish","type":"product","link":"https:\/\/lagranjafoods.com\/es\/producto\/almendras-marconas-caramelizadas\/","title":{"rendered":"Almendras Marconas caramelizadas"},"content":{"rendered":"<p>Almendras Marconas caramelizadas.<a href=\"http:\/\/lagranjafoods.com\/nosotros-historia\/\">\u00a0En La Granja Foods<\/a>, nos apasiona ofrecerte lo mejor de la naturaleza y la tradici\u00f3n, por eso hemos decidido colaborar con <strong>Mels Alemany 1879<\/strong>, una empresa familiar con m\u00e1s de un siglo de historia en la producci\u00f3n de mieles artesanales de la m\u00e1s alta calidad. Fundada en 1879, Mels Alemany ha pasado de generaci\u00f3n en generaci\u00f3n perfeccionando el arte de la apicultura, con una dedicaci\u00f3n inigualable al cuidado de las abejas y al respeto por el entorno natural.<\/p>\n<p>Ahora, en nuestra tienda online, podr\u00e1s encontrar una selecci\u00f3n exclusiva de sus mieles, cada una con un sabor y una personalidad \u00fanica que refleja la riqueza de los paisajes de donde provienen. Desde la intensidad de la miel de bosque hasta la suavidad de la miel de flores, cada frasco cuenta con el sello de calidad de Mels Alemany.<\/p>\n<p>La <a href=\"https:\/\/alemany.com\/shop\/es\/10-comprar-miel\">miel<\/a> es nuestro rasgo diferencial, el ingrediente com\u00fan que hace de nuestros productos algo \u00fanico. Tradici\u00f3n en los <a href=\"https:\/\/alemany.com\/shop\/es\/11-turron-artesano\">turrones<\/a> e innovaci\u00f3n en la <a href=\"https:\/\/alemany.com\/shop\/es\/10-comprar-miel\">miel<\/a> configuran el Universo Alemany, un concepto que se inspira en nuestra forma de entender el mundo. Un mundo fundado por una mujer, la abuela Mundeta, y ocupado mayoritariamente por mujeres. Un mundo en el que las personas van por delante de las m\u00e1quinas. Y un mundo donde se respetan los ritmos y los tiempos de cocci\u00f3n y ejecuci\u00f3n de tareas y donde la cooperaci\u00f3n se erige como un valor al alza frente a la competitividad. Y es que el Universo Alemany gravita alrededor de sus valores, unos valores que han pasado de generaci\u00f3n en generaci\u00f3n desde finales del siglo XIX hasta la actualidad.<\/p>\n<p>Nuestra pasi\u00f3n por la <a href=\"https:\/\/alemany.com\/shop\/es\/10-comprar-miel\">miel<\/a> nos ha llevado a impulsar acciones diversas para polinizar a la opini\u00f3n p\u00fablica con la idea de la <a href=\"https:\/\/alemany.com\/shop\/es\/10-comprar-miel\">miel<\/a> como el dulce natural. Por eso, Ferran Alemany, gerente de la empresa, propugna la necesidad de un mundo m\u00e1s dulce y defiende firmemente que, si la <a href=\"https:\/\/alemany.com\/shop\/es\/10-comprar-miel\">miel<\/a> fue el primer dulce de la humanidad -aparece ya en las pinturas rupestres-, no hay duda que \u00absomos como somos gracias a la <a href=\"https:\/\/alemany.com\/shop\/es\/10-comprar-miel\">miel<\/a>\u00ab.<\/p>\n","protected":false},"excerpt":{"rendered":"<p>Te presentamos las Almendras Marconas Caramelizadas de la casa Alemany 1879.<\/p>\n<p>La almendra marcona, la mejor de las almendras y considerada uno de los tesoros del Mediterraneo y su gastronom\u00eda, junto con la miel de romero, hacen que de esta combinaci\u00f3n nazca una exquisita de almendra garrapi\u00f1ada.<\/p>\n<p>\u201c<b>En la l\u00ednea Premium Mediterranean Nuts seleccionamos la mejor, la m\u00e1s grande y la de m\u00e1s calidad. Almendras de la tierra que caramelizamos con nuestras propias mieles<\/b>\u201d.<\/p>\n<p>Producto libre de gluten y apto para cel\u00edacos.<\/p>\n<p style=\"text-align: center;\"><strong>Origen<\/strong><\/p>\n<p style=\"text-align: center;\">Catalu\u00f1a, Arag\u00f3n.<\/p>\n<p style=\"text-align: center;\"><strong>Color<\/strong><\/p>\n<p style=\"text-align: center;\">Caracter\u00edstico de la almendra tostada y del dulce del garrapi\u00f1ado.<\/p>\n<ul>\n<li aria-level=\"1\">Selecci\u00f3n premium miel del pa\u00eds<\/li>\n<li aria-level=\"1\">Great Taste Awards<\/li>\n<li aria-level=\"1\">Miel de romero de cosecha propia<\/li>\n<li aria-level=\"1\">Sin gluten<\/li>\n<\/ul>\n<p>Caja de 120 gr.<\/p>\n","protected":false},"featured_media":33261,"comment_status":"closed","ping_status":"closed","template":"","meta":{"_acf_changed":false},"product_cat":[94],"product_tag":[44],"class_list":["post-4435","product","type-product","status-publish","has-post-thumbnail","product_cat-marcas-amigas","product_tag-sin-gluten","pa_marca-la-granja","pa_marca-mieles-alemany-1879","pa_tipologia-frutos-secos","first","outofstock","taxable","shipping-taxable","purchasable","product-type-simple"],"acf":[],"yoast_head":"<!-- This site is optimized with the Yoast SEO plugin v28.3 - https:\/\/yoast.com\/product\/yoast-seo-wordpress\/ -->\n<title>Almendras Marconas caramelizadas - La Granja Foods<\/title>\n<meta name=\"description\" content=\"Almendras Marconas caramelizadas.\u00a0Nos apasiona ofrecerte lo mejor de la naturaleza y la tradici\u00f3n, por eso hemos decidido colaborar con Mels Alemany 1879.\" \/>\n<meta name=\"robots\" content=\"index, follow, max-snippet:-1, max-image-preview:large, max-video-preview:-1\" \/>\n<link rel=\"canonical\" href=\"https:\/\/lagranjafoods.com\/es\/producto\/almendras-marconas-caramelizadas\/\" \/>\n<meta property=\"og:locale\" content=\"es_ES\" \/>\n<meta property=\"og:type\" content=\"article\" \/>\n<meta property=\"og:title\" content=\"Almendras Marconas caramelizadas - La Granja Foods\" \/>\n<meta property=\"og:description\" content=\"Almendras Marconas caramelizadas.\u00a0Nos apasiona ofrecerte lo mejor de la naturaleza y la tradici\u00f3n, por eso hemos decidido colaborar con Mels Alemany 1879.\" \/>\n<meta property=\"og:url\" content=\"https:\/\/lagranjafoods.com\/es\/producto\/almendras-marconas-caramelizadas\/\" \/>\n<meta property=\"og:site_name\" content=\"La Granja Foods\" \/>\n<meta property=\"article:modified_time\" content=\"2026-05-29T09:39:27+00:00\" \/>\n<meta property=\"og:image\" content=\"https:\/\/lagranjafoods.com\/wp-content\/uploads\/Almendras-garrapinadas-2.jpg\" \/>\n\t<meta property=\"og:image:width\" content=\"1692\" \/>\n\t<meta property=\"og:image:height\" content=\"2022\" \/>\n\t<meta property=\"og:image:type\" content=\"image\/jpeg\" \/>\n<meta name=\"twitter:card\" content=\"summary_large_image\" \/>\n<meta name=\"twitter:label1\" content=\"Tiempo de lectura\" \/>\n\t<meta name=\"twitter:data1\" content=\"2 minuto\" \/>\n<script type=\"application\/ld+json\" class=\"yoast-schema-graph\">{\"@context\":\"https:\\\/\\\/schema.org\",\"@graph\":[{\"@type\":\"WebPage\",\"@id\":\"https:\\\/\\\/lagranjafoods.com\\\/es\\\/producto\\\/almendras-marconas-caramelizadas\\\/\",\"url\":\"https:\\\/\\\/lagranjafoods.com\\\/es\\\/producto\\\/almendras-marconas-caramelizadas\\\/\",\"name\":\"Almendras Marconas caramelizadas - La Granja Foods\",\"isPartOf\":{\"@id\":\"https:\\\/\\\/lagranjafoods.com\\\/es\\\/#website\"},\"primaryImageOfPage\":{\"@id\":\"https:\\\/\\\/lagranjafoods.com\\\/es\\\/producto\\\/almendras-marconas-caramelizadas\\\/#primaryimage\"},\"image\":{\"@id\":\"https:\\\/\\\/lagranjafoods.com\\\/es\\\/producto\\\/almendras-marconas-caramelizadas\\\/#primaryimage\"},\"thumbnailUrl\":\"https:\\\/\\\/lagranjafoods.com\\\/wp-content\\\/uploads\\\/Almendras-garrapinadas-2.jpg\",\"datePublished\":\"2024-06-06T14:36:55+00:00\",\"dateModified\":\"2026-05-29T09:39:27+00:00\",\"description\":\"Almendras Marconas caramelizadas.\u00a0Nos apasiona ofrecerte lo mejor de la naturaleza y la tradici\u00f3n, por eso hemos decidido colaborar con Mels Alemany 1879.\",\"breadcrumb\":{\"@id\":\"https:\\\/\\\/lagranjafoods.com\\\/es\\\/producto\\\/almendras-marconas-caramelizadas\\\/#breadcrumb\"},\"inLanguage\":\"es\",\"potentialAction\":[{\"@type\":\"ReadAction\",\"target\":[\"https:\\\/\\\/lagranjafoods.com\\\/es\\\/producto\\\/almendras-marconas-caramelizadas\\\/\"]}]},{\"@type\":\"ImageObject\",\"inLanguage\":\"es\",\"@id\":\"https:\\\/\\\/lagranjafoods.com\\\/es\\\/producto\\\/almendras-marconas-caramelizadas\\\/#primaryimage\",\"url\":\"https:\\\/\\\/lagranjafoods.com\\\/wp-content\\\/uploads\\\/Almendras-garrapinadas-2.jpg\",\"contentUrl\":\"https:\\\/\\\/lagranjafoods.com\\\/wp-content\\\/uploads\\\/Almendras-garrapinadas-2.jpg\",\"width\":1692,\"height\":2022,\"caption\":\"Almendras Marconas caramelizadas\"},{\"@type\":\"BreadcrumbList\",\"@id\":\"https:\\\/\\\/lagranjafoods.com\\\/es\\\/producto\\\/almendras-marconas-caramelizadas\\\/#breadcrumb\",\"itemListElement\":[{\"@type\":\"ListItem\",\"position\":1,\"name\":\"Portada\",\"item\":\"https:\\\/\\\/lagranjafoods.com\\\/es\\\/\"},{\"@type\":\"ListItem\",\"position\":2,\"name\":\"Productos\",\"item\":\"https:\\\/\\\/lagranjafoods.com\\\/es\\\/productos\\\/\"},{\"@type\":\"ListItem\",\"position\":3,\"name\":\"Almendras Marconas caramelizadas\"}]},{\"@type\":\"WebSite\",\"@id\":\"https:\\\/\\\/lagranjafoods.com\\\/es\\\/#website\",\"url\":\"https:\\\/\\\/lagranjafoods.com\\\/es\\\/\",\"name\":\"La Granja Foods\",\"description\":\"\u00a1Benvinguts a La Granja! Qualitat, sabor i frescor des de 1959.\",\"publisher\":{\"@id\":\"https:\\\/\\\/lagranjafoods.com\\\/es\\\/#organization\"},\"potentialAction\":[{\"@type\":\"SearchAction\",\"target\":{\"@type\":\"EntryPoint\",\"urlTemplate\":\"https:\\\/\\\/lagranjafoods.com\\\/es\\\/?s={search_term_string}\"},\"query-input\":{\"@type\":\"PropertyValueSpecification\",\"valueRequired\":true,\"valueName\":\"search_term_string\"}}],\"inLanguage\":\"es\"},{\"@type\":\"Organization\",\"@id\":\"https:\\\/\\\/lagranjafoods.com\\\/es\\\/#organization\",\"name\":\"La Granja Foods\",\"url\":\"https:\\\/\\\/lagranjafoods.com\\\/es\\\/\",\"logo\":{\"@type\":\"ImageObject\",\"inLanguage\":\"es\",\"@id\":\"https:\\\/\\\/lagranjafoods.com\\\/es\\\/#\\\/schema\\\/logo\\\/image\\\/\",\"url\":\"https:\\\/\\\/lagranjafoods.com\\\/wp-content\\\/uploads\\\/logo-lagranjafoods.png\",\"contentUrl\":\"https:\\\/\\\/lagranjafoods.com\\\/wp-content\\\/uploads\\\/logo-lagranjafoods.png\",\"width\":539,\"height\":158,\"caption\":\"La Granja Foods \"},\"image\":{\"@id\":\"https:\\\/\\\/lagranjafoods.com\\\/es\\\/#\\\/schema\\\/logo\\\/image\\\/\"}}]}<\/script>\n<!-- \/ Yoast SEO plugin. -->","yoast_head_json":{"title":"Almendras Marconas caramelizadas - La Granja Foods","description":"Almendras Marconas caramelizadas.\u00a0Nos apasiona ofrecerte lo mejor de la naturaleza y la tradici\u00f3n, por eso hemos decidido colaborar con Mels Alemany 1879.","robots":{"index":"index","follow":"follow","max-snippet":"max-snippet:-1","max-image-preview":"max-image-preview:large","max-video-preview":"max-video-preview:-1"},"canonical":"https:\/\/lagranjafoods.com\/es\/producto\/almendras-marconas-caramelizadas\/","og_locale":"es_ES","og_type":"article","og_title":"Almendras Marconas caramelizadas - La Granja Foods","og_description":"Almendras Marconas caramelizadas.\u00a0Nos apasiona ofrecerte lo mejor de la naturaleza y la tradici\u00f3n, por eso hemos decidido colaborar con Mels Alemany 1879.","og_url":"https:\/\/lagranjafoods.com\/es\/producto\/almendras-marconas-caramelizadas\/","og_site_name":"La Granja Foods","article_modified_time":"2026-05-29T09:39:27+00:00","og_image":[{"width":1692,"height":2022,"url":"https:\/\/lagranjafoods.com\/wp-content\/uploads\/Almendras-garrapinadas-2.jpg","type":"image\/jpeg"}],"twitter_card":"summary_large_image","twitter_misc":{"Tiempo de lectura":"2 minuto"},"schema":{"@context":"https:\/\/schema.org","@graph":[{"@type":"WebPage","@id":"https:\/\/lagranjafoods.com\/es\/producto\/almendras-marconas-caramelizadas\/","url":"https:\/\/lagranjafoods.com\/es\/producto\/almendras-marconas-caramelizadas\/","name":"Almendras Marconas caramelizadas - La Granja Foods","isPartOf":{"@id":"https:\/\/lagranjafoods.com\/es\/#website"},"primaryImageOfPage":{"@id":"https:\/\/lagranjafoods.com\/es\/producto\/almendras-marconas-caramelizadas\/#primaryimage"},"image":{"@id":"https:\/\/lagranjafoods.com\/es\/producto\/almendras-marconas-caramelizadas\/#primaryimage"},"thumbnailUrl":"https:\/\/lagranjafoods.com\/wp-content\/uploads\/Almendras-garrapinadas-2.jpg","datePublished":"2024-06-06T14:36:55+00:00","dateModified":"2026-05-29T09:39:27+00:00","description":"Almendras Marconas caramelizadas.\u00a0Nos apasiona ofrecerte lo mejor de la naturaleza y la tradici\u00f3n, por eso hemos decidido colaborar con Mels Alemany 1879.","breadcrumb":{"@id":"https:\/\/lagranjafoods.com\/es\/producto\/almendras-marconas-caramelizadas\/#breadcrumb"},"inLanguage":"es","potentialAction":[{"@type":"ReadAction","target":["https:\/\/lagranjafoods.com\/es\/producto\/almendras-marconas-caramelizadas\/"]}]},{"@type":"ImageObject","inLanguage":"es","@id":"https:\/\/lagranjafoods.com\/es\/producto\/almendras-marconas-caramelizadas\/#primaryimage","url":"https:\/\/lagranjafoods.com\/wp-content\/uploads\/Almendras-garrapinadas-2.jpg","contentUrl":"https:\/\/lagranjafoods.com\/wp-content\/uploads\/Almendras-garrapinadas-2.jpg","width":1692,"height":2022,"caption":"Almendras Marconas caramelizadas"},{"@type":"BreadcrumbList","@id":"https:\/\/lagranjafoods.com\/es\/producto\/almendras-marconas-caramelizadas\/#breadcrumb","itemListElement":[{"@type":"ListItem","position":1,"name":"Portada","item":"https:\/\/lagranjafoods.com\/es\/"},{"@type":"ListItem","position":2,"name":"Productos","item":"https:\/\/lagranjafoods.com\/es\/productos\/"},{"@type":"ListItem","position":3,"name":"Almendras Marconas caramelizadas"}]},{"@type":"WebSite","@id":"https:\/\/lagranjafoods.com\/es\/#website","url":"https:\/\/lagranjafoods.com\/es\/","name":"La Granja Foods","description":"\u00a1Benvinguts a La Granja! Qualitat, sabor i frescor des de 1959.","publisher":{"@id":"https:\/\/lagranjafoods.com\/es\/#organization"},"potentialAction":[{"@type":"SearchAction","target":{"@type":"EntryPoint","urlTemplate":"https:\/\/lagranjafoods.com\/es\/?s={search_term_string}"},"query-input":{"@type":"PropertyValueSpecification","valueRequired":true,"valueName":"search_term_string"}}],"inLanguage":"es"},{"@type":"Organization","@id":"https:\/\/lagranjafoods.com\/es\/#organization","name":"La Granja Foods","url":"https:\/\/lagranjafoods.com\/es\/","logo":{"@type":"ImageObject","inLanguage":"es","@id":"https:\/\/lagranjafoods.com\/es\/#\/schema\/logo\/image\/","url":"https:\/\/lagranjafoods.com\/wp-content\/uploads\/logo-lagranjafoods.png","contentUrl":"https:\/\/lagranjafoods.com\/wp-content\/uploads\/logo-lagranjafoods.png","width":539,"height":158,"caption":"La Granja Foods "},"image":{"@id":"https:\/\/lagranjafoods.com\/es\/#\/schema\/logo\/image\/"}}]}},"_links":{"self":[{"href":"https:\/\/lagranjafoods.com\/es\/wp-json\/wp\/v2\/product\/4435","targetHints":{"allow":["GET"]}}],"collection":[{"href":"https:\/\/lagranjafoods.com\/es\/wp-json\/wp\/v2\/product"}],"about":[{"href":"https:\/\/lagranjafoods.com\/es\/wp-json\/wp\/v2\/types\/product"}],"replies":[{"embeddable":true,"href":"https:\/\/lagranjafoods.com\/es\/wp-json\/wp\/v2\/comments?post=4435"}],"wp:featuredmedia":[{"embeddable":true,"href":"https:\/\/lagranjafoods.com\/es\/wp-json\/wp\/v2\/media\/33261"}],"wp:attachment":[{"href":"https:\/\/lagranjafoods.com\/es\/wp-json\/wp\/v2\/media?parent=4435"}],"wp:term":[{"taxonomy":"product_cat","embeddable":true,"href":"https:\/\/lagranjafoods.com\/es\/wp-json\/wp\/v2\/product_cat?post=4435"},{"taxonomy":"product_tag","embeddable":true,"href":"https:\/\/lagranjafoods.com\/es\/wp-json\/wp\/v2\/product_tag?post=4435"}],"curies":[{"name":"wp","href":"https:\/\/api.w.org\/{rel}","templated":true}]}}