{"id":44295,"date":"2026-05-04T11:06:53","date_gmt":"2026-05-04T09:06:53","guid":{"rendered":"http:\/\/lagranjafoods.com\/?post_type=product&#038;p=44295"},"modified":"2026-07-10T12:34:14","modified_gmt":"2026-07-10T10:34:14","slug":"mini-magdalenas-cafe-novell-sin-gluten-y-sin-lactosa","status":"publish","type":"product","link":"https:\/\/lagranjafoods.com\/es\/producto\/mini-magdalenas-cafe-novell-sin-gluten-y-sin-lactosa\/","title":{"rendered":"Mini magdalenas de caf\u00e9 Novell sin gluten y sin lactosa"},"content":{"rendered":"<p><strong>Mini magdalenas de caf\u00e9 Novell sin gluten y sin lactosa.<\/strong> Desde el primer d\u00eda, elaborar los productos lo mejor que sabemos y asegurar un gran sabor ha sido para nosotros un valor irrenunciable.<\/p>\n<p>En 1954 nuestros abuelos ten\u00edan un colmado junto a su peque\u00f1a granja de gallinas. En \u00e9l vend\u00edan al vecindario los huevos as\u00ed como v\u00edveres de todo tipo. Una vez la tienda se qued\u00f3 sin suministro de magdalenas, uno de sus productos m\u00e1s populares. Para contentar a la clientela, nuestra abuela decidi\u00f3 hornear su propia receta de magdalenas en la cocina de su casa. Su enorme \u00e9xito sorprendi\u00f3 a todos, cada vez se vend\u00edan m\u00e1s y m\u00e1s. De ah\u00ed naci\u00f3 La Granja y aprendimos algo que siempre tenemos presente: trabajar fuerte y hacerlo todo lo mejor que uno sabe para satisfacer a tus clientes.<\/p>\n<p>Fue as\u00ed con las primeras especialidades tradicionales que nos dieron a conocer y lo ha seguido siendo a lo largo de nuestra trayectoria, al incorporar continuamente novedades en nuestra gama.<\/p>\n<p>Avanzarnos a las necesidades y deseos de los consumidores nos ha convertido en un referente de calidad e innovaci\u00f3n en nuestro sector de productos de alimentaci\u00f3n. En los a\u00f1os 80 <a href=\"http:\/\/lagranjafoods.com\/\">La Granja<\/a> fue pionera al crear especialidades atendiendo a distintas necesidades diet\u00e9ticas, que hoy forman parte de nuestra gama Diet.<\/p>\n<p>M\u00e1s tarde lanzamos la gama Bio, que utiliza solo ingredientes de la agricultura ecol\u00f3gica. Han seguido a esta l\u00ednea, la gama Vegan para un consumo estrictamente vegano y los productos Sin Gluten y Sin Lactosa, que tienen una producci\u00f3n separada a la resta de productos.<\/p>\n<p>En los productos de esta nueva gama utilizamos \u00fanicamente ingredientes libres de gluten y lactosa. Aseguramos su no-contaminaci\u00f3n en todo el proceso, desde una producci\u00f3n separada del resto.<\/p>\n","protected":false},"excerpt":{"rendered":"<p>En una colaboraci\u00f3n excepcional entre La Granja Foods y Caf\u00e9s Novell, nacen nuestras mini magdalenas de caf\u00e9: un bocado delicado que combina tradici\u00f3n y sabor contempor\u00e1neo. Elaboradas con caf\u00e9 reci\u00e9n molido de Caf\u00e9s Novell, estas mini magdalenas sin gluten, sin lactosa, sin ma\u00edz y sin prote\u00edna de leche de vaca destacan por su textura esponjosa y su intenso aroma a caf\u00e9.<br \/>\nDe un solo bocado pero con todo el car\u00e1cter, ofrecen una experiencia equilibrada donde la suavidad de la masa se funde con los matices tostados del caf\u00e9, convirti\u00e9ndolas en el acompa\u00f1amiento perfecto para cualquier momento del d\u00eda.<br \/>\n\u00a1Un capricho irresistible para disfrutar del aut\u00e9ntico sabor del caf\u00e9 en versi\u00f3n mini!<\/p>\n<ul>\n<li aria-level=\"1\">Con caf\u00e9 reci\u00e9n molido natural<\/li>\n<li aria-level=\"1\">Sin gluten<\/li>\n<li aria-level=\"1\">Sin lactosa<\/li>\n<li aria-level=\"1\">Sin prote\u00edna de vaca<\/li>\n<li aria-level=\"1\">Sin aceite de palma<\/li>\n<li aria-level=\"1\">Elaborado con huevos frescos<\/li>\n<li aria-level=\"1\">Horneado lentamente<\/li>\n<li aria-level=\"1\">Elevada esponjosidad y sabor<\/li>\n<li aria-level=\"1\">Textura muy tierna<\/li>\n<li aria-level=\"1\">Contiene fibras vegetales y c\u00e1scara psyllium<\/li>\n<\/ul>\n<p>Bolsa de 220 gr.<\/p>\n","protected":false},"featured_media":58014,"comment_status":"closed","ping_status":"closed","template":"","meta":{"_acf_changed":false},"product_cat":[33,237,94],"product_tag":[44],"class_list":["post-44295","product","type-product","status-publish","has-post-thumbnail","product_cat-sin-gluten","product_cat-special-editions","product_cat-marcas-amigas","product_tag-sin-gluten","pa_marca-cafes-novell","pa_marca-la-granja","pa_tipologia-mini-magdalenas","first","instock","taxable","shipping-taxable","purchasable","product-type-simple"],"acf":[],"yoast_head":"<!-- This site is optimized with the Yoast SEO plugin v28.3 - https:\/\/yoast.com\/product\/yoast-seo-wordpress\/ -->\n<title>Mini magdalenas de caf\u00e9 Novell sin gluten y sin lactosa - La Granja Foods<\/title>\n<meta name=\"description\" content=\"Mini-magdalenas caf\u00e9 novell sin gluten y sin lactosa Desde el primer d\u00eda, elaborar los productos lo mejor que sabemos y asegurar un gran sabor\" \/>\n<meta name=\"robots\" content=\"index, follow, max-snippet:-1, max-image-preview:large, max-video-preview:-1\" \/>\n<link rel=\"canonical\" href=\"https:\/\/lagranjafoods.com\/es\/producto\/mini-magdalenas-cafe-novell-sin-gluten-y-sin-lactosa\/\" \/>\n<meta property=\"og:locale\" content=\"es_ES\" \/>\n<meta property=\"og:type\" content=\"article\" \/>\n<meta property=\"og:title\" content=\"Mini magdalenas de caf\u00e9 Novell sin gluten y sin lactosa - La Granja Foods\" \/>\n<meta property=\"og:description\" content=\"Mini-magdalenas caf\u00e9 novell sin gluten y sin lactosa Desde el primer d\u00eda, elaborar los productos lo mejor que sabemos y asegurar un gran sabor\" \/>\n<meta property=\"og:url\" content=\"https:\/\/lagranjafoods.com\/es\/producto\/mini-magdalenas-cafe-novell-sin-gluten-y-sin-lactosa\/\" \/>\n<meta property=\"og:site_name\" content=\"La Granja Foods\" \/>\n<meta property=\"article:modified_time\" content=\"2026-07-10T10:34:14+00:00\" \/>\n<meta property=\"og:image\" content=\"https:\/\/lagranjafoods.com\/wp-content\/uploads\/Minis-de-Cafe-Novell.png\" \/>\n\t<meta property=\"og:image:width\" content=\"1692\" \/>\n\t<meta property=\"og:image:height\" content=\"2022\" \/>\n\t<meta property=\"og:image:type\" content=\"image\/png\" \/>\n<meta name=\"twitter:card\" content=\"summary_large_image\" \/>\n<meta name=\"twitter:label1\" content=\"Tiempo de lectura\" \/>\n\t<meta name=\"twitter:data1\" content=\"2 minuto\" \/>\n<script type=\"application\/ld+json\" class=\"yoast-schema-graph\">{\"@context\":\"https:\\\/\\\/schema.org\",\"@graph\":[{\"@type\":\"WebPage\",\"@id\":\"https:\\\/\\\/lagranjafoods.com\\\/es\\\/producto\\\/mini-magdalenas-cafe-novell-sin-gluten-y-sin-lactosa\\\/\",\"url\":\"https:\\\/\\\/lagranjafoods.com\\\/es\\\/producto\\\/mini-magdalenas-cafe-novell-sin-gluten-y-sin-lactosa\\\/\",\"name\":\"Mini magdalenas de caf\u00e9 Novell sin gluten y sin lactosa - La Granja Foods\",\"isPartOf\":{\"@id\":\"https:\\\/\\\/lagranjafoods.com\\\/es\\\/#website\"},\"primaryImageOfPage\":{\"@id\":\"https:\\\/\\\/lagranjafoods.com\\\/es\\\/producto\\\/mini-magdalenas-cafe-novell-sin-gluten-y-sin-lactosa\\\/#primaryimage\"},\"image\":{\"@id\":\"https:\\\/\\\/lagranjafoods.com\\\/es\\\/producto\\\/mini-magdalenas-cafe-novell-sin-gluten-y-sin-lactosa\\\/#primaryimage\"},\"thumbnailUrl\":\"https:\\\/\\\/lagranjafoods.com\\\/wp-content\\\/uploads\\\/Minis-de-Cafe-Novell.png\",\"datePublished\":\"2026-05-04T09:06:53+00:00\",\"dateModified\":\"2026-07-10T10:34:14+00:00\",\"description\":\"Mini-magdalenas caf\u00e9 novell sin gluten y sin lactosa Desde el primer d\u00eda, elaborar los productos lo mejor que sabemos y asegurar un gran sabor\",\"breadcrumb\":{\"@id\":\"https:\\\/\\\/lagranjafoods.com\\\/es\\\/producto\\\/mini-magdalenas-cafe-novell-sin-gluten-y-sin-lactosa\\\/#breadcrumb\"},\"inLanguage\":\"es\",\"potentialAction\":[{\"@type\":\"ReadAction\",\"target\":[\"https:\\\/\\\/lagranjafoods.com\\\/es\\\/producto\\\/mini-magdalenas-cafe-novell-sin-gluten-y-sin-lactosa\\\/\"]}]},{\"@type\":\"ImageObject\",\"inLanguage\":\"es\",\"@id\":\"https:\\\/\\\/lagranjafoods.com\\\/es\\\/producto\\\/mini-magdalenas-cafe-novell-sin-gluten-y-sin-lactosa\\\/#primaryimage\",\"url\":\"https:\\\/\\\/lagranjafoods.com\\\/wp-content\\\/uploads\\\/Minis-de-Cafe-Novell.png\",\"contentUrl\":\"https:\\\/\\\/lagranjafoods.com\\\/wp-content\\\/uploads\\\/Minis-de-Cafe-Novell.png\",\"width\":1692,\"height\":2022},{\"@type\":\"BreadcrumbList\",\"@id\":\"https:\\\/\\\/lagranjafoods.com\\\/es\\\/producto\\\/mini-magdalenas-cafe-novell-sin-gluten-y-sin-lactosa\\\/#breadcrumb\",\"itemListElement\":[{\"@type\":\"ListItem\",\"position\":1,\"name\":\"Portada\",\"item\":\"https:\\\/\\\/lagranjafoods.com\\\/es\\\/\"},{\"@type\":\"ListItem\",\"position\":2,\"name\":\"Productos\",\"item\":\"https:\\\/\\\/lagranjafoods.com\\\/es\\\/productos\\\/\"},{\"@type\":\"ListItem\",\"position\":3,\"name\":\"Mini magdalenas de caf\u00e9 Novell sin gluten y sin lactosa\"}]},{\"@type\":\"WebSite\",\"@id\":\"https:\\\/\\\/lagranjafoods.com\\\/es\\\/#website\",\"url\":\"https:\\\/\\\/lagranjafoods.com\\\/es\\\/\",\"name\":\"La Granja Foods\",\"description\":\"\u00a1Benvinguts a La Granja! Qualitat, sabor i frescor des de 1959.\",\"publisher\":{\"@id\":\"https:\\\/\\\/lagranjafoods.com\\\/es\\\/#organization\"},\"potentialAction\":[{\"@type\":\"SearchAction\",\"target\":{\"@type\":\"EntryPoint\",\"urlTemplate\":\"https:\\\/\\\/lagranjafoods.com\\\/es\\\/?s={search_term_string}\"},\"query-input\":{\"@type\":\"PropertyValueSpecification\",\"valueRequired\":true,\"valueName\":\"search_term_string\"}}],\"inLanguage\":\"es\"},{\"@type\":\"Organization\",\"@id\":\"https:\\\/\\\/lagranjafoods.com\\\/es\\\/#organization\",\"name\":\"La Granja Foods\",\"url\":\"https:\\\/\\\/lagranjafoods.com\\\/es\\\/\",\"logo\":{\"@type\":\"ImageObject\",\"inLanguage\":\"es\",\"@id\":\"https:\\\/\\\/lagranjafoods.com\\\/es\\\/#\\\/schema\\\/logo\\\/image\\\/\",\"url\":\"https:\\\/\\\/lagranjafoods.com\\\/wp-content\\\/uploads\\\/logo-lagranjafoods.png\",\"contentUrl\":\"https:\\\/\\\/lagranjafoods.com\\\/wp-content\\\/uploads\\\/logo-lagranjafoods.png\",\"width\":539,\"height\":158,\"caption\":\"La Granja Foods \"},\"image\":{\"@id\":\"https:\\\/\\\/lagranjafoods.com\\\/es\\\/#\\\/schema\\\/logo\\\/image\\\/\"}}]}<\/script>\n<!-- \/ Yoast SEO plugin. -->","yoast_head_json":{"title":"Mini magdalenas de caf\u00e9 Novell sin gluten y sin lactosa - La Granja Foods","description":"Mini-magdalenas caf\u00e9 novell sin gluten y sin lactosa Desde el primer d\u00eda, elaborar los productos lo mejor que sabemos y asegurar un gran sabor","robots":{"index":"index","follow":"follow","max-snippet":"max-snippet:-1","max-image-preview":"max-image-preview:large","max-video-preview":"max-video-preview:-1"},"canonical":"https:\/\/lagranjafoods.com\/es\/producto\/mini-magdalenas-cafe-novell-sin-gluten-y-sin-lactosa\/","og_locale":"es_ES","og_type":"article","og_title":"Mini magdalenas de caf\u00e9 Novell sin gluten y sin lactosa - La Granja Foods","og_description":"Mini-magdalenas caf\u00e9 novell sin gluten y sin lactosa Desde el primer d\u00eda, elaborar los productos lo mejor que sabemos y asegurar un gran sabor","og_url":"https:\/\/lagranjafoods.com\/es\/producto\/mini-magdalenas-cafe-novell-sin-gluten-y-sin-lactosa\/","og_site_name":"La Granja Foods","article_modified_time":"2026-07-10T10:34:14+00:00","og_image":[{"width":1692,"height":2022,"url":"https:\/\/lagranjafoods.com\/wp-content\/uploads\/Minis-de-Cafe-Novell.png","type":"image\/png"}],"twitter_card":"summary_large_image","twitter_misc":{"Tiempo de lectura":"2 minuto"},"schema":{"@context":"https:\/\/schema.org","@graph":[{"@type":"WebPage","@id":"https:\/\/lagranjafoods.com\/es\/producto\/mini-magdalenas-cafe-novell-sin-gluten-y-sin-lactosa\/","url":"https:\/\/lagranjafoods.com\/es\/producto\/mini-magdalenas-cafe-novell-sin-gluten-y-sin-lactosa\/","name":"Mini magdalenas de caf\u00e9 Novell sin gluten y sin lactosa - La Granja Foods","isPartOf":{"@id":"https:\/\/lagranjafoods.com\/es\/#website"},"primaryImageOfPage":{"@id":"https:\/\/lagranjafoods.com\/es\/producto\/mini-magdalenas-cafe-novell-sin-gluten-y-sin-lactosa\/#primaryimage"},"image":{"@id":"https:\/\/lagranjafoods.com\/es\/producto\/mini-magdalenas-cafe-novell-sin-gluten-y-sin-lactosa\/#primaryimage"},"thumbnailUrl":"https:\/\/lagranjafoods.com\/wp-content\/uploads\/Minis-de-Cafe-Novell.png","datePublished":"2026-05-04T09:06:53+00:00","dateModified":"2026-07-10T10:34:14+00:00","description":"Mini-magdalenas caf\u00e9 novell sin gluten y sin lactosa Desde el primer d\u00eda, elaborar los productos lo mejor que sabemos y asegurar un gran sabor","breadcrumb":{"@id":"https:\/\/lagranjafoods.com\/es\/producto\/mini-magdalenas-cafe-novell-sin-gluten-y-sin-lactosa\/#breadcrumb"},"inLanguage":"es","potentialAction":[{"@type":"ReadAction","target":["https:\/\/lagranjafoods.com\/es\/producto\/mini-magdalenas-cafe-novell-sin-gluten-y-sin-lactosa\/"]}]},{"@type":"ImageObject","inLanguage":"es","@id":"https:\/\/lagranjafoods.com\/es\/producto\/mini-magdalenas-cafe-novell-sin-gluten-y-sin-lactosa\/#primaryimage","url":"https:\/\/lagranjafoods.com\/wp-content\/uploads\/Minis-de-Cafe-Novell.png","contentUrl":"https:\/\/lagranjafoods.com\/wp-content\/uploads\/Minis-de-Cafe-Novell.png","width":1692,"height":2022},{"@type":"BreadcrumbList","@id":"https:\/\/lagranjafoods.com\/es\/producto\/mini-magdalenas-cafe-novell-sin-gluten-y-sin-lactosa\/#breadcrumb","itemListElement":[{"@type":"ListItem","position":1,"name":"Portada","item":"https:\/\/lagranjafoods.com\/es\/"},{"@type":"ListItem","position":2,"name":"Productos","item":"https:\/\/lagranjafoods.com\/es\/productos\/"},{"@type":"ListItem","position":3,"name":"Mini magdalenas de caf\u00e9 Novell sin gluten y sin lactosa"}]},{"@type":"WebSite","@id":"https:\/\/lagranjafoods.com\/es\/#website","url":"https:\/\/lagranjafoods.com\/es\/","name":"La Granja Foods","description":"\u00a1Benvinguts a La Granja! Qualitat, sabor i frescor des de 1959.","publisher":{"@id":"https:\/\/lagranjafoods.com\/es\/#organization"},"potentialAction":[{"@type":"SearchAction","target":{"@type":"EntryPoint","urlTemplate":"https:\/\/lagranjafoods.com\/es\/?s={search_term_string}"},"query-input":{"@type":"PropertyValueSpecification","valueRequired":true,"valueName":"search_term_string"}}],"inLanguage":"es"},{"@type":"Organization","@id":"https:\/\/lagranjafoods.com\/es\/#organization","name":"La Granja Foods","url":"https:\/\/lagranjafoods.com\/es\/","logo":{"@type":"ImageObject","inLanguage":"es","@id":"https:\/\/lagranjafoods.com\/es\/#\/schema\/logo\/image\/","url":"https:\/\/lagranjafoods.com\/wp-content\/uploads\/logo-lagranjafoods.png","contentUrl":"https:\/\/lagranjafoods.com\/wp-content\/uploads\/logo-lagranjafoods.png","width":539,"height":158,"caption":"La Granja Foods "},"image":{"@id":"https:\/\/lagranjafoods.com\/es\/#\/schema\/logo\/image\/"}}]}},"_links":{"self":[{"href":"https:\/\/lagranjafoods.com\/es\/wp-json\/wp\/v2\/product\/44295","targetHints":{"allow":["GET"]}}],"collection":[{"href":"https:\/\/lagranjafoods.com\/es\/wp-json\/wp\/v2\/product"}],"about":[{"href":"https:\/\/lagranjafoods.com\/es\/wp-json\/wp\/v2\/types\/product"}],"replies":[{"embeddable":true,"href":"https:\/\/lagranjafoods.com\/es\/wp-json\/wp\/v2\/comments?post=44295"}],"wp:featuredmedia":[{"embeddable":true,"href":"https:\/\/lagranjafoods.com\/es\/wp-json\/wp\/v2\/media\/58014"}],"wp:attachment":[{"href":"https:\/\/lagranjafoods.com\/es\/wp-json\/wp\/v2\/media?parent=44295"}],"wp:term":[{"taxonomy":"product_cat","embeddable":true,"href":"https:\/\/lagranjafoods.com\/es\/wp-json\/wp\/v2\/product_cat?post=44295"},{"taxonomy":"product_tag","embeddable":true,"href":"https:\/\/lagranjafoods.com\/es\/wp-json\/wp\/v2\/product_tag?post=44295"}],"curies":[{"name":"wp","href":"https:\/\/api.w.org\/{rel}","templated":true}]}}