{"id":4403,"date":"2024-06-06T14:34:34","date_gmt":"2024-06-06T14:34:34","guid":{"rendered":"http:\/\/lagranjafoods.com\/product\/mermelada-extra-de-melocoton-de-vina\/"},"modified":"2026-05-29T11:36:53","modified_gmt":"2026-05-29T09:36:53","slug":"mermelada-extra-de-melocoton-de-vina","status":"publish","type":"product","link":"https:\/\/lagranjafoods.com\/es\/producto\/mermelada-extra-de-melocoton-de-vina\/","title":{"rendered":"Mermelada extra de melocot\u00f3n de vi\u00f1a"},"content":{"rendered":"<p>Mermelada extra de melocot\u00f3n de vi\u00f1a. En <a href=\"http:\/\/lagranjafoods.com\/nosotros-historia\/\">La Granja Foods<\/a>, creemos en productos que no solo sean deliciosos, sino que tambi\u00e9n tengan un impacto positivo en la sociedad. Por eso, nos enorgullece colaborar con<a href=\"https:\/\/www.fageda.com\/es\/\"> <strong>La Fageda<\/strong><\/a>, una empresa \u00fanica que elabora yogures y mermeladas artesanales de calidad excepcional, mientras impulsa un admirable proyecto social.<\/p>\n<p>Desde su fundaci\u00f3n, La Fageda ha sido mucho m\u00e1s que una f\u00e1brica de alimentos; es un proyecto social que proporciona empleo y oportunidades a personas en riesgo de exclusi\u00f3n social, especialmente a aquellas con discapacidad intelectual o trastornos mentales. Esta misi\u00f3n tan noble se refleja en cada uno de sus productos, que son elaborados con ingredientes frescos y locales.<\/p>\n<p>Gracias a esta colaboraci\u00f3n, ahora puedes disfrutar de los deliciosos yogures y mermeladas de La Fageda en nuestra tienda online. Cada compra no solo te brinda productos de calidad, sino que tambi\u00e9n apoya una causa social significativa. Con La Fageda, cada cucharada cuenta, para ti y para la comunidad.<\/p>\n<p>\u00abTrabajamos para mejorar la calidad de vida y promover la integraci\u00f3n social de personas con discapacidad intelectual y\/o trastornos mentales severos y otros colectivos en situaci\u00f3n de vulnerabilidad de la Garrotxa. Lo hacemos mediante unas actividades empresariales que generan puestos de trabajo con sentido, y unos servicios asistenciales gestionados bajo criterios de calidad y excelencia, que crean valor tanto para la organizaci\u00f3n como para el resto de la sociedad.\u00bb<\/p>\n","protected":false},"excerpt":{"rendered":"<p>La mermelada est\u00e1 elaborada con melocot\u00f3n de vi\u00f1a. <strong>Las mermeladas de La Fageda incorporan entre el 52% y el 63% de fruta seleccionada seg\u00fan variedad y origen, por eso son tan buenas.<\/strong><\/p>\n<p>Es el producto preparado a trav\u00e9s de la cocci\u00f3n de frutas enteras, troceadas o trituradas a las que se ha incorporado az\u00facar integral de ca\u00f1a hasta conseguir un producto semil\u00edquido o espeso.<\/p>\n<p>El \u00fanico secreto es la buena fruta cocida lentamente.<\/p>\n<p>Han vuelto al origen para recuperar los sabores m\u00e1s intensos de las mermeladas de siempre. Con ingredientes 100% naturales como el az\u00facar de ca\u00f1a y el zumo de lim\u00f3n. Sin conservantes ni colorantes. Con una textura untuosa, consistente y con trozos de fruta que La Fageda no ha dejado acabar de deshacer.<\/p>\n<p>La Fageda presenta una selecci\u00f3n de 7 mermeladas, aparentemente simples pero muy aut\u00e9nticas: elaboradas con fruta madura y cocidas \u00aba la cazuela\u00bb, a fuego lento y con nuestra supervisi\u00f3n continua.<\/p>\n<ul>\n<li aria-level=\"1\">Con fruta seleccionada por su origen y variedad<\/li>\n<li aria-level=\"1\">Ingredientes 100% naturales<\/li>\n<li aria-level=\"1\">Sin conservantes<\/li>\n<li aria-level=\"1\">Sin colorantes<\/li>\n<li aria-level=\"1\">Elaborada con fruta madura<\/li>\n<li aria-level=\"1\">Cocida a fuego lento<\/li>\n<li aria-level=\"1\">Proyecto social<\/li>\n<li aria-level=\"1\">Producto de Km0<\/li>\n<li aria-level=\"1\">Sin gluten<\/li>\n<li aria-level=\"1\">Sin lactosa<\/li>\n<\/ul>\n<p>230 gr.<\/p>\n","protected":false},"featured_media":37184,"comment_status":"closed","ping_status":"closed","template":"","meta":{"_acf_changed":false},"product_cat":[94],"product_tag":[133],"class_list":["post-4403","product","type-product","status-publish","has-post-thumbnail","product_cat-marcas-amigas","product_tag-fruta","pa_marca-la-granja","pa_marca-la-fageda","pa_tipologia-mermelada","first","instock","taxable","shipping-taxable","purchasable","product-type-simple"],"acf":[],"yoast_head":"<!-- This site is optimized with the Yoast SEO plugin v28.3 - https:\/\/yoast.com\/product\/yoast-seo-wordpress\/ -->\n<title>Mermelada extra de melocot\u00f3n de vi\u00f1a - La Granja Foods<\/title>\n<meta name=\"description\" content=\"En La Granja Foods, creemos en productos que no solo sean deliciosos, sino que tambi\u00e9n tengan un impacto positivo en la sociedad\" \/>\n<meta name=\"robots\" content=\"index, follow, max-snippet:-1, max-image-preview:large, max-video-preview:-1\" \/>\n<link rel=\"canonical\" href=\"https:\/\/lagranjafoods.com\/es\/producto\/mermelada-extra-de-melocoton-de-vina\/\" \/>\n<meta property=\"og:locale\" content=\"es_ES\" \/>\n<meta property=\"og:type\" content=\"article\" \/>\n<meta property=\"og:title\" content=\"Mermelada extra de melocot\u00f3n de vi\u00f1a - La Granja Foods\" \/>\n<meta property=\"og:description\" content=\"En La Granja Foods, creemos en productos que no solo sean deliciosos, sino que tambi\u00e9n tengan un impacto positivo en la sociedad\" \/>\n<meta property=\"og:url\" content=\"https:\/\/lagranjafoods.com\/es\/producto\/mermelada-extra-de-melocoton-de-vina\/\" \/>\n<meta property=\"og:site_name\" content=\"La Granja Foods\" \/>\n<meta property=\"article:modified_time\" content=\"2026-05-29T09:36:53+00:00\" \/>\n<meta property=\"og:image\" content=\"https:\/\/lagranjafoods.com\/wp-content\/uploads\/fotografia-producto-pagina-web-2.jpg\" \/>\n\t<meta property=\"og:image:width\" content=\"1692\" \/>\n\t<meta property=\"og:image:height\" content=\"2022\" \/>\n\t<meta property=\"og:image:type\" content=\"image\/jpeg\" \/>\n<meta name=\"twitter:card\" content=\"summary_large_image\" \/>\n<meta name=\"twitter:label1\" content=\"Tiempo de lectura\" \/>\n\t<meta name=\"twitter:data1\" content=\"2 minuto\" \/>\n<script type=\"application\/ld+json\" class=\"yoast-schema-graph\">{\"@context\":\"https:\\\/\\\/schema.org\",\"@graph\":[{\"@type\":\"WebPage\",\"@id\":\"https:\\\/\\\/lagranjafoods.com\\\/es\\\/producto\\\/mermelada-extra-de-melocoton-de-vina\\\/\",\"url\":\"https:\\\/\\\/lagranjafoods.com\\\/es\\\/producto\\\/mermelada-extra-de-melocoton-de-vina\\\/\",\"name\":\"Mermelada extra de melocot\u00f3n de vi\u00f1a - La Granja Foods\",\"isPartOf\":{\"@id\":\"https:\\\/\\\/lagranjafoods.com\\\/es\\\/#website\"},\"primaryImageOfPage\":{\"@id\":\"https:\\\/\\\/lagranjafoods.com\\\/es\\\/producto\\\/mermelada-extra-de-melocoton-de-vina\\\/#primaryimage\"},\"image\":{\"@id\":\"https:\\\/\\\/lagranjafoods.com\\\/es\\\/producto\\\/mermelada-extra-de-melocoton-de-vina\\\/#primaryimage\"},\"thumbnailUrl\":\"https:\\\/\\\/lagranjafoods.com\\\/wp-content\\\/uploads\\\/fotografia-producto-pagina-web-2.jpg\",\"datePublished\":\"2024-06-06T14:34:34+00:00\",\"dateModified\":\"2026-05-29T09:36:53+00:00\",\"description\":\"En La Granja Foods, creemos en productos que no solo sean deliciosos, sino que tambi\u00e9n tengan un impacto positivo en la sociedad\",\"breadcrumb\":{\"@id\":\"https:\\\/\\\/lagranjafoods.com\\\/es\\\/producto\\\/mermelada-extra-de-melocoton-de-vina\\\/#breadcrumb\"},\"inLanguage\":\"es\",\"potentialAction\":[{\"@type\":\"ReadAction\",\"target\":[\"https:\\\/\\\/lagranjafoods.com\\\/es\\\/producto\\\/mermelada-extra-de-melocoton-de-vina\\\/\"]}]},{\"@type\":\"ImageObject\",\"inLanguage\":\"es\",\"@id\":\"https:\\\/\\\/lagranjafoods.com\\\/es\\\/producto\\\/mermelada-extra-de-melocoton-de-vina\\\/#primaryimage\",\"url\":\"https:\\\/\\\/lagranjafoods.com\\\/wp-content\\\/uploads\\\/fotografia-producto-pagina-web-2.jpg\",\"contentUrl\":\"https:\\\/\\\/lagranjafoods.com\\\/wp-content\\\/uploads\\\/fotografia-producto-pagina-web-2.jpg\",\"width\":1692,\"height\":2022},{\"@type\":\"BreadcrumbList\",\"@id\":\"https:\\\/\\\/lagranjafoods.com\\\/es\\\/producto\\\/mermelada-extra-de-melocoton-de-vina\\\/#breadcrumb\",\"itemListElement\":[{\"@type\":\"ListItem\",\"position\":1,\"name\":\"Portada\",\"item\":\"https:\\\/\\\/lagranjafoods.com\\\/es\\\/\"},{\"@type\":\"ListItem\",\"position\":2,\"name\":\"Productos\",\"item\":\"https:\\\/\\\/lagranjafoods.com\\\/es\\\/productos\\\/\"},{\"@type\":\"ListItem\",\"position\":3,\"name\":\"Mermelada extra de melocot\u00f3n de vi\u00f1a\"}]},{\"@type\":\"WebSite\",\"@id\":\"https:\\\/\\\/lagranjafoods.com\\\/es\\\/#website\",\"url\":\"https:\\\/\\\/lagranjafoods.com\\\/es\\\/\",\"name\":\"La Granja Foods\",\"description\":\"\u00a1Benvinguts a La Granja! Qualitat, sabor i frescor des de 1959.\",\"publisher\":{\"@id\":\"https:\\\/\\\/lagranjafoods.com\\\/es\\\/#organization\"},\"potentialAction\":[{\"@type\":\"SearchAction\",\"target\":{\"@type\":\"EntryPoint\",\"urlTemplate\":\"https:\\\/\\\/lagranjafoods.com\\\/es\\\/?s={search_term_string}\"},\"query-input\":{\"@type\":\"PropertyValueSpecification\",\"valueRequired\":true,\"valueName\":\"search_term_string\"}}],\"inLanguage\":\"es\"},{\"@type\":\"Organization\",\"@id\":\"https:\\\/\\\/lagranjafoods.com\\\/es\\\/#organization\",\"name\":\"La Granja Foods\",\"url\":\"https:\\\/\\\/lagranjafoods.com\\\/es\\\/\",\"logo\":{\"@type\":\"ImageObject\",\"inLanguage\":\"es\",\"@id\":\"https:\\\/\\\/lagranjafoods.com\\\/es\\\/#\\\/schema\\\/logo\\\/image\\\/\",\"url\":\"https:\\\/\\\/lagranjafoods.com\\\/wp-content\\\/uploads\\\/logo-lagranjafoods.png\",\"contentUrl\":\"https:\\\/\\\/lagranjafoods.com\\\/wp-content\\\/uploads\\\/logo-lagranjafoods.png\",\"width\":539,\"height\":158,\"caption\":\"La Granja Foods \"},\"image\":{\"@id\":\"https:\\\/\\\/lagranjafoods.com\\\/es\\\/#\\\/schema\\\/logo\\\/image\\\/\"}}]}<\/script>\n<!-- \/ Yoast SEO plugin. -->","yoast_head_json":{"title":"Mermelada extra de melocot\u00f3n de vi\u00f1a - La Granja Foods","description":"En La Granja Foods, creemos en productos que no solo sean deliciosos, sino que tambi\u00e9n tengan un impacto positivo en la sociedad","robots":{"index":"index","follow":"follow","max-snippet":"max-snippet:-1","max-image-preview":"max-image-preview:large","max-video-preview":"max-video-preview:-1"},"canonical":"https:\/\/lagranjafoods.com\/es\/producto\/mermelada-extra-de-melocoton-de-vina\/","og_locale":"es_ES","og_type":"article","og_title":"Mermelada extra de melocot\u00f3n de vi\u00f1a - La Granja Foods","og_description":"En La Granja Foods, creemos en productos que no solo sean deliciosos, sino que tambi\u00e9n tengan un impacto positivo en la sociedad","og_url":"https:\/\/lagranjafoods.com\/es\/producto\/mermelada-extra-de-melocoton-de-vina\/","og_site_name":"La Granja Foods","article_modified_time":"2026-05-29T09:36:53+00:00","og_image":[{"width":1692,"height":2022,"url":"https:\/\/lagranjafoods.com\/wp-content\/uploads\/fotografia-producto-pagina-web-2.jpg","type":"image\/jpeg"}],"twitter_card":"summary_large_image","twitter_misc":{"Tiempo de lectura":"2 minuto"},"schema":{"@context":"https:\/\/schema.org","@graph":[{"@type":"WebPage","@id":"https:\/\/lagranjafoods.com\/es\/producto\/mermelada-extra-de-melocoton-de-vina\/","url":"https:\/\/lagranjafoods.com\/es\/producto\/mermelada-extra-de-melocoton-de-vina\/","name":"Mermelada extra de melocot\u00f3n de vi\u00f1a - La Granja Foods","isPartOf":{"@id":"https:\/\/lagranjafoods.com\/es\/#website"},"primaryImageOfPage":{"@id":"https:\/\/lagranjafoods.com\/es\/producto\/mermelada-extra-de-melocoton-de-vina\/#primaryimage"},"image":{"@id":"https:\/\/lagranjafoods.com\/es\/producto\/mermelada-extra-de-melocoton-de-vina\/#primaryimage"},"thumbnailUrl":"https:\/\/lagranjafoods.com\/wp-content\/uploads\/fotografia-producto-pagina-web-2.jpg","datePublished":"2024-06-06T14:34:34+00:00","dateModified":"2026-05-29T09:36:53+00:00","description":"En La Granja Foods, creemos en productos que no solo sean deliciosos, sino que tambi\u00e9n tengan un impacto positivo en la sociedad","breadcrumb":{"@id":"https:\/\/lagranjafoods.com\/es\/producto\/mermelada-extra-de-melocoton-de-vina\/#breadcrumb"},"inLanguage":"es","potentialAction":[{"@type":"ReadAction","target":["https:\/\/lagranjafoods.com\/es\/producto\/mermelada-extra-de-melocoton-de-vina\/"]}]},{"@type":"ImageObject","inLanguage":"es","@id":"https:\/\/lagranjafoods.com\/es\/producto\/mermelada-extra-de-melocoton-de-vina\/#primaryimage","url":"https:\/\/lagranjafoods.com\/wp-content\/uploads\/fotografia-producto-pagina-web-2.jpg","contentUrl":"https:\/\/lagranjafoods.com\/wp-content\/uploads\/fotografia-producto-pagina-web-2.jpg","width":1692,"height":2022},{"@type":"BreadcrumbList","@id":"https:\/\/lagranjafoods.com\/es\/producto\/mermelada-extra-de-melocoton-de-vina\/#breadcrumb","itemListElement":[{"@type":"ListItem","position":1,"name":"Portada","item":"https:\/\/lagranjafoods.com\/es\/"},{"@type":"ListItem","position":2,"name":"Productos","item":"https:\/\/lagranjafoods.com\/es\/productos\/"},{"@type":"ListItem","position":3,"name":"Mermelada extra de melocot\u00f3n de vi\u00f1a"}]},{"@type":"WebSite","@id":"https:\/\/lagranjafoods.com\/es\/#website","url":"https:\/\/lagranjafoods.com\/es\/","name":"La Granja Foods","description":"\u00a1Benvinguts a La Granja! Qualitat, sabor i frescor des de 1959.","publisher":{"@id":"https:\/\/lagranjafoods.com\/es\/#organization"},"potentialAction":[{"@type":"SearchAction","target":{"@type":"EntryPoint","urlTemplate":"https:\/\/lagranjafoods.com\/es\/?s={search_term_string}"},"query-input":{"@type":"PropertyValueSpecification","valueRequired":true,"valueName":"search_term_string"}}],"inLanguage":"es"},{"@type":"Organization","@id":"https:\/\/lagranjafoods.com\/es\/#organization","name":"La Granja Foods","url":"https:\/\/lagranjafoods.com\/es\/","logo":{"@type":"ImageObject","inLanguage":"es","@id":"https:\/\/lagranjafoods.com\/es\/#\/schema\/logo\/image\/","url":"https:\/\/lagranjafoods.com\/wp-content\/uploads\/logo-lagranjafoods.png","contentUrl":"https:\/\/lagranjafoods.com\/wp-content\/uploads\/logo-lagranjafoods.png","width":539,"height":158,"caption":"La Granja Foods "},"image":{"@id":"https:\/\/lagranjafoods.com\/es\/#\/schema\/logo\/image\/"}}]}},"_links":{"self":[{"href":"https:\/\/lagranjafoods.com\/es\/wp-json\/wp\/v2\/product\/4403","targetHints":{"allow":["GET"]}}],"collection":[{"href":"https:\/\/lagranjafoods.com\/es\/wp-json\/wp\/v2\/product"}],"about":[{"href":"https:\/\/lagranjafoods.com\/es\/wp-json\/wp\/v2\/types\/product"}],"replies":[{"embeddable":true,"href":"https:\/\/lagranjafoods.com\/es\/wp-json\/wp\/v2\/comments?post=4403"}],"wp:featuredmedia":[{"embeddable":true,"href":"https:\/\/lagranjafoods.com\/es\/wp-json\/wp\/v2\/media\/37184"}],"wp:attachment":[{"href":"https:\/\/lagranjafoods.com\/es\/wp-json\/wp\/v2\/media?parent=4403"}],"wp:term":[{"taxonomy":"product_cat","embeddable":true,"href":"https:\/\/lagranjafoods.com\/es\/wp-json\/wp\/v2\/product_cat?post=4403"},{"taxonomy":"product_tag","embeddable":true,"href":"https:\/\/lagranjafoods.com\/es\/wp-json\/wp\/v2\/product_tag?post=4403"}],"curies":[{"name":"wp","href":"https:\/\/api.w.org\/{rel}","templated":true}]}}