{"id":8845,"date":"2024-06-06T14:01:56","date_gmt":"2024-06-06T12:01:56","guid":{"rendered":"http:\/\/lagranjafoods.com\/product\/galetes-ecologiques-de-civada-i-lli\/"},"modified":"2026-05-29T12:33:15","modified_gmt":"2026-05-29T10:33:15","slug":"galetes-ecologiques-de-civada-i-lli","status":"publish","type":"product","link":"https:\/\/lagranjafoods.com\/ca\/producte\/galetes-ecologiques-de-civada-i-lli\/","title":{"rendered":"Galetes ecol\u00f2giques de civada i lli"},"content":{"rendered":"","protected":false},"excerpt":{"rendered":"<p>Submergeix-te en una experi\u00e8ncia de sabor aut\u00e8ntic amb les nostres<strong> Galetes Ecol\u00f2giques de Civada i Lli.<\/strong> Cada galeta ha estat\u00a0 elaborada per a brindar-te una combinaci\u00f3 perfecta d&#8217;ingredients conreats de manera sostenible.<\/p>\n<p>En cada galeta, notar\u00e0s les llavors de lli fosc, els flocs de civada, el toc de canyella molta i el seg\u00f3 de civada, que junts fan d&#8217;aquesta galeta un mos delici\u00f3s i molt cruixent, un \u00abmuesli\u00bb de granola en forma de galeta.<\/p>\n<p>Tots els ingredients utilitzats provenen de cultius ecol\u00f2gics certificats, la qual cosa garanteix que no s&#8217;han emprat pesticides ni productes qu\u00edmics nocius en la seva producci\u00f3,\u00a0la qual cosa contribueix a la\u00a0<strong>preservaci\u00f3 de la biodiversitat i al respecte pel medi ambient.<\/strong><\/p>\n<ul>\n<li>Amb farina de civada ecol\u00f2gica<\/li>\n<li>Amb llavors de lli natural ecol\u00f2gic<\/li>\n<li>Amb flocs de civada ecol\u00f2gic<\/li>\n<li>Un toc de canyella natural molta ecol\u00f2gica<\/li>\n<li>Amb seg\u00f3 de civada ecol\u00f2gic<\/li>\n<li>Textura molt cruixent<\/li>\n<li>Elaborades 1 a 1<\/li>\n<li>Ingredients de proced\u00e8ncia d&#8217;agricultura ecol\u00f2gica<\/li>\n<li>Ous ecol\u00f2gics frescos i de\u00a0km0<\/li>\n<li>Elaborat amb sucre bru ecol\u00f2gic<\/li>\n<li>Enfornat lentament<\/li>\n<\/ul>\n","protected":false},"featured_media":32359,"comment_status":"closed","ping_status":"closed","template":"","meta":{"_acf_changed":false},"product_cat":[107],"product_tag":[417],"class_list":["post-8845","product","type-product","status-publish","has-post-thumbnail","product_cat-bio-ca","product_tag-eco-ca","pa_marca-la-granja-ca","pa_tipologia-galetes","first","instock","taxable","shipping-taxable","purchasable","product-type-variable","has-default-attributes"],"acf":[],"yoast_head":"<!-- This site is optimized with the Yoast SEO plugin v28.3 - https:\/\/yoast.com\/product\/yoast-seo-wordpress\/ -->\n<title>Galetes ecol\u00f2giques de civada i lli - La Granja Foods<\/title>\n<meta name=\"robots\" content=\"index, follow, max-snippet:-1, max-image-preview:large, max-video-preview:-1\" \/>\n<link rel=\"canonical\" href=\"https:\/\/lagranjafoods.com\/ca\/producte\/galetes-ecologiques-de-civada-i-lli\/\" \/>\n<meta property=\"og:locale\" content=\"ca_ES\" \/>\n<meta property=\"og:type\" content=\"article\" \/>\n<meta property=\"og:title\" content=\"Galetes ecol\u00f2giques de civada i lli - La Granja Foods\" \/>\n<meta property=\"og:description\" content=\"Submergeix-te en una experi\u00e8ncia de sabor aut\u00e8ntic amb les nostres Galetes Ecol\u00f2giques de Civada i Lli. Cada galeta ha estat\u00a0 elaborada per a brindar-te una combinaci\u00f3 perfecta d&#039;ingredients conreats de manera sostenible.  En cada galeta, notar\u00e0s les llavors de lli fosc, els flocs de civada, el toc de canyella molta i el seg\u00f3 de civada, que junts fan d&#039;aquesta galeta un mos delici\u00f3s i molt cruixent, un &quot;muesli&quot; de granola en forma de galeta.  Tots els ingredients utilitzats provenen de cultius ecol\u00f2gics certificats, la qual cosa garanteix que no s&#039;han emprat pesticides ni productes qu\u00edmics nocius en la seva producci\u00f3,\u00a0la qual cosa contribueix a la\u00a0preservaci\u00f3 de la biodiversitat i al respecte pel medi ambient.   Amb farina de civada ecol\u00f2gica  Amb llavors de lli natural ecol\u00f2gic  Amb flocs de civada ecol\u00f2gic  Un toc de canyella natural molta ecol\u00f2gica  Amb seg\u00f3 de civada ecol\u00f2gic  Textura molt cruixent  Elaborades 1 a 1  Ingredients de proced\u00e8ncia d&#039;agricultura ecol\u00f2gica  Ous ecol\u00f2gics frescos i de\u00a0km0  Elaborat amb sucre bru ecol\u00f2gic  Enfornat lentament\" \/>\n<meta property=\"og:url\" content=\"https:\/\/lagranjafoods.com\/ca\/producte\/galetes-ecologiques-de-civada-i-lli\/\" \/>\n<meta property=\"og:site_name\" content=\"La Granja Foods\" \/>\n<meta property=\"article:modified_time\" content=\"2026-05-29T10:33:15+00:00\" \/>\n<meta property=\"og:image\" content=\"https:\/\/lagranjafoods.com\/wp-content\/uploads\/Galletas-Avena-Lino_Thumbnail.jpg\" \/>\n\t<meta property=\"og:image:width\" content=\"1692\" \/>\n\t<meta property=\"og:image:height\" content=\"2022\" \/>\n\t<meta property=\"og:image:type\" content=\"image\/jpeg\" \/>\n<meta name=\"twitter:card\" content=\"summary_large_image\" \/>\n<meta name=\"twitter:label1\" content=\"Temps estimat de lectura\" \/>\n\t<meta name=\"twitter:data1\" content=\"1 minut\" \/>\n<script type=\"application\/ld+json\" class=\"yoast-schema-graph\">{\"@context\":\"https:\\\/\\\/schema.org\",\"@graph\":[{\"@type\":\"WebPage\",\"@id\":\"https:\\\/\\\/lagranjafoods.com\\\/ca\\\/producte\\\/galetes-ecologiques-de-civada-i-lli\\\/\",\"url\":\"https:\\\/\\\/lagranjafoods.com\\\/ca\\\/producte\\\/galetes-ecologiques-de-civada-i-lli\\\/\",\"name\":\"Galetes ecol\u00f2giques de civada i lli - La Granja Foods\",\"isPartOf\":{\"@id\":\"https:\\\/\\\/lagranjafoods.com\\\/ca\\\/#website\"},\"primaryImageOfPage\":{\"@id\":\"https:\\\/\\\/lagranjafoods.com\\\/ca\\\/producte\\\/galetes-ecologiques-de-civada-i-lli\\\/#primaryimage\"},\"image\":{\"@id\":\"https:\\\/\\\/lagranjafoods.com\\\/ca\\\/producte\\\/galetes-ecologiques-de-civada-i-lli\\\/#primaryimage\"},\"thumbnailUrl\":\"https:\\\/\\\/lagranjafoods.com\\\/wp-content\\\/uploads\\\/Galletas-Avena-Lino_Thumbnail.jpg\",\"datePublished\":\"2024-06-06T12:01:56+00:00\",\"dateModified\":\"2026-05-29T10:33:15+00:00\",\"breadcrumb\":{\"@id\":\"https:\\\/\\\/lagranjafoods.com\\\/ca\\\/producte\\\/galetes-ecologiques-de-civada-i-lli\\\/#breadcrumb\"},\"inLanguage\":\"ca\",\"potentialAction\":[{\"@type\":\"ReadAction\",\"target\":[\"https:\\\/\\\/lagranjafoods.com\\\/ca\\\/producte\\\/galetes-ecologiques-de-civada-i-lli\\\/\"]}]},{\"@type\":\"ImageObject\",\"inLanguage\":\"ca\",\"@id\":\"https:\\\/\\\/lagranjafoods.com\\\/ca\\\/producte\\\/galetes-ecologiques-de-civada-i-lli\\\/#primaryimage\",\"url\":\"https:\\\/\\\/lagranjafoods.com\\\/wp-content\\\/uploads\\\/Galletas-Avena-Lino_Thumbnail.jpg\",\"contentUrl\":\"https:\\\/\\\/lagranjafoods.com\\\/wp-content\\\/uploads\\\/Galletas-Avena-Lino_Thumbnail.jpg\",\"width\":1692,\"height\":2022},{\"@type\":\"BreadcrumbList\",\"@id\":\"https:\\\/\\\/lagranjafoods.com\\\/ca\\\/producte\\\/galetes-ecologiques-de-civada-i-lli\\\/#breadcrumb\",\"itemListElement\":[{\"@type\":\"ListItem\",\"position\":1,\"name\":\"Portada\",\"item\":\"https:\\\/\\\/lagranjafoods.com\\\/ca\\\/\"},{\"@type\":\"ListItem\",\"position\":2,\"name\":\"Productes\",\"item\":\"https:\\\/\\\/lagranjafoods.com\\\/ca\\\/productes\\\/\"},{\"@type\":\"ListItem\",\"position\":3,\"name\":\"Galetes ecol\u00f2giques de civada i lli\"}]},{\"@type\":\"WebSite\",\"@id\":\"https:\\\/\\\/lagranjafoods.com\\\/ca\\\/#website\",\"url\":\"https:\\\/\\\/lagranjafoods.com\\\/ca\\\/\",\"name\":\"La Granja Foods\",\"description\":\"\u00a1Benvinguts a La Granja! Qualitat, sabor i frescor des de 1959.\",\"publisher\":{\"@id\":\"https:\\\/\\\/lagranjafoods.com\\\/ca\\\/#organization\"},\"potentialAction\":[{\"@type\":\"SearchAction\",\"target\":{\"@type\":\"EntryPoint\",\"urlTemplate\":\"https:\\\/\\\/lagranjafoods.com\\\/ca\\\/?s={search_term_string}\"},\"query-input\":{\"@type\":\"PropertyValueSpecification\",\"valueRequired\":true,\"valueName\":\"search_term_string\"}}],\"inLanguage\":\"ca\"},{\"@type\":\"Organization\",\"@id\":\"https:\\\/\\\/lagranjafoods.com\\\/ca\\\/#organization\",\"name\":\"La Granja Foods\",\"url\":\"https:\\\/\\\/lagranjafoods.com\\\/ca\\\/\",\"logo\":{\"@type\":\"ImageObject\",\"inLanguage\":\"ca\",\"@id\":\"https:\\\/\\\/lagranjafoods.com\\\/ca\\\/#\\\/schema\\\/logo\\\/image\\\/\",\"url\":\"https:\\\/\\\/lagranjafoods.com\\\/wp-content\\\/uploads\\\/logo-lagranjafoods.png\",\"contentUrl\":\"https:\\\/\\\/lagranjafoods.com\\\/wp-content\\\/uploads\\\/logo-lagranjafoods.png\",\"width\":539,\"height\":158,\"caption\":\"La Granja Foods \"},\"image\":{\"@id\":\"https:\\\/\\\/lagranjafoods.com\\\/ca\\\/#\\\/schema\\\/logo\\\/image\\\/\"}}]}<\/script>\n<!-- \/ Yoast SEO plugin. -->","yoast_head_json":{"title":"Galetes ecol\u00f2giques de civada i lli - La Granja Foods","robots":{"index":"index","follow":"follow","max-snippet":"max-snippet:-1","max-image-preview":"max-image-preview:large","max-video-preview":"max-video-preview:-1"},"canonical":"https:\/\/lagranjafoods.com\/ca\/producte\/galetes-ecologiques-de-civada-i-lli\/","og_locale":"ca_ES","og_type":"article","og_title":"Galetes ecol\u00f2giques de civada i lli - La Granja Foods","og_description":"Submergeix-te en una experi\u00e8ncia de sabor aut\u00e8ntic amb les nostres Galetes Ecol\u00f2giques de Civada i Lli. Cada galeta ha estat\u00a0 elaborada per a brindar-te una combinaci\u00f3 perfecta d'ingredients conreats de manera sostenible.  En cada galeta, notar\u00e0s les llavors de lli fosc, els flocs de civada, el toc de canyella molta i el seg\u00f3 de civada, que junts fan d'aquesta galeta un mos delici\u00f3s i molt cruixent, un \"muesli\" de granola en forma de galeta.  Tots els ingredients utilitzats provenen de cultius ecol\u00f2gics certificats, la qual cosa garanteix que no s'han emprat pesticides ni productes qu\u00edmics nocius en la seva producci\u00f3,\u00a0la qual cosa contribueix a la\u00a0preservaci\u00f3 de la biodiversitat i al respecte pel medi ambient.   Amb farina de civada ecol\u00f2gica  Amb llavors de lli natural ecol\u00f2gic  Amb flocs de civada ecol\u00f2gic  Un toc de canyella natural molta ecol\u00f2gica  Amb seg\u00f3 de civada ecol\u00f2gic  Textura molt cruixent  Elaborades 1 a 1  Ingredients de proced\u00e8ncia d'agricultura ecol\u00f2gica  Ous ecol\u00f2gics frescos i de\u00a0km0  Elaborat amb sucre bru ecol\u00f2gic  Enfornat lentament","og_url":"https:\/\/lagranjafoods.com\/ca\/producte\/galetes-ecologiques-de-civada-i-lli\/","og_site_name":"La Granja Foods","article_modified_time":"2026-05-29T10:33:15+00:00","og_image":[{"width":1692,"height":2022,"url":"https:\/\/lagranjafoods.com\/wp-content\/uploads\/Galletas-Avena-Lino_Thumbnail.jpg","type":"image\/jpeg"}],"twitter_card":"summary_large_image","twitter_misc":{"Temps estimat de lectura":"1 minut"},"schema":{"@context":"https:\/\/schema.org","@graph":[{"@type":"WebPage","@id":"https:\/\/lagranjafoods.com\/ca\/producte\/galetes-ecologiques-de-civada-i-lli\/","url":"https:\/\/lagranjafoods.com\/ca\/producte\/galetes-ecologiques-de-civada-i-lli\/","name":"Galetes ecol\u00f2giques de civada i lli - La Granja Foods","isPartOf":{"@id":"https:\/\/lagranjafoods.com\/ca\/#website"},"primaryImageOfPage":{"@id":"https:\/\/lagranjafoods.com\/ca\/producte\/galetes-ecologiques-de-civada-i-lli\/#primaryimage"},"image":{"@id":"https:\/\/lagranjafoods.com\/ca\/producte\/galetes-ecologiques-de-civada-i-lli\/#primaryimage"},"thumbnailUrl":"https:\/\/lagranjafoods.com\/wp-content\/uploads\/Galletas-Avena-Lino_Thumbnail.jpg","datePublished":"2024-06-06T12:01:56+00:00","dateModified":"2026-05-29T10:33:15+00:00","breadcrumb":{"@id":"https:\/\/lagranjafoods.com\/ca\/producte\/galetes-ecologiques-de-civada-i-lli\/#breadcrumb"},"inLanguage":"ca","potentialAction":[{"@type":"ReadAction","target":["https:\/\/lagranjafoods.com\/ca\/producte\/galetes-ecologiques-de-civada-i-lli\/"]}]},{"@type":"ImageObject","inLanguage":"ca","@id":"https:\/\/lagranjafoods.com\/ca\/producte\/galetes-ecologiques-de-civada-i-lli\/#primaryimage","url":"https:\/\/lagranjafoods.com\/wp-content\/uploads\/Galletas-Avena-Lino_Thumbnail.jpg","contentUrl":"https:\/\/lagranjafoods.com\/wp-content\/uploads\/Galletas-Avena-Lino_Thumbnail.jpg","width":1692,"height":2022},{"@type":"BreadcrumbList","@id":"https:\/\/lagranjafoods.com\/ca\/producte\/galetes-ecologiques-de-civada-i-lli\/#breadcrumb","itemListElement":[{"@type":"ListItem","position":1,"name":"Portada","item":"https:\/\/lagranjafoods.com\/ca\/"},{"@type":"ListItem","position":2,"name":"Productes","item":"https:\/\/lagranjafoods.com\/ca\/productes\/"},{"@type":"ListItem","position":3,"name":"Galetes ecol\u00f2giques de civada i lli"}]},{"@type":"WebSite","@id":"https:\/\/lagranjafoods.com\/ca\/#website","url":"https:\/\/lagranjafoods.com\/ca\/","name":"La Granja Foods","description":"\u00a1Benvinguts a La Granja! Qualitat, sabor i frescor des de 1959.","publisher":{"@id":"https:\/\/lagranjafoods.com\/ca\/#organization"},"potentialAction":[{"@type":"SearchAction","target":{"@type":"EntryPoint","urlTemplate":"https:\/\/lagranjafoods.com\/ca\/?s={search_term_string}"},"query-input":{"@type":"PropertyValueSpecification","valueRequired":true,"valueName":"search_term_string"}}],"inLanguage":"ca"},{"@type":"Organization","@id":"https:\/\/lagranjafoods.com\/ca\/#organization","name":"La Granja Foods","url":"https:\/\/lagranjafoods.com\/ca\/","logo":{"@type":"ImageObject","inLanguage":"ca","@id":"https:\/\/lagranjafoods.com\/ca\/#\/schema\/logo\/image\/","url":"https:\/\/lagranjafoods.com\/wp-content\/uploads\/logo-lagranjafoods.png","contentUrl":"https:\/\/lagranjafoods.com\/wp-content\/uploads\/logo-lagranjafoods.png","width":539,"height":158,"caption":"La Granja Foods "},"image":{"@id":"https:\/\/lagranjafoods.com\/ca\/#\/schema\/logo\/image\/"}}]}},"_links":{"self":[{"href":"https:\/\/lagranjafoods.com\/ca\/wp-json\/wp\/v2\/product\/8845","targetHints":{"allow":["GET"]}}],"collection":[{"href":"https:\/\/lagranjafoods.com\/ca\/wp-json\/wp\/v2\/product"}],"about":[{"href":"https:\/\/lagranjafoods.com\/ca\/wp-json\/wp\/v2\/types\/product"}],"replies":[{"embeddable":true,"href":"https:\/\/lagranjafoods.com\/ca\/wp-json\/wp\/v2\/comments?post=8845"}],"wp:featuredmedia":[{"embeddable":true,"href":"https:\/\/lagranjafoods.com\/ca\/wp-json\/wp\/v2\/media\/32359"}],"wp:attachment":[{"href":"https:\/\/lagranjafoods.com\/ca\/wp-json\/wp\/v2\/media?parent=8845"}],"wp:term":[{"taxonomy":"product_cat","embeddable":true,"href":"https:\/\/lagranjafoods.com\/ca\/wp-json\/wp\/v2\/product_cat?post=8845"},{"taxonomy":"product_tag","embeddable":true,"href":"https:\/\/lagranjafoods.com\/ca\/wp-json\/wp\/v2\/product_tag?post=8845"}],"curies":[{"name":"wp","href":"https:\/\/api.w.org\/{rel}","templated":true}]}}