{"id":8824,"date":"2024-06-06T13:58:29","date_gmt":"2024-06-06T11:58:29","guid":{"rendered":"http:\/\/lagranjafoods.com\/product\/magdalenes-ecologiques-espelta\/"},"modified":"2026-05-29T12:33:09","modified_gmt":"2026-05-29T10:33:09","slug":"magdalenes-ecologiques-espelta","status":"publish","type":"product","link":"https:\/\/lagranjafoods.com\/ca\/producte\/magdalenes-ecologiques-espelta\/","title":{"rendered":"Magdalenes ecol\u00f2giques espelta"},"content":{"rendered":"<p>Magdalenes ecol\u00f2giques espelta. Desde el primer d\u00eda, elaborar los productos lo mejor que sabemos y asegurar un gran sabor ha sido para nosotros un valor irrenunciable.<\/p>\n<p>En 1954 nuestros abuelos ten\u00edan un colmado junto a su peque\u00f1a granja de gallinas. En \u00e9l vend\u00edan al vecindario los huevos as\u00ed como v\u00edveres de todo tipo. Una vez la tienda se qued\u00f3 sin suministro de magdalenas, uno de sus productos m\u00e1s populares. Para contentar a la clientela, nuestra abuela decidi\u00f3 hornear su propia receta de magdalenas en la cocina de su casa. Su enorme \u00e9xito sorprendi\u00f3 a todos, cada vez se vend\u00edan m\u00e1s y m\u00e1s. De ah\u00ed naci\u00f3 La Granja y aprendimos algo que siempre tenemos presente: trabajar fuerte y hacerlo todo lo mejor que uno sabe para satisfacer a tus clientes.<\/p>\n<p>Fue as\u00ed con las primeras especialidades tradicionales que nos dieron a conocer y lo ha seguido siendo a lo largo de nuestra trayectoria, al incorporar continuamente novedades en nuestra gama.<\/p>\n<p>Avanzarnos a las necesidades y deseos de los consumidores nos ha convertido en un referente de calidad e innovaci\u00f3n en nuestro sector de productos de alimentaci\u00f3n. En los a\u00f1os 80 <a href=\"https:\/\/lagranjafoods.com\/ca\/\">La Granja<\/a> fue pionera al crear especialidades atendiendo a distintas necesidades diet\u00e9ticas, que hoy forman parte de nuestra gama Diet.<\/p>\n<p>M\u00e1s tarde lanzamos la gama Bio, que utiliza solo ingredientes de la agricultura ecol\u00f3gica. Han seguido a esta l\u00ednea, la gama Vegan para un consumo estrictamente vegano y los productos Sin Gluten y Sin Lactosa, que tienen una producci\u00f3n separada a la resta de productos.<\/p>\n<p>En los productos de esta nueva gama utilizamos \u00fanicamente ingredientes libres de gluten, lactosa y ma\u00edz. Aseguramos su no-contaminaci\u00f3n en todo el proceso, desde una producci\u00f3n separada del resto. Este producto cuenta con el sello de La <a href=\"https:\/\/celiacos.org\/que-hacemos\/certificacion-alimentaria-sin-gluten\/sistema-de-licencia-europeo-els-o-espiga-barrada\/\">Espiga Barrada<\/a> y n\u00famero de licencia ES-055-016, certificado por la AOECS (Asociaci\u00f3n de Sociedades de Celiacos de Europa).<\/p>\n","protected":false},"excerpt":{"rendered":"<p>Les <strong>Magdalenes d&#8217;Espelta Ecol\u00f2gica<\/strong> s\u00f3n una exquisida opci\u00f3 per als qui busquen gaudir d&#8217;un producte delici\u00f3s, elaborat amb ingredients d&#8217;alta qualitat i respectuosos amb el medi ambient.<\/p>\n<p>A m\u00e9s, aquestes magdalenes estan enriquides amb fibra d&#8217;ordi, la qual cosa aporta un extra de beneficis per a la salut digestiva. La fibra d&#8217;ordi ajuda a millorar la funci\u00f3 intestinal, promovent una digesti\u00f3 saludable i contribuint a una sensaci\u00f3 de sacietat m\u00e9s duradora.<\/p>\n<p>Tots els ingredients utilitzats provenen de cultius ecol\u00f2gics certificats, la qual cosa garanteix que no s&#8217;han emprat pesticides ni productes qu\u00edmics nocius en la seva producci\u00f3,\u00a0la qual cosa <strong>contribueix a la\u00a0preservaci\u00f3 de la biodiversitat i al respecte pel medi ambient.<\/strong><\/p>\n<ul>\n<li>Elaborat 100% amb farina d&#8217;espelta ecol\u00f2gica<\/li>\n<li>Amb fibra d&#8217;ordi ecol\u00f2gic<\/li>\n<li>Ingredients de proced\u00e8ncia d&#8217;agricultura ecol\u00f2gica<\/li>\n<li>Ous ecol\u00f2gics frescos i de km0<\/li>\n<li>Elaborat amb sucre mor\u00e8 ecol\u00f2gic<\/li>\n<li>Enfornat lentament<\/li>\n<li>Textura molt tendra<\/li>\n<li>Elevada esponjositat i sabor<\/li>\n<\/ul>\n","protected":false},"featured_media":32272,"comment_status":"closed","ping_status":"closed","template":"","meta":{"_acf_changed":false},"product_cat":[107],"product_tag":[417],"class_list":["post-8824","product","type-product","status-publish","has-post-thumbnail","product_cat-bio-ca","product_tag-eco-ca","pa_marca-la-granja-ca","pa_tipologia-magdalenes","first","instock","taxable","shipping-taxable","purchasable","product-type-variable","has-default-attributes"],"acf":[],"yoast_head":"<!-- This site is optimized with the Yoast SEO plugin v28.3 - https:\/\/yoast.com\/product\/yoast-seo-wordpress\/ -->\n<title>Magdalenes ecol\u00f2giques espelta - La Granja Foods<\/title>\n<meta name=\"robots\" content=\"index, follow, max-snippet:-1, max-image-preview:large, max-video-preview:-1\" \/>\n<link rel=\"canonical\" href=\"https:\/\/lagranjafoods.com\/ca\/producte\/magdalenes-ecologiques-espelta\/\" \/>\n<meta property=\"og:locale\" content=\"ca_ES\" \/>\n<meta property=\"og:type\" content=\"article\" \/>\n<meta property=\"og:title\" content=\"Magdalenes ecol\u00f2giques espelta - La Granja Foods\" \/>\n<meta property=\"og:description\" content=\"Les Magdalenes d&#039;Espelta Ecol\u00f2gica s\u00f3n una exquisida opci\u00f3 per als qui busquen gaudir d&#039;un producte delici\u00f3s, elaborat amb ingredients d&#039;alta qualitat i respectuosos amb el medi ambient.  A m\u00e9s, aquestes magdalenes estan enriquides amb fibra d&#039;ordi, la qual cosa aporta un extra de beneficis per a la salut digestiva. La fibra d&#039;ordi ajuda a millorar la funci\u00f3 intestinal, promovent una digesti\u00f3 saludable i contribuint a una sensaci\u00f3 de sacietat m\u00e9s duradora.  Tots els ingredients utilitzats provenen de cultius ecol\u00f2gics certificats, la qual cosa garanteix que no s&#039;han emprat pesticides ni productes qu\u00edmics nocius en la seva producci\u00f3,\u00a0la qual cosa contribueix a la\u00a0preservaci\u00f3 de la biodiversitat i al respecte pel medi ambient.   Elaborat 100% amb farina d&#039;espelta ecol\u00f2gica  Amb fibra d&#039;ordi ecol\u00f2gic  Ingredients de proced\u00e8ncia d&#039;agricultura ecol\u00f2gica  Ous ecol\u00f2gics frescos i de km0  Elaborat amb sucre mor\u00e8 ecol\u00f2gic  Enfornat lentament  Textura molt tendra  Elevada esponjositat i sabor\" \/>\n<meta property=\"og:url\" content=\"https:\/\/lagranjafoods.com\/ca\/producte\/magdalenes-ecologiques-espelta\/\" \/>\n<meta property=\"og:site_name\" content=\"La Granja Foods\" \/>\n<meta property=\"article:modified_time\" content=\"2026-05-29T10:33:09+00:00\" \/>\n<meta property=\"og:image\" content=\"https:\/\/lagranjafoods.com\/wp-content\/uploads\/Eco_Magdalenas_Espelta_Thumbnail.jpg\" \/>\n\t<meta property=\"og:image:width\" content=\"1692\" \/>\n\t<meta property=\"og:image:height\" content=\"2022\" \/>\n\t<meta property=\"og:image:type\" content=\"image\/jpeg\" \/>\n<meta name=\"twitter:card\" content=\"summary_large_image\" \/>\n<meta name=\"twitter:label1\" content=\"Temps estimat de lectura\" \/>\n\t<meta name=\"twitter:data1\" content=\"2 minut\" \/>\n<script type=\"application\/ld+json\" class=\"yoast-schema-graph\">{\"@context\":\"https:\\\/\\\/schema.org\",\"@graph\":[{\"@type\":\"WebPage\",\"@id\":\"https:\\\/\\\/lagranjafoods.com\\\/ca\\\/producte\\\/magdalenes-ecologiques-espelta\\\/\",\"url\":\"https:\\\/\\\/lagranjafoods.com\\\/ca\\\/producte\\\/magdalenes-ecologiques-espelta\\\/\",\"name\":\"Magdalenes ecol\u00f2giques espelta - La Granja Foods\",\"isPartOf\":{\"@id\":\"https:\\\/\\\/lagranjafoods.com\\\/ca\\\/#website\"},\"primaryImageOfPage\":{\"@id\":\"https:\\\/\\\/lagranjafoods.com\\\/ca\\\/producte\\\/magdalenes-ecologiques-espelta\\\/#primaryimage\"},\"image\":{\"@id\":\"https:\\\/\\\/lagranjafoods.com\\\/ca\\\/producte\\\/magdalenes-ecologiques-espelta\\\/#primaryimage\"},\"thumbnailUrl\":\"https:\\\/\\\/lagranjafoods.com\\\/wp-content\\\/uploads\\\/Eco_Magdalenas_Espelta_Thumbnail.jpg\",\"datePublished\":\"2024-06-06T11:58:29+00:00\",\"dateModified\":\"2026-05-29T10:33:09+00:00\",\"breadcrumb\":{\"@id\":\"https:\\\/\\\/lagranjafoods.com\\\/ca\\\/producte\\\/magdalenes-ecologiques-espelta\\\/#breadcrumb\"},\"inLanguage\":\"ca\",\"potentialAction\":[{\"@type\":\"ReadAction\",\"target\":[\"https:\\\/\\\/lagranjafoods.com\\\/ca\\\/producte\\\/magdalenes-ecologiques-espelta\\\/\"]}]},{\"@type\":\"ImageObject\",\"inLanguage\":\"ca\",\"@id\":\"https:\\\/\\\/lagranjafoods.com\\\/ca\\\/producte\\\/magdalenes-ecologiques-espelta\\\/#primaryimage\",\"url\":\"https:\\\/\\\/lagranjafoods.com\\\/wp-content\\\/uploads\\\/Eco_Magdalenas_Espelta_Thumbnail.jpg\",\"contentUrl\":\"https:\\\/\\\/lagranjafoods.com\\\/wp-content\\\/uploads\\\/Eco_Magdalenas_Espelta_Thumbnail.jpg\",\"width\":1692,\"height\":2022},{\"@type\":\"BreadcrumbList\",\"@id\":\"https:\\\/\\\/lagranjafoods.com\\\/ca\\\/producte\\\/magdalenes-ecologiques-espelta\\\/#breadcrumb\",\"itemListElement\":[{\"@type\":\"ListItem\",\"position\":1,\"name\":\"Portada\",\"item\":\"https:\\\/\\\/lagranjafoods.com\\\/ca\\\/\"},{\"@type\":\"ListItem\",\"position\":2,\"name\":\"Productes\",\"item\":\"https:\\\/\\\/lagranjafoods.com\\\/ca\\\/productes\\\/\"},{\"@type\":\"ListItem\",\"position\":3,\"name\":\"Magdalenes ecol\u00f2giques espelta\"}]},{\"@type\":\"WebSite\",\"@id\":\"https:\\\/\\\/lagranjafoods.com\\\/ca\\\/#website\",\"url\":\"https:\\\/\\\/lagranjafoods.com\\\/ca\\\/\",\"name\":\"La Granja Foods\",\"description\":\"\u00a1Benvinguts a La Granja! Qualitat, sabor i frescor des de 1959.\",\"publisher\":{\"@id\":\"https:\\\/\\\/lagranjafoods.com\\\/ca\\\/#organization\"},\"potentialAction\":[{\"@type\":\"SearchAction\",\"target\":{\"@type\":\"EntryPoint\",\"urlTemplate\":\"https:\\\/\\\/lagranjafoods.com\\\/ca\\\/?s={search_term_string}\"},\"query-input\":{\"@type\":\"PropertyValueSpecification\",\"valueRequired\":true,\"valueName\":\"search_term_string\"}}],\"inLanguage\":\"ca\"},{\"@type\":\"Organization\",\"@id\":\"https:\\\/\\\/lagranjafoods.com\\\/ca\\\/#organization\",\"name\":\"La Granja Foods\",\"url\":\"https:\\\/\\\/lagranjafoods.com\\\/ca\\\/\",\"logo\":{\"@type\":\"ImageObject\",\"inLanguage\":\"ca\",\"@id\":\"https:\\\/\\\/lagranjafoods.com\\\/ca\\\/#\\\/schema\\\/logo\\\/image\\\/\",\"url\":\"https:\\\/\\\/lagranjafoods.com\\\/wp-content\\\/uploads\\\/logo-lagranjafoods.png\",\"contentUrl\":\"https:\\\/\\\/lagranjafoods.com\\\/wp-content\\\/uploads\\\/logo-lagranjafoods.png\",\"width\":539,\"height\":158,\"caption\":\"La Granja Foods \"},\"image\":{\"@id\":\"https:\\\/\\\/lagranjafoods.com\\\/ca\\\/#\\\/schema\\\/logo\\\/image\\\/\"}}]}<\/script>\n<!-- \/ Yoast SEO plugin. -->","yoast_head_json":{"title":"Magdalenes ecol\u00f2giques espelta - La Granja Foods","robots":{"index":"index","follow":"follow","max-snippet":"max-snippet:-1","max-image-preview":"max-image-preview:large","max-video-preview":"max-video-preview:-1"},"canonical":"https:\/\/lagranjafoods.com\/ca\/producte\/magdalenes-ecologiques-espelta\/","og_locale":"ca_ES","og_type":"article","og_title":"Magdalenes ecol\u00f2giques espelta - La Granja Foods","og_description":"Les Magdalenes d'Espelta Ecol\u00f2gica s\u00f3n una exquisida opci\u00f3 per als qui busquen gaudir d'un producte delici\u00f3s, elaborat amb ingredients d'alta qualitat i respectuosos amb el medi ambient.  A m\u00e9s, aquestes magdalenes estan enriquides amb fibra d'ordi, la qual cosa aporta un extra de beneficis per a la salut digestiva. La fibra d'ordi ajuda a millorar la funci\u00f3 intestinal, promovent una digesti\u00f3 saludable i contribuint a una sensaci\u00f3 de sacietat m\u00e9s duradora.  Tots els ingredients utilitzats provenen de cultius ecol\u00f2gics certificats, la qual cosa garanteix que no s'han emprat pesticides ni productes qu\u00edmics nocius en la seva producci\u00f3,\u00a0la qual cosa contribueix a la\u00a0preservaci\u00f3 de la biodiversitat i al respecte pel medi ambient.   Elaborat 100% amb farina d'espelta ecol\u00f2gica  Amb fibra d'ordi ecol\u00f2gic  Ingredients de proced\u00e8ncia d'agricultura ecol\u00f2gica  Ous ecol\u00f2gics frescos i de km0  Elaborat amb sucre mor\u00e8 ecol\u00f2gic  Enfornat lentament  Textura molt tendra  Elevada esponjositat i sabor","og_url":"https:\/\/lagranjafoods.com\/ca\/producte\/magdalenes-ecologiques-espelta\/","og_site_name":"La Granja Foods","article_modified_time":"2026-05-29T10:33:09+00:00","og_image":[{"width":1692,"height":2022,"url":"https:\/\/lagranjafoods.com\/wp-content\/uploads\/Eco_Magdalenas_Espelta_Thumbnail.jpg","type":"image\/jpeg"}],"twitter_card":"summary_large_image","twitter_misc":{"Temps estimat de lectura":"2 minut"},"schema":{"@context":"https:\/\/schema.org","@graph":[{"@type":"WebPage","@id":"https:\/\/lagranjafoods.com\/ca\/producte\/magdalenes-ecologiques-espelta\/","url":"https:\/\/lagranjafoods.com\/ca\/producte\/magdalenes-ecologiques-espelta\/","name":"Magdalenes ecol\u00f2giques espelta - La Granja Foods","isPartOf":{"@id":"https:\/\/lagranjafoods.com\/ca\/#website"},"primaryImageOfPage":{"@id":"https:\/\/lagranjafoods.com\/ca\/producte\/magdalenes-ecologiques-espelta\/#primaryimage"},"image":{"@id":"https:\/\/lagranjafoods.com\/ca\/producte\/magdalenes-ecologiques-espelta\/#primaryimage"},"thumbnailUrl":"https:\/\/lagranjafoods.com\/wp-content\/uploads\/Eco_Magdalenas_Espelta_Thumbnail.jpg","datePublished":"2024-06-06T11:58:29+00:00","dateModified":"2026-05-29T10:33:09+00:00","breadcrumb":{"@id":"https:\/\/lagranjafoods.com\/ca\/producte\/magdalenes-ecologiques-espelta\/#breadcrumb"},"inLanguage":"ca","potentialAction":[{"@type":"ReadAction","target":["https:\/\/lagranjafoods.com\/ca\/producte\/magdalenes-ecologiques-espelta\/"]}]},{"@type":"ImageObject","inLanguage":"ca","@id":"https:\/\/lagranjafoods.com\/ca\/producte\/magdalenes-ecologiques-espelta\/#primaryimage","url":"https:\/\/lagranjafoods.com\/wp-content\/uploads\/Eco_Magdalenas_Espelta_Thumbnail.jpg","contentUrl":"https:\/\/lagranjafoods.com\/wp-content\/uploads\/Eco_Magdalenas_Espelta_Thumbnail.jpg","width":1692,"height":2022},{"@type":"BreadcrumbList","@id":"https:\/\/lagranjafoods.com\/ca\/producte\/magdalenes-ecologiques-espelta\/#breadcrumb","itemListElement":[{"@type":"ListItem","position":1,"name":"Portada","item":"https:\/\/lagranjafoods.com\/ca\/"},{"@type":"ListItem","position":2,"name":"Productes","item":"https:\/\/lagranjafoods.com\/ca\/productes\/"},{"@type":"ListItem","position":3,"name":"Magdalenes ecol\u00f2giques espelta"}]},{"@type":"WebSite","@id":"https:\/\/lagranjafoods.com\/ca\/#website","url":"https:\/\/lagranjafoods.com\/ca\/","name":"La Granja Foods","description":"\u00a1Benvinguts a La Granja! Qualitat, sabor i frescor des de 1959.","publisher":{"@id":"https:\/\/lagranjafoods.com\/ca\/#organization"},"potentialAction":[{"@type":"SearchAction","target":{"@type":"EntryPoint","urlTemplate":"https:\/\/lagranjafoods.com\/ca\/?s={search_term_string}"},"query-input":{"@type":"PropertyValueSpecification","valueRequired":true,"valueName":"search_term_string"}}],"inLanguage":"ca"},{"@type":"Organization","@id":"https:\/\/lagranjafoods.com\/ca\/#organization","name":"La Granja Foods","url":"https:\/\/lagranjafoods.com\/ca\/","logo":{"@type":"ImageObject","inLanguage":"ca","@id":"https:\/\/lagranjafoods.com\/ca\/#\/schema\/logo\/image\/","url":"https:\/\/lagranjafoods.com\/wp-content\/uploads\/logo-lagranjafoods.png","contentUrl":"https:\/\/lagranjafoods.com\/wp-content\/uploads\/logo-lagranjafoods.png","width":539,"height":158,"caption":"La Granja Foods "},"image":{"@id":"https:\/\/lagranjafoods.com\/ca\/#\/schema\/logo\/image\/"}}]}},"_links":{"self":[{"href":"https:\/\/lagranjafoods.com\/ca\/wp-json\/wp\/v2\/product\/8824","targetHints":{"allow":["GET"]}}],"collection":[{"href":"https:\/\/lagranjafoods.com\/ca\/wp-json\/wp\/v2\/product"}],"about":[{"href":"https:\/\/lagranjafoods.com\/ca\/wp-json\/wp\/v2\/types\/product"}],"replies":[{"embeddable":true,"href":"https:\/\/lagranjafoods.com\/ca\/wp-json\/wp\/v2\/comments?post=8824"}],"wp:featuredmedia":[{"embeddable":true,"href":"https:\/\/lagranjafoods.com\/ca\/wp-json\/wp\/v2\/media\/32272"}],"wp:attachment":[{"href":"https:\/\/lagranjafoods.com\/ca\/wp-json\/wp\/v2\/media?parent=8824"}],"wp:term":[{"taxonomy":"product_cat","embeddable":true,"href":"https:\/\/lagranjafoods.com\/ca\/wp-json\/wp\/v2\/product_cat?post=8824"},{"taxonomy":"product_tag","embeddable":true,"href":"https:\/\/lagranjafoods.com\/ca\/wp-json\/wp\/v2\/product_tag?post=8824"}],"curies":[{"name":"wp","href":"https:\/\/api.w.org\/{rel}","templated":true}]}}