{"id":8804,"date":"2024-06-06T14:04:33","date_gmt":"2024-06-06T12:04:33","guid":{"rendered":"http:\/\/lagranjafoods.com\/product\/bastonets-de-pa-ecologics-despelta-amb-oli-doliva\/"},"modified":"2026-08-04T11:09:27","modified_gmt":"2026-08-04T09:09:27","slug":"bastonets-de-pa-ecologics-despelta-amb-oli-doliva","status":"publish","type":"product","link":"https:\/\/lagranjafoods.com\/ca\/producte\/bastonets-de-pa-ecologics-despelta-amb-oli-doliva\/","title":{"rendered":"Bastonets de pa ecol\u00f2gics d&#8217;espelta amb oli d&#8217;oliva"},"content":{"rendered":"<p><strong>Bastonets de pa ecol\u00f2gics d&#8217;espelta amb oli d&#8217;oliva.\u00a0<\/strong>Des del primer dia, elaborar els productes tan b\u00e9 com sabem i garantir un gran sabor ha estat per a nosaltres un valor irrenunciable.<\/p>\n<p>L\u2019any 1954, els nostres avis tenien una botiga de queviures al costat de la seva petita granja de gallines. Hi venien al ve\u00efnat els ous, aix\u00ed com tota mena de queviures. Un dia, la botiga es va quedar sense magdalenes, un dels seus productes m\u00e9s populars. Per satisfer la clientela, la nostra \u00e0via va decidir elaborar la seva pr\u00f2pia recepta de magdalenes a la cuina de casa seva. El seu enorme \u00e8xit va sorprendre tothom: cada vegada se\u2019n venien m\u00e9s i m\u00e9s. D\u2019aqu\u00ed va n\u00e9ixer La Granja i vam aprendre una cosa que sempre tenim present: treballar de valent i fer-ho tot tan b\u00e9 com sabem per satisfer els nostres clients.<\/p>\n<p>Aix\u00ed va ser amb les primeres especialitats tradicionals que ens van donar a con\u00e8ixer, i aix\u00ed ha continuat sent al llarg de la nostra traject\u00f2ria, incorporant cont\u00ednuament novetats a la nostra gamma.<\/p>\n<p>Avan\u00e7ar-nos a les necessitats i als desitjos dels consumidors ens ha convertit en un referent de qualitat i innovaci\u00f3 en el nostre sector de productes d\u2019alimentaci\u00f3. Als anys 80, La Granja va ser pionera en crear especialitats pensades per respondre a diferents necessitats diet\u00e8tiques, que avui formen part de la nostra gamma Diet.<\/p>\n<p>M\u00e9s endavant, vam llan\u00e7ar la gamma Bio, que utilitza \u00fanicament ingredients procedents de l\u2019agricultura ecol\u00f2gica. A aquesta l\u00ednia la van seguir la gamma Vegan, per a un consum estrictament veg\u00e0, i els productes Sense Gluten i Sense Lactosa, que tenen una producci\u00f3 separada de la resta de productes.<\/p>\n","protected":false},"excerpt":{"rendered":"<p><strong>Com funciona l\u2019oferta 2&#215;1?<\/strong><br \/>\nAfegeix al carret els Vegan Snacks que vulguis rebre. La promoci\u00f3 s\u2019aplicar\u00e0 autom\u00e0ticament en finalitzar la compra.<\/p>\n<p>Per exemple, si vols rebre <strong>2 Vegan Snacks, afegeix-ne 2 al carret i nom\u00e9s en pagar\u00e0s 1<\/strong>. Si en vols rebre <strong>6, afegeix-ne 6 i nom\u00e9s en pagar\u00e0s 3<\/strong>.<\/p>\n<p>Presentem els nostres\u00a0<strong>Bastonets de pa Ecol\u00f2gics d&#8217;espelta amb oli d&#8217;oliva vegans<\/strong>, una combinaci\u00f3 perfecta de sabors equilibrats que et transportaran a una experi\u00e8ncia \u00fanica.<\/p>\n<p>Aquests bastonets han estat elaborats amb un profund comprom\u00eds amb la sostenibilitat i la qualitat, utilitzant ingredients org\u00e0nics d&#8217;origen vegetal per a oferir-te un producte excepcionalment delici\u00f3s i respectu\u00f3s amb el medi ambient.<\/p>\n<p>Els nostres bastonets vegans <strong>no s\u00f3n fregits, ni contenen conservants ni colorants<\/strong>. S\u00f3n una <strong>font de fibra, s\u00f3n lleugers i cruixents<\/strong>. Elaborats nom\u00e9s amb ingredients de l&#8217;agricultura ecol\u00f2gica.<\/p>\n<div class=\"textarea-origen col-xs-12 col-sm-6\">\n<div><\/div>\n<ul>\n<li>Font de fibra<\/li>\n<li>Elaborats amb oli d&#8217;oliva verge extra ecol\u00f2gic<\/li>\n<li>Amb espelta<\/li>\n<li>Totalment natural i artesanal<\/li>\n<li>Sense oli de palma<\/li>\n<li>Sense ingredients d&#8217;origen animal<\/li>\n<\/ul>\n<\/div>\n","protected":false},"featured_media":58459,"comment_status":"closed","ping_status":"closed","template":"","meta":{"_acf_changed":false},"product_cat":[865,107,108,110],"product_tag":[417],"class_list":["post-8804","product","type-product","status-publish","has-post-thumbnail","product_cat-especial-estiu","product_cat-bio-ca","product_cat-vegan-ca","product_cat-vegan-snacks-ca","product_tag-eco-ca","pa_marca-la-granja-ca","pa_tipologia-palitos-ca","first","instock","taxable","shipping-taxable","purchasable","product-type-simple"],"acf":[],"yoast_head":"<!-- This site is optimized with the Yoast SEO plugin v28.3 - https:\/\/yoast.com\/product\/yoast-seo-wordpress\/ -->\n<title>Bastonets de pa ecol\u00f2gics d&#039;espelta amb oli d&#039;oliva - La Granja Foods<\/title>\n<meta name=\"description\" content=\"Bastonets de pa ecol\u00f2gics d\u2019espelta amb oli d\u2019oliva. Elaborar els productes tan b\u00e9 com sabem i garantir un gran sabor \u00e9s per a nosaltres irrenunciable.\" \/>\n<meta name=\"robots\" content=\"index, follow, max-snippet:-1, max-image-preview:large, max-video-preview:-1\" \/>\n<link rel=\"canonical\" href=\"https:\/\/lagranjafoods.com\/ca\/producte\/bastonets-de-pa-ecologics-despelta-amb-oli-doliva\/\" \/>\n<meta property=\"og:locale\" content=\"ca_ES\" \/>\n<meta property=\"og:type\" content=\"article\" \/>\n<meta property=\"og:title\" content=\"Bastonets de pa ecol\u00f2gics d&#039;espelta amb oli d&#039;oliva - La Granja Foods\" \/>\n<meta property=\"og:description\" content=\"Bastonets de pa ecol\u00f2gics d\u2019espelta amb oli d\u2019oliva. Elaborar els productes tan b\u00e9 com sabem i garantir un gran sabor \u00e9s per a nosaltres irrenunciable.\" \/>\n<meta property=\"og:url\" content=\"https:\/\/lagranjafoods.com\/ca\/producte\/bastonets-de-pa-ecologics-despelta-amb-oli-doliva\/\" \/>\n<meta property=\"og:site_name\" content=\"La Granja Foods\" \/>\n<meta property=\"article:modified_time\" content=\"2026-08-04T09:09:27+00:00\" \/>\n<meta property=\"og:image\" content=\"https:\/\/lagranjafoods.com\/wp-content\/uploads\/77.png\" \/>\n\t<meta property=\"og:image:width\" content=\"1692\" \/>\n\t<meta property=\"og:image:height\" content=\"2022\" \/>\n\t<meta property=\"og:image:type\" content=\"image\/png\" \/>\n<meta name=\"twitter:card\" content=\"summary_large_image\" \/>\n<meta name=\"twitter:label1\" content=\"Temps estimat de lectura\" \/>\n\t<meta name=\"twitter:data1\" content=\"2 minut\" \/>\n<script type=\"application\/ld+json\" class=\"yoast-schema-graph\">{\"@context\":\"https:\\\/\\\/schema.org\",\"@graph\":[{\"@type\":\"WebPage\",\"@id\":\"https:\\\/\\\/lagranjafoods.com\\\/ca\\\/producte\\\/bastonets-de-pa-ecologics-despelta-amb-oli-doliva\\\/\",\"url\":\"https:\\\/\\\/lagranjafoods.com\\\/ca\\\/producte\\\/bastonets-de-pa-ecologics-despelta-amb-oli-doliva\\\/\",\"name\":\"Bastonets de pa ecol\u00f2gics d'espelta amb oli d'oliva - La Granja Foods\",\"isPartOf\":{\"@id\":\"https:\\\/\\\/lagranjafoods.com\\\/ca\\\/#website\"},\"primaryImageOfPage\":{\"@id\":\"https:\\\/\\\/lagranjafoods.com\\\/ca\\\/producte\\\/bastonets-de-pa-ecologics-despelta-amb-oli-doliva\\\/#primaryimage\"},\"image\":{\"@id\":\"https:\\\/\\\/lagranjafoods.com\\\/ca\\\/producte\\\/bastonets-de-pa-ecologics-despelta-amb-oli-doliva\\\/#primaryimage\"},\"thumbnailUrl\":\"https:\\\/\\\/lagranjafoods.com\\\/wp-content\\\/uploads\\\/77.png\",\"datePublished\":\"2024-06-06T12:04:33+00:00\",\"dateModified\":\"2026-08-04T09:09:27+00:00\",\"description\":\"Bastonets de pa ecol\u00f2gics d\u2019espelta amb oli d\u2019oliva. Elaborar els productes tan b\u00e9 com sabem i garantir un gran sabor \u00e9s per a nosaltres irrenunciable.\",\"breadcrumb\":{\"@id\":\"https:\\\/\\\/lagranjafoods.com\\\/ca\\\/producte\\\/bastonets-de-pa-ecologics-despelta-amb-oli-doliva\\\/#breadcrumb\"},\"inLanguage\":\"ca\",\"potentialAction\":[{\"@type\":\"ReadAction\",\"target\":[\"https:\\\/\\\/lagranjafoods.com\\\/ca\\\/producte\\\/bastonets-de-pa-ecologics-despelta-amb-oli-doliva\\\/\"]}]},{\"@type\":\"ImageObject\",\"inLanguage\":\"ca\",\"@id\":\"https:\\\/\\\/lagranjafoods.com\\\/ca\\\/producte\\\/bastonets-de-pa-ecologics-despelta-amb-oli-doliva\\\/#primaryimage\",\"url\":\"https:\\\/\\\/lagranjafoods.com\\\/wp-content\\\/uploads\\\/77.png\",\"contentUrl\":\"https:\\\/\\\/lagranjafoods.com\\\/wp-content\\\/uploads\\\/77.png\",\"width\":1692,\"height\":2022},{\"@type\":\"BreadcrumbList\",\"@id\":\"https:\\\/\\\/lagranjafoods.com\\\/ca\\\/producte\\\/bastonets-de-pa-ecologics-despelta-amb-oli-doliva\\\/#breadcrumb\",\"itemListElement\":[{\"@type\":\"ListItem\",\"position\":1,\"name\":\"Portada\",\"item\":\"https:\\\/\\\/lagranjafoods.com\\\/ca\\\/\"},{\"@type\":\"ListItem\",\"position\":2,\"name\":\"Productes\",\"item\":\"https:\\\/\\\/lagranjafoods.com\\\/ca\\\/productes\\\/\"},{\"@type\":\"ListItem\",\"position\":3,\"name\":\"Bastonets de pa ecol\u00f2gics d&#8217;espelta amb oli d&#8217;oliva\"}]},{\"@type\":\"WebSite\",\"@id\":\"https:\\\/\\\/lagranjafoods.com\\\/ca\\\/#website\",\"url\":\"https:\\\/\\\/lagranjafoods.com\\\/ca\\\/\",\"name\":\"La Granja Foods\",\"description\":\"\u00a1Benvinguts a La Granja! Qualitat, sabor i frescor des de 1959.\",\"publisher\":{\"@id\":\"https:\\\/\\\/lagranjafoods.com\\\/ca\\\/#organization\"},\"potentialAction\":[{\"@type\":\"SearchAction\",\"target\":{\"@type\":\"EntryPoint\",\"urlTemplate\":\"https:\\\/\\\/lagranjafoods.com\\\/ca\\\/?s={search_term_string}\"},\"query-input\":{\"@type\":\"PropertyValueSpecification\",\"valueRequired\":true,\"valueName\":\"search_term_string\"}}],\"inLanguage\":\"ca\"},{\"@type\":\"Organization\",\"@id\":\"https:\\\/\\\/lagranjafoods.com\\\/ca\\\/#organization\",\"name\":\"La Granja Foods\",\"url\":\"https:\\\/\\\/lagranjafoods.com\\\/ca\\\/\",\"logo\":{\"@type\":\"ImageObject\",\"inLanguage\":\"ca\",\"@id\":\"https:\\\/\\\/lagranjafoods.com\\\/ca\\\/#\\\/schema\\\/logo\\\/image\\\/\",\"url\":\"https:\\\/\\\/lagranjafoods.com\\\/wp-content\\\/uploads\\\/logo-lagranjafoods.png\",\"contentUrl\":\"https:\\\/\\\/lagranjafoods.com\\\/wp-content\\\/uploads\\\/logo-lagranjafoods.png\",\"width\":539,\"height\":158,\"caption\":\"La Granja Foods \"},\"image\":{\"@id\":\"https:\\\/\\\/lagranjafoods.com\\\/ca\\\/#\\\/schema\\\/logo\\\/image\\\/\"}}]}<\/script>\n<!-- \/ Yoast SEO plugin. -->","yoast_head_json":{"title":"Bastonets de pa ecol\u00f2gics d'espelta amb oli d'oliva - La Granja Foods","description":"Bastonets de pa ecol\u00f2gics d\u2019espelta amb oli d\u2019oliva. Elaborar els productes tan b\u00e9 com sabem i garantir un gran sabor \u00e9s per a nosaltres irrenunciable.","robots":{"index":"index","follow":"follow","max-snippet":"max-snippet:-1","max-image-preview":"max-image-preview:large","max-video-preview":"max-video-preview:-1"},"canonical":"https:\/\/lagranjafoods.com\/ca\/producte\/bastonets-de-pa-ecologics-despelta-amb-oli-doliva\/","og_locale":"ca_ES","og_type":"article","og_title":"Bastonets de pa ecol\u00f2gics d'espelta amb oli d'oliva - La Granja Foods","og_description":"Bastonets de pa ecol\u00f2gics d\u2019espelta amb oli d\u2019oliva. Elaborar els productes tan b\u00e9 com sabem i garantir un gran sabor \u00e9s per a nosaltres irrenunciable.","og_url":"https:\/\/lagranjafoods.com\/ca\/producte\/bastonets-de-pa-ecologics-despelta-amb-oli-doliva\/","og_site_name":"La Granja Foods","article_modified_time":"2026-08-04T09:09:27+00:00","og_image":[{"width":1692,"height":2022,"url":"https:\/\/lagranjafoods.com\/wp-content\/uploads\/77.png","type":"image\/png"}],"twitter_card":"summary_large_image","twitter_misc":{"Temps estimat de lectura":"2 minut"},"schema":{"@context":"https:\/\/schema.org","@graph":[{"@type":"WebPage","@id":"https:\/\/lagranjafoods.com\/ca\/producte\/bastonets-de-pa-ecologics-despelta-amb-oli-doliva\/","url":"https:\/\/lagranjafoods.com\/ca\/producte\/bastonets-de-pa-ecologics-despelta-amb-oli-doliva\/","name":"Bastonets de pa ecol\u00f2gics d'espelta amb oli d'oliva - La Granja Foods","isPartOf":{"@id":"https:\/\/lagranjafoods.com\/ca\/#website"},"primaryImageOfPage":{"@id":"https:\/\/lagranjafoods.com\/ca\/producte\/bastonets-de-pa-ecologics-despelta-amb-oli-doliva\/#primaryimage"},"image":{"@id":"https:\/\/lagranjafoods.com\/ca\/producte\/bastonets-de-pa-ecologics-despelta-amb-oli-doliva\/#primaryimage"},"thumbnailUrl":"https:\/\/lagranjafoods.com\/wp-content\/uploads\/77.png","datePublished":"2024-06-06T12:04:33+00:00","dateModified":"2026-08-04T09:09:27+00:00","description":"Bastonets de pa ecol\u00f2gics d\u2019espelta amb oli d\u2019oliva. Elaborar els productes tan b\u00e9 com sabem i garantir un gran sabor \u00e9s per a nosaltres irrenunciable.","breadcrumb":{"@id":"https:\/\/lagranjafoods.com\/ca\/producte\/bastonets-de-pa-ecologics-despelta-amb-oli-doliva\/#breadcrumb"},"inLanguage":"ca","potentialAction":[{"@type":"ReadAction","target":["https:\/\/lagranjafoods.com\/ca\/producte\/bastonets-de-pa-ecologics-despelta-amb-oli-doliva\/"]}]},{"@type":"ImageObject","inLanguage":"ca","@id":"https:\/\/lagranjafoods.com\/ca\/producte\/bastonets-de-pa-ecologics-despelta-amb-oli-doliva\/#primaryimage","url":"https:\/\/lagranjafoods.com\/wp-content\/uploads\/77.png","contentUrl":"https:\/\/lagranjafoods.com\/wp-content\/uploads\/77.png","width":1692,"height":2022},{"@type":"BreadcrumbList","@id":"https:\/\/lagranjafoods.com\/ca\/producte\/bastonets-de-pa-ecologics-despelta-amb-oli-doliva\/#breadcrumb","itemListElement":[{"@type":"ListItem","position":1,"name":"Portada","item":"https:\/\/lagranjafoods.com\/ca\/"},{"@type":"ListItem","position":2,"name":"Productes","item":"https:\/\/lagranjafoods.com\/ca\/productes\/"},{"@type":"ListItem","position":3,"name":"Bastonets de pa ecol\u00f2gics d&#8217;espelta amb oli d&#8217;oliva"}]},{"@type":"WebSite","@id":"https:\/\/lagranjafoods.com\/ca\/#website","url":"https:\/\/lagranjafoods.com\/ca\/","name":"La Granja Foods","description":"\u00a1Benvinguts a La Granja! Qualitat, sabor i frescor des de 1959.","publisher":{"@id":"https:\/\/lagranjafoods.com\/ca\/#organization"},"potentialAction":[{"@type":"SearchAction","target":{"@type":"EntryPoint","urlTemplate":"https:\/\/lagranjafoods.com\/ca\/?s={search_term_string}"},"query-input":{"@type":"PropertyValueSpecification","valueRequired":true,"valueName":"search_term_string"}}],"inLanguage":"ca"},{"@type":"Organization","@id":"https:\/\/lagranjafoods.com\/ca\/#organization","name":"La Granja Foods","url":"https:\/\/lagranjafoods.com\/ca\/","logo":{"@type":"ImageObject","inLanguage":"ca","@id":"https:\/\/lagranjafoods.com\/ca\/#\/schema\/logo\/image\/","url":"https:\/\/lagranjafoods.com\/wp-content\/uploads\/logo-lagranjafoods.png","contentUrl":"https:\/\/lagranjafoods.com\/wp-content\/uploads\/logo-lagranjafoods.png","width":539,"height":158,"caption":"La Granja Foods "},"image":{"@id":"https:\/\/lagranjafoods.com\/ca\/#\/schema\/logo\/image\/"}}]}},"_links":{"self":[{"href":"https:\/\/lagranjafoods.com\/ca\/wp-json\/wp\/v2\/product\/8804","targetHints":{"allow":["GET"]}}],"collection":[{"href":"https:\/\/lagranjafoods.com\/ca\/wp-json\/wp\/v2\/product"}],"about":[{"href":"https:\/\/lagranjafoods.com\/ca\/wp-json\/wp\/v2\/types\/product"}],"replies":[{"embeddable":true,"href":"https:\/\/lagranjafoods.com\/ca\/wp-json\/wp\/v2\/comments?post=8804"}],"wp:featuredmedia":[{"embeddable":true,"href":"https:\/\/lagranjafoods.com\/ca\/wp-json\/wp\/v2\/media\/58459"}],"wp:attachment":[{"href":"https:\/\/lagranjafoods.com\/ca\/wp-json\/wp\/v2\/media?parent=8804"}],"wp:term":[{"taxonomy":"product_cat","embeddable":true,"href":"https:\/\/lagranjafoods.com\/ca\/wp-json\/wp\/v2\/product_cat?post=8804"},{"taxonomy":"product_tag","embeddable":true,"href":"https:\/\/lagranjafoods.com\/ca\/wp-json\/wp\/v2\/product_tag?post=8804"}],"curies":[{"name":"wp","href":"https:\/\/api.w.org\/{rel}","templated":true}]}}