{"id":8749,"date":"2024-06-06T14:33:00","date_gmt":"2024-06-06T12:33:00","guid":{"rendered":"http:\/\/lagranjafoods.com\/product\/melmelada-extra-de-figa-negre\/"},"modified":"2026-05-29T12:32:55","modified_gmt":"2026-05-29T10:32:55","slug":"melmelada-extra-de-figa-negre","status":"publish","type":"product","link":"https:\/\/lagranjafoods.com\/ca\/producte\/melmelada-extra-de-figa-negre\/","title":{"rendered":"Melmelada extra de figa negra"},"content":{"rendered":"<p data-start=\"105\" data-end=\"422\">Melmelada extra de figa negra. A La Granja Foods, creiem en productes que no nom\u00e9s siguin deliciosos, sin\u00f3 que tamb\u00e9 tinguin un impacte positiu en la societat. Per aix\u00f2, ens enorgulleix col\u00b7laborar amb La Fageda, una empresa \u00fanica que elabora iogurts i melmelades artesanals de qualitat excepcional, alhora que impulsa un admirable projecte social.<\/p>\n<p data-start=\"424\" data-end=\"799\">Des de la seva fundaci\u00f3, La Fageda ha estat molt m\u00e9s que una f\u00e0brica d\u2019aliments; \u00e9s un projecte social que ofereix ocupaci\u00f3 i oportunitats a persones en risc d\u2019exclusi\u00f3 social, especialment a aquelles amb discapacitat intel\u00b7lectual o trastorns mentals. Aquesta missi\u00f3 tan noble es reflecteix en cadascun dels seus productes, elaborats amb ingredients frescos i de proximitat.<\/p>\n<p data-start=\"801\" data-end=\"1113\">Gr\u00e0cies a aquesta col\u00b7laboraci\u00f3, ara pots gaudir dels deliciosos iogurts i melmelades de La Fageda a la nostra botiga en l\u00ednia. Cada compra no nom\u00e9s t\u2019ofereix productes de qualitat, sin\u00f3 que tamb\u00e9 dona suport a una causa social significativa. Amb La Fageda, cada cullerada compta \u2014 per a tu i per a la comunitat.<\/p>\n<p data-start=\"1117\" data-end=\"1579\">\u201cTreballem per millorar la qualitat de vida i promoure la integraci\u00f3 social de persones amb discapacitat intel\u00b7lectual i\/o trastorns mentals severs i altres col\u00b7lectius en situaci\u00f3 de vulnerabilitat de la Garrotxa. Ho fem mitjan\u00e7ant unes activitats empresarials que generen llocs de treball amb sentit, i uns serveis assistencials gestionats amb criteris de qualitat i excel\u00b7l\u00e8ncia, que creen valor tant per a l\u2019organitzaci\u00f3 com per a la resta de la societat.\u201d<\/p>\n","protected":false},"excerpt":{"rendered":"<p><strong>Les melmelades de La Fageda incorporen entre el 52% i el 63% de fruita seleccionada segons varietat i origen, per aix\u00f2 s\u00f3n tan bones. \u00a0<\/strong> \u00c9s el producte preparat a trav\u00e9s de la cocci\u00f3 de fruites senceres, trossejades o triturades a les quals s&#8217;ha incorporat sucre integral de canya fins a aconseguir un producte semil\u00edquid o esp\u00e8s.<\/p>\n<p>L&#8217;\u00fanic secret \u00e9s la bona fruita cuita lentament. Han tornat a l&#8217;origen per a recuperar els sabors m\u00e9s intensos de les melmelades de sempre. Amb ingredients 100% naturals com el sucre de canya i el suc de llimona; sense conservants ni colorants i amb una textura untuosa, consistent i amb trossos de fruita que La Fageda no ha deixat acabar de desfer. \u00a0 La Fageda presenta una selecci\u00f3 de 7 melmelades, aparentment simples per\u00f2 molt aut\u00e8ntiques: elaborades amb fruita madura i cuites \u00aba la cassola\u00bb, a foc lent i amb la nostra supervisi\u00f3 cont\u00ednua.<\/p>\n<ul>\n<li>Amb fruita seleccionada pel seu origen i varietat<\/li>\n<li>Ingredients 100% naturals<\/li>\n<li>Sense conservants<\/li>\n<li>Sense colorants<\/li>\n<li>Elaborada amb fruita madura<\/li>\n<li>Cuita a foc lent<\/li>\n<li>Projecte social<\/li>\n<li>Producte de Km0<\/li>\n<li>Sense gluten<\/li>\n<li>Sense lactosa<\/li>\n<\/ul>\n","protected":false},"featured_media":37182,"comment_status":"closed","ping_status":"closed","template":"","meta":{"_acf_changed":false},"product_cat":[112],"product_tag":[424],"class_list":["post-8749","product","type-product","status-publish","has-post-thumbnail","product_cat-marques-amigues","product_tag-fruita","pa_marca-la-fageda-ca","pa_marca-la-granja-ca","pa_tipologia-mermelada-ca","first","instock","taxable","shipping-taxable","purchasable","product-type-variable","has-default-attributes"],"acf":[],"yoast_head":"<!-- This site is optimized with the Yoast SEO plugin v28.3 - https:\/\/yoast.com\/product\/yoast-seo-wordpress\/ -->\n<title>Melmelada extra de figa negra - La Granja Foods<\/title>\n<meta name=\"description\" content=\"A La Granja Foods, creiem en productes que no nom\u00e9s siguin deliciosos, sin\u00f3 que tamb\u00e9 tinguin un impacte positiu a la societat.\" \/>\n<meta name=\"robots\" content=\"index, follow, max-snippet:-1, max-image-preview:large, max-video-preview:-1\" \/>\n<link rel=\"canonical\" href=\"https:\/\/lagranjafoods.com\/ca\/producte\/melmelada-extra-de-figa-negre\/\" \/>\n<meta property=\"og:locale\" content=\"ca_ES\" \/>\n<meta property=\"og:type\" content=\"article\" \/>\n<meta property=\"og:title\" content=\"Melmelada extra de figa negra - La Granja Foods\" \/>\n<meta property=\"og:description\" content=\"A La Granja Foods, creiem en productes que no nom\u00e9s siguin deliciosos, sin\u00f3 que tamb\u00e9 tinguin un impacte positiu a la societat.\" \/>\n<meta property=\"og:url\" content=\"https:\/\/lagranjafoods.com\/ca\/producte\/melmelada-extra-de-figa-negre\/\" \/>\n<meta property=\"og:site_name\" content=\"La Granja Foods\" \/>\n<meta property=\"article:modified_time\" content=\"2026-05-29T10:32:55+00:00\" \/>\n<meta property=\"og:image\" content=\"https:\/\/lagranjafoods.com\/wp-content\/uploads\/fotografia-producto-pagina-web-1.jpg\" \/>\n\t<meta property=\"og:image:width\" content=\"1692\" \/>\n\t<meta property=\"og:image:height\" content=\"2022\" \/>\n\t<meta property=\"og:image:type\" content=\"image\/jpeg\" \/>\n<meta name=\"twitter:card\" content=\"summary_large_image\" \/>\n<meta name=\"twitter:label1\" content=\"Temps estimat de lectura\" \/>\n\t<meta name=\"twitter:data1\" content=\"2 minut\" \/>\n<script type=\"application\/ld+json\" class=\"yoast-schema-graph\">{\"@context\":\"https:\\\/\\\/schema.org\",\"@graph\":[{\"@type\":\"WebPage\",\"@id\":\"https:\\\/\\\/lagranjafoods.com\\\/ca\\\/producte\\\/melmelada-extra-de-figa-negre\\\/\",\"url\":\"https:\\\/\\\/lagranjafoods.com\\\/ca\\\/producte\\\/melmelada-extra-de-figa-negre\\\/\",\"name\":\"Melmelada extra de figa negra - La Granja Foods\",\"isPartOf\":{\"@id\":\"https:\\\/\\\/lagranjafoods.com\\\/ca\\\/#website\"},\"primaryImageOfPage\":{\"@id\":\"https:\\\/\\\/lagranjafoods.com\\\/ca\\\/producte\\\/melmelada-extra-de-figa-negre\\\/#primaryimage\"},\"image\":{\"@id\":\"https:\\\/\\\/lagranjafoods.com\\\/ca\\\/producte\\\/melmelada-extra-de-figa-negre\\\/#primaryimage\"},\"thumbnailUrl\":\"https:\\\/\\\/lagranjafoods.com\\\/wp-content\\\/uploads\\\/fotografia-producto-pagina-web-1.jpg\",\"datePublished\":\"2024-06-06T12:33:00+00:00\",\"dateModified\":\"2026-05-29T10:32:55+00:00\",\"description\":\"A La Granja Foods, creiem en productes que no nom\u00e9s siguin deliciosos, sin\u00f3 que tamb\u00e9 tinguin un impacte positiu a la societat.\",\"breadcrumb\":{\"@id\":\"https:\\\/\\\/lagranjafoods.com\\\/ca\\\/producte\\\/melmelada-extra-de-figa-negre\\\/#breadcrumb\"},\"inLanguage\":\"ca\",\"potentialAction\":[{\"@type\":\"ReadAction\",\"target\":[\"https:\\\/\\\/lagranjafoods.com\\\/ca\\\/producte\\\/melmelada-extra-de-figa-negre\\\/\"]}]},{\"@type\":\"ImageObject\",\"inLanguage\":\"ca\",\"@id\":\"https:\\\/\\\/lagranjafoods.com\\\/ca\\\/producte\\\/melmelada-extra-de-figa-negre\\\/#primaryimage\",\"url\":\"https:\\\/\\\/lagranjafoods.com\\\/wp-content\\\/uploads\\\/fotografia-producto-pagina-web-1.jpg\",\"contentUrl\":\"https:\\\/\\\/lagranjafoods.com\\\/wp-content\\\/uploads\\\/fotografia-producto-pagina-web-1.jpg\",\"width\":1692,\"height\":2022},{\"@type\":\"BreadcrumbList\",\"@id\":\"https:\\\/\\\/lagranjafoods.com\\\/ca\\\/producte\\\/melmelada-extra-de-figa-negre\\\/#breadcrumb\",\"itemListElement\":[{\"@type\":\"ListItem\",\"position\":1,\"name\":\"Portada\",\"item\":\"https:\\\/\\\/lagranjafoods.com\\\/ca\\\/\"},{\"@type\":\"ListItem\",\"position\":2,\"name\":\"Productes\",\"item\":\"https:\\\/\\\/lagranjafoods.com\\\/ca\\\/productes\\\/\"},{\"@type\":\"ListItem\",\"position\":3,\"name\":\"Melmelada extra de figa negra\"}]},{\"@type\":\"WebSite\",\"@id\":\"https:\\\/\\\/lagranjafoods.com\\\/ca\\\/#website\",\"url\":\"https:\\\/\\\/lagranjafoods.com\\\/ca\\\/\",\"name\":\"La Granja Foods\",\"description\":\"\u00a1Benvinguts a La Granja! Qualitat, sabor i frescor des de 1959.\",\"publisher\":{\"@id\":\"https:\\\/\\\/lagranjafoods.com\\\/ca\\\/#organization\"},\"potentialAction\":[{\"@type\":\"SearchAction\",\"target\":{\"@type\":\"EntryPoint\",\"urlTemplate\":\"https:\\\/\\\/lagranjafoods.com\\\/ca\\\/?s={search_term_string}\"},\"query-input\":{\"@type\":\"PropertyValueSpecification\",\"valueRequired\":true,\"valueName\":\"search_term_string\"}}],\"inLanguage\":\"ca\"},{\"@type\":\"Organization\",\"@id\":\"https:\\\/\\\/lagranjafoods.com\\\/ca\\\/#organization\",\"name\":\"La Granja Foods\",\"url\":\"https:\\\/\\\/lagranjafoods.com\\\/ca\\\/\",\"logo\":{\"@type\":\"ImageObject\",\"inLanguage\":\"ca\",\"@id\":\"https:\\\/\\\/lagranjafoods.com\\\/ca\\\/#\\\/schema\\\/logo\\\/image\\\/\",\"url\":\"https:\\\/\\\/lagranjafoods.com\\\/wp-content\\\/uploads\\\/logo-lagranjafoods.png\",\"contentUrl\":\"https:\\\/\\\/lagranjafoods.com\\\/wp-content\\\/uploads\\\/logo-lagranjafoods.png\",\"width\":539,\"height\":158,\"caption\":\"La Granja Foods \"},\"image\":{\"@id\":\"https:\\\/\\\/lagranjafoods.com\\\/ca\\\/#\\\/schema\\\/logo\\\/image\\\/\"}}]}<\/script>\n<!-- \/ Yoast SEO plugin. -->","yoast_head_json":{"title":"Melmelada extra de figa negra - La Granja Foods","description":"A La Granja Foods, creiem en productes que no nom\u00e9s siguin deliciosos, sin\u00f3 que tamb\u00e9 tinguin un impacte positiu a la societat.","robots":{"index":"index","follow":"follow","max-snippet":"max-snippet:-1","max-image-preview":"max-image-preview:large","max-video-preview":"max-video-preview:-1"},"canonical":"https:\/\/lagranjafoods.com\/ca\/producte\/melmelada-extra-de-figa-negre\/","og_locale":"ca_ES","og_type":"article","og_title":"Melmelada extra de figa negra - La Granja Foods","og_description":"A La Granja Foods, creiem en productes que no nom\u00e9s siguin deliciosos, sin\u00f3 que tamb\u00e9 tinguin un impacte positiu a la societat.","og_url":"https:\/\/lagranjafoods.com\/ca\/producte\/melmelada-extra-de-figa-negre\/","og_site_name":"La Granja Foods","article_modified_time":"2026-05-29T10:32:55+00:00","og_image":[{"width":1692,"height":2022,"url":"https:\/\/lagranjafoods.com\/wp-content\/uploads\/fotografia-producto-pagina-web-1.jpg","type":"image\/jpeg"}],"twitter_card":"summary_large_image","twitter_misc":{"Temps estimat de lectura":"2 minut"},"schema":{"@context":"https:\/\/schema.org","@graph":[{"@type":"WebPage","@id":"https:\/\/lagranjafoods.com\/ca\/producte\/melmelada-extra-de-figa-negre\/","url":"https:\/\/lagranjafoods.com\/ca\/producte\/melmelada-extra-de-figa-negre\/","name":"Melmelada extra de figa negra - La Granja Foods","isPartOf":{"@id":"https:\/\/lagranjafoods.com\/ca\/#website"},"primaryImageOfPage":{"@id":"https:\/\/lagranjafoods.com\/ca\/producte\/melmelada-extra-de-figa-negre\/#primaryimage"},"image":{"@id":"https:\/\/lagranjafoods.com\/ca\/producte\/melmelada-extra-de-figa-negre\/#primaryimage"},"thumbnailUrl":"https:\/\/lagranjafoods.com\/wp-content\/uploads\/fotografia-producto-pagina-web-1.jpg","datePublished":"2024-06-06T12:33:00+00:00","dateModified":"2026-05-29T10:32:55+00:00","description":"A La Granja Foods, creiem en productes que no nom\u00e9s siguin deliciosos, sin\u00f3 que tamb\u00e9 tinguin un impacte positiu a la societat.","breadcrumb":{"@id":"https:\/\/lagranjafoods.com\/ca\/producte\/melmelada-extra-de-figa-negre\/#breadcrumb"},"inLanguage":"ca","potentialAction":[{"@type":"ReadAction","target":["https:\/\/lagranjafoods.com\/ca\/producte\/melmelada-extra-de-figa-negre\/"]}]},{"@type":"ImageObject","inLanguage":"ca","@id":"https:\/\/lagranjafoods.com\/ca\/producte\/melmelada-extra-de-figa-negre\/#primaryimage","url":"https:\/\/lagranjafoods.com\/wp-content\/uploads\/fotografia-producto-pagina-web-1.jpg","contentUrl":"https:\/\/lagranjafoods.com\/wp-content\/uploads\/fotografia-producto-pagina-web-1.jpg","width":1692,"height":2022},{"@type":"BreadcrumbList","@id":"https:\/\/lagranjafoods.com\/ca\/producte\/melmelada-extra-de-figa-negre\/#breadcrumb","itemListElement":[{"@type":"ListItem","position":1,"name":"Portada","item":"https:\/\/lagranjafoods.com\/ca\/"},{"@type":"ListItem","position":2,"name":"Productes","item":"https:\/\/lagranjafoods.com\/ca\/productes\/"},{"@type":"ListItem","position":3,"name":"Melmelada extra de figa negra"}]},{"@type":"WebSite","@id":"https:\/\/lagranjafoods.com\/ca\/#website","url":"https:\/\/lagranjafoods.com\/ca\/","name":"La Granja Foods","description":"\u00a1Benvinguts a La Granja! Qualitat, sabor i frescor des de 1959.","publisher":{"@id":"https:\/\/lagranjafoods.com\/ca\/#organization"},"potentialAction":[{"@type":"SearchAction","target":{"@type":"EntryPoint","urlTemplate":"https:\/\/lagranjafoods.com\/ca\/?s={search_term_string}"},"query-input":{"@type":"PropertyValueSpecification","valueRequired":true,"valueName":"search_term_string"}}],"inLanguage":"ca"},{"@type":"Organization","@id":"https:\/\/lagranjafoods.com\/ca\/#organization","name":"La Granja Foods","url":"https:\/\/lagranjafoods.com\/ca\/","logo":{"@type":"ImageObject","inLanguage":"ca","@id":"https:\/\/lagranjafoods.com\/ca\/#\/schema\/logo\/image\/","url":"https:\/\/lagranjafoods.com\/wp-content\/uploads\/logo-lagranjafoods.png","contentUrl":"https:\/\/lagranjafoods.com\/wp-content\/uploads\/logo-lagranjafoods.png","width":539,"height":158,"caption":"La Granja Foods "},"image":{"@id":"https:\/\/lagranjafoods.com\/ca\/#\/schema\/logo\/image\/"}}]}},"_links":{"self":[{"href":"https:\/\/lagranjafoods.com\/ca\/wp-json\/wp\/v2\/product\/8749","targetHints":{"allow":["GET"]}}],"collection":[{"href":"https:\/\/lagranjafoods.com\/ca\/wp-json\/wp\/v2\/product"}],"about":[{"href":"https:\/\/lagranjafoods.com\/ca\/wp-json\/wp\/v2\/types\/product"}],"replies":[{"embeddable":true,"href":"https:\/\/lagranjafoods.com\/ca\/wp-json\/wp\/v2\/comments?post=8749"}],"wp:featuredmedia":[{"embeddable":true,"href":"https:\/\/lagranjafoods.com\/ca\/wp-json\/wp\/v2\/media\/37182"}],"wp:attachment":[{"href":"https:\/\/lagranjafoods.com\/ca\/wp-json\/wp\/v2\/media?parent=8749"}],"wp:term":[{"taxonomy":"product_cat","embeddable":true,"href":"https:\/\/lagranjafoods.com\/ca\/wp-json\/wp\/v2\/product_cat?post=8749"},{"taxonomy":"product_tag","embeddable":true,"href":"https:\/\/lagranjafoods.com\/ca\/wp-json\/wp\/v2\/product_tag?post=8749"}],"curies":[{"name":"wp","href":"https:\/\/api.w.org\/{rel}","templated":true}]}}