{"id":8700,"date":"2024-06-06T14:48:14","date_gmt":"2024-06-06T14:48:14","guid":{"rendered":"http:\/\/lagranjafoods.com\/product\/neules-sense-gluten-sant-tirs\/"},"modified":"2026-05-29T12:32:48","modified_gmt":"2026-05-29T10:32:48","slug":"neules-sense-gluten-sant-tirs","status":"publish","type":"product","link":"https:\/\/lagranjafoods.com\/ca\/producte\/neules-sense-gluten-sant-tirs\/","title":{"rendered":"Neules sense gluten Sant Tirs"},"content":{"rendered":"<p data-start=\"0\" data-end=\"380\">Neules sense gluten Sant Tirs. A La Granja Foods, estem emocionats de poder col\u00b7laborar amb <span class=\"hover:entity-accent entity-underline inline cursor-pointer align-baseline\"><span class=\"whitespace-normal\">Neules Sant Tirs<\/span><\/span>, una empresa reconeguda per la seva tradici\u00f3 i excel\u00b7l\u00e8ncia en l\u2019elaboraci\u00f3 de delicioses neules artesanes. Amb molts anys d\u2019experi\u00e8ncia, Sant Tirs s\u2019ha guanyat el cor dels amants dels dol\u00e7os pel seu comprom\u00eds amb la qualitat i el sabor aut\u00e8ntic.<\/p>\n<p data-start=\"382\" data-end=\"697\">Pots trobar a la nostra botiga online una selecci\u00f3 dels millors productes de Sant Tirs. Volem oferir-te l\u2019oportunitat de gaudir de productes elaborats amb els millors ingredients i amb l\u2019estima que caracteritza aquesta marca; estem segurs que cada mos et transportar\u00e0 a l\u2019aut\u00e8ntica ess\u00e8ncia de les neules artesanes.<\/p>\n<p data-start=\"699\" data-end=\"1075\">\u201cL\u2019any 1985 comen\u00e7ava l\u2019aventura empresarial de Miquel Romeu i la seva esposa, Enriqueta Ferreres. La parella acostumava a viatjar a Ribera d\u2019Urgellet, al Pla de Sant Tirs, on assaborien les delicioses neules artesanes que elaboraven a l\u2019obrador del poble. Perseguir un somni rom\u00e0ntic els va portar a decidir comprar aquell taller artes\u00e0 i fundar Neules Artesanes Sant Tirs.<\/p>\n<p data-start=\"1077\" data-end=\"1322\" data-is-last-node=\"\" data-is-only-node=\"\">Ho tenien clar: modernitzarien els sistemes productius, per\u00f2 serien fidels a les arrels de l\u2019ofici que els havia captivat. Mantindrien l\u2019elaboraci\u00f3 artesanal i la utilitzaci\u00f3 d\u2019ingredients naturals, que fan d\u2019aquestes neules un producte \u00fanic.\u201d<\/p>\n","protected":false},"excerpt":{"rendered":"<div class=\"textarea-origen col-xs-12 col-sm-6\">\n<div>\n<div>\n<div><\/div>\n<\/div>\n<\/div>\n<\/div>\n<div class=\"textarea-desti col-xs-12 col-sm-6\">\n<div class=\"form-control second-textarea\">Com no podria ser d&#8217;una altra manera, el\u00a0 primer producte sense gluten de la casa\u00a0Sant\u00a0Tirs\u00a0han estat les neules, procedents del mid\u00f3 de blat de moro. A primera vista veurem unes neules torrades, ben fets i amb bona pres\u00e8ncia: res ens far\u00e0 pensar amb la sorpresa que ens espera. Aquestes neules tenen un cruixent especial, donat pel mid\u00f3 de blat de moro. Un gust particular que la fa \u00fanica i la preferida de molta gent, tant dels cel\u00edacs com dels que no ho s\u00f3n.<\/div>\n<\/div>\n<p><strong>Per\u00f2\u2026 Qu\u00e8 \u00e9s\u00a0Sant\u00a0Tirs?<\/strong> Al 1985 comen\u00e7ava l&#8217;aventura empresarial de Miquel Romeu i la seva esposa, Enriqueta Ferreres. La parella solia viatjar a Ribera de Urgellet, al Pla de Sant Tirs, on assaborien les delicioses neules artesanals que s&#8217;elaboraven en l&#8217;obrador del poble. Perseguint un somni rom\u00e0ntic, van decidir comprar aquell taller artes\u00e0 i fundar Neules Artesanes Sant Tirs. \u00a0 Ho tenien clar: modernitzarien els sistemes productius, per\u00f2 serien fidels a les arrels de l&#8217;ofici que els va captivar. Mantindrien l&#8217;elaboraci\u00f3 artesanal i la utilitzaci\u00f3 d&#8217;ingredients naturals, que converteixen aquestes neules en \u00fanics. \u00a0<strong> \u00abA Sant Tirs hem adaptat el proc\u00e9s d&#8217;elaboraci\u00f3 al producte, i no a l&#8217;inrev\u00e9s, per a mantenir l&#8217;ess\u00e8ncia i la qualitat, amb un anhel de millora cont\u00ednua\u00bb \u00a0 \u201cLes neules no tenen cap secret. Les de Sant Tirs, s\u00ed.\u201d \u00a0<\/strong><\/p>\n<ul>\n<li>Sense Gluten<\/li>\n<li>Sense fruits secs<\/li>\n<li>Amb els millors ingredients i de\u00a0m\u00e0xima\u00a0qualitat<\/li>\n<li>Elaborades de forma artesanal<\/li>\n<li>Fetes a m\u00e0<\/li>\n<\/ul>\n","protected":false},"featured_media":33499,"comment_status":"closed","ping_status":"closed","template":"","meta":{"_acf_changed":false},"product_cat":[112],"product_tag":[632],"class_list":["post-8700","product","type-product","status-publish","has-post-thumbnail","product_cat-marques-amigues","product_tag-sin-gluten","pa_marca-barquillos-sant-tirs-ca","pa_tipologia-neules","first","outofstock","taxable","shipping-taxable","purchasable","product-type-simple"],"acf":[],"yoast_head":"<!-- This site is optimized with the Yoast SEO plugin v28.3 - https:\/\/yoast.com\/product\/yoast-seo-wordpress\/ -->\n<title>Neules sense gluten Sant Tirs - La Granja Foods<\/title>\n<meta name=\"description\" content=\"Neules sense gluten Sant Tirs. A La Granja Foods, estem encantats de poder col\u00b7laborar amb Neules Sant Tirs, una empresa reconeguda.\" \/>\n<meta name=\"robots\" content=\"index, follow, max-snippet:-1, max-image-preview:large, max-video-preview:-1\" \/>\n<link rel=\"canonical\" href=\"https:\/\/lagranjafoods.com\/ca\/producte\/neules-sense-gluten-sant-tirs\/\" \/>\n<meta property=\"og:locale\" content=\"ca_ES\" \/>\n<meta property=\"og:type\" content=\"article\" \/>\n<meta property=\"og:title\" content=\"Neules sense gluten Sant Tirs - La Granja Foods\" \/>\n<meta property=\"og:description\" content=\"Neules sense gluten Sant Tirs. A La Granja Foods, estem encantats de poder col\u00b7laborar amb Neules Sant Tirs, una empresa reconeguda.\" \/>\n<meta property=\"og:url\" content=\"https:\/\/lagranjafoods.com\/ca\/producte\/neules-sense-gluten-sant-tirs\/\" \/>\n<meta property=\"og:site_name\" content=\"La Granja Foods\" \/>\n<meta property=\"article:modified_time\" content=\"2026-05-29T10:32:48+00:00\" \/>\n<meta property=\"og:image\" content=\"https:\/\/lagranjafoods.com\/wp-content\/uploads\/Barquillos-sin-gluten-I.jpg\" \/>\n\t<meta property=\"og:image:width\" content=\"1058\" \/>\n\t<meta property=\"og:image:height\" content=\"1264\" \/>\n\t<meta property=\"og:image:type\" content=\"image\/jpeg\" \/>\n<meta name=\"twitter:card\" content=\"summary_large_image\" \/>\n<meta name=\"twitter:label1\" content=\"Temps estimat de lectura\" \/>\n\t<meta name=\"twitter:data1\" content=\"2 minut\" \/>\n<script type=\"application\/ld+json\" class=\"yoast-schema-graph\">{\"@context\":\"https:\\\/\\\/schema.org\",\"@graph\":[{\"@type\":\"WebPage\",\"@id\":\"https:\\\/\\\/lagranjafoods.com\\\/ca\\\/producte\\\/neules-sense-gluten-sant-tirs\\\/\",\"url\":\"https:\\\/\\\/lagranjafoods.com\\\/ca\\\/producte\\\/neules-sense-gluten-sant-tirs\\\/\",\"name\":\"Neules sense gluten Sant Tirs - La Granja Foods\",\"isPartOf\":{\"@id\":\"https:\\\/\\\/lagranjafoods.com\\\/ca\\\/#website\"},\"primaryImageOfPage\":{\"@id\":\"https:\\\/\\\/lagranjafoods.com\\\/ca\\\/producte\\\/neules-sense-gluten-sant-tirs\\\/#primaryimage\"},\"image\":{\"@id\":\"https:\\\/\\\/lagranjafoods.com\\\/ca\\\/producte\\\/neules-sense-gluten-sant-tirs\\\/#primaryimage\"},\"thumbnailUrl\":\"https:\\\/\\\/lagranjafoods.com\\\/wp-content\\\/uploads\\\/Barquillos-sin-gluten-I.jpg\",\"datePublished\":\"2024-06-06T14:48:14+00:00\",\"dateModified\":\"2026-05-29T10:32:48+00:00\",\"description\":\"Neules sense gluten Sant Tirs. A La Granja Foods, estem encantats de poder col\u00b7laborar amb Neules Sant Tirs, una empresa reconeguda.\",\"breadcrumb\":{\"@id\":\"https:\\\/\\\/lagranjafoods.com\\\/ca\\\/producte\\\/neules-sense-gluten-sant-tirs\\\/#breadcrumb\"},\"inLanguage\":\"ca\",\"potentialAction\":[{\"@type\":\"ReadAction\",\"target\":[\"https:\\\/\\\/lagranjafoods.com\\\/ca\\\/producte\\\/neules-sense-gluten-sant-tirs\\\/\"]}]},{\"@type\":\"ImageObject\",\"inLanguage\":\"ca\",\"@id\":\"https:\\\/\\\/lagranjafoods.com\\\/ca\\\/producte\\\/neules-sense-gluten-sant-tirs\\\/#primaryimage\",\"url\":\"https:\\\/\\\/lagranjafoods.com\\\/wp-content\\\/uploads\\\/Barquillos-sin-gluten-I.jpg\",\"contentUrl\":\"https:\\\/\\\/lagranjafoods.com\\\/wp-content\\\/uploads\\\/Barquillos-sin-gluten-I.jpg\",\"width\":1058,\"height\":1264},{\"@type\":\"BreadcrumbList\",\"@id\":\"https:\\\/\\\/lagranjafoods.com\\\/ca\\\/producte\\\/neules-sense-gluten-sant-tirs\\\/#breadcrumb\",\"itemListElement\":[{\"@type\":\"ListItem\",\"position\":1,\"name\":\"Portada\",\"item\":\"https:\\\/\\\/lagranjafoods.com\\\/ca\\\/\"},{\"@type\":\"ListItem\",\"position\":2,\"name\":\"Productes\",\"item\":\"https:\\\/\\\/lagranjafoods.com\\\/ca\\\/productes\\\/\"},{\"@type\":\"ListItem\",\"position\":3,\"name\":\"Neules sense gluten Sant Tirs\"}]},{\"@type\":\"WebSite\",\"@id\":\"https:\\\/\\\/lagranjafoods.com\\\/ca\\\/#website\",\"url\":\"https:\\\/\\\/lagranjafoods.com\\\/ca\\\/\",\"name\":\"La Granja Foods\",\"description\":\"\u00a1Benvinguts a La Granja! Qualitat, sabor i frescor des de 1959.\",\"publisher\":{\"@id\":\"https:\\\/\\\/lagranjafoods.com\\\/ca\\\/#organization\"},\"potentialAction\":[{\"@type\":\"SearchAction\",\"target\":{\"@type\":\"EntryPoint\",\"urlTemplate\":\"https:\\\/\\\/lagranjafoods.com\\\/ca\\\/?s={search_term_string}\"},\"query-input\":{\"@type\":\"PropertyValueSpecification\",\"valueRequired\":true,\"valueName\":\"search_term_string\"}}],\"inLanguage\":\"ca\"},{\"@type\":\"Organization\",\"@id\":\"https:\\\/\\\/lagranjafoods.com\\\/ca\\\/#organization\",\"name\":\"La Granja Foods\",\"url\":\"https:\\\/\\\/lagranjafoods.com\\\/ca\\\/\",\"logo\":{\"@type\":\"ImageObject\",\"inLanguage\":\"ca\",\"@id\":\"https:\\\/\\\/lagranjafoods.com\\\/ca\\\/#\\\/schema\\\/logo\\\/image\\\/\",\"url\":\"https:\\\/\\\/lagranjafoods.com\\\/wp-content\\\/uploads\\\/logo-lagranjafoods.png\",\"contentUrl\":\"https:\\\/\\\/lagranjafoods.com\\\/wp-content\\\/uploads\\\/logo-lagranjafoods.png\",\"width\":539,\"height\":158,\"caption\":\"La Granja Foods \"},\"image\":{\"@id\":\"https:\\\/\\\/lagranjafoods.com\\\/ca\\\/#\\\/schema\\\/logo\\\/image\\\/\"}}]}<\/script>\n<!-- \/ Yoast SEO plugin. -->","yoast_head_json":{"title":"Neules sense gluten Sant Tirs - La Granja Foods","description":"Neules sense gluten Sant Tirs. A La Granja Foods, estem encantats de poder col\u00b7laborar amb Neules Sant Tirs, una empresa reconeguda.","robots":{"index":"index","follow":"follow","max-snippet":"max-snippet:-1","max-image-preview":"max-image-preview:large","max-video-preview":"max-video-preview:-1"},"canonical":"https:\/\/lagranjafoods.com\/ca\/producte\/neules-sense-gluten-sant-tirs\/","og_locale":"ca_ES","og_type":"article","og_title":"Neules sense gluten Sant Tirs - La Granja Foods","og_description":"Neules sense gluten Sant Tirs. A La Granja Foods, estem encantats de poder col\u00b7laborar amb Neules Sant Tirs, una empresa reconeguda.","og_url":"https:\/\/lagranjafoods.com\/ca\/producte\/neules-sense-gluten-sant-tirs\/","og_site_name":"La Granja Foods","article_modified_time":"2026-05-29T10:32:48+00:00","og_image":[{"width":1058,"height":1264,"url":"https:\/\/lagranjafoods.com\/wp-content\/uploads\/Barquillos-sin-gluten-I.jpg","type":"image\/jpeg"}],"twitter_card":"summary_large_image","twitter_misc":{"Temps estimat de lectura":"2 minut"},"schema":{"@context":"https:\/\/schema.org","@graph":[{"@type":"WebPage","@id":"https:\/\/lagranjafoods.com\/ca\/producte\/neules-sense-gluten-sant-tirs\/","url":"https:\/\/lagranjafoods.com\/ca\/producte\/neules-sense-gluten-sant-tirs\/","name":"Neules sense gluten Sant Tirs - La Granja Foods","isPartOf":{"@id":"https:\/\/lagranjafoods.com\/ca\/#website"},"primaryImageOfPage":{"@id":"https:\/\/lagranjafoods.com\/ca\/producte\/neules-sense-gluten-sant-tirs\/#primaryimage"},"image":{"@id":"https:\/\/lagranjafoods.com\/ca\/producte\/neules-sense-gluten-sant-tirs\/#primaryimage"},"thumbnailUrl":"https:\/\/lagranjafoods.com\/wp-content\/uploads\/Barquillos-sin-gluten-I.jpg","datePublished":"2024-06-06T14:48:14+00:00","dateModified":"2026-05-29T10:32:48+00:00","description":"Neules sense gluten Sant Tirs. A La Granja Foods, estem encantats de poder col\u00b7laborar amb Neules Sant Tirs, una empresa reconeguda.","breadcrumb":{"@id":"https:\/\/lagranjafoods.com\/ca\/producte\/neules-sense-gluten-sant-tirs\/#breadcrumb"},"inLanguage":"ca","potentialAction":[{"@type":"ReadAction","target":["https:\/\/lagranjafoods.com\/ca\/producte\/neules-sense-gluten-sant-tirs\/"]}]},{"@type":"ImageObject","inLanguage":"ca","@id":"https:\/\/lagranjafoods.com\/ca\/producte\/neules-sense-gluten-sant-tirs\/#primaryimage","url":"https:\/\/lagranjafoods.com\/wp-content\/uploads\/Barquillos-sin-gluten-I.jpg","contentUrl":"https:\/\/lagranjafoods.com\/wp-content\/uploads\/Barquillos-sin-gluten-I.jpg","width":1058,"height":1264},{"@type":"BreadcrumbList","@id":"https:\/\/lagranjafoods.com\/ca\/producte\/neules-sense-gluten-sant-tirs\/#breadcrumb","itemListElement":[{"@type":"ListItem","position":1,"name":"Portada","item":"https:\/\/lagranjafoods.com\/ca\/"},{"@type":"ListItem","position":2,"name":"Productes","item":"https:\/\/lagranjafoods.com\/ca\/productes\/"},{"@type":"ListItem","position":3,"name":"Neules sense gluten Sant Tirs"}]},{"@type":"WebSite","@id":"https:\/\/lagranjafoods.com\/ca\/#website","url":"https:\/\/lagranjafoods.com\/ca\/","name":"La Granja Foods","description":"\u00a1Benvinguts a La Granja! Qualitat, sabor i frescor des de 1959.","publisher":{"@id":"https:\/\/lagranjafoods.com\/ca\/#organization"},"potentialAction":[{"@type":"SearchAction","target":{"@type":"EntryPoint","urlTemplate":"https:\/\/lagranjafoods.com\/ca\/?s={search_term_string}"},"query-input":{"@type":"PropertyValueSpecification","valueRequired":true,"valueName":"search_term_string"}}],"inLanguage":"ca"},{"@type":"Organization","@id":"https:\/\/lagranjafoods.com\/ca\/#organization","name":"La Granja Foods","url":"https:\/\/lagranjafoods.com\/ca\/","logo":{"@type":"ImageObject","inLanguage":"ca","@id":"https:\/\/lagranjafoods.com\/ca\/#\/schema\/logo\/image\/","url":"https:\/\/lagranjafoods.com\/wp-content\/uploads\/logo-lagranjafoods.png","contentUrl":"https:\/\/lagranjafoods.com\/wp-content\/uploads\/logo-lagranjafoods.png","width":539,"height":158,"caption":"La Granja Foods "},"image":{"@id":"https:\/\/lagranjafoods.com\/ca\/#\/schema\/logo\/image\/"}}]}},"_links":{"self":[{"href":"https:\/\/lagranjafoods.com\/ca\/wp-json\/wp\/v2\/product\/8700","targetHints":{"allow":["GET"]}}],"collection":[{"href":"https:\/\/lagranjafoods.com\/ca\/wp-json\/wp\/v2\/product"}],"about":[{"href":"https:\/\/lagranjafoods.com\/ca\/wp-json\/wp\/v2\/types\/product"}],"replies":[{"embeddable":true,"href":"https:\/\/lagranjafoods.com\/ca\/wp-json\/wp\/v2\/comments?post=8700"}],"wp:featuredmedia":[{"embeddable":true,"href":"https:\/\/lagranjafoods.com\/ca\/wp-json\/wp\/v2\/media\/33499"}],"wp:attachment":[{"href":"https:\/\/lagranjafoods.com\/ca\/wp-json\/wp\/v2\/media?parent=8700"}],"wp:term":[{"taxonomy":"product_cat","embeddable":true,"href":"https:\/\/lagranjafoods.com\/ca\/wp-json\/wp\/v2\/product_cat?post=8700"},{"taxonomy":"product_tag","embeddable":true,"href":"https:\/\/lagranjafoods.com\/ca\/wp-json\/wp\/v2\/product_tag?post=8700"}],"curies":[{"name":"wp","href":"https:\/\/api.w.org\/{rel}","templated":true}]}}