{"id":8696,"date":"2024-06-06T14:48:48","date_gmt":"2024-06-06T14:48:48","guid":{"rendered":"http:\/\/lagranjafoods.com\/product\/neules-al-cacau-sense-gluten-sant-tirs\/"},"modified":"2026-05-29T12:32:47","modified_gmt":"2026-05-29T10:32:47","slug":"neules-al-cacau-sense-gluten-sant-tirs","status":"publish","type":"product","link":"https:\/\/lagranjafoods.com\/ca\/producte\/neules-al-cacau-sense-gluten-sant-tirs\/","title":{"rendered":"Neules al cacau sense gluten Sant Tirs"},"content":{"rendered":"","protected":false},"excerpt":{"rendered":"<p>Podr\u00edem estar parlant d&#8217;un dels millors productes de la casa\u00a0Sant\u00a0Tirs, la uni\u00f3 de la neula sense gluten amb la seva cobertura ha estat un \u00e8xit. S&#8217;han arrodonit sabors, textures i aromes, donant pas a un producte que podr\u00e0 ser l&#8217;estrella de les postres i allargar el seu consum durant tot l&#8217;any.<\/p>\n<p><strong>Per\u00f2\u2026 Qu\u00e8 \u00e9s\u00a0Sant\u00a0Tirs?<\/strong> Al 1985 comen\u00e7ava l&#8217;aventura empresarial de Miquel Romeu i la seva esposa, Enriqueta Ferreres. La parella solia viatjar a Ribera de Urgellet, al Pla de Sant Tirs, on assaborien les delicioses neules artesanals que s&#8217;elaboraven en l&#8217;obrador del poble. Perseguint un somni rom\u00e0ntic, van decidir comprar aquell taller artes\u00e0 i fundar Neules Artesanes Sant Tirs. \u00a0 Ho tenien clar: modernitzarien els sistemes productius, per\u00f2 serien fidels a les arrels de l&#8217;ofici que els va captivar. Mantindrien l&#8217;elaboraci\u00f3 artesanal i la utilitzaci\u00f3 d&#8217;ingredients naturals, que converteixen aquestes neules en \u00fanics. \u00a0<strong> \u00abA Sant Tirs hem adaptat el proc\u00e9s d&#8217;elaboraci\u00f3 al producte, i no a l&#8217;inrev\u00e9s, per a mantenir l&#8217;ess\u00e8ncia i la qualitat, amb un anhel de millora cont\u00ednua\u00bb \u00a0 \u201cLes neules no tenen cap secret. Les de Sant Tirs, s\u00ed.\u201d \u00a0<\/strong><\/p>\n<ul>\n<li>Sense Gluten<\/li>\n<li>Sense fruits secs<\/li>\n<li>Cobertes de cacau negre gourmet<\/li>\n<li>Amb els millors ingredients i de\u00a0m\u00e0xima\u00a0qualitat<\/li>\n<li>Elaborades de forma artesanal<\/li>\n<li>Fetes a m\u00e0\u00a0<\/li>\n<\/ul>\n","protected":false},"featured_media":33508,"comment_status":"closed","ping_status":"closed","template":"","meta":{"_acf_changed":false},"product_cat":[112],"product_tag":[632],"class_list":["post-8696","product","type-product","status-publish","has-post-thumbnail","product_cat-marques-amigues","product_tag-sin-gluten","pa_marca-barquillos-sant-tirs-ca","pa_tipologia-neules","first","outofstock","taxable","shipping-taxable","purchasable","product-type-simple"],"acf":[],"yoast_head":"<!-- This site is optimized with the Yoast SEO plugin v28.3 - https:\/\/yoast.com\/product\/yoast-seo-wordpress\/ -->\n<title>Neules al cacau sense gluten Sant Tirs - La Granja Foods<\/title>\n<meta name=\"robots\" content=\"index, follow, max-snippet:-1, max-image-preview:large, max-video-preview:-1\" \/>\n<link rel=\"canonical\" href=\"https:\/\/lagranjafoods.com\/ca\/producte\/neules-al-cacau-sense-gluten-sant-tirs\/\" \/>\n<meta property=\"og:locale\" content=\"ca_ES\" \/>\n<meta property=\"og:type\" content=\"article\" \/>\n<meta property=\"og:title\" content=\"Neules al cacau sense gluten Sant Tirs - La Granja Foods\" \/>\n<meta property=\"og:description\" content=\"Podr\u00edem estar parlant d&#039;un dels millors productes de la casa\u00a0Sant\u00a0Tirs, la uni\u00f3 de la neula sense gluten amb la seva cobertura ha estat un \u00e8xit. S&#039;han arrodonit sabors, textures i aromes, donant pas a un producte que podr\u00e0 ser l&#039;estrella de les postres i allargar el seu consum durant tot l&#039;any. Per\u00f2\u2026 Qu\u00e8 \u00e9s\u00a0Sant\u00a0Tirs? Al 1985 comen\u00e7ava l&#039;aventura empresarial de Miquel Romeu i la seva esposa, Enriqueta Ferreres. La parella solia viatjar a Ribera de Urgellet, al Pla de Sant Tirs, on assaborien les delicioses neules artesanals que s&#039;elaboraven en l&#039;obrador del poble. Perseguint un somni rom\u00e0ntic, van decidir comprar aquell taller artes\u00e0 i fundar Neules Artesanes Sant Tirs. \u00a0 Ho tenien clar: modernitzarien els sistemes productius, per\u00f2 serien fidels a les arrels de l&#039;ofici que els va captivar. Mantindrien l&#039;elaboraci\u00f3 artesanal i la utilitzaci\u00f3 d&#039;ingredients naturals, que converteixen aquestes neules en \u00fanics. \u00a0 &quot;A Sant Tirs hem adaptat el proc\u00e9s d&#039;elaboraci\u00f3 al producte, i no a l&#039;inrev\u00e9s, per a mantenir l&#039;ess\u00e8ncia i la qualitat, amb un anhel de millora cont\u00ednua&quot; \u00a0 \u201cLes neules no tenen cap secret. Les de Sant Tirs, s\u00ed.\u201d \u00a0  Sense Gluten  Sense fruits secs  Cobertes de cacau negre gourmet  Amb els millors ingredients i de\u00a0m\u00e0xima\u00a0qualitat  Elaborades de forma artesanal  Fetes a m\u00e0\u00a0\" \/>\n<meta property=\"og:url\" content=\"https:\/\/lagranjafoods.com\/ca\/producte\/neules-al-cacau-sense-gluten-sant-tirs\/\" \/>\n<meta property=\"og:site_name\" content=\"La Granja Foods\" \/>\n<meta property=\"article:modified_time\" content=\"2026-05-29T10:32:47+00:00\" \/>\n<meta property=\"og:image\" content=\"https:\/\/lagranjafoods.com\/wp-content\/uploads\/Barquillos-sin-gluten-cacao.jpg\" \/>\n\t<meta property=\"og:image:width\" content=\"1058\" \/>\n\t<meta property=\"og:image:height\" content=\"1264\" \/>\n\t<meta property=\"og:image:type\" content=\"image\/jpeg\" \/>\n<meta name=\"twitter:card\" content=\"summary_large_image\" \/>\n<script type=\"application\/ld+json\" class=\"yoast-schema-graph\">{\"@context\":\"https:\\\/\\\/schema.org\",\"@graph\":[{\"@type\":\"WebPage\",\"@id\":\"https:\\\/\\\/lagranjafoods.com\\\/ca\\\/producte\\\/neules-al-cacau-sense-gluten-sant-tirs\\\/\",\"url\":\"https:\\\/\\\/lagranjafoods.com\\\/ca\\\/producte\\\/neules-al-cacau-sense-gluten-sant-tirs\\\/\",\"name\":\"Neules al cacau sense gluten Sant Tirs - La Granja Foods\",\"isPartOf\":{\"@id\":\"https:\\\/\\\/lagranjafoods.com\\\/ca\\\/#website\"},\"primaryImageOfPage\":{\"@id\":\"https:\\\/\\\/lagranjafoods.com\\\/ca\\\/producte\\\/neules-al-cacau-sense-gluten-sant-tirs\\\/#primaryimage\"},\"image\":{\"@id\":\"https:\\\/\\\/lagranjafoods.com\\\/ca\\\/producte\\\/neules-al-cacau-sense-gluten-sant-tirs\\\/#primaryimage\"},\"thumbnailUrl\":\"https:\\\/\\\/lagranjafoods.com\\\/wp-content\\\/uploads\\\/Barquillos-sin-gluten-cacao.jpg\",\"datePublished\":\"2024-06-06T14:48:48+00:00\",\"dateModified\":\"2026-05-29T10:32:47+00:00\",\"breadcrumb\":{\"@id\":\"https:\\\/\\\/lagranjafoods.com\\\/ca\\\/producte\\\/neules-al-cacau-sense-gluten-sant-tirs\\\/#breadcrumb\"},\"inLanguage\":\"ca\",\"potentialAction\":[{\"@type\":\"ReadAction\",\"target\":[\"https:\\\/\\\/lagranjafoods.com\\\/ca\\\/producte\\\/neules-al-cacau-sense-gluten-sant-tirs\\\/\"]}]},{\"@type\":\"ImageObject\",\"inLanguage\":\"ca\",\"@id\":\"https:\\\/\\\/lagranjafoods.com\\\/ca\\\/producte\\\/neules-al-cacau-sense-gluten-sant-tirs\\\/#primaryimage\",\"url\":\"https:\\\/\\\/lagranjafoods.com\\\/wp-content\\\/uploads\\\/Barquillos-sin-gluten-cacao.jpg\",\"contentUrl\":\"https:\\\/\\\/lagranjafoods.com\\\/wp-content\\\/uploads\\\/Barquillos-sin-gluten-cacao.jpg\",\"width\":1058,\"height\":1264},{\"@type\":\"BreadcrumbList\",\"@id\":\"https:\\\/\\\/lagranjafoods.com\\\/ca\\\/producte\\\/neules-al-cacau-sense-gluten-sant-tirs\\\/#breadcrumb\",\"itemListElement\":[{\"@type\":\"ListItem\",\"position\":1,\"name\":\"Portada\",\"item\":\"https:\\\/\\\/lagranjafoods.com\\\/ca\\\/\"},{\"@type\":\"ListItem\",\"position\":2,\"name\":\"Productes\",\"item\":\"https:\\\/\\\/lagranjafoods.com\\\/ca\\\/productes\\\/\"},{\"@type\":\"ListItem\",\"position\":3,\"name\":\"Neules al cacau sense gluten Sant Tirs\"}]},{\"@type\":\"WebSite\",\"@id\":\"https:\\\/\\\/lagranjafoods.com\\\/ca\\\/#website\",\"url\":\"https:\\\/\\\/lagranjafoods.com\\\/ca\\\/\",\"name\":\"La Granja Foods\",\"description\":\"\u00a1Benvinguts a La Granja! Qualitat, sabor i frescor des de 1959.\",\"publisher\":{\"@id\":\"https:\\\/\\\/lagranjafoods.com\\\/ca\\\/#organization\"},\"potentialAction\":[{\"@type\":\"SearchAction\",\"target\":{\"@type\":\"EntryPoint\",\"urlTemplate\":\"https:\\\/\\\/lagranjafoods.com\\\/ca\\\/?s={search_term_string}\"},\"query-input\":{\"@type\":\"PropertyValueSpecification\",\"valueRequired\":true,\"valueName\":\"search_term_string\"}}],\"inLanguage\":\"ca\"},{\"@type\":\"Organization\",\"@id\":\"https:\\\/\\\/lagranjafoods.com\\\/ca\\\/#organization\",\"name\":\"La Granja Foods\",\"url\":\"https:\\\/\\\/lagranjafoods.com\\\/ca\\\/\",\"logo\":{\"@type\":\"ImageObject\",\"inLanguage\":\"ca\",\"@id\":\"https:\\\/\\\/lagranjafoods.com\\\/ca\\\/#\\\/schema\\\/logo\\\/image\\\/\",\"url\":\"https:\\\/\\\/lagranjafoods.com\\\/wp-content\\\/uploads\\\/logo-lagranjafoods.png\",\"contentUrl\":\"https:\\\/\\\/lagranjafoods.com\\\/wp-content\\\/uploads\\\/logo-lagranjafoods.png\",\"width\":539,\"height\":158,\"caption\":\"La Granja Foods \"},\"image\":{\"@id\":\"https:\\\/\\\/lagranjafoods.com\\\/ca\\\/#\\\/schema\\\/logo\\\/image\\\/\"}}]}<\/script>\n<!-- \/ Yoast SEO plugin. -->","yoast_head_json":{"title":"Neules al cacau sense gluten Sant Tirs - La Granja Foods","robots":{"index":"index","follow":"follow","max-snippet":"max-snippet:-1","max-image-preview":"max-image-preview:large","max-video-preview":"max-video-preview:-1"},"canonical":"https:\/\/lagranjafoods.com\/ca\/producte\/neules-al-cacau-sense-gluten-sant-tirs\/","og_locale":"ca_ES","og_type":"article","og_title":"Neules al cacau sense gluten Sant Tirs - La Granja Foods","og_description":"Podr\u00edem estar parlant d'un dels millors productes de la casa\u00a0Sant\u00a0Tirs, la uni\u00f3 de la neula sense gluten amb la seva cobertura ha estat un \u00e8xit. S'han arrodonit sabors, textures i aromes, donant pas a un producte que podr\u00e0 ser l'estrella de les postres i allargar el seu consum durant tot l'any. Per\u00f2\u2026 Qu\u00e8 \u00e9s\u00a0Sant\u00a0Tirs? Al 1985 comen\u00e7ava l'aventura empresarial de Miquel Romeu i la seva esposa, Enriqueta Ferreres. La parella solia viatjar a Ribera de Urgellet, al Pla de Sant Tirs, on assaborien les delicioses neules artesanals que s'elaboraven en l'obrador del poble. Perseguint un somni rom\u00e0ntic, van decidir comprar aquell taller artes\u00e0 i fundar Neules Artesanes Sant Tirs. \u00a0 Ho tenien clar: modernitzarien els sistemes productius, per\u00f2 serien fidels a les arrels de l'ofici que els va captivar. Mantindrien l'elaboraci\u00f3 artesanal i la utilitzaci\u00f3 d'ingredients naturals, que converteixen aquestes neules en \u00fanics. \u00a0 \"A Sant Tirs hem adaptat el proc\u00e9s d'elaboraci\u00f3 al producte, i no a l'inrev\u00e9s, per a mantenir l'ess\u00e8ncia i la qualitat, amb un anhel de millora cont\u00ednua\" \u00a0 \u201cLes neules no tenen cap secret. Les de Sant Tirs, s\u00ed.\u201d \u00a0  Sense Gluten  Sense fruits secs  Cobertes de cacau negre gourmet  Amb els millors ingredients i de\u00a0m\u00e0xima\u00a0qualitat  Elaborades de forma artesanal  Fetes a m\u00e0\u00a0","og_url":"https:\/\/lagranjafoods.com\/ca\/producte\/neules-al-cacau-sense-gluten-sant-tirs\/","og_site_name":"La Granja Foods","article_modified_time":"2026-05-29T10:32:47+00:00","og_image":[{"width":1058,"height":1264,"url":"https:\/\/lagranjafoods.com\/wp-content\/uploads\/Barquillos-sin-gluten-cacao.jpg","type":"image\/jpeg"}],"twitter_card":"summary_large_image","schema":{"@context":"https:\/\/schema.org","@graph":[{"@type":"WebPage","@id":"https:\/\/lagranjafoods.com\/ca\/producte\/neules-al-cacau-sense-gluten-sant-tirs\/","url":"https:\/\/lagranjafoods.com\/ca\/producte\/neules-al-cacau-sense-gluten-sant-tirs\/","name":"Neules al cacau sense gluten Sant Tirs - La Granja Foods","isPartOf":{"@id":"https:\/\/lagranjafoods.com\/ca\/#website"},"primaryImageOfPage":{"@id":"https:\/\/lagranjafoods.com\/ca\/producte\/neules-al-cacau-sense-gluten-sant-tirs\/#primaryimage"},"image":{"@id":"https:\/\/lagranjafoods.com\/ca\/producte\/neules-al-cacau-sense-gluten-sant-tirs\/#primaryimage"},"thumbnailUrl":"https:\/\/lagranjafoods.com\/wp-content\/uploads\/Barquillos-sin-gluten-cacao.jpg","datePublished":"2024-06-06T14:48:48+00:00","dateModified":"2026-05-29T10:32:47+00:00","breadcrumb":{"@id":"https:\/\/lagranjafoods.com\/ca\/producte\/neules-al-cacau-sense-gluten-sant-tirs\/#breadcrumb"},"inLanguage":"ca","potentialAction":[{"@type":"ReadAction","target":["https:\/\/lagranjafoods.com\/ca\/producte\/neules-al-cacau-sense-gluten-sant-tirs\/"]}]},{"@type":"ImageObject","inLanguage":"ca","@id":"https:\/\/lagranjafoods.com\/ca\/producte\/neules-al-cacau-sense-gluten-sant-tirs\/#primaryimage","url":"https:\/\/lagranjafoods.com\/wp-content\/uploads\/Barquillos-sin-gluten-cacao.jpg","contentUrl":"https:\/\/lagranjafoods.com\/wp-content\/uploads\/Barquillos-sin-gluten-cacao.jpg","width":1058,"height":1264},{"@type":"BreadcrumbList","@id":"https:\/\/lagranjafoods.com\/ca\/producte\/neules-al-cacau-sense-gluten-sant-tirs\/#breadcrumb","itemListElement":[{"@type":"ListItem","position":1,"name":"Portada","item":"https:\/\/lagranjafoods.com\/ca\/"},{"@type":"ListItem","position":2,"name":"Productes","item":"https:\/\/lagranjafoods.com\/ca\/productes\/"},{"@type":"ListItem","position":3,"name":"Neules al cacau sense gluten Sant Tirs"}]},{"@type":"WebSite","@id":"https:\/\/lagranjafoods.com\/ca\/#website","url":"https:\/\/lagranjafoods.com\/ca\/","name":"La Granja Foods","description":"\u00a1Benvinguts a La Granja! Qualitat, sabor i frescor des de 1959.","publisher":{"@id":"https:\/\/lagranjafoods.com\/ca\/#organization"},"potentialAction":[{"@type":"SearchAction","target":{"@type":"EntryPoint","urlTemplate":"https:\/\/lagranjafoods.com\/ca\/?s={search_term_string}"},"query-input":{"@type":"PropertyValueSpecification","valueRequired":true,"valueName":"search_term_string"}}],"inLanguage":"ca"},{"@type":"Organization","@id":"https:\/\/lagranjafoods.com\/ca\/#organization","name":"La Granja Foods","url":"https:\/\/lagranjafoods.com\/ca\/","logo":{"@type":"ImageObject","inLanguage":"ca","@id":"https:\/\/lagranjafoods.com\/ca\/#\/schema\/logo\/image\/","url":"https:\/\/lagranjafoods.com\/wp-content\/uploads\/logo-lagranjafoods.png","contentUrl":"https:\/\/lagranjafoods.com\/wp-content\/uploads\/logo-lagranjafoods.png","width":539,"height":158,"caption":"La Granja Foods "},"image":{"@id":"https:\/\/lagranjafoods.com\/ca\/#\/schema\/logo\/image\/"}}]}},"_links":{"self":[{"href":"https:\/\/lagranjafoods.com\/ca\/wp-json\/wp\/v2\/product\/8696","targetHints":{"allow":["GET"]}}],"collection":[{"href":"https:\/\/lagranjafoods.com\/ca\/wp-json\/wp\/v2\/product"}],"about":[{"href":"https:\/\/lagranjafoods.com\/ca\/wp-json\/wp\/v2\/types\/product"}],"replies":[{"embeddable":true,"href":"https:\/\/lagranjafoods.com\/ca\/wp-json\/wp\/v2\/comments?post=8696"}],"wp:featuredmedia":[{"embeddable":true,"href":"https:\/\/lagranjafoods.com\/ca\/wp-json\/wp\/v2\/media\/33508"}],"wp:attachment":[{"href":"https:\/\/lagranjafoods.com\/ca\/wp-json\/wp\/v2\/media?parent=8696"}],"wp:term":[{"taxonomy":"product_cat","embeddable":true,"href":"https:\/\/lagranjafoods.com\/ca\/wp-json\/wp\/v2\/product_cat?post=8696"},{"taxonomy":"product_tag","embeddable":true,"href":"https:\/\/lagranjafoods.com\/ca\/wp-json\/wp\/v2\/product_tag?post=8696"}],"curies":[{"name":"wp","href":"https:\/\/api.w.org\/{rel}","templated":true}]}}