{"id":8673,"date":"2024-06-06T14:37:57","date_gmt":"2024-06-06T12:37:57","guid":{"rendered":"http:\/\/lagranjafoods.com\/product\/mel-de-romani\/"},"modified":"2026-05-29T12:32:45","modified_gmt":"2026-05-29T10:32:45","slug":"mel-de-romani","status":"publish","type":"product","link":"https:\/\/lagranjafoods.com\/ca\/producte\/mel-de-romani\/","title":{"rendered":"Mel de roman\u00ed"},"content":{"rendered":"","protected":false},"excerpt":{"rendered":"<p style=\"text-align: left\"><strong>Mel de roman\u00ed<\/strong><br \/>\nEt presentem la Mel de Roman\u00ed de la casa Alemany 1879.<\/p>\n<p>Una mel molt dol\u00e7a, subtilment perfumada i de sabor suau. La mel del territori, la mel del Montsec.<\/p>\n<p>La recol\u00b7lecci\u00f3 es duu a terme a la primavera.<\/p>\n<p style=\"text-align: left\">La mel d\u2019Alemany 1979 \u00e9s l&#8217;empresa m\u00e9s premiada de l&#8217;Estat espanyol en els Great Taste, un guard\u00f3 considerat l&#8217;\u00d3scar del m\u00f3n de l&#8217;alimentaci\u00f3 delicatessen.<\/p>\n<p>Producte lliure de gluten i apte per a cel\u00edacs.<\/p>\n<p style=\"text-align: center\">\n<strong>Origen<\/strong><\/p>\n<p>Catalunya, Arag\u00f3.<\/p>\n<p><strong>Color<\/strong><\/p>\n<p>Molt clar<\/p>\n<p><strong>Aroma<\/strong><\/p>\n<p>Suau, poc intensa.<\/p>\n<p><strong>Sabor<\/strong><\/p>\n<p>Dol\u00e7 suau amb lleugeres notes \u00e0cides.<\/p>\n<ul>\n<li style=\"text-align: left\">Selecci\u00f3 premium mel del pa\u00eds<\/li>\n<li style=\"text-align: left\">Great\u00a0Taste\u00a0Awards<\/li>\n<li style=\"text-align: left\">Mel de roman\u00ed de collita pr\u00f2pia<\/li>\n<li style=\"text-align: left\">Sense gluten i sense lactosa<\/li>\n<\/ul>\n","protected":false},"featured_media":33271,"comment_status":"closed","ping_status":"closed","template":"","meta":{"_acf_changed":false},"product_cat":[112],"product_tag":[456,632],"class_list":["post-8673","product","type-product","status-publish","has-post-thumbnail","product_cat-marques-amigues","product_tag-sense-gluten","product_tag-sin-gluten","pa_marca-mieles-alemany-1879-ca","pa_tipologia-mel","first","instock","taxable","shipping-taxable","purchasable","product-type-variable","has-default-attributes"],"acf":[],"yoast_head":"<!-- This site is optimized with the Yoast SEO plugin v28.3 - https:\/\/yoast.com\/product\/yoast-seo-wordpress\/ -->\n<title>Mel de roman\u00ed - La Granja Foods<\/title>\n<meta name=\"robots\" content=\"index, follow, max-snippet:-1, max-image-preview:large, max-video-preview:-1\" \/>\n<link rel=\"canonical\" href=\"https:\/\/lagranjafoods.com\/ca\/producte\/mel-de-romani\/\" \/>\n<meta property=\"og:locale\" content=\"ca_ES\" \/>\n<meta property=\"og:type\" content=\"article\" \/>\n<meta property=\"og:title\" content=\"Mel de roman\u00ed - La Granja Foods\" \/>\n<meta property=\"og:description\" content=\"Mel de roman\u00ed Et presentem la Mel de Roman\u00ed de la casa Alemany 1879. Una mel molt dol\u00e7a, subtilment perfumada i de sabor suau. La mel del territori, la mel del Montsec. La recol\u00b7lecci\u00f3 es duu a terme a la primavera. La mel d\u2019Alemany 1979 \u00e9s l&#039;empresa m\u00e9s premiada de l&#039;Estat espanyol en els Great Taste, un guard\u00f3 considerat l&#039;\u00d3scar del m\u00f3n de l&#039;alimentaci\u00f3 delicatessen. Producte lliure de gluten i apte per a cel\u00edacs. Origen Catalunya, Arag\u00f3. Color Molt clar Aroma Suau, poc intensa. Sabor Dol\u00e7 suau amb lleugeres notes \u00e0cides.    Selecci\u00f3 premium mel del pa\u00eds  Great\u00a0Taste\u00a0Awards  Mel de roman\u00ed de collita pr\u00f2pia  Sense gluten i sense lactosa\" \/>\n<meta property=\"og:url\" content=\"https:\/\/lagranjafoods.com\/ca\/producte\/mel-de-romani\/\" \/>\n<meta property=\"og:site_name\" content=\"La Granja Foods\" \/>\n<meta property=\"article:modified_time\" content=\"2026-05-29T10:32:45+00:00\" \/>\n<meta property=\"og:image\" content=\"https:\/\/lagranjafoods.com\/wp-content\/uploads\/Miel-de-romero.jpg\" \/>\n\t<meta property=\"og:image:width\" content=\"1692\" \/>\n\t<meta property=\"og:image:height\" content=\"2022\" \/>\n\t<meta property=\"og:image:type\" content=\"image\/jpeg\" \/>\n<meta name=\"twitter:card\" content=\"summary_large_image\" \/>\n<script type=\"application\/ld+json\" class=\"yoast-schema-graph\">{\"@context\":\"https:\\\/\\\/schema.org\",\"@graph\":[{\"@type\":\"WebPage\",\"@id\":\"https:\\\/\\\/lagranjafoods.com\\\/ca\\\/producte\\\/mel-de-romani\\\/\",\"url\":\"https:\\\/\\\/lagranjafoods.com\\\/ca\\\/producte\\\/mel-de-romani\\\/\",\"name\":\"Mel de roman\u00ed - La Granja Foods\",\"isPartOf\":{\"@id\":\"https:\\\/\\\/lagranjafoods.com\\\/ca\\\/#website\"},\"primaryImageOfPage\":{\"@id\":\"https:\\\/\\\/lagranjafoods.com\\\/ca\\\/producte\\\/mel-de-romani\\\/#primaryimage\"},\"image\":{\"@id\":\"https:\\\/\\\/lagranjafoods.com\\\/ca\\\/producte\\\/mel-de-romani\\\/#primaryimage\"},\"thumbnailUrl\":\"https:\\\/\\\/lagranjafoods.com\\\/wp-content\\\/uploads\\\/Miel-de-romero.jpg\",\"datePublished\":\"2024-06-06T12:37:57+00:00\",\"dateModified\":\"2026-05-29T10:32:45+00:00\",\"breadcrumb\":{\"@id\":\"https:\\\/\\\/lagranjafoods.com\\\/ca\\\/producte\\\/mel-de-romani\\\/#breadcrumb\"},\"inLanguage\":\"ca\",\"potentialAction\":[{\"@type\":\"ReadAction\",\"target\":[\"https:\\\/\\\/lagranjafoods.com\\\/ca\\\/producte\\\/mel-de-romani\\\/\"]}]},{\"@type\":\"ImageObject\",\"inLanguage\":\"ca\",\"@id\":\"https:\\\/\\\/lagranjafoods.com\\\/ca\\\/producte\\\/mel-de-romani\\\/#primaryimage\",\"url\":\"https:\\\/\\\/lagranjafoods.com\\\/wp-content\\\/uploads\\\/Miel-de-romero.jpg\",\"contentUrl\":\"https:\\\/\\\/lagranjafoods.com\\\/wp-content\\\/uploads\\\/Miel-de-romero.jpg\",\"width\":1692,\"height\":2022},{\"@type\":\"BreadcrumbList\",\"@id\":\"https:\\\/\\\/lagranjafoods.com\\\/ca\\\/producte\\\/mel-de-romani\\\/#breadcrumb\",\"itemListElement\":[{\"@type\":\"ListItem\",\"position\":1,\"name\":\"Portada\",\"item\":\"https:\\\/\\\/lagranjafoods.com\\\/ca\\\/\"},{\"@type\":\"ListItem\",\"position\":2,\"name\":\"Productes\",\"item\":\"https:\\\/\\\/lagranjafoods.com\\\/ca\\\/productes\\\/\"},{\"@type\":\"ListItem\",\"position\":3,\"name\":\"Mel de roman\u00ed\"}]},{\"@type\":\"WebSite\",\"@id\":\"https:\\\/\\\/lagranjafoods.com\\\/ca\\\/#website\",\"url\":\"https:\\\/\\\/lagranjafoods.com\\\/ca\\\/\",\"name\":\"La Granja Foods\",\"description\":\"\u00a1Benvinguts a La Granja! Qualitat, sabor i frescor des de 1959.\",\"publisher\":{\"@id\":\"https:\\\/\\\/lagranjafoods.com\\\/ca\\\/#organization\"},\"potentialAction\":[{\"@type\":\"SearchAction\",\"target\":{\"@type\":\"EntryPoint\",\"urlTemplate\":\"https:\\\/\\\/lagranjafoods.com\\\/ca\\\/?s={search_term_string}\"},\"query-input\":{\"@type\":\"PropertyValueSpecification\",\"valueRequired\":true,\"valueName\":\"search_term_string\"}}],\"inLanguage\":\"ca\"},{\"@type\":\"Organization\",\"@id\":\"https:\\\/\\\/lagranjafoods.com\\\/ca\\\/#organization\",\"name\":\"La Granja Foods\",\"url\":\"https:\\\/\\\/lagranjafoods.com\\\/ca\\\/\",\"logo\":{\"@type\":\"ImageObject\",\"inLanguage\":\"ca\",\"@id\":\"https:\\\/\\\/lagranjafoods.com\\\/ca\\\/#\\\/schema\\\/logo\\\/image\\\/\",\"url\":\"https:\\\/\\\/lagranjafoods.com\\\/wp-content\\\/uploads\\\/logo-lagranjafoods.png\",\"contentUrl\":\"https:\\\/\\\/lagranjafoods.com\\\/wp-content\\\/uploads\\\/logo-lagranjafoods.png\",\"width\":539,\"height\":158,\"caption\":\"La Granja Foods \"},\"image\":{\"@id\":\"https:\\\/\\\/lagranjafoods.com\\\/ca\\\/#\\\/schema\\\/logo\\\/image\\\/\"}}]}<\/script>\n<!-- \/ Yoast SEO plugin. -->","yoast_head_json":{"title":"Mel de roman\u00ed - La Granja Foods","robots":{"index":"index","follow":"follow","max-snippet":"max-snippet:-1","max-image-preview":"max-image-preview:large","max-video-preview":"max-video-preview:-1"},"canonical":"https:\/\/lagranjafoods.com\/ca\/producte\/mel-de-romani\/","og_locale":"ca_ES","og_type":"article","og_title":"Mel de roman\u00ed - La Granja Foods","og_description":"Mel de roman\u00ed Et presentem la Mel de Roman\u00ed de la casa Alemany 1879. Una mel molt dol\u00e7a, subtilment perfumada i de sabor suau. La mel del territori, la mel del Montsec. La recol\u00b7lecci\u00f3 es duu a terme a la primavera. La mel d\u2019Alemany 1979 \u00e9s l'empresa m\u00e9s premiada de l'Estat espanyol en els Great Taste, un guard\u00f3 considerat l'\u00d3scar del m\u00f3n de l'alimentaci\u00f3 delicatessen. Producte lliure de gluten i apte per a cel\u00edacs. Origen Catalunya, Arag\u00f3. Color Molt clar Aroma Suau, poc intensa. Sabor Dol\u00e7 suau amb lleugeres notes \u00e0cides.    Selecci\u00f3 premium mel del pa\u00eds  Great\u00a0Taste\u00a0Awards  Mel de roman\u00ed de collita pr\u00f2pia  Sense gluten i sense lactosa","og_url":"https:\/\/lagranjafoods.com\/ca\/producte\/mel-de-romani\/","og_site_name":"La Granja Foods","article_modified_time":"2026-05-29T10:32:45+00:00","og_image":[{"width":1692,"height":2022,"url":"https:\/\/lagranjafoods.com\/wp-content\/uploads\/Miel-de-romero.jpg","type":"image\/jpeg"}],"twitter_card":"summary_large_image","schema":{"@context":"https:\/\/schema.org","@graph":[{"@type":"WebPage","@id":"https:\/\/lagranjafoods.com\/ca\/producte\/mel-de-romani\/","url":"https:\/\/lagranjafoods.com\/ca\/producte\/mel-de-romani\/","name":"Mel de roman\u00ed - La Granja Foods","isPartOf":{"@id":"https:\/\/lagranjafoods.com\/ca\/#website"},"primaryImageOfPage":{"@id":"https:\/\/lagranjafoods.com\/ca\/producte\/mel-de-romani\/#primaryimage"},"image":{"@id":"https:\/\/lagranjafoods.com\/ca\/producte\/mel-de-romani\/#primaryimage"},"thumbnailUrl":"https:\/\/lagranjafoods.com\/wp-content\/uploads\/Miel-de-romero.jpg","datePublished":"2024-06-06T12:37:57+00:00","dateModified":"2026-05-29T10:32:45+00:00","breadcrumb":{"@id":"https:\/\/lagranjafoods.com\/ca\/producte\/mel-de-romani\/#breadcrumb"},"inLanguage":"ca","potentialAction":[{"@type":"ReadAction","target":["https:\/\/lagranjafoods.com\/ca\/producte\/mel-de-romani\/"]}]},{"@type":"ImageObject","inLanguage":"ca","@id":"https:\/\/lagranjafoods.com\/ca\/producte\/mel-de-romani\/#primaryimage","url":"https:\/\/lagranjafoods.com\/wp-content\/uploads\/Miel-de-romero.jpg","contentUrl":"https:\/\/lagranjafoods.com\/wp-content\/uploads\/Miel-de-romero.jpg","width":1692,"height":2022},{"@type":"BreadcrumbList","@id":"https:\/\/lagranjafoods.com\/ca\/producte\/mel-de-romani\/#breadcrumb","itemListElement":[{"@type":"ListItem","position":1,"name":"Portada","item":"https:\/\/lagranjafoods.com\/ca\/"},{"@type":"ListItem","position":2,"name":"Productes","item":"https:\/\/lagranjafoods.com\/ca\/productes\/"},{"@type":"ListItem","position":3,"name":"Mel de roman\u00ed"}]},{"@type":"WebSite","@id":"https:\/\/lagranjafoods.com\/ca\/#website","url":"https:\/\/lagranjafoods.com\/ca\/","name":"La Granja Foods","description":"\u00a1Benvinguts a La Granja! Qualitat, sabor i frescor des de 1959.","publisher":{"@id":"https:\/\/lagranjafoods.com\/ca\/#organization"},"potentialAction":[{"@type":"SearchAction","target":{"@type":"EntryPoint","urlTemplate":"https:\/\/lagranjafoods.com\/ca\/?s={search_term_string}"},"query-input":{"@type":"PropertyValueSpecification","valueRequired":true,"valueName":"search_term_string"}}],"inLanguage":"ca"},{"@type":"Organization","@id":"https:\/\/lagranjafoods.com\/ca\/#organization","name":"La Granja Foods","url":"https:\/\/lagranjafoods.com\/ca\/","logo":{"@type":"ImageObject","inLanguage":"ca","@id":"https:\/\/lagranjafoods.com\/ca\/#\/schema\/logo\/image\/","url":"https:\/\/lagranjafoods.com\/wp-content\/uploads\/logo-lagranjafoods.png","contentUrl":"https:\/\/lagranjafoods.com\/wp-content\/uploads\/logo-lagranjafoods.png","width":539,"height":158,"caption":"La Granja Foods "},"image":{"@id":"https:\/\/lagranjafoods.com\/ca\/#\/schema\/logo\/image\/"}}]}},"_links":{"self":[{"href":"https:\/\/lagranjafoods.com\/ca\/wp-json\/wp\/v2\/product\/8673","targetHints":{"allow":["GET"]}}],"collection":[{"href":"https:\/\/lagranjafoods.com\/ca\/wp-json\/wp\/v2\/product"}],"about":[{"href":"https:\/\/lagranjafoods.com\/ca\/wp-json\/wp\/v2\/types\/product"}],"replies":[{"embeddable":true,"href":"https:\/\/lagranjafoods.com\/ca\/wp-json\/wp\/v2\/comments?post=8673"}],"wp:featuredmedia":[{"embeddable":true,"href":"https:\/\/lagranjafoods.com\/ca\/wp-json\/wp\/v2\/media\/33271"}],"wp:attachment":[{"href":"https:\/\/lagranjafoods.com\/ca\/wp-json\/wp\/v2\/media?parent=8673"}],"wp:term":[{"taxonomy":"product_cat","embeddable":true,"href":"https:\/\/lagranjafoods.com\/ca\/wp-json\/wp\/v2\/product_cat?post=8673"},{"taxonomy":"product_tag","embeddable":true,"href":"https:\/\/lagranjafoods.com\/ca\/wp-json\/wp\/v2\/product_tag?post=8673"}],"curies":[{"name":"wp","href":"https:\/\/api.w.org\/{rel}","templated":true}]}}