{"id":8543,"date":"2024-06-06T13:40:23","date_gmt":"2024-06-06T11:40:23","guid":{"rendered":"http:\/\/lagranjafoods.com\/product\/mini-magdalenes-iogurt-la-fageda\/"},"modified":"2026-05-29T12:32:29","modified_gmt":"2026-05-29T10:32:29","slug":"mini-magdalenes-iogurt-la-fageda","status":"publish","type":"product","link":"https:\/\/lagranjafoods.com\/ca\/producte\/mini-magdalenes-iogurt-la-fageda\/","title":{"rendered":"Mini magdalenes iogurt La Fageda"},"content":{"rendered":"<p data-start=\"63\" data-end=\"247\">Magdalenas-mini iogurt La Fageda. Des del primer dia, elaborar els productes tan b\u00e9 com sabem i assegurar un gran sabor ha estat per a nosaltres un valor irrenunciable.<\/p>\n<p data-start=\"249\" data-end=\"835\">L\u2019any 1954, els nostres avis tenien un colmado al costat de la seva petita granja de gallines. All\u00e0 venien als ve\u00efns els ous, aix\u00ed com v\u00edveres de tot tipus. Una vegada la botiga es va quedar sense subministrament de magdalenes, un dels seus productes m\u00e9s populars, la nostra \u00e0via va decidir coure la seva pr\u00f2pia recepta de magdalenes a la cuina de casa. El seu enorme \u00e8xit va sorprendre a tothom: cada cop se\u2019n venien m\u00e9s i m\u00e9s. D\u2019aqu\u00ed va n\u00e9ixer La Granja i vam aprendre una cosa que sempre tenim present: treballar fort i fer-ho tot tan b\u00e9 com sabem per satisfer els nostres clients.<\/p>\n<p data-start=\"837\" data-end=\"1043\">Aix\u00ed va ser amb les primeres especialitats tradicionals que ens van donar a con\u00e8ixer i aix\u00ed ha continuat sent al llarg de la nostra traject\u00f2ria, amb la incorporaci\u00f3 cont\u00ednua de novetats a la nostra gamma.<\/p>\n<p data-start=\"1045\" data-end=\"1347\">Avan\u00e7ar-nos a les necessitats i desitjos dels consumidors ens ha convertit en un referent de qualitat i innovaci\u00f3 en el nostre sector d\u2019alimentaci\u00f3. Als anys 80, La Granja va ser pionera en crear especialitats atenent a diferents necessitats diet\u00e8tiques, que avui formen part de la nostra gamma Diet.<\/p>\n<p data-start=\"1349\" data-end=\"1627\">M\u00e9s tard vam llan\u00e7ar la gamma Bio, que utilitza nom\u00e9s ingredients de l\u2019agricultura ecol\u00f2gica. A aquesta l\u00ednia s\u2019han afegit la gamma Vegan per a un consum estrictament veg\u00e0 i els productes Sense Gluten i Sense Lactosa, que tenen una producci\u00f3 separada de la resta de productes.<\/p>\n","protected":false},"excerpt":{"rendered":"<p>Els millors ingredientes i un prec\u00eds fornejat fan que aquesta mini magdalena de iogurt de La Fageda sigui molt tendre, suau i esponjosa.<\/p>\n<p>\u201c<em>Ens sentim molt orgullosos d&#8217;haver convertit muy orgullosos d&#8217;haver convertit a la Granja en un instrument efica\u00e7 per a fer realitat la voluntat de comprom\u00eds social amb la qual vam n\u00e9ixer promovent la sensibilitat cap al benestar i la integraci\u00f3 laboral de totes les persones del nostre entorn<\/em>\u201d, afirma el <strong>director general de La Granja Foods, Sergi L\u00f3pez Gol.<\/strong><\/p>\n<p>\u201c<em>Estem davant una alian\u00e7a gaireb\u00e9 natural, ja que ens permet alinear molts dels valors que han regit el nostre treball durant aquests 40 anys: elaborar productes de m\u00e0xima qualitat a trav\u00e9s d&#8217;una estructura empresarial amb finalitat social que permet donar sentit a la vida de persones en situaci\u00f3 de vulnerabilitat<\/em>\u201d, ha afegit la <strong>directora general Adjunta de La Fageda, S\u00edlvia Dom\u00e8nech.<\/strong><\/p>\n<ul>\n<li aria-level=\"1\">Elaborat amb iogurt natural de La Fageda<\/li>\n<li aria-level=\"1\">Elaborat amb ous frescos<\/li>\n<li aria-level=\"1\">Fornejat lentament<\/li>\n<li aria-level=\"1\">Elevada esponjositat i sabor<\/li>\n<li aria-level=\"1\">Textura molt tendra<\/li>\n<li aria-level=\"1\">Amb els millors ingredients i de m\u00e0xima qualitat<\/li>\n<\/ul>\n","protected":false},"featured_media":31936,"comment_status":"closed","ping_status":"closed","template":"","meta":{"_acf_changed":false},"product_cat":[432,105,112],"product_tag":[],"class_list":["post-8543","product","type-product","status-publish","has-post-thumbnail","product_cat-edicions-especials","product_cat-tradicionals","product_cat-marques-amigues","pa_marca-la-fageda-ca","pa_marca-la-granja-ca","pa_tipologia-mini-magdalenes","first","instock","taxable","shipping-taxable","purchasable","product-type-variable","has-default-attributes"],"acf":[],"yoast_head":"<!-- This site is optimized with the Yoast SEO plugin v28.3 - https:\/\/yoast.com\/product\/yoast-seo-wordpress\/ -->\n<title>Mini magdalenes iogurt La Fageda - La Granja Foods<\/title>\n<meta name=\"robots\" content=\"index, follow, max-snippet:-1, max-image-preview:large, max-video-preview:-1\" \/>\n<link rel=\"canonical\" href=\"https:\/\/lagranjafoods.com\/ca\/producte\/mini-magdalenes-iogurt-la-fageda\/\" \/>\n<meta property=\"og:locale\" content=\"ca_ES\" \/>\n<meta property=\"og:type\" content=\"article\" \/>\n<meta property=\"og:title\" content=\"Mini magdalenes iogurt La Fageda - La Granja Foods\" \/>\n<meta property=\"og:description\" content=\"Els millors ingredientes i un prec\u00eds fornejat fan que aquesta mini magdalena de iogurt de La Fageda sigui molt tendre, suau i esponjosa.  \u201cEns sentim molt orgullosos d&#039;haver convertit muy orgullosos d&#039;haver convertit a la Granja en un instrument efica\u00e7 per a fer realitat la voluntat de comprom\u00eds social amb la qual vam n\u00e9ixer promovent la sensibilitat cap al benestar i la integraci\u00f3 laboral de totes les persones del nostre entorn\u201d, afirma el director general de La Granja Foods, Sergi L\u00f3pez Gol.  \u201cEstem davant una alian\u00e7a gaireb\u00e9 natural, ja que ens permet alinear molts dels valors que han regit el nostre treball durant aquests 40 anys: elaborar productes de m\u00e0xima qualitat a trav\u00e9s d&#039;una estructura empresarial amb finalitat social que permet donar sentit a la vida de persones en situaci\u00f3 de vulnerabilitat\u201d, ha afegit la directora general Adjunta de La Fageda, S\u00edlvia Dom\u00e8nech.   Elaborat amb iogurt natural de La Fageda  Elaborat amb ous frescos  Fornejat lentament  Elevada esponjositat i sabor  Textura molt tendra  Amb els millors ingredients i de m\u00e0xima qualitat\" \/>\n<meta property=\"og:url\" content=\"https:\/\/lagranjafoods.com\/ca\/producte\/mini-magdalenes-iogurt-la-fageda\/\" \/>\n<meta property=\"og:site_name\" content=\"La Granja Foods\" \/>\n<meta property=\"article:modified_time\" content=\"2026-05-29T10:32:29+00:00\" \/>\n<meta property=\"og:image\" content=\"https:\/\/lagranjafoods.com\/wp-content\/uploads\/Mini-magdalenas-yogur-la-fageda-I.png\" \/>\n\t<meta property=\"og:image:width\" content=\"640\" \/>\n\t<meta property=\"og:image:height\" content=\"765\" \/>\n\t<meta property=\"og:image:type\" content=\"image\/png\" \/>\n<meta name=\"twitter:card\" content=\"summary_large_image\" \/>\n<meta name=\"twitter:label1\" content=\"Temps estimat de lectura\" \/>\n\t<meta name=\"twitter:data1\" content=\"2 minut\" \/>\n<script type=\"application\/ld+json\" class=\"yoast-schema-graph\">{\"@context\":\"https:\\\/\\\/schema.org\",\"@graph\":[{\"@type\":\"WebPage\",\"@id\":\"https:\\\/\\\/lagranjafoods.com\\\/ca\\\/producte\\\/mini-magdalenes-iogurt-la-fageda\\\/\",\"url\":\"https:\\\/\\\/lagranjafoods.com\\\/ca\\\/producte\\\/mini-magdalenes-iogurt-la-fageda\\\/\",\"name\":\"Mini magdalenes iogurt La Fageda - La Granja Foods\",\"isPartOf\":{\"@id\":\"https:\\\/\\\/lagranjafoods.com\\\/ca\\\/#website\"},\"primaryImageOfPage\":{\"@id\":\"https:\\\/\\\/lagranjafoods.com\\\/ca\\\/producte\\\/mini-magdalenes-iogurt-la-fageda\\\/#primaryimage\"},\"image\":{\"@id\":\"https:\\\/\\\/lagranjafoods.com\\\/ca\\\/producte\\\/mini-magdalenes-iogurt-la-fageda\\\/#primaryimage\"},\"thumbnailUrl\":\"https:\\\/\\\/lagranjafoods.com\\\/wp-content\\\/uploads\\\/Mini-magdalenas-yogur-la-fageda-I.png\",\"datePublished\":\"2024-06-06T11:40:23+00:00\",\"dateModified\":\"2026-05-29T10:32:29+00:00\",\"breadcrumb\":{\"@id\":\"https:\\\/\\\/lagranjafoods.com\\\/ca\\\/producte\\\/mini-magdalenes-iogurt-la-fageda\\\/#breadcrumb\"},\"inLanguage\":\"ca\",\"potentialAction\":[{\"@type\":\"ReadAction\",\"target\":[\"https:\\\/\\\/lagranjafoods.com\\\/ca\\\/producte\\\/mini-magdalenes-iogurt-la-fageda\\\/\"]}]},{\"@type\":\"ImageObject\",\"inLanguage\":\"ca\",\"@id\":\"https:\\\/\\\/lagranjafoods.com\\\/ca\\\/producte\\\/mini-magdalenes-iogurt-la-fageda\\\/#primaryimage\",\"url\":\"https:\\\/\\\/lagranjafoods.com\\\/wp-content\\\/uploads\\\/Mini-magdalenas-yogur-la-fageda-I.png\",\"contentUrl\":\"https:\\\/\\\/lagranjafoods.com\\\/wp-content\\\/uploads\\\/Mini-magdalenas-yogur-la-fageda-I.png\",\"width\":1692,\"height\":2022},{\"@type\":\"BreadcrumbList\",\"@id\":\"https:\\\/\\\/lagranjafoods.com\\\/ca\\\/producte\\\/mini-magdalenes-iogurt-la-fageda\\\/#breadcrumb\",\"itemListElement\":[{\"@type\":\"ListItem\",\"position\":1,\"name\":\"Portada\",\"item\":\"https:\\\/\\\/lagranjafoods.com\\\/ca\\\/\"},{\"@type\":\"ListItem\",\"position\":2,\"name\":\"Productes\",\"item\":\"https:\\\/\\\/lagranjafoods.com\\\/ca\\\/productes\\\/\"},{\"@type\":\"ListItem\",\"position\":3,\"name\":\"Mini magdalenes iogurt La Fageda\"}]},{\"@type\":\"WebSite\",\"@id\":\"https:\\\/\\\/lagranjafoods.com\\\/ca\\\/#website\",\"url\":\"https:\\\/\\\/lagranjafoods.com\\\/ca\\\/\",\"name\":\"La Granja Foods\",\"description\":\"\u00a1Benvinguts a La Granja! Qualitat, sabor i frescor des de 1959.\",\"publisher\":{\"@id\":\"https:\\\/\\\/lagranjafoods.com\\\/ca\\\/#organization\"},\"potentialAction\":[{\"@type\":\"SearchAction\",\"target\":{\"@type\":\"EntryPoint\",\"urlTemplate\":\"https:\\\/\\\/lagranjafoods.com\\\/ca\\\/?s={search_term_string}\"},\"query-input\":{\"@type\":\"PropertyValueSpecification\",\"valueRequired\":true,\"valueName\":\"search_term_string\"}}],\"inLanguage\":\"ca\"},{\"@type\":\"Organization\",\"@id\":\"https:\\\/\\\/lagranjafoods.com\\\/ca\\\/#organization\",\"name\":\"La Granja Foods\",\"url\":\"https:\\\/\\\/lagranjafoods.com\\\/ca\\\/\",\"logo\":{\"@type\":\"ImageObject\",\"inLanguage\":\"ca\",\"@id\":\"https:\\\/\\\/lagranjafoods.com\\\/ca\\\/#\\\/schema\\\/logo\\\/image\\\/\",\"url\":\"https:\\\/\\\/lagranjafoods.com\\\/wp-content\\\/uploads\\\/logo-lagranjafoods.png\",\"contentUrl\":\"https:\\\/\\\/lagranjafoods.com\\\/wp-content\\\/uploads\\\/logo-lagranjafoods.png\",\"width\":539,\"height\":158,\"caption\":\"La Granja Foods \"},\"image\":{\"@id\":\"https:\\\/\\\/lagranjafoods.com\\\/ca\\\/#\\\/schema\\\/logo\\\/image\\\/\"}}]}<\/script>\n<!-- \/ Yoast SEO plugin. -->","yoast_head_json":{"title":"Mini magdalenes iogurt La Fageda - La Granja Foods","robots":{"index":"index","follow":"follow","max-snippet":"max-snippet:-1","max-image-preview":"max-image-preview:large","max-video-preview":"max-video-preview:-1"},"canonical":"https:\/\/lagranjafoods.com\/ca\/producte\/mini-magdalenes-iogurt-la-fageda\/","og_locale":"ca_ES","og_type":"article","og_title":"Mini magdalenes iogurt La Fageda - La Granja Foods","og_description":"Els millors ingredientes i un prec\u00eds fornejat fan que aquesta mini magdalena de iogurt de La Fageda sigui molt tendre, suau i esponjosa.  \u201cEns sentim molt orgullosos d'haver convertit muy orgullosos d'haver convertit a la Granja en un instrument efica\u00e7 per a fer realitat la voluntat de comprom\u00eds social amb la qual vam n\u00e9ixer promovent la sensibilitat cap al benestar i la integraci\u00f3 laboral de totes les persones del nostre entorn\u201d, afirma el director general de La Granja Foods, Sergi L\u00f3pez Gol.  \u201cEstem davant una alian\u00e7a gaireb\u00e9 natural, ja que ens permet alinear molts dels valors que han regit el nostre treball durant aquests 40 anys: elaborar productes de m\u00e0xima qualitat a trav\u00e9s d'una estructura empresarial amb finalitat social que permet donar sentit a la vida de persones en situaci\u00f3 de vulnerabilitat\u201d, ha afegit la directora general Adjunta de La Fageda, S\u00edlvia Dom\u00e8nech.   Elaborat amb iogurt natural de La Fageda  Elaborat amb ous frescos  Fornejat lentament  Elevada esponjositat i sabor  Textura molt tendra  Amb els millors ingredients i de m\u00e0xima qualitat","og_url":"https:\/\/lagranjafoods.com\/ca\/producte\/mini-magdalenes-iogurt-la-fageda\/","og_site_name":"La Granja Foods","article_modified_time":"2026-05-29T10:32:29+00:00","og_image":[{"url":"https:\/\/lagranjafoods.com\/wp-content\/uploads\/Mini-magdalenas-yogur-la-fageda-I.png","width":640,"height":765,"type":"image\/png"}],"twitter_card":"summary_large_image","twitter_misc":{"Temps estimat de lectura":"2 minut"},"schema":{"@context":"https:\/\/schema.org","@graph":[{"@type":"WebPage","@id":"https:\/\/lagranjafoods.com\/ca\/producte\/mini-magdalenes-iogurt-la-fageda\/","url":"https:\/\/lagranjafoods.com\/ca\/producte\/mini-magdalenes-iogurt-la-fageda\/","name":"Mini magdalenes iogurt La Fageda - La Granja Foods","isPartOf":{"@id":"https:\/\/lagranjafoods.com\/ca\/#website"},"primaryImageOfPage":{"@id":"https:\/\/lagranjafoods.com\/ca\/producte\/mini-magdalenes-iogurt-la-fageda\/#primaryimage"},"image":{"@id":"https:\/\/lagranjafoods.com\/ca\/producte\/mini-magdalenes-iogurt-la-fageda\/#primaryimage"},"thumbnailUrl":"https:\/\/lagranjafoods.com\/wp-content\/uploads\/Mini-magdalenas-yogur-la-fageda-I.png","datePublished":"2024-06-06T11:40:23+00:00","dateModified":"2026-05-29T10:32:29+00:00","breadcrumb":{"@id":"https:\/\/lagranjafoods.com\/ca\/producte\/mini-magdalenes-iogurt-la-fageda\/#breadcrumb"},"inLanguage":"ca","potentialAction":[{"@type":"ReadAction","target":["https:\/\/lagranjafoods.com\/ca\/producte\/mini-magdalenes-iogurt-la-fageda\/"]}]},{"@type":"ImageObject","inLanguage":"ca","@id":"https:\/\/lagranjafoods.com\/ca\/producte\/mini-magdalenes-iogurt-la-fageda\/#primaryimage","url":"https:\/\/lagranjafoods.com\/wp-content\/uploads\/Mini-magdalenas-yogur-la-fageda-I.png","contentUrl":"https:\/\/lagranjafoods.com\/wp-content\/uploads\/Mini-magdalenas-yogur-la-fageda-I.png","width":1692,"height":2022},{"@type":"BreadcrumbList","@id":"https:\/\/lagranjafoods.com\/ca\/producte\/mini-magdalenes-iogurt-la-fageda\/#breadcrumb","itemListElement":[{"@type":"ListItem","position":1,"name":"Portada","item":"https:\/\/lagranjafoods.com\/ca\/"},{"@type":"ListItem","position":2,"name":"Productes","item":"https:\/\/lagranjafoods.com\/ca\/productes\/"},{"@type":"ListItem","position":3,"name":"Mini magdalenes iogurt La Fageda"}]},{"@type":"WebSite","@id":"https:\/\/lagranjafoods.com\/ca\/#website","url":"https:\/\/lagranjafoods.com\/ca\/","name":"La Granja Foods","description":"\u00a1Benvinguts a La Granja! Qualitat, sabor i frescor des de 1959.","publisher":{"@id":"https:\/\/lagranjafoods.com\/ca\/#organization"},"potentialAction":[{"@type":"SearchAction","target":{"@type":"EntryPoint","urlTemplate":"https:\/\/lagranjafoods.com\/ca\/?s={search_term_string}"},"query-input":{"@type":"PropertyValueSpecification","valueRequired":true,"valueName":"search_term_string"}}],"inLanguage":"ca"},{"@type":"Organization","@id":"https:\/\/lagranjafoods.com\/ca\/#organization","name":"La Granja Foods","url":"https:\/\/lagranjafoods.com\/ca\/","logo":{"@type":"ImageObject","inLanguage":"ca","@id":"https:\/\/lagranjafoods.com\/ca\/#\/schema\/logo\/image\/","url":"https:\/\/lagranjafoods.com\/wp-content\/uploads\/logo-lagranjafoods.png","contentUrl":"https:\/\/lagranjafoods.com\/wp-content\/uploads\/logo-lagranjafoods.png","width":539,"height":158,"caption":"La Granja Foods "},"image":{"@id":"https:\/\/lagranjafoods.com\/ca\/#\/schema\/logo\/image\/"}}]}},"_links":{"self":[{"href":"https:\/\/lagranjafoods.com\/ca\/wp-json\/wp\/v2\/product\/8543","targetHints":{"allow":["GET"]}}],"collection":[{"href":"https:\/\/lagranjafoods.com\/ca\/wp-json\/wp\/v2\/product"}],"about":[{"href":"https:\/\/lagranjafoods.com\/ca\/wp-json\/wp\/v2\/types\/product"}],"replies":[{"embeddable":true,"href":"https:\/\/lagranjafoods.com\/ca\/wp-json\/wp\/v2\/comments?post=8543"}],"wp:featuredmedia":[{"embeddable":true,"href":"https:\/\/lagranjafoods.com\/ca\/wp-json\/wp\/v2\/media\/31936"}],"wp:attachment":[{"href":"https:\/\/lagranjafoods.com\/ca\/wp-json\/wp\/v2\/media?parent=8543"}],"wp:term":[{"taxonomy":"product_cat","embeddable":true,"href":"https:\/\/lagranjafoods.com\/ca\/wp-json\/wp\/v2\/product_cat?post=8543"},{"taxonomy":"product_tag","embeddable":true,"href":"https:\/\/lagranjafoods.com\/ca\/wp-json\/wp\/v2\/product_tag?post=8543"}],"curies":[{"name":"wp","href":"https:\/\/api.w.org\/{rel}","templated":true}]}}