{"id":967,"date":"2022-03-30T09:27:15","date_gmt":"2022-03-30T09:27:15","guid":{"rendered":"http:\/\/lagranjafoods.com\/?page_id=967"},"modified":"2024-04-19T10:33:31","modified_gmt":"2024-04-19T10:33:31","slug":"politica-de-privacitat","status":"publish","type":"page","link":"https:\/\/lagranjafoods.com\/ca\/politica-de-privacitat\/","title":{"rendered":"Pol\u00edtica de Privacitat"},"content":{"rendered":"\n<p>Som una empresa en qu\u00e8 la transpar\u00e8ncia en la informaci\u00f3 \u00e9s fonamental per establir una relaci\u00f3 de confian\u00e7a amb les persones que formen el nostre projecte, amb els nostres prove\u00efdors i els nostres clients. La protecci\u00f3 de les dades personals de les persones que confien en nosaltres \u00e9s de vital import\u00e0ncia, per la qual cosa volem, mitjan\u00e7ant la present Pol\u00edtica de Privacitat, informar-te de com recavem i com tractem o utilitzem aquestes dades. En aquesta pol\u00edtica de privacitat s\u2019estableixen les dades sobre les quals l\u2019empresa tracta les dades de car\u00e0cter personal i que, volunt\u00e0riament, ens faciliten els nostres usuaris mitjan\u00e7ant la nostra p\u00e0gina web. Aquesta Pol\u00edtica sempre ser\u00e0 aplicable quan se facilitin les dades a l\u2019empresa, la qual ser\u00e0 responsable de les seves dades (Responsable del Tractament de les Dades) i mitjan\u00e7ant qualsevol dels formularis de contacte o subscripci\u00f3 on es recullin dades de car\u00e0cter personal (nom, adre\u00e7a de correu electr\u00f2nic, etc.)<\/p>\n<h2>A QU\u00c8 ENS COMPROMETEM<\/h2>\n<ul>\n<li>A respectar la teva privacitat i tractar les dades personals amb el teu consentiment.<\/li>\n<li>A tractar les dades personals que estrictament necessitem per proporcionar-te el servei sol\u00b7licitat i tractar-les de forma segura i confidencial, prenem les mesures necess\u00e0ries per evitar-ne l\u2019acc\u00e9s no autoritzat i el seu \u00fas indegut.<\/li>\n<li>A no fer servir les teves dades personals per finalitats perqu\u00e8 no hem obtingut consentiment pr\u00e8viament.<\/li>\n<li>A no donar ni compartir amb tercers les teves dades personals.<\/li>\n<li>A conservar les teves dades personals durant el temps estrictament necessari per la finalitat concreta perqu\u00e8 han estat proporcionats.<\/li>\n<\/ul>\n<h2>QUI \u00c9S EL RESPONSABLE DE LES TEVES DADES PERSONALS<\/h2>\n<table>\n<tbody>\n<tr>\n<td>Nom de l\u2019empresa:<\/td>\n<td>La Granja Foods 1959, S.L.<\/td>\n<\/tr>\n<tr>\n<td>NIF<\/td>\n<td>B62879408<\/td>\n<\/tr>\n<tr>\n<td>Adre\u00e7a<\/td>\n<td>P.I. Clot de Moja\u00a0 -C\/ Trepat, 1\u00a0 -08734\u00a0 .Ol\u00e8rdola (Barcelona)<\/td>\n<\/tr>\n<\/tbody>\n<\/table>\n<h2>QU\u00c8 \u00c9S UNA DADA PERSONAL I EL TRACTAMENT DE DADES PERSONALS<\/h2>\n<p>Una dada personal \u00e9s tota informaci\u00f3 sobre una persona f\u00edsica identificada o identificable. Se considera persona f\u00edsica identificable tota persona, la identitat de la qual pugui determinar-se directa o indirectament, en particular mitjan\u00e7ant un identificador en l\u00ednia o un o varis elements propis de la identitat f\u00edsica, fisiol\u00f2gica, gen\u00e8tica, ps\u00edquica, econ\u00f2mica, cultural o social d\u2019aquesta persona. Aix\u00ed mateix, el tractament de dades personals implica qualsevol operaci\u00f3 o conjunt d\u2019operacions realitzades sobre les dades personals o conjunts de dades personals, ja sigui per procediments automatitzats o no, com la recollida, registre, organitzaci\u00f3, estructuraci\u00f3, conservaci\u00f3, adaptaci\u00f3 o modificaci\u00f3, extracci\u00f3, consulta, utilitzaci\u00f3, comunicaci\u00f3 per transmissi\u00f3, difusi\u00f3 o qualsevol altra forma d\u2019habilitaci\u00f3 d\u2019acc\u00e9s, acarament o interconnexi\u00f3, limitaci\u00f3, supressi\u00f3 o destrucci\u00f3<\/p>\n<h2>QU\u00c8 TRACTAMENTS REALITZEM SOBRE LES TEVES DADES PERSONALS I PER QUINES FINALITATS<\/h2>\n<ul>\n<li>Sol\u00b7licitud d\u2019informaci\u00f3 per part de l\u2019usuari Gestionar la sol\u00b7licitud d\u2019informaci\u00f3 remesa per part de l\u2019usuari mitjan\u00e7ant el formulari de contacte i\/o l\u2019adre\u00e7a de correu electr\u00f2nic, correu postal i\/o n\u00famero de tel\u00e8fon facilitat.<\/li>\n<li>Subscripci\u00f3 a la newsletter o butllet\u00ed Gestionar la subscripci\u00f3 a l\u2019enviament\/recepci\u00f3 de la newsletter<\/li>\n<li>Gesti\u00f3 de la compra online Gestionar el pagament i enviament del producte seleccionat.<\/li>\n<li>Treballar amb nosaltres mitjan\u00e7ant l\u2019enviament del curr\u00edculum Gesti\u00f3 dels CV rebuts a trav\u00e9s del formulari disponible en el lloc web.<\/li>\n<li>Alta i acc\u00e9s al perfil d\u2019usuari Gesti\u00f3 de l\u2019alta i de l\u2019acc\u00e9s al portal d\u2019usuari mitjan\u00e7ant el corresponent compte d\u2019usuari i contrasenya.<\/li>\n<\/ul>\n<h2>QUINES DADES PERSONALS CAPTEM<\/h2>\n<p>Mitjan\u00e7ant la nostra p\u00e0gina web podem recaptar dades personals per a diverses finalitats:<\/p>\n<ul>\n<li>Sol\u00b7licitud d\u2019informaci\u00f3 per part de l\u2019usuari Captarem aquelles dades personals que ens hagis facilitat amb motiu de la consulta plantejada<\/li>\n<li>Subscripci\u00f3 a la newsletter Captarem la teva adre\u00e7a de correu electr\u00f2nic<\/li>\n<li>Gesti\u00f3 de la compra online Captarem aquelles dades que siguin necess\u00e0ries per gestionar el pagament i l\u2019enviament del producte adquirit.<\/li>\n<li>Treballa amb nosaltres mitjan\u00e7ant l\u2019enviament de curr\u00edculum Captarem la informaci\u00f3 continguda en el CV que ens hagis facilitat.<\/li>\n<li>Alta i acc\u00e9s al perfil d\u2019usuari Nom d\u2019usuari i contrasenya, aix\u00ed com qualsevol altra dada facilitada amb la fi de crear el compte o perfil.<\/li>\n<\/ul>\n<p>Depenent de la finalitat per qu\u00e8 s\u2019aporten les dades, se requeriran les dades estrictament necessaris. \u00c9s important que siguis conscient de les dades que ens aportes i la finalitat per la qual ho fas ja que, en el moment que ens les facilitis, est\u00e0s acceptant que recopilem, emmagatzemem i fem servir aquestes dades per la finalitat requerida, sent possible en qualsevol moment retirar el teu consentiment prestat pels mitjans oportuns, sent el teu consentiment la base legal i legitimaci\u00f3 pel tractament de les teves dades personals.<\/p>\n<h2>QUINA \u00c9S LA LEGITIMACI\u00d3 PEL TRACTAMENT DE LES DADES PERSONALS<\/h2>\n<p>D\u2019acord amb la normativa vigent en mat\u00e8ria de protecci\u00f3 de dades, necessitem una base de legitimaci\u00f3 pel tractament de les teves dades personals. La base de legitimaci\u00f3 \u00e9s el teu consentiment.<\/p>\n<h2>QUINS DRETS T\u00c9 L\u2019USUARI SOBRE LES DADES PERSONALS APORTADES<\/h2>\n<p>Como usuario, puede ejercitar los siguientes derechos:<\/p>\n<ul>\n<li><span style=\"text-decoration: underline;\">Dret d\u2019acc\u00e9s<\/span>: Tens dret a obtenir per part de l\u2019empresa confirmaci\u00f3 de si s\u2019estan tractant o no les teves dades personals i, en el seu cas, de quines dades es tracta.<\/li>\n<li><span style=\"text-decoration: underline;\">Dret de rectificaci\u00f3<\/span>: Tens dret a obtenir per part de La Granja Foods 1959 S.L. la rectificaci\u00f3 de les dades personals inexactes. En la sol\u00b7licitud de rectificaci\u00f3 haur\u00e0s d\u2019indicar les dades que desitges siguin modificades.<\/li>\n<li><span style=\"text-decoration: underline;\">Dret d\u2019oposici\u00f3<\/span>: Tens dret a oposar-te en qualsevol moment, per motius relacionats amb la teva situaci\u00f3 particular, a que les dades personals que et concernen siguin objecte d\u2019un tractament basat en l\u2019inter\u00e8s leg\u00edtim de l\u2019empresa. En aquest cas, l\u2019empresa deixar\u00e0 de tractar les dades personals, tret que acreditem motius leg\u00edtims imperiosos perqu\u00e8 el tractament prevalgui sobre els teus interessos, drets i llibertats, o per la formulaci\u00f3, l\u2019exercici o la defensa de reclamacions.<\/li>\n<li><span style=\"text-decoration: underline;\">Dret de supressi\u00f3<\/span>: Tens dret a obtenir per part de La Granja Foods 1959, S.L., la supressi\u00f3 de les dades personals concernents.<\/li>\n<li><span style=\"text-decoration: underline;\"> Dret a la portabilitat de les dades<\/span>: Tens dret a que l\u2019empresa transfereixi les teves dades a un altre responsable del tractament. Nom\u00e9s \u00e9s possible exercir aquest dret quan el tractament es basi en l\u2019execuci\u00f3 d\u2019un contracte o en el teu consentiment i el tractament que es realitzi per mitjans automatitzats.<\/li>\n<li><span style=\"text-decoration: underline;\">Dret a la limitaci\u00f3 del tractament<\/span>: Tens dret a demanar-nos la supressi\u00f3 del tractament de les teves dades quan: impugni l\u2019exactitud de les dades, mentre La Granja Foods 1959, S.L. verifica aquesta exactitud, quan hagis exercit el dret d\u2019oposici\u00f3 al tractament de les seves dades, mentre que es verifica si els motius leg\u00edtims de La Granja Foods 1959, S.L. prevalen sobre els teus com a interessat.<\/li>\n<\/ul>\n<p>En qualsevol moment podr\u00e0s exercir aquests drets mitjan\u00e7ant un escrit, acreditant la teva personalitat, adre\u00e7at al responsable del tractament a l\u2019adre\u00e7a senyalada anteriorment o mitjan\u00e7ant l\u2019adre\u00e7a de correu electr\u00f2nic: <a href=\"mailto:atencionalcliente@lagranjafoods.com\">atencionalcliente@lagranjafoods.com<\/a> A m\u00e9s a m\u00e9s, podr\u00e0s presentar una reclamaci\u00f3 davant l\u2019autoritat de control; en aquest cas, l\u2019Ag\u00e8ncia Espanyola de Protecci\u00f3 de Dades, si consideres que el tractament de dades personals infringeix la legislaci\u00f3 aplicable<\/p>\n<h2>SEGURETAT I EMMAGATZEMATGE DE LES DADES<\/h2>\n<p>Mantindrem les dades el temps estrictament necessari per la prestaci\u00f3 del servei sol\u00b7licitat, sempre no ens sol\u00b7licitis la seva eliminaci\u00f3, adoptant les mesures adients de car\u00e0cter t\u00e8cnic i organitzatiu davant el tractament no autoritzat o il\u00b7l\u00edcit, p\u00e8rdua, destrucci\u00f3 o danys accidentals, fent tot el possible per protegir-les i mantenir-les de forma segura.<\/p>\n<h2>QUINES DADES PERSONALS COMPARTIM AMB TERCERS<\/h2>\n<p>No es preveuen cessions de dades tret en casos d\u2019exist\u00e8ncia d\u2019obligaci\u00f3 legal o comunicaci\u00f3 necess\u00e0ria per poder prestar adequadament el servei sol\u00b7licitat. No hi ha previsi\u00f3 de transfer\u00e8ncia de dades internacionals<\/p>\n","protected":false},"excerpt":{"rendered":"<p>Som una empresa en qu\u00e8 la transpar\u00e8ncia en la informaci\u00f3 \u00e9s fonamental per establir una relaci\u00f3 de confian\u00e7a amb les persones que formen el nostre projecte, amb els nostres prove\u00efdors &hellip;<\/p>\n","protected":false},"author":1,"featured_media":0,"parent":0,"menu_order":0,"comment_status":"closed","ping_status":"open","template":"","meta":{"_acf_changed":false,"footnotes":""},"class_list":["post-967","page","type-page","status-publish","hentry"],"acf":[],"yoast_head":"<!-- This site is optimized with the Yoast SEO plugin v28.3 - https:\/\/yoast.com\/product\/yoast-seo-wordpress\/ -->\n<title>Pol\u00edtica de Privacitat - La Granja Foods<\/title>\n<meta name=\"description\" content=\"Som una empresa en qu\u00e8 la transpar\u00e8ncia en la informaci\u00f3 \u00e9s fonamental per establir una relaci\u00f3 de confian\u00e7a amb les persones que formen el nostre\" \/>\n<meta name=\"robots\" content=\"index, follow, max-snippet:-1, max-image-preview:large, max-video-preview:-1\" \/>\n<link rel=\"canonical\" href=\"https:\/\/lagranjafoods.com\/ca\/politica-de-privacitat\/\" \/>\n<meta property=\"og:locale\" content=\"ca_ES\" \/>\n<meta property=\"og:type\" content=\"article\" \/>\n<meta property=\"og:title\" content=\"Pol\u00edtica de Privacitat - La Granja Foods\" \/>\n<meta property=\"og:description\" content=\"Som una empresa en qu\u00e8 la transpar\u00e8ncia en la informaci\u00f3 \u00e9s fonamental per establir una relaci\u00f3 de confian\u00e7a amb les persones que formen el nostre\" \/>\n<meta property=\"og:url\" content=\"https:\/\/lagranjafoods.com\/ca\/politica-de-privacitat\/\" \/>\n<meta property=\"og:site_name\" content=\"La Granja Foods\" \/>\n<meta property=\"article:modified_time\" content=\"2024-04-19T10:33:31+00:00\" \/>\n<meta name=\"twitter:card\" content=\"summary_large_image\" \/>\n<meta name=\"twitter:label1\" content=\"Temps estimat de lectura\" \/>\n\t<meta name=\"twitter:data1\" content=\"6 minut\" \/>\n<script type=\"application\/ld+json\" class=\"yoast-schema-graph\">{\"@context\":\"https:\\\/\\\/schema.org\",\"@graph\":[{\"@type\":\"WebPage\",\"@id\":\"https:\\\/\\\/lagranjafoods.com\\\/ca\\\/politica-de-privacitat\\\/\",\"url\":\"https:\\\/\\\/lagranjafoods.com\\\/ca\\\/politica-de-privacitat\\\/\",\"name\":\"Pol\u00edtica de Privacitat - La Granja Foods\",\"isPartOf\":{\"@id\":\"https:\\\/\\\/lagranjafoods.com\\\/ca\\\/#website\"},\"datePublished\":\"2022-03-30T09:27:15+00:00\",\"dateModified\":\"2024-04-19T10:33:31+00:00\",\"description\":\"Som una empresa en qu\u00e8 la transpar\u00e8ncia en la informaci\u00f3 \u00e9s fonamental per establir una relaci\u00f3 de confian\u00e7a amb les persones que formen el nostre\",\"breadcrumb\":{\"@id\":\"https:\\\/\\\/lagranjafoods.com\\\/ca\\\/politica-de-privacitat\\\/#breadcrumb\"},\"inLanguage\":\"ca\",\"potentialAction\":[{\"@type\":\"ReadAction\",\"target\":[\"https:\\\/\\\/lagranjafoods.com\\\/ca\\\/politica-de-privacitat\\\/\"]}]},{\"@type\":\"BreadcrumbList\",\"@id\":\"https:\\\/\\\/lagranjafoods.com\\\/ca\\\/politica-de-privacitat\\\/#breadcrumb\",\"itemListElement\":[{\"@type\":\"ListItem\",\"position\":1,\"name\":\"Portada\",\"item\":\"https:\\\/\\\/lagranjafoods.com\\\/ca\\\/\"},{\"@type\":\"ListItem\",\"position\":2,\"name\":\"Pol\u00edtica de Privacitat\"}]},{\"@type\":\"WebSite\",\"@id\":\"https:\\\/\\\/lagranjafoods.com\\\/ca\\\/#website\",\"url\":\"https:\\\/\\\/lagranjafoods.com\\\/ca\\\/\",\"name\":\"La Granja Foods\",\"description\":\"\u00a1Benvinguts a La Granja! Qualitat, sabor i frescor des de 1959.\",\"publisher\":{\"@id\":\"https:\\\/\\\/lagranjafoods.com\\\/ca\\\/#organization\"},\"potentialAction\":[{\"@type\":\"SearchAction\",\"target\":{\"@type\":\"EntryPoint\",\"urlTemplate\":\"https:\\\/\\\/lagranjafoods.com\\\/ca\\\/?s={search_term_string}\"},\"query-input\":{\"@type\":\"PropertyValueSpecification\",\"valueRequired\":true,\"valueName\":\"search_term_string\"}}],\"inLanguage\":\"ca\"},{\"@type\":\"Organization\",\"@id\":\"https:\\\/\\\/lagranjafoods.com\\\/ca\\\/#organization\",\"name\":\"La Granja Foods\",\"url\":\"https:\\\/\\\/lagranjafoods.com\\\/ca\\\/\",\"logo\":{\"@type\":\"ImageObject\",\"inLanguage\":\"ca\",\"@id\":\"https:\\\/\\\/lagranjafoods.com\\\/ca\\\/#\\\/schema\\\/logo\\\/image\\\/\",\"url\":\"https:\\\/\\\/lagranjafoods.com\\\/wp-content\\\/uploads\\\/logo-lagranjafoods.png\",\"contentUrl\":\"https:\\\/\\\/lagranjafoods.com\\\/wp-content\\\/uploads\\\/logo-lagranjafoods.png\",\"width\":539,\"height\":158,\"caption\":\"La Granja Foods \"},\"image\":{\"@id\":\"https:\\\/\\\/lagranjafoods.com\\\/ca\\\/#\\\/schema\\\/logo\\\/image\\\/\"}}]}<\/script>\n<!-- \/ Yoast SEO plugin. -->","yoast_head_json":{"title":"Pol\u00edtica de Privacitat - La Granja Foods","description":"Som una empresa en qu\u00e8 la transpar\u00e8ncia en la informaci\u00f3 \u00e9s fonamental per establir una relaci\u00f3 de confian\u00e7a amb les persones que formen el nostre","robots":{"index":"index","follow":"follow","max-snippet":"max-snippet:-1","max-image-preview":"max-image-preview:large","max-video-preview":"max-video-preview:-1"},"canonical":"https:\/\/lagranjafoods.com\/ca\/politica-de-privacitat\/","og_locale":"ca_ES","og_type":"article","og_title":"Pol\u00edtica de Privacitat - La Granja Foods","og_description":"Som una empresa en qu\u00e8 la transpar\u00e8ncia en la informaci\u00f3 \u00e9s fonamental per establir una relaci\u00f3 de confian\u00e7a amb les persones que formen el nostre","og_url":"https:\/\/lagranjafoods.com\/ca\/politica-de-privacitat\/","og_site_name":"La Granja Foods","article_modified_time":"2024-04-19T10:33:31+00:00","twitter_card":"summary_large_image","twitter_misc":{"Temps estimat de lectura":"6 minut"},"schema":{"@context":"https:\/\/schema.org","@graph":[{"@type":"WebPage","@id":"https:\/\/lagranjafoods.com\/ca\/politica-de-privacitat\/","url":"https:\/\/lagranjafoods.com\/ca\/politica-de-privacitat\/","name":"Pol\u00edtica de Privacitat - La Granja Foods","isPartOf":{"@id":"https:\/\/lagranjafoods.com\/ca\/#website"},"datePublished":"2022-03-30T09:27:15+00:00","dateModified":"2024-04-19T10:33:31+00:00","description":"Som una empresa en qu\u00e8 la transpar\u00e8ncia en la informaci\u00f3 \u00e9s fonamental per establir una relaci\u00f3 de confian\u00e7a amb les persones que formen el nostre","breadcrumb":{"@id":"https:\/\/lagranjafoods.com\/ca\/politica-de-privacitat\/#breadcrumb"},"inLanguage":"ca","potentialAction":[{"@type":"ReadAction","target":["https:\/\/lagranjafoods.com\/ca\/politica-de-privacitat\/"]}]},{"@type":"BreadcrumbList","@id":"https:\/\/lagranjafoods.com\/ca\/politica-de-privacitat\/#breadcrumb","itemListElement":[{"@type":"ListItem","position":1,"name":"Portada","item":"https:\/\/lagranjafoods.com\/ca\/"},{"@type":"ListItem","position":2,"name":"Pol\u00edtica de Privacitat"}]},{"@type":"WebSite","@id":"https:\/\/lagranjafoods.com\/ca\/#website","url":"https:\/\/lagranjafoods.com\/ca\/","name":"La Granja Foods","description":"\u00a1Benvinguts a La Granja! Qualitat, sabor i frescor des de 1959.","publisher":{"@id":"https:\/\/lagranjafoods.com\/ca\/#organization"},"potentialAction":[{"@type":"SearchAction","target":{"@type":"EntryPoint","urlTemplate":"https:\/\/lagranjafoods.com\/ca\/?s={search_term_string}"},"query-input":{"@type":"PropertyValueSpecification","valueRequired":true,"valueName":"search_term_string"}}],"inLanguage":"ca"},{"@type":"Organization","@id":"https:\/\/lagranjafoods.com\/ca\/#organization","name":"La Granja Foods","url":"https:\/\/lagranjafoods.com\/ca\/","logo":{"@type":"ImageObject","inLanguage":"ca","@id":"https:\/\/lagranjafoods.com\/ca\/#\/schema\/logo\/image\/","url":"https:\/\/lagranjafoods.com\/wp-content\/uploads\/logo-lagranjafoods.png","contentUrl":"https:\/\/lagranjafoods.com\/wp-content\/uploads\/logo-lagranjafoods.png","width":539,"height":158,"caption":"La Granja Foods "},"image":{"@id":"https:\/\/lagranjafoods.com\/ca\/#\/schema\/logo\/image\/"}}]}},"_links":{"self":[{"href":"https:\/\/lagranjafoods.com\/ca\/wp-json\/wp\/v2\/pages\/967","targetHints":{"allow":["GET"]}}],"collection":[{"href":"https:\/\/lagranjafoods.com\/ca\/wp-json\/wp\/v2\/pages"}],"about":[{"href":"https:\/\/lagranjafoods.com\/ca\/wp-json\/wp\/v2\/types\/page"}],"author":[{"embeddable":true,"href":"https:\/\/lagranjafoods.com\/ca\/wp-json\/wp\/v2\/users\/1"}],"replies":[{"embeddable":true,"href":"https:\/\/lagranjafoods.com\/ca\/wp-json\/wp\/v2\/comments?post=967"}],"version-history":[{"count":0,"href":"https:\/\/lagranjafoods.com\/ca\/wp-json\/wp\/v2\/pages\/967\/revisions"}],"wp:attachment":[{"href":"https:\/\/lagranjafoods.com\/ca\/wp-json\/wp\/v2\/media?parent=967"}],"curies":[{"name":"wp","href":"https:\/\/api.w.org\/{rel}","templated":true}]}}